{"id":9598,"date":"2022-05-24T16:57:47","date_gmt":"2022-05-24T14:57:47","guid":{"rendered":"https:\/\/maipropertiesmallorca.com\/property\/villa-de-nueva-construccion-en-alcanada\/"},"modified":"2023-08-02T17:26:41","modified_gmt":"2023-08-02T15:26:41","slug":"villa-de-nueva-construccion-en-alcanada","status":"publish","type":"property","link":"https:\/\/maipropertiesmallorca.com\/es\/propiedad\/villa-de-nueva-construccion-en-alcanada\/","title":{"rendered":"Villa de nueva construcci\u00f3n en Alcanada"},"content":{"rendered":"\n<p>Innovadora villa con piscina y jacuzzi en Alcanada, Alcudia.<br\/><br\/>La impresionante villa de nueva construcci\u00f3n consta de cuatro dormitorios, 3 con ba\u00f1os en suite, piscina, jacuzzi y vistas al mar. Su magnifica ubicaci\u00f3n en la tranquila zona de Alcanada tiene todo en su alrededor, las playas, bares y restaurantes y el prestigioso Golf Club Alcanada.<br\/><br\/>La casa se distribuir\u00e1n en tres plantas. En el primer piso habr\u00e1 un dormitorio , un ba\u00f1o, cocina, comedor y una sala de estar con puertas corredoras con acceso a la terraza con jacuzzi y p\u00e9rgola y vistas al mar.<br\/><br\/>En la planta baja habr\u00e1 tres dormitorios dobles con ba\u00f1os en suite y acceso a la terraza de la zona de la piscina. El s\u00f3tano habr\u00e1 un lavadero, una sala de m\u00e1quinas y una gran sala que podr\u00edan convertir en lo que usted desea por ejemplo una sala de cine o sal\u00f3n de fitness.<\/p>\n","protected":false},"excerpt":{"rendered":"<p>Innovadora villa con piscina y jacuzzi en Alcanada, Alcudia. La impresionante villa de nueva construcci\u00f3n consta de cuatro dormitorios, 3 con ba\u00f1os en suite, piscina, jacuzzi y vistas al mar. Su magnifica ubicaci\u00f3n en la tranquila zona de Alcanada tiene todo en su alrededor, las playas, bares y restaurantes y el prestigioso Golf Club Alcanada&#8230;.<\/p>\n","protected":false},"author":4,"featured_media":9577,"parent":0,"menu_order":0,"comment_status":"closed","ping_status":"closed","template":"","caracter\u00edsticas-propiedad":[160,158,154,49,305],"tipos-propiedad":[48,50],"ciudades-propiedad":[121],"estatus-propiedad":[34],"class_list":["post-9598","property","type-property","status-publish","has-post-thumbnail","hentry","property-feature-aire-acondicionado","property-feature-jardin","property-feature-moderno","property-feature-piscina","property-feature-vistamar","property-type-adosado","property-type-chalet","property-city-alcanada-es","property-status-venta"],"property_meta":{"REAL_HOMES_property_price":"1950000","REAL_HOMES_property_old_price":"2325000","REAL_HOMES_property_price_prefix":"","REAL_HOMES_property_price_postfix":"","REAL_HOMES_property_size":"264","REAL_HOMES_property_size_postfix":"m2","REAL_HOMES_property_lot_size":"","REAL_HOMES_property_lot_size_postfix":"","REAL_HOMES_property_bedrooms":"4","REAL_HOMES_property_bathrooms":"4","REAL_HOMES_property_garage":"","REAL_HOMES_property_id":"1004","REAL_HOMES_property_year_built":"","rvr_property_owner":"","REAL_HOMES_featured":"1","REAL_HOMES_additional_details_list":[],"REAL_HOMES_property_location":{"latitude":"39.837468091067","longitude":"3.1512235743901","zoom":"15"},"REAL_HOMES_property_address":"Alcanada","REAL_HOMES_property_map":"","REAL_HOMES_property_images":[{"width":150,"height":150,"file":"2022\/05\/2-12.jpg","filesize":141985,"sizes":{"medium":{"file":"2-12-300x225.jpg","width":300,"height":225,"url":"https:\/\/maipropertiesmallorca.com\/wp-content\/uploads\/2022\/05\/2-12-300x225.jpg"},"large":{"file":"2-12-1024x768.jpg","width":1024,"height":768,"url":"https:\/\/maipropertiesmallorca.com\/wp-content\/uploads\/2022\/05\/2-12-1024x768.jpg"},"thumbnail":{"file":"2-12-150x150.jpg","width":150,"height":150,"url":"https:\/\/maipropertiesmallorca.com\/wp-content\/uploads\/2022\/05\/2-12-150x150.jpg"},"medium_large":{"file":"2-12-768x576.jpg","width":768,"height":576,"url":"https:\/\/maipropertiesmallorca.com\/wp-content\/uploads\/2022\/05\/2-12-768x576.jpg"},"post-thumbnail":{"file":"2-12-150x113.jpg","width":150,"height":113,"mime-type":"image\/jpeg","filesize":5089,"url":"https:\/\/maipropertiesmallorca.com\/wp-content\/uploads\/2022\/05\/2-12-150x113.jpg"},"modern-property-child-slider":{"file":"2-12-680x510.jpg","width":680,"height":510,"mime-type":"image\/jpeg","filesize":57166,"url":"https:\/\/maipropertiesmallorca.com\/wp-content\/uploads\/2022\/05\/2-12-680x510.jpg"},"property-thumb-image":{"file":"2-12-488x326.jpg","width":488,"height":326,"mime-type":"image\/jpeg","filesize":32927,"url":"https:\/\/maipropertiesmallorca.com\/wp-content\/uploads\/2022\/05\/2-12-488x326.jpg"},"property-detail-video-image":{"file":"2-12-818x417.jpg","width":818,"height":417,"mime-type":"image\/jpeg","filesize":71580,"url":"https:\/\/maipropertiesmallorca.com\/wp-content\/uploads\/2022\/05\/2-12-818x417.jpg"},"agent-image":{"file":"2-12-210x210.jpg","width":210,"height":210,"mime-type":"image\/jpeg","filesize":9849,"url":"https:\/\/maipropertiesmallorca.com\/wp-content\/uploads\/2022\/05\/2-12-210x210.jpg"},"partners-logo":{"file":"2-12-600x960.jpg","width":600,"height":960,"mime-type":"image\/jpeg","filesize":83144,"url":"https:\/\/maipropertiesmallorca.com\/wp-content\/uploads\/2022\/05\/2-12-600x960.jpg"},"post-featured-image":{"file":"2-12-1240x720.jpg","width":1240,"height":720,"mime-type":"image\/jpeg","filesize":148945,"url":"https:\/\/maipropertiesmallorca.com\/wp-content\/uploads\/2022\/05\/2-12-1240x720.jpg"}},"image_meta":{"aperture":"0","credit":"","camera":"","caption":"","created_timestamp":"0","copyright":"","focal_length":"0","iso":"0","shutter_speed":"0","title":"","orientation":"0","keywords":[]},"image-converter":{"thumbnail":"IME","medium":"IME","medium_large":"IME","large":"IME"},"ID":"14801","name":"2-12.jpg","path":"\/home\/maipulvw\/public_html\/wp-content\/uploads\/2022\/05\/2-12.jpg","url":"https:\/\/maipropertiesmallorca.com\/wp-content\/uploads\/2022\/05\/2-12-150x150.jpg","full_url":"https:\/\/maipropertiesmallorca.com\/wp-content\/uploads\/2022\/05\/2-12.jpg","title":"2","caption":"","description":"","alt":"","srcset":"https:\/\/maipropertiesmallorca.com\/wp-content\/uploads\/2022\/05\/2-12-150x150.jpg 150w, https:\/\/maipropertiesmallorca.com\/wp-content\/uploads\/2022\/05\/2-12-210x210.jpg 210w"},{"width":150,"height":150,"file":"2022\/05\/3-12.jpg","filesize":95609,"sizes":{"medium":{"file":"3-12-300x225.jpg","width":300,"height":225,"url":"https:\/\/maipropertiesmallorca.com\/wp-content\/uploads\/2022\/05\/3-12-300x225.jpg"},"large":{"file":"3-12-1024x768.jpg","width":1024,"height":768,"url":"https:\/\/maipropertiesmallorca.com\/wp-content\/uploads\/2022\/05\/3-12-1024x768.jpg"},"thumbnail":{"file":"3-12-150x150.jpg","width":150,"height":150,"url":"https:\/\/maipropertiesmallorca.com\/wp-content\/uploads\/2022\/05\/3-12-150x150.jpg"},"medium_large":{"file":"3-12-768x576.jpg","width":768,"height":576,"url":"https:\/\/maipropertiesmallorca.com\/wp-content\/uploads\/2022\/05\/3-12-768x576.jpg"},"post-thumbnail":{"file":"3-12-150x113.jpg","width":150,"height":113,"mime-type":"image\/jpeg","filesize":4276,"url":"https:\/\/maipropertiesmallorca.com\/wp-content\/uploads\/2022\/05\/3-12-150x113.jpg"},"modern-property-child-slider":{"file":"3-12-680x510.jpg","width":680,"height":510,"mime-type":"image\/jpeg","filesize":41200,"url":"https:\/\/maipropertiesmallorca.com\/wp-content\/uploads\/2022\/05\/3-12-680x510.jpg"},"property-thumb-image":{"file":"3-12-488x326.jpg","width":488,"height":326,"mime-type":"image\/jpeg","filesize":24591,"url":"https:\/\/maipropertiesmallorca.com\/wp-content\/uploads\/2022\/05\/3-12-488x326.jpg"},"property-detail-video-image":{"file":"3-12-818x417.jpg","width":818,"height":417,"mime-type":"image\/jpeg","filesize":48486,"url":"https:\/\/maipropertiesmallorca.com\/wp-content\/uploads\/2022\/05\/3-12-818x417.jpg"},"agent-image":{"file":"3-12-210x210.jpg","width":210,"height":210,"mime-type":"image\/jpeg","filesize":8111,"url":"https:\/\/maipropertiesmallorca.com\/wp-content\/uploads\/2022\/05\/3-12-210x210.jpg"},"partners-logo":{"file":"3-12-600x960.jpg","width":600,"height":960,"mime-type":"image\/jpeg","filesize":58969,"url":"https:\/\/maipropertiesmallorca.com\/wp-content\/uploads\/2022\/05\/3-12-600x960.jpg"},"post-featured-image":{"file":"3-12-1240x720.jpg","width":1240,"height":720,"mime-type":"image\/jpeg","filesize":104794,"url":"https:\/\/maipropertiesmallorca.com\/wp-content\/uploads\/2022\/05\/3-12-1240x720.jpg"}},"image_meta":{"aperture":"0","credit":"","camera":"","caption":"","created_timestamp":"0","copyright":"","focal_length":"0","iso":"0","shutter_speed":"0","title":"","orientation":"0","keywords":[]},"image-converter":{"thumbnail":"IME","medium":"IME","medium_large":"IME","large":"IME"},"ID":"14804","name":"3-12.jpg","path":"\/home\/maipulvw\/public_html\/wp-content\/uploads\/2022\/05\/3-12.jpg","url":"https:\/\/maipropertiesmallorca.com\/wp-content\/uploads\/2022\/05\/3-12-150x150.jpg","full_url":"https:\/\/maipropertiesmallorca.com\/wp-content\/uploads\/2022\/05\/3-12.jpg","title":"3","caption":"","description":"","alt":"","srcset":"https:\/\/maipropertiesmallorca.com\/wp-content\/uploads\/2022\/05\/3-12-150x150.jpg 150w, https:\/\/maipropertiesmallorca.com\/wp-content\/uploads\/2022\/05\/3-12-210x210.jpg 210w"},{"width":150,"height":150,"file":"2022\/05\/4-11.jpg","filesize":102720,"sizes":{"medium":{"file":"4-11-300x225.jpg","width":300,"height":225,"url":"https:\/\/maipropertiesmallorca.com\/wp-content\/uploads\/2022\/05\/4-11-300x225.jpg"},"large":{"file":"4-11-1024x768.jpg","width":1024,"height":768,"url":"https:\/\/maipropertiesmallorca.com\/wp-content\/uploads\/2022\/05\/4-11-1024x768.jpg"},"thumbnail":{"file":"4-11-150x150.jpg","width":150,"height":150,"url":"https:\/\/maipropertiesmallorca.com\/wp-content\/uploads\/2022\/05\/4-11-150x150.jpg"},"medium_large":{"file":"4-11-768x576.jpg","width":768,"height":576,"url":"https:\/\/maipropertiesmallorca.com\/wp-content\/uploads\/2022\/05\/4-11-768x576.jpg"},"post-thumbnail":{"file":"4-11-150x113.jpg","width":150,"height":113,"mime-type":"image\/jpeg","filesize":4433,"url":"https:\/\/maipropertiesmallorca.com\/wp-content\/uploads\/2022\/05\/4-11-150x113.jpg"},"modern-property-child-slider":{"file":"4-11-680x510.jpg","width":680,"height":510,"mime-type":"image\/jpeg","filesize":43835,"url":"https:\/\/maipropertiesmallorca.com\/wp-content\/uploads\/2022\/05\/4-11-680x510.jpg"},"property-thumb-image":{"file":"4-11-488x326.jpg","width":488,"height":326,"mime-type":"image\/jpeg","filesize":26091,"url":"https:\/\/maipropertiesmallorca.com\/wp-content\/uploads\/2022\/05\/4-11-488x326.jpg"},"property-detail-video-image":{"file":"4-11-818x417.jpg","width":818,"height":417,"mime-type":"image\/jpeg","filesize":52373,"url":"https:\/\/maipropertiesmallorca.com\/wp-content\/uploads\/2022\/05\/4-11-818x417.jpg"},"agent-image":{"file":"4-11-210x210.jpg","width":210,"height":210,"mime-type":"image\/jpeg","filesize":8220,"url":"https:\/\/maipropertiesmallorca.com\/wp-content\/uploads\/2022\/05\/4-11-210x210.jpg"},"partners-logo":{"file":"4-11-600x960.jpg","width":600,"height":960,"mime-type":"image\/jpeg","filesize":58836,"url":"https:\/\/maipropertiesmallorca.com\/wp-content\/uploads\/2022\/05\/4-11-600x960.jpg"},"post-featured-image":{"file":"4-11-1240x720.jpg","width":1240,"height":720,"mime-type":"image\/jpeg","filesize":111391,"url":"https:\/\/maipropertiesmallorca.com\/wp-content\/uploads\/2022\/05\/4-11-1240x720.jpg"}},"image_meta":{"aperture":"0","credit":"","camera":"","caption":"","created_timestamp":"0","copyright":"","focal_length":"0","iso":"0","shutter_speed":"0","title":"","orientation":"0","keywords":[]},"image-converter":{"thumbnail":"IME","medium":"IME","medium_large":"IME","large":"IME"},"ID":"14807","name":"4-11.jpg","path":"\/home\/maipulvw\/public_html\/wp-content\/uploads\/2022\/05\/4-11.jpg","url":"https:\/\/maipropertiesmallorca.com\/wp-content\/uploads\/2022\/05\/4-11-150x150.jpg","full_url":"https:\/\/maipropertiesmallorca.com\/wp-content\/uploads\/2022\/05\/4-11.jpg","title":"4","caption":"","description":"","alt":"","srcset":"https:\/\/maipropertiesmallorca.com\/wp-content\/uploads\/2022\/05\/4-11-150x150.jpg 150w, https:\/\/maipropertiesmallorca.com\/wp-content\/uploads\/2022\/05\/4-11-210x210.jpg 210w"},{"width":150,"height":150,"file":"2022\/05\/5-11.jpg","filesize":80782,"sizes":{"medium":{"file":"5-11-300x225.jpg","width":300,"height":225,"url":"https:\/\/maipropertiesmallorca.com\/wp-content\/uploads\/2022\/05\/5-11-300x225.jpg"},"large":{"file":"5-11-1024x768.jpg","width":1024,"height":768,"url":"https:\/\/maipropertiesmallorca.com\/wp-content\/uploads\/2022\/05\/5-11-1024x768.jpg"},"thumbnail":{"file":"5-11-150x150.jpg","width":150,"height":150,"url":"https:\/\/maipropertiesmallorca.com\/wp-content\/uploads\/2022\/05\/5-11-150x150.jpg"},"medium_large":{"file":"5-11-768x576.jpg","width":768,"height":576,"url":"https:\/\/maipropertiesmallorca.com\/wp-content\/uploads\/2022\/05\/5-11-768x576.jpg"},"post-thumbnail":{"file":"5-11-150x113.jpg","width":150,"height":113,"mime-type":"image\/jpeg","filesize":3820,"url":"https:\/\/maipropertiesmallorca.com\/wp-content\/uploads\/2022\/05\/5-11-150x113.jpg"},"modern-property-child-slider":{"file":"5-11-680x510.jpg","width":680,"height":510,"mime-type":"image\/jpeg","filesize":34648,"url":"https:\/\/maipropertiesmallorca.com\/wp-content\/uploads\/2022\/05\/5-11-680x510.jpg"},"property-thumb-image":{"file":"5-11-488x326.jpg","width":488,"height":326,"mime-type":"image\/jpeg","filesize":20575,"url":"https:\/\/maipropertiesmallorca.com\/wp-content\/uploads\/2022\/05\/5-11-488x326.jpg"},"property-detail-video-image":{"file":"5-11-818x417.jpg","width":818,"height":417,"mime-type":"image\/jpeg","filesize":41031,"url":"https:\/\/maipropertiesmallorca.com\/wp-content\/uploads\/2022\/05\/5-11-818x417.jpg"},"agent-image":{"file":"5-11-210x210.jpg","width":210,"height":210,"mime-type":"image\/jpeg","filesize":7121,"url":"https:\/\/maipropertiesmallorca.com\/wp-content\/uploads\/2022\/05\/5-11-210x210.jpg"},"partners-logo":{"file":"5-11-600x960.jpg","width":600,"height":960,"mime-type":"image\/jpeg","filesize":51830,"url":"https:\/\/maipropertiesmallorca.com\/wp-content\/uploads\/2022\/05\/5-11-600x960.jpg"},"post-featured-image":{"file":"5-11-1240x720.jpg","width":1240,"height":720,"mime-type":"image\/jpeg","filesize":88534,"url":"https:\/\/maipropertiesmallorca.com\/wp-content\/uploads\/2022\/05\/5-11-1240x720.jpg"}},"image_meta":{"aperture":"0","credit":"","camera":"","caption":"","created_timestamp":"0","copyright":"","focal_length":"0","iso":"0","shutter_speed":"0","title":"","orientation":"0","keywords":[]},"image-converter":{"thumbnail":"IME","medium":"IME","medium_large":"IME","large":"IME"},"ID":"14810","name":"5-11.jpg","path":"\/home\/maipulvw\/public_html\/wp-content\/uploads\/2022\/05\/5-11.jpg","url":"https:\/\/maipropertiesmallorca.com\/wp-content\/uploads\/2022\/05\/5-11-150x150.jpg","full_url":"https:\/\/maipropertiesmallorca.com\/wp-content\/uploads\/2022\/05\/5-11.jpg","title":"5","caption":"","description":"","alt":"","srcset":"https:\/\/maipropertiesmallorca.com\/wp-content\/uploads\/2022\/05\/5-11-150x150.jpg 150w, https:\/\/maipropertiesmallorca.com\/wp-content\/uploads\/2022\/05\/5-11-210x210.jpg 210w"},{"width":150,"height":150,"file":"2022\/05\/6-11.jpg","filesize":86265,"sizes":{"medium":{"file":"6-11-300x225.jpg","width":300,"height":225,"url":"https:\/\/maipropertiesmallorca.com\/wp-content\/uploads\/2022\/05\/6-11-300x225.jpg"},"large":{"file":"6-11-1024x768.jpg","width":1024,"height":768,"url":"https:\/\/maipropertiesmallorca.com\/wp-content\/uploads\/2022\/05\/6-11-1024x768.jpg"},"thumbnail":{"file":"6-11-150x150.jpg","width":150,"height":150,"url":"https:\/\/maipropertiesmallorca.com\/wp-content\/uploads\/2022\/05\/6-11-150x150.jpg"},"medium_large":{"file":"6-11-768x576.jpg","width":768,"height":576,"url":"https:\/\/maipropertiesmallorca.com\/wp-content\/uploads\/2022\/05\/6-11-768x576.jpg"},"post-thumbnail":{"file":"6-11-150x113.jpg","width":150,"height":113,"mime-type":"image\/jpeg","filesize":3832,"url":"https:\/\/maipropertiesmallorca.com\/wp-content\/uploads\/2022\/05\/6-11-150x113.jpg"},"modern-property-child-slider":{"file":"6-11-680x510.jpg","width":680,"height":510,"mime-type":"image\/jpeg","filesize":35204,"url":"https:\/\/maipropertiesmallorca.com\/wp-content\/uploads\/2022\/05\/6-11-680x510.jpg"},"property-thumb-image":{"file":"6-11-488x326.jpg","width":488,"height":326,"mime-type":"image\/jpeg","filesize":20669,"url":"https:\/\/maipropertiesmallorca.com\/wp-content\/uploads\/2022\/05\/6-11-488x326.jpg"},"property-detail-video-image":{"file":"6-11-818x417.jpg","width":818,"height":417,"mime-type":"image\/jpeg","filesize":43328,"url":"https:\/\/maipropertiesmallorca.com\/wp-content\/uploads\/2022\/05\/6-11-818x417.jpg"},"agent-image":{"file":"6-11-210x210.jpg","width":210,"height":210,"mime-type":"image\/jpeg","filesize":7007,"url":"https:\/\/maipropertiesmallorca.com\/wp-content\/uploads\/2022\/05\/6-11-210x210.jpg"},"partners-logo":{"file":"6-11-600x960.jpg","width":600,"height":960,"mime-type":"image\/jpeg","filesize":47952,"url":"https:\/\/maipropertiesmallorca.com\/wp-content\/uploads\/2022\/05\/6-11-600x960.jpg"},"post-featured-image":{"file":"6-11-1240x720.jpg","width":1240,"height":720,"mime-type":"image\/jpeg","filesize":95197,"url":"https:\/\/maipropertiesmallorca.com\/wp-content\/uploads\/2022\/05\/6-11-1240x720.jpg"}},"image_meta":{"aperture":"0","credit":"","camera":"","caption":"","created_timestamp":"0","copyright":"","focal_length":"0","iso":"0","shutter_speed":"0","title":"","orientation":"0","keywords":[]},"image-converter":{"thumbnail":"IME","medium":"IME","medium_large":"IME","large":"IME"},"ID":"14813","name":"6-11.jpg","path":"\/home\/maipulvw\/public_html\/wp-content\/uploads\/2022\/05\/6-11.jpg","url":"https:\/\/maipropertiesmallorca.com\/wp-content\/uploads\/2022\/05\/6-11-150x150.jpg","full_url":"https:\/\/maipropertiesmallorca.com\/wp-content\/uploads\/2022\/05\/6-11.jpg","title":"6","caption":"","description":"","alt":"","srcset":"https:\/\/maipropertiesmallorca.com\/wp-content\/uploads\/2022\/05\/6-11-150x150.jpg 150w, https:\/\/maipropertiesmallorca.com\/wp-content\/uploads\/2022\/05\/6-11-210x210.jpg 210w"},{"width":150,"height":150,"file":"2022\/05\/7-9.jpg","filesize":120855,"sizes":{"medium":{"file":"7-9-300x225.jpg","width":300,"height":225,"url":"https:\/\/maipropertiesmallorca.com\/wp-content\/uploads\/2022\/05\/7-9-300x225.jpg"},"large":{"file":"7-9-1024x768.jpg","width":1024,"height":768,"url":"https:\/\/maipropertiesmallorca.com\/wp-content\/uploads\/2022\/05\/7-9-1024x768.jpg"},"thumbnail":{"file":"7-9-150x150.jpg","width":150,"height":150,"url":"https:\/\/maipropertiesmallorca.com\/wp-content\/uploads\/2022\/05\/7-9-150x150.jpg"},"medium_large":{"file":"7-9-768x576.jpg","width":768,"height":576,"url":"https:\/\/maipropertiesmallorca.com\/wp-content\/uploads\/2022\/05\/7-9-768x576.jpg"},"post-thumbnail":{"file":"7-9-150x113.jpg","width":150,"height":113,"mime-type":"image\/jpeg","filesize":4678,"url":"https:\/\/maipropertiesmallorca.com\/wp-content\/uploads\/2022\/05\/7-9-150x113.jpg"},"modern-property-child-slider":{"file":"7-9-680x510.jpg","width":680,"height":510,"mime-type":"image\/jpeg","filesize":50529,"url":"https:\/\/maipropertiesmallorca.com\/wp-content\/uploads\/2022\/05\/7-9-680x510.jpg"},"property-thumb-image":{"file":"7-9-488x326.jpg","width":488,"height":326,"mime-type":"image\/jpeg","filesize":28670,"url":"https:\/\/maipropertiesmallorca.com\/wp-content\/uploads\/2022\/05\/7-9-488x326.jpg"},"property-detail-video-image":{"file":"7-9-818x417.jpg","width":818,"height":417,"mime-type":"image\/jpeg","filesize":57162,"url":"https:\/\/maipropertiesmallorca.com\/wp-content\/uploads\/2022\/05\/7-9-818x417.jpg"},"agent-image":{"file":"7-9-210x210.jpg","width":210,"height":210,"mime-type":"image\/jpeg","filesize":9020,"url":"https:\/\/maipropertiesmallorca.com\/wp-content\/uploads\/2022\/05\/7-9-210x210.jpg"},"partners-logo":{"file":"7-9-600x960.jpg","width":600,"height":960,"mime-type":"image\/jpeg","filesize":68315,"url":"https:\/\/maipropertiesmallorca.com\/wp-content\/uploads\/2022\/05\/7-9-600x960.jpg"},"post-featured-image":{"file":"7-9-1240x720.jpg","width":1240,"height":720,"mime-type":"image\/jpeg","filesize":130441,"url":"https:\/\/maipropertiesmallorca.com\/wp-content\/uploads\/2022\/05\/7-9-1240x720.jpg"}},"image_meta":{"aperture":"0","credit":"","camera":"","caption":"","created_timestamp":"0","copyright":"","focal_length":"0","iso":"0","shutter_speed":"0","title":"","orientation":"0","keywords":[]},"image-converter":{"thumbnail":"IME","medium":"IME","medium_large":"IME","large":"IME"},"ID":"14816","name":"7-9.jpg","path":"\/home\/maipulvw\/public_html\/wp-content\/uploads\/2022\/05\/7-9.jpg","url":"https:\/\/maipropertiesmallorca.com\/wp-content\/uploads\/2022\/05\/7-9-150x150.jpg","full_url":"https:\/\/maipropertiesmallorca.com\/wp-content\/uploads\/2022\/05\/7-9.jpg","title":"7","caption":"","description":"","alt":"","srcset":"https:\/\/maipropertiesmallorca.com\/wp-content\/uploads\/2022\/05\/7-9-150x150.jpg 150w, https:\/\/maipropertiesmallorca.com\/wp-content\/uploads\/2022\/05\/7-9-210x210.jpg 210w"},{"width":150,"height":150,"file":"2022\/05\/8-9.jpg","filesize":62487,"sizes":{"medium":{"file":"8-9-300x225.jpg","width":300,"height":225,"url":"https:\/\/maipropertiesmallorca.com\/wp-content\/uploads\/2022\/05\/8-9-300x225.jpg"},"large":{"file":"8-9-1024x768.jpg","width":1024,"height":768,"url":"https:\/\/maipropertiesmallorca.com\/wp-content\/uploads\/2022\/05\/8-9-1024x768.jpg"},"thumbnail":{"file":"8-9-150x150.jpg","width":150,"height":150,"url":"https:\/\/maipropertiesmallorca.com\/wp-content\/uploads\/2022\/05\/8-9-150x150.jpg"},"medium_large":{"file":"8-9-768x576.jpg","width":768,"height":576,"url":"https:\/\/maipropertiesmallorca.com\/wp-content\/uploads\/2022\/05\/8-9-768x576.jpg"},"post-thumbnail":{"file":"8-9-150x113.jpg","width":150,"height":113,"mime-type":"image\/jpeg","filesize":3510,"url":"https:\/\/maipropertiesmallorca.com\/wp-content\/uploads\/2022\/05\/8-9-150x113.jpg"},"modern-property-child-slider":{"file":"8-9-680x510.jpg","width":680,"height":510,"mime-type":"image\/jpeg","filesize":30322,"url":"https:\/\/maipropertiesmallorca.com\/wp-content\/uploads\/2022\/05\/8-9-680x510.jpg"},"property-thumb-image":{"file":"8-9-488x326.jpg","width":488,"height":326,"mime-type":"image\/jpeg","filesize":18880,"url":"https:\/\/maipropertiesmallorca.com\/wp-content\/uploads\/2022\/05\/8-9-488x326.jpg"},"property-detail-video-image":{"file":"8-9-818x417.jpg","width":818,"height":417,"mime-type":"image\/jpeg","filesize":35486,"url":"https:\/\/maipropertiesmallorca.com\/wp-content\/uploads\/2022\/05\/8-9-818x417.jpg"},"agent-image":{"file":"8-9-210x210.jpg","width":210,"height":210,"mime-type":"image\/jpeg","filesize":6660,"url":"https:\/\/maipropertiesmallorca.com\/wp-content\/uploads\/2022\/05\/8-9-210x210.jpg"},"partners-logo":{"file":"8-9-600x960.jpg","width":600,"height":960,"mime-type":"image\/jpeg","filesize":39174,"url":"https:\/\/maipropertiesmallorca.com\/wp-content\/uploads\/2022\/05\/8-9-600x960.jpg"},"post-featured-image":{"file":"8-9-1240x720.jpg","width":1240,"height":720,"mime-type":"image\/jpeg","filesize":72107,"url":"https:\/\/maipropertiesmallorca.com\/wp-content\/uploads\/2022\/05\/8-9-1240x720.jpg"}},"image_meta":{"aperture":"0","credit":"","camera":"","caption":"","created_timestamp":"0","copyright":"","focal_length":"0","iso":"0","shutter_speed":"0","title":"","orientation":"0","keywords":[]},"image-converter":{"thumbnail":"IME","medium":"IME","medium_large":"IME","large":"IME"},"ID":"14819","name":"8-9.jpg","path":"\/home\/maipulvw\/public_html\/wp-content\/uploads\/2022\/05\/8-9.jpg","url":"https:\/\/maipropertiesmallorca.com\/wp-content\/uploads\/2022\/05\/8-9-150x150.jpg","full_url":"https:\/\/maipropertiesmallorca.com\/wp-content\/uploads\/2022\/05\/8-9.jpg","title":"8","caption":"","description":"","alt":"","srcset":"https:\/\/maipropertiesmallorca.com\/wp-content\/uploads\/2022\/05\/8-9-150x150.jpg 150w, https:\/\/maipropertiesmallorca.com\/wp-content\/uploads\/2022\/05\/8-9-210x210.jpg 210w"},{"width":150,"height":150,"file":"2022\/05\/9-9.jpg","filesize":138224,"sizes":{"medium":{"file":"9-9-300x225.jpg","width":300,"height":225,"url":"https:\/\/maipropertiesmallorca.com\/wp-content\/uploads\/2022\/05\/9-9-300x225.jpg"},"large":{"file":"9-9-1024x768.jpg","width":1024,"height":768,"url":"https:\/\/maipropertiesmallorca.com\/wp-content\/uploads\/2022\/05\/9-9-1024x768.jpg"},"thumbnail":{"file":"9-9-150x150.jpg","width":150,"height":150,"url":"https:\/\/maipropertiesmallorca.com\/wp-content\/uploads\/2022\/05\/9-9-150x150.jpg"},"medium_large":{"file":"9-9-768x576.jpg","width":768,"height":576,"url":"https:\/\/maipropertiesmallorca.com\/wp-content\/uploads\/2022\/05\/9-9-768x576.jpg"},"post-thumbnail":{"file":"9-9-150x113.jpg","width":150,"height":113,"mime-type":"image\/jpeg","filesize":4699,"url":"https:\/\/maipropertiesmallorca.com\/wp-content\/uploads\/2022\/05\/9-9-150x113.jpg"},"modern-property-child-slider":{"file":"9-9-680x510.jpg","width":680,"height":510,"mime-type":"image\/jpeg","filesize":55575,"url":"https:\/\/maipropertiesmallorca.com\/wp-content\/uploads\/2022\/05\/9-9-680x510.jpg"},"property-thumb-image":{"file":"9-9-488x326.jpg","width":488,"height":326,"mime-type":"image\/jpeg","filesize":31749,"url":"https:\/\/maipropertiesmallorca.com\/wp-content\/uploads\/2022\/05\/9-9-488x326.jpg"},"property-detail-video-image":{"file":"9-9-818x417.jpg","width":818,"height":417,"mime-type":"image\/jpeg","filesize":67591,"url":"https:\/\/maipropertiesmallorca.com\/wp-content\/uploads\/2022\/05\/9-9-818x417.jpg"},"agent-image":{"file":"9-9-210x210.jpg","width":210,"height":210,"mime-type":"image\/jpeg","filesize":9304,"url":"https:\/\/maipropertiesmallorca.com\/wp-content\/uploads\/2022\/05\/9-9-210x210.jpg"},"partners-logo":{"file":"9-9-600x960.jpg","width":600,"height":960,"mime-type":"image\/jpeg","filesize":71467,"url":"https:\/\/maipropertiesmallorca.com\/wp-content\/uploads\/2022\/05\/9-9-600x960.jpg"},"post-featured-image":{"file":"9-9-1240x720.jpg","width":1240,"height":720,"mime-type":"image\/jpeg","filesize":145502,"url":"https:\/\/maipropertiesmallorca.com\/wp-content\/uploads\/2022\/05\/9-9-1240x720.jpg"}},"image_meta":{"aperture":"0","credit":"","camera":"","caption":"","created_timestamp":"0","copyright":"","focal_length":"0","iso":"0","shutter_speed":"0","title":"","orientation":"0","keywords":[]},"image-converter":{"thumbnail":"IME","medium":"IME","medium_large":"IME","large":"IME"},"ID":"14822","name":"9-9.jpg","path":"\/home\/maipulvw\/public_html\/wp-content\/uploads\/2022\/05\/9-9.jpg","url":"https:\/\/maipropertiesmallorca.com\/wp-content\/uploads\/2022\/05\/9-9-150x150.jpg","full_url":"https:\/\/maipropertiesmallorca.com\/wp-content\/uploads\/2022\/05\/9-9.jpg","title":"9","caption":"","description":"","alt":"","srcset":"https:\/\/maipropertiesmallorca.com\/wp-content\/uploads\/2022\/05\/9-9-150x150.jpg 150w, https:\/\/maipropertiesmallorca.com\/wp-content\/uploads\/2022\/05\/9-9-210x210.jpg 210w"}],"REAL_HOMES_change_gallery_slider_type":"","REAL_HOMES_gallery_slider_type":"thumb-on-right","inspiry_floor_plans":[],"inspiry_video_group":[],"REAL_HOMES_360_virtual_tour":"","REAL_HOMES_agent_display_option":"none","REAL_HOMES_agents":[],"REAL_HOMES_energy_class":"","REAL_HOMES_energy_performance":"","REAL_HOMES_epc_current_rating":"","REAL_HOMES_epc_potential_rating":"","ere_property_schedule_tour":"","ere_property_schedule_time_slots":"","ere_property_schedule_description":"","REAL_HOMES_sticky":"","inspiry_property_label":"","inspiry_property_label_color":"","inspiry_property_tax":"","inspiry_additional_fee":"","REAL_HOMES_attachments":[],"inspiry_property_owner_name":"","inspiry_property_owner_contact":"","inspiry_property_owner_address":"","REAL_HOMES_property_private_note":"","inspiry_message_to_reviewer":"","REAL_HOMES_add_in_slider":"no","REAL_HOMES_slider_image":[],"REAL_HOMES_page_banner_image":[],"REAL_HOMES_custom_header_display":"","REAL_HOMES_custom_header_position":"","REAL_HOMES_custom_footer_display":"","REAL_HOMES_hide_advance_search":"","REAL_HOMES_custom_search_form":"","REAL_HOMES_search_form_margin_top":"","REAL_HOMES_search_form_margin_bottom":""},"_links":{"self":[{"href":"https:\/\/maipropertiesmallorca.com\/es\/wp-json\/wp\/v2\/properties\/9598","targetHints":{"allow":["GET"]}}],"collection":[{"href":"https:\/\/maipropertiesmallorca.com\/es\/wp-json\/wp\/v2\/properties"}],"about":[{"href":"https:\/\/maipropertiesmallorca.com\/es\/wp-json\/wp\/v2\/types\/property"}],"author":[{"embeddable":true,"href":"https:\/\/maipropertiesmallorca.com\/es\/wp-json\/wp\/v2\/users\/4"}],"replies":[{"embeddable":true,"href":"https:\/\/maipropertiesmallorca.com\/es\/wp-json\/wp\/v2\/comments?post=9598"}],"version-history":[{"count":0,"href":"https:\/\/maipropertiesmallorca.com\/es\/wp-json\/wp\/v2\/properties\/9598\/revisions"}],"wp:featuredmedia":[{"embeddable":true,"href":"https:\/\/maipropertiesmallorca.com\/es\/wp-json\/wp\/v2\/media\/9577"}],"wp:attachment":[{"href":"https:\/\/maipropertiesmallorca.com\/es\/wp-json\/wp\/v2\/media?parent=9598"}],"wp:term":[{"taxonomy":"property-feature","embeddable":true,"href":"https:\/\/maipropertiesmallorca.com\/es\/wp-json\/wp\/v2\/caracter\u00edsticas-propiedad?post=9598"},{"taxonomy":"property-type","embeddable":true,"href":"https:\/\/maipropertiesmallorca.com\/es\/wp-json\/wp\/v2\/tipos-propiedad?post=9598"},{"taxonomy":"property-city","embeddable":true,"href":"https:\/\/maipropertiesmallorca.com\/es\/wp-json\/wp\/v2\/ciudades-propiedad?post=9598"},{"taxonomy":"property-status","embeddable":true,"href":"https:\/\/maipropertiesmallorca.com\/es\/wp-json\/wp\/v2\/estatus-propiedad?post=9598"}],"curies":[{"name":"wp","href":"https:\/\/api.w.org\/{rel}","templated":true}]}}