{"id":70069,"date":"2024-11-22T17:41:02","date_gmt":"2024-11-22T16:41:02","guid":{"rendered":"https:\/\/maipropertiesmallorca.com\/property\/atico-con-vistas-al-mar-en-santa-catalina\/"},"modified":"2024-11-22T17:54:15","modified_gmt":"2024-11-22T16:54:15","slug":"atico-con-vistas-al-mar-en-santa-catalina","status":"publish","type":"property","link":"https:\/\/maipropertiesmallorca.com\/es\/propiedad\/atico-con-vistas-al-mar-en-santa-catalina\/","title":{"rendered":"\u00c1tico con vistas al mar en Santa Catalina"},"content":{"rendered":"\n<p>Este \u00e1tico se encuentra en el coraz\u00f3n del vibrante Santa Catalina, una de las zonas m\u00e1s queridas de Palma. Here you are surrounded by cozy cafes, charming restaurants, galleries and charming shops, so you have everything you need just around the corner. La zona est\u00e1 en constante evoluci\u00f3n con nuevos y emocionantes lugares y proyectos que surgen, lo que hace que siempre se sienta fresca e inspiradora.<\/p>\n\n<p>El \u00e1tico est\u00e1 situado en la octava planta y ofrece una superficie de 110 m\u00b2 con tres dormitorios y dos ba\u00f1os completos, uno de ellos en suite. Tambi\u00e9n cuenta con un vestidor, una cocina abierta con un comedor y un sal\u00f3n, as\u00ed como dos agradables terrazas. La gran terraza de 72 m\u00b2 est\u00e1 equipada con una veranda y una cocina al aire libre, adem\u00e1s de una ducha con agua caliente y fr\u00eda. Adem\u00e1s, el apartamento tiene un balc\u00f3n m\u00e1s peque\u00f1o de 8 m\u00b2. Este \u00e1tico ofrece vistas impresionantes al mar, a la catedral y al Castillo de Bellver. Con comodidades, acabados de alta calidad, un estilo moderno y una abundante luz natural, este apartamento es elegante y de primera calidad, ubicado en una zona tranquila y encantadora cerca del animado centro de Palma.<\/p>\n\n<p>Informaci\u00f3n adicional: aire acondicionado, calefacci\u00f3n, ascensor, terraza privada y trastero. Toda la cristaler\u00eda es de aluminio con doble acristalamiento tipo climalit de alta calidad (Sch\u00fcco), dispone de calefacci\u00f3n con radiadores tipo n\u00f3rdico con caldera de gas natural y A\/A con bombas de frio\/calor Daikin. Tambi\u00e9n esta dotado de aislamiento t\u00e9rmico en fachada y techo tipo SATE y trasdosado interior en la zona de las habitaciones.<\/p>\n\n<p>Est\u00e1 totalmente reformado con materiales de alta calidad, estilo moderno y suelos de baldosa hidr\u00e1ulica en el interior y madera IPE en las terrazas. La ubicaci\u00f3n es en una zona muy tranquila, sin vecinos en planta, alejada de ruidos de bares y terrazas, a la vez que muy c\u00e9ntrica. Tambi\u00e9n cabe la posibilidad de plazas de parking en alquiler.<\/p>\n","protected":false},"excerpt":{"rendered":"<p>Este \u00e1tico se encuentra en el coraz\u00f3n del vibrante Santa Catalina, una de las zonas m\u00e1s queridas de Palma. Here you are surrounded by cozy cafes, charming restaurants, galleries and charming shops, so you have everything you need just around the corner. La zona est\u00e1 en constante evoluci\u00f3n con nuevos y emocionantes lugares y proyectos&#8230;<\/p>\n","protected":false},"author":4,"featured_media":70007,"parent":0,"menu_order":0,"comment_status":"closed","ping_status":"closed","template":"","caracter\u00edsticas-propiedad":[160,162,316,156,154,305],"tipos-propiedad":[],"ciudades-propiedad":[131,133],"estatus-propiedad":[34],"class_list":["post-70069","property","type-property","status-publish","has-post-thumbnail","hentry","property-feature-aire-acondicionado","property-feature-ascensor","property-feature-barbacoa","property-feature-garaje","property-feature-moderno","property-feature-vistamar","property-city-palma-de-mallorca-es","property-city-santa-catalina-es","property-status-venta"],"property_meta":{"REAL_HOMES_property_price":"949000","REAL_HOMES_property_old_price":"","REAL_HOMES_property_price_prefix":"","REAL_HOMES_property_price_postfix":"","REAL_HOMES_property_size":"195","REAL_HOMES_property_size_postfix":"m2","REAL_HOMES_property_lot_size":"","REAL_HOMES_property_lot_size_postfix":"","REAL_HOMES_property_bedrooms":"3","REAL_HOMES_property_bathrooms":"2","REAL_HOMES_property_garage":"","REAL_HOMES_property_id":"1081","REAL_HOMES_property_year_built":"","rvr_property_owner":"","REAL_HOMES_featured":"1","REAL_HOMES_additional_details_list":[],"REAL_HOMES_property_location":{"latitude":"39.5713703","longitude":"2.6374913","zoom":"12"},"REAL_HOMES_property_address":"Santa Catalina, Palma, Islas Baleares, 07012, Espa\u00f1a","REAL_HOMES_property_map":"","REAL_HOMES_property_images":[{"width":150,"height":150,"file":"2024\/11\/1-3.webp","filesize":137430,"sizes":{"post-thumbnail":{"file":"1-3-150x113.webp","width":150,"height":113,"url":"https:\/\/maipropertiesmallorca.com\/wp-content\/uploads\/2024\/11\/1-3-150x113.webp"},"modern-property-child-slider":{"file":"1-3-680x510.webp","width":680,"height":510,"url":"https:\/\/maipropertiesmallorca.com\/wp-content\/uploads\/2024\/11\/1-3-680x510.webp"},"property-thumb-image":{"file":"1-3-488x326.webp","width":488,"height":326,"url":"https:\/\/maipropertiesmallorca.com\/wp-content\/uploads\/2024\/11\/1-3-488x326.webp"},"property-detail-video-image":{"file":"1-3-818x417.webp","width":818,"height":417,"url":"https:\/\/maipropertiesmallorca.com\/wp-content\/uploads\/2024\/11\/1-3-818x417.webp"},"agent-image":{"file":"1-3-210x210.webp","width":210,"height":210,"url":"https:\/\/maipropertiesmallorca.com\/wp-content\/uploads\/2024\/11\/1-3-210x210.webp"},"partners-logo":{"file":"1-3-600x960.webp","width":600,"height":960,"url":"https:\/\/maipropertiesmallorca.com\/wp-content\/uploads\/2024\/11\/1-3-600x960.webp"},"post-featured-image":{"file":"1-3-1240x720.webp","width":1240,"height":720,"url":"https:\/\/maipropertiesmallorca.com\/wp-content\/uploads\/2024\/11\/1-3-1240x720.webp"},"thumbnail":{"file":"1-3-150x150.webp","width":150,"height":150,"url":"https:\/\/maipropertiesmallorca.com\/wp-content\/uploads\/2024\/11\/1-3-150x150.webp"},"medium":{"file":"1-3-300x225.webp","width":300,"height":225,"url":"https:\/\/maipropertiesmallorca.com\/wp-content\/uploads\/2024\/11\/1-3-300x225.webp"},"medium_large":{"file":"1-3-768x576.webp","width":768,"height":576,"url":"https:\/\/maipropertiesmallorca.com\/wp-content\/uploads\/2024\/11\/1-3-768x576.webp"},"large":{"file":"1-3-1024x768.webp","width":1024,"height":768,"url":"https:\/\/maipropertiesmallorca.com\/wp-content\/uploads\/2024\/11\/1-3-1024x768.webp"}},"image_meta":{"aperture":"0","credit":"","camera":"","caption":"","created_timestamp":"0","copyright":"","focal_length":"0","iso":"0","shutter_speed":"0","title":"","orientation":"0","keywords":[]},"dominant_color":"908c82","has_transparency":false,"sources":{"image\/webp":{"file":"1-3.webp","filesize":137430}},"image-converter":{"thumbnail":"IME","medium":"IME","medium_large":"IME","large":"IME","post-thumbnail":"IME","modern-property-child-slider":"IME","property-thumb-image":"IME","property-detail-video-image":"IME","agent-image":"IME","partners-logo":"IME","post-featured-image":"IME"},"ID":"70007","name":"1-3.webp","path":"\/home\/maipulvw\/public_html\/wp-content\/uploads\/2024\/11\/1-3.webp","url":"https:\/\/maipropertiesmallorca.com\/wp-content\/uploads\/2024\/11\/1-3-150x150.webp","full_url":"https:\/\/maipropertiesmallorca.com\/wp-content\/uploads\/2024\/11\/1-3.webp","title":"1","caption":"","description":"","alt":"","srcset":"https:\/\/maipropertiesmallorca.com\/wp-content\/uploads\/2024\/11\/1-3-150x150.webp 150w, https:\/\/maipropertiesmallorca.com\/wp-content\/uploads\/2024\/11\/1-3-210x210.webp 210w"},{"width":150,"height":150,"file":"2024\/11\/2-3.webp","filesize":160800,"sizes":{"post-thumbnail":{"file":"2-3-150x113.webp","width":150,"height":113,"url":"https:\/\/maipropertiesmallorca.com\/wp-content\/uploads\/2024\/11\/2-3-150x113.webp"},"modern-property-child-slider":{"file":"2-3-680x510.webp","width":680,"height":510,"url":"https:\/\/maipropertiesmallorca.com\/wp-content\/uploads\/2024\/11\/2-3-680x510.webp"},"property-thumb-image":{"file":"2-3-488x326.webp","width":488,"height":326,"url":"https:\/\/maipropertiesmallorca.com\/wp-content\/uploads\/2024\/11\/2-3-488x326.webp"},"property-detail-video-image":{"file":"2-3-818x417.webp","width":818,"height":417,"url":"https:\/\/maipropertiesmallorca.com\/wp-content\/uploads\/2024\/11\/2-3-818x417.webp"},"agent-image":{"file":"2-3-210x210.webp","width":210,"height":210,"url":"https:\/\/maipropertiesmallorca.com\/wp-content\/uploads\/2024\/11\/2-3-210x210.webp"},"partners-logo":{"file":"2-3-600x960.webp","width":600,"height":960,"url":"https:\/\/maipropertiesmallorca.com\/wp-content\/uploads\/2024\/11\/2-3-600x960.webp"},"post-featured-image":{"file":"2-3-1240x720.webp","width":1240,"height":720,"url":"https:\/\/maipropertiesmallorca.com\/wp-content\/uploads\/2024\/11\/2-3-1240x720.webp"},"thumbnail":{"file":"2-3-150x150.webp","width":150,"height":150,"url":"https:\/\/maipropertiesmallorca.com\/wp-content\/uploads\/2024\/11\/2-3-150x150.webp"},"medium":{"file":"2-3-300x225.webp","width":300,"height":225,"url":"https:\/\/maipropertiesmallorca.com\/wp-content\/uploads\/2024\/11\/2-3-300x225.webp"},"medium_large":{"file":"2-3-768x576.webp","width":768,"height":576,"url":"https:\/\/maipropertiesmallorca.com\/wp-content\/uploads\/2024\/11\/2-3-768x576.webp"},"large":{"file":"2-3-1024x768.webp","width":1024,"height":768,"url":"https:\/\/maipropertiesmallorca.com\/wp-content\/uploads\/2024\/11\/2-3-1024x768.webp"}},"image_meta":{"aperture":"0","credit":"","camera":"","caption":"","created_timestamp":"0","copyright":"","focal_length":"0","iso":"0","shutter_speed":"0","title":"","orientation":"0","keywords":[]},"dominant_color":"85847f","has_transparency":false,"sources":{"image\/webp":{"file":"2-3.webp","filesize":160800}},"image-converter":{"thumbnail":"IME","medium":"IME","medium_large":"IME","large":"IME","post-thumbnail":"IME","modern-property-child-slider":"IME","property-thumb-image":"IME","property-detail-video-image":"IME","agent-image":"IME","partners-logo":"IME","post-featured-image":"IME"},"ID":"70010","name":"2-3.webp","path":"\/home\/maipulvw\/public_html\/wp-content\/uploads\/2024\/11\/2-3.webp","url":"https:\/\/maipropertiesmallorca.com\/wp-content\/uploads\/2024\/11\/2-3-150x150.webp","full_url":"https:\/\/maipropertiesmallorca.com\/wp-content\/uploads\/2024\/11\/2-3.webp","title":"2","caption":"","description":"","alt":"","srcset":"https:\/\/maipropertiesmallorca.com\/wp-content\/uploads\/2024\/11\/2-3-150x150.webp 150w, https:\/\/maipropertiesmallorca.com\/wp-content\/uploads\/2024\/11\/2-3-210x210.webp 210w"},{"width":150,"height":150,"file":"2024\/11\/3-3.webp","filesize":191902,"sizes":{"post-thumbnail":{"file":"3-3-150x113.webp","width":150,"height":113,"url":"https:\/\/maipropertiesmallorca.com\/wp-content\/uploads\/2024\/11\/3-3-150x113.webp"},"modern-property-child-slider":{"file":"3-3-680x510.webp","width":680,"height":510,"url":"https:\/\/maipropertiesmallorca.com\/wp-content\/uploads\/2024\/11\/3-3-680x510.webp"},"property-thumb-image":{"file":"3-3-488x326.webp","width":488,"height":326,"url":"https:\/\/maipropertiesmallorca.com\/wp-content\/uploads\/2024\/11\/3-3-488x326.webp"},"property-detail-video-image":{"file":"3-3-818x417.webp","width":818,"height":417,"url":"https:\/\/maipropertiesmallorca.com\/wp-content\/uploads\/2024\/11\/3-3-818x417.webp"},"agent-image":{"file":"3-3-210x210.webp","width":210,"height":210,"url":"https:\/\/maipropertiesmallorca.com\/wp-content\/uploads\/2024\/11\/3-3-210x210.webp"},"partners-logo":{"file":"3-3-600x960.webp","width":600,"height":960,"url":"https:\/\/maipropertiesmallorca.com\/wp-content\/uploads\/2024\/11\/3-3-600x960.webp"},"post-featured-image":{"file":"3-3-1240x720.webp","width":1240,"height":720,"url":"https:\/\/maipropertiesmallorca.com\/wp-content\/uploads\/2024\/11\/3-3-1240x720.webp"},"thumbnail":{"file":"3-3-150x150.webp","width":150,"height":150,"url":"https:\/\/maipropertiesmallorca.com\/wp-content\/uploads\/2024\/11\/3-3-150x150.webp"},"medium":{"file":"3-3-300x225.webp","width":300,"height":225,"url":"https:\/\/maipropertiesmallorca.com\/wp-content\/uploads\/2024\/11\/3-3-300x225.webp"},"medium_large":{"file":"3-3-768x576.webp","width":768,"height":576,"url":"https:\/\/maipropertiesmallorca.com\/wp-content\/uploads\/2024\/11\/3-3-768x576.webp"},"large":{"file":"3-3-1024x768.webp","width":1024,"height":768,"url":"https:\/\/maipropertiesmallorca.com\/wp-content\/uploads\/2024\/11\/3-3-1024x768.webp"}},"image_meta":{"aperture":"0","credit":"","camera":"","caption":"","created_timestamp":"0","copyright":"","focal_length":"0","iso":"0","shutter_speed":"0","title":"","orientation":"0","keywords":[]},"dominant_color":"72695b","has_transparency":false,"sources":{"image\/webp":{"file":"3-3.webp","filesize":191902}},"image-converter":{"thumbnail":"IME","medium":"IME","medium_large":"IME","large":"IME","post-thumbnail":"IME","modern-property-child-slider":"IME","property-thumb-image":"IME","property-detail-video-image":"IME","agent-image":"IME","partners-logo":"IME","post-featured-image":"IME"},"ID":"70013","name":"3-3.webp","path":"\/home\/maipulvw\/public_html\/wp-content\/uploads\/2024\/11\/3-3.webp","url":"https:\/\/maipropertiesmallorca.com\/wp-content\/uploads\/2024\/11\/3-3-150x150.webp","full_url":"https:\/\/maipropertiesmallorca.com\/wp-content\/uploads\/2024\/11\/3-3.webp","title":"3","caption":"","description":"","alt":"","srcset":"https:\/\/maipropertiesmallorca.com\/wp-content\/uploads\/2024\/11\/3-3-150x150.webp 150w, https:\/\/maipropertiesmallorca.com\/wp-content\/uploads\/2024\/11\/3-3-210x210.webp 210w"},{"width":150,"height":150,"file":"2024\/11\/4-3.webp","filesize":139036,"sizes":{"post-thumbnail":{"file":"4-3-150x113.webp","width":150,"height":113,"url":"https:\/\/maipropertiesmallorca.com\/wp-content\/uploads\/2024\/11\/4-3-150x113.webp"},"modern-property-child-slider":{"file":"4-3-680x510.webp","width":680,"height":510,"url":"https:\/\/maipropertiesmallorca.com\/wp-content\/uploads\/2024\/11\/4-3-680x510.webp"},"property-thumb-image":{"file":"4-3-488x326.webp","width":488,"height":326,"url":"https:\/\/maipropertiesmallorca.com\/wp-content\/uploads\/2024\/11\/4-3-488x326.webp"},"property-detail-video-image":{"file":"4-3-818x417.webp","width":818,"height":417,"url":"https:\/\/maipropertiesmallorca.com\/wp-content\/uploads\/2024\/11\/4-3-818x417.webp"},"agent-image":{"file":"4-3-210x210.webp","width":210,"height":210,"url":"https:\/\/maipropertiesmallorca.com\/wp-content\/uploads\/2024\/11\/4-3-210x210.webp"},"partners-logo":{"file":"4-3-600x960.webp","width":600,"height":960,"url":"https:\/\/maipropertiesmallorca.com\/wp-content\/uploads\/2024\/11\/4-3-600x960.webp"},"post-featured-image":{"file":"4-3-1240x720.webp","width":1240,"height":720,"url":"https:\/\/maipropertiesmallorca.com\/wp-content\/uploads\/2024\/11\/4-3-1240x720.webp"},"thumbnail":{"file":"4-3-150x150.webp","width":150,"height":150,"url":"https:\/\/maipropertiesmallorca.com\/wp-content\/uploads\/2024\/11\/4-3-150x150.webp"},"medium":{"file":"4-3-300x225.webp","width":300,"height":225,"url":"https:\/\/maipropertiesmallorca.com\/wp-content\/uploads\/2024\/11\/4-3-300x225.webp"},"medium_large":{"file":"4-3-768x576.webp","width":768,"height":576,"url":"https:\/\/maipropertiesmallorca.com\/wp-content\/uploads\/2024\/11\/4-3-768x576.webp"},"large":{"file":"4-3-1024x768.webp","width":1024,"height":768,"url":"https:\/\/maipropertiesmallorca.com\/wp-content\/uploads\/2024\/11\/4-3-1024x768.webp"}},"image_meta":{"aperture":"0","credit":"","camera":"","caption":"","created_timestamp":"0","copyright":"","focal_length":"0","iso":"0","shutter_speed":"0","title":"","orientation":"0","keywords":[]},"dominant_color":"8a7b65","has_transparency":false,"sources":{"image\/webp":{"file":"4-3.webp","filesize":139036}},"image-converter":{"thumbnail":"IME","medium":"IME","medium_large":"IME","large":"IME","post-thumbnail":"IME","modern-property-child-slider":"IME","property-thumb-image":"IME","property-detail-video-image":"IME","agent-image":"IME","partners-logo":"IME","post-featured-image":"IME"},"ID":"70016","name":"4-3.webp","path":"\/home\/maipulvw\/public_html\/wp-content\/uploads\/2024\/11\/4-3.webp","url":"https:\/\/maipropertiesmallorca.com\/wp-content\/uploads\/2024\/11\/4-3-150x150.webp","full_url":"https:\/\/maipropertiesmallorca.com\/wp-content\/uploads\/2024\/11\/4-3.webp","title":"4","caption":"","description":"","alt":"","srcset":"https:\/\/maipropertiesmallorca.com\/wp-content\/uploads\/2024\/11\/4-3-150x150.webp 150w, https:\/\/maipropertiesmallorca.com\/wp-content\/uploads\/2024\/11\/4-3-210x210.webp 210w"},{"width":150,"height":150,"file":"2024\/11\/5-3.webp","filesize":109590,"sizes":{"post-thumbnail":{"file":"5-3-150x113.webp","width":150,"height":113,"url":"https:\/\/maipropertiesmallorca.com\/wp-content\/uploads\/2024\/11\/5-3-150x113.webp"},"modern-property-child-slider":{"file":"5-3-680x510.webp","width":680,"height":510,"url":"https:\/\/maipropertiesmallorca.com\/wp-content\/uploads\/2024\/11\/5-3-680x510.webp"},"property-thumb-image":{"file":"5-3-488x326.webp","width":488,"height":326,"url":"https:\/\/maipropertiesmallorca.com\/wp-content\/uploads\/2024\/11\/5-3-488x326.webp"},"property-detail-video-image":{"file":"5-3-818x417.webp","width":818,"height":417,"url":"https:\/\/maipropertiesmallorca.com\/wp-content\/uploads\/2024\/11\/5-3-818x417.webp"},"agent-image":{"file":"5-3-210x210.webp","width":210,"height":210,"url":"https:\/\/maipropertiesmallorca.com\/wp-content\/uploads\/2024\/11\/5-3-210x210.webp"},"partners-logo":{"file":"5-3-600x960.webp","width":600,"height":960,"url":"https:\/\/maipropertiesmallorca.com\/wp-content\/uploads\/2024\/11\/5-3-600x960.webp"},"post-featured-image":{"file":"5-3-1240x720.webp","width":1240,"height":720,"url":"https:\/\/maipropertiesmallorca.com\/wp-content\/uploads\/2024\/11\/5-3-1240x720.webp"},"thumbnail":{"file":"5-3-150x150.webp","width":150,"height":150,"url":"https:\/\/maipropertiesmallorca.com\/wp-content\/uploads\/2024\/11\/5-3-150x150.webp"},"medium":{"file":"5-3-300x225.webp","width":300,"height":225,"url":"https:\/\/maipropertiesmallorca.com\/wp-content\/uploads\/2024\/11\/5-3-300x225.webp"},"medium_large":{"file":"5-3-768x576.webp","width":768,"height":576,"url":"https:\/\/maipropertiesmallorca.com\/wp-content\/uploads\/2024\/11\/5-3-768x576.webp"},"large":{"file":"5-3-1024x768.webp","width":1024,"height":768,"url":"https:\/\/maipropertiesmallorca.com\/wp-content\/uploads\/2024\/11\/5-3-1024x768.webp"}},"image_meta":{"aperture":"0","credit":"","camera":"","caption":"","created_timestamp":"0","copyright":"","focal_length":"0","iso":"0","shutter_speed":"0","title":"","orientation":"0","keywords":[]},"dominant_color":"887864","has_transparency":false,"sources":{"image\/webp":{"file":"5-3.webp","filesize":109590}},"image-converter":{"thumbnail":"IME","medium":"IME","medium_large":"IME","large":"IME","post-thumbnail":"IME","modern-property-child-slider":"IME","property-thumb-image":"IME","property-detail-video-image":"IME","agent-image":"IME","partners-logo":"IME","post-featured-image":"IME"},"ID":"70019","name":"5-3.webp","path":"\/home\/maipulvw\/public_html\/wp-content\/uploads\/2024\/11\/5-3.webp","url":"https:\/\/maipropertiesmallorca.com\/wp-content\/uploads\/2024\/11\/5-3-150x150.webp","full_url":"https:\/\/maipropertiesmallorca.com\/wp-content\/uploads\/2024\/11\/5-3.webp","title":"5","caption":"","description":"","alt":"","srcset":"https:\/\/maipropertiesmallorca.com\/wp-content\/uploads\/2024\/11\/5-3-150x150.webp 150w, https:\/\/maipropertiesmallorca.com\/wp-content\/uploads\/2024\/11\/5-3-210x210.webp 210w"},{"width":150,"height":150,"file":"2024\/11\/6-3.webp","filesize":141934,"sizes":{"post-thumbnail":{"file":"6-3-150x113.webp","width":150,"height":113,"url":"https:\/\/maipropertiesmallorca.com\/wp-content\/uploads\/2024\/11\/6-3-150x113.webp"},"modern-property-child-slider":{"file":"6-3-680x510.webp","width":680,"height":510,"url":"https:\/\/maipropertiesmallorca.com\/wp-content\/uploads\/2024\/11\/6-3-680x510.webp"},"property-thumb-image":{"file":"6-3-488x326.webp","width":488,"height":326,"url":"https:\/\/maipropertiesmallorca.com\/wp-content\/uploads\/2024\/11\/6-3-488x326.webp"},"property-detail-video-image":{"file":"6-3-818x417.webp","width":818,"height":417,"url":"https:\/\/maipropertiesmallorca.com\/wp-content\/uploads\/2024\/11\/6-3-818x417.webp"},"agent-image":{"file":"6-3-210x210.webp","width":210,"height":210,"url":"https:\/\/maipropertiesmallorca.com\/wp-content\/uploads\/2024\/11\/6-3-210x210.webp"},"partners-logo":{"file":"6-3-600x960.webp","width":600,"height":960,"url":"https:\/\/maipropertiesmallorca.com\/wp-content\/uploads\/2024\/11\/6-3-600x960.webp"},"post-featured-image":{"file":"6-3-1240x720.webp","width":1240,"height":720,"url":"https:\/\/maipropertiesmallorca.com\/wp-content\/uploads\/2024\/11\/6-3-1240x720.webp"},"thumbnail":{"file":"6-3-150x150.webp","width":150,"height":150,"url":"https:\/\/maipropertiesmallorca.com\/wp-content\/uploads\/2024\/11\/6-3-150x150.webp"},"medium":{"file":"6-3-300x225.webp","width":300,"height":225,"url":"https:\/\/maipropertiesmallorca.com\/wp-content\/uploads\/2024\/11\/6-3-300x225.webp"},"medium_large":{"file":"6-3-768x576.webp","width":768,"height":576,"url":"https:\/\/maipropertiesmallorca.com\/wp-content\/uploads\/2024\/11\/6-3-768x576.webp"},"large":{"file":"6-3-1024x768.webp","width":1024,"height":768,"url":"https:\/\/maipropertiesmallorca.com\/wp-content\/uploads\/2024\/11\/6-3-1024x768.webp"}},"image_meta":{"aperture":"0","credit":"","camera":"","caption":"","created_timestamp":"0","copyright":"","focal_length":"0","iso":"0","shutter_speed":"0","title":"","orientation":"0","keywords":[]},"dominant_color":"83786a","has_transparency":false,"sources":{"image\/webp":{"file":"6-3.webp","filesize":141934}},"image-converter":{"thumbnail":"IME","medium":"IME","medium_large":"IME","large":"IME","post-thumbnail":"IME","modern-property-child-slider":"IME","property-thumb-image":"IME","property-detail-video-image":"IME","agent-image":"IME","partners-logo":"IME","post-featured-image":"IME"},"ID":"70022","name":"6-3.webp","path":"\/home\/maipulvw\/public_html\/wp-content\/uploads\/2024\/11\/6-3.webp","url":"https:\/\/maipropertiesmallorca.com\/wp-content\/uploads\/2024\/11\/6-3-150x150.webp","full_url":"https:\/\/maipropertiesmallorca.com\/wp-content\/uploads\/2024\/11\/6-3.webp","title":"6","caption":"","description":"","alt":"","srcset":"https:\/\/maipropertiesmallorca.com\/wp-content\/uploads\/2024\/11\/6-3-150x150.webp 150w, https:\/\/maipropertiesmallorca.com\/wp-content\/uploads\/2024\/11\/6-3-210x210.webp 210w"},{"width":150,"height":150,"file":"2024\/11\/7-3.webp","filesize":140500,"sizes":{"post-thumbnail":{"file":"7-3-150x113.webp","width":150,"height":113,"url":"https:\/\/maipropertiesmallorca.com\/wp-content\/uploads\/2024\/11\/7-3-150x113.webp"},"modern-property-child-slider":{"file":"7-3-680x510.webp","width":680,"height":510,"url":"https:\/\/maipropertiesmallorca.com\/wp-content\/uploads\/2024\/11\/7-3-680x510.webp"},"property-thumb-image":{"file":"7-3-488x326.webp","width":488,"height":326,"url":"https:\/\/maipropertiesmallorca.com\/wp-content\/uploads\/2024\/11\/7-3-488x326.webp"},"property-detail-video-image":{"file":"7-3-818x417.webp","width":818,"height":417,"url":"https:\/\/maipropertiesmallorca.com\/wp-content\/uploads\/2024\/11\/7-3-818x417.webp"},"agent-image":{"file":"7-3-210x210.webp","width":210,"height":210,"url":"https:\/\/maipropertiesmallorca.com\/wp-content\/uploads\/2024\/11\/7-3-210x210.webp"},"partners-logo":{"file":"7-3-600x960.webp","width":600,"height":960,"url":"https:\/\/maipropertiesmallorca.com\/wp-content\/uploads\/2024\/11\/7-3-600x960.webp"},"post-featured-image":{"file":"7-3-1240x720.webp","width":1240,"height":720,"url":"https:\/\/maipropertiesmallorca.com\/wp-content\/uploads\/2024\/11\/7-3-1240x720.webp"},"thumbnail":{"file":"7-3-150x150.webp","width":150,"height":150,"url":"https:\/\/maipropertiesmallorca.com\/wp-content\/uploads\/2024\/11\/7-3-150x150.webp"},"medium":{"file":"7-3-300x225.webp","width":300,"height":225,"url":"https:\/\/maipropertiesmallorca.com\/wp-content\/uploads\/2024\/11\/7-3-300x225.webp"},"medium_large":{"file":"7-3-768x576.webp","width":768,"height":576,"url":"https:\/\/maipropertiesmallorca.com\/wp-content\/uploads\/2024\/11\/7-3-768x576.webp"},"large":{"file":"7-3-1024x768.webp","width":1024,"height":768,"url":"https:\/\/maipropertiesmallorca.com\/wp-content\/uploads\/2024\/11\/7-3-1024x768.webp"}},"image_meta":{"aperture":"0","credit":"","camera":"","caption":"","created_timestamp":"0","copyright":"","focal_length":"0","iso":"0","shutter_speed":"0","title":"","orientation":"0","keywords":[]},"dominant_color":"857e77","has_transparency":false,"sources":{"image\/webp":{"file":"7-3.webp","filesize":140500}},"image-converter":{"thumbnail":"IME","medium":"IME","medium_large":"IME","large":"IME","post-thumbnail":"IME","modern-property-child-slider":"IME","property-thumb-image":"IME","property-detail-video-image":"IME","agent-image":"IME","partners-logo":"IME","post-featured-image":"IME"},"ID":"70025","name":"7-3.webp","path":"\/home\/maipulvw\/public_html\/wp-content\/uploads\/2024\/11\/7-3.webp","url":"https:\/\/maipropertiesmallorca.com\/wp-content\/uploads\/2024\/11\/7-3-150x150.webp","full_url":"https:\/\/maipropertiesmallorca.com\/wp-content\/uploads\/2024\/11\/7-3.webp","title":"7","caption":"","description":"","alt":"","srcset":"https:\/\/maipropertiesmallorca.com\/wp-content\/uploads\/2024\/11\/7-3-150x150.webp 150w, https:\/\/maipropertiesmallorca.com\/wp-content\/uploads\/2024\/11\/7-3-210x210.webp 210w"},{"width":150,"height":150,"file":"2024\/11\/8-3.webp","filesize":91052,"sizes":{"post-thumbnail":{"file":"8-3-150x113.webp","width":150,"height":113,"url":"https:\/\/maipropertiesmallorca.com\/wp-content\/uploads\/2024\/11\/8-3-150x113.webp"},"modern-property-child-slider":{"file":"8-3-680x510.webp","width":680,"height":510,"url":"https:\/\/maipropertiesmallorca.com\/wp-content\/uploads\/2024\/11\/8-3-680x510.webp"},"property-thumb-image":{"file":"8-3-488x326.webp","width":488,"height":326,"url":"https:\/\/maipropertiesmallorca.com\/wp-content\/uploads\/2024\/11\/8-3-488x326.webp"},"property-detail-video-image":{"file":"8-3-818x417.webp","width":818,"height":417,"url":"https:\/\/maipropertiesmallorca.com\/wp-content\/uploads\/2024\/11\/8-3-818x417.webp"},"agent-image":{"file":"8-3-210x210.webp","width":210,"height":210,"url":"https:\/\/maipropertiesmallorca.com\/wp-content\/uploads\/2024\/11\/8-3-210x210.webp"},"partners-logo":{"file":"8-3-600x960.webp","width":600,"height":960,"url":"https:\/\/maipropertiesmallorca.com\/wp-content\/uploads\/2024\/11\/8-3-600x960.webp"},"post-featured-image":{"file":"8-3-1240x720.webp","width":1240,"height":720,"url":"https:\/\/maipropertiesmallorca.com\/wp-content\/uploads\/2024\/11\/8-3-1240x720.webp"},"thumbnail":{"file":"8-3-150x150.webp","width":150,"height":150,"url":"https:\/\/maipropertiesmallorca.com\/wp-content\/uploads\/2024\/11\/8-3-150x150.webp"},"medium":{"file":"8-3-300x225.webp","width":300,"height":225,"url":"https:\/\/maipropertiesmallorca.com\/wp-content\/uploads\/2024\/11\/8-3-300x225.webp"},"medium_large":{"file":"8-3-768x576.webp","width":768,"height":576,"url":"https:\/\/maipropertiesmallorca.com\/wp-content\/uploads\/2024\/11\/8-3-768x576.webp"},"large":{"file":"8-3-1024x768.webp","width":1024,"height":768,"url":"https:\/\/maipropertiesmallorca.com\/wp-content\/uploads\/2024\/11\/8-3-1024x768.webp"}},"image_meta":{"aperture":"0","credit":"","camera":"","caption":"","created_timestamp":"0","copyright":"","focal_length":"0","iso":"0","shutter_speed":"0","title":"","orientation":"0","keywords":[]},"dominant_color":"7e7055","has_transparency":false,"sources":{"image\/webp":{"file":"8-3.webp","filesize":91052}},"image-converter":{"thumbnail":"IME","medium":"IME","medium_large":"IME","large":"IME","post-thumbnail":"IME","modern-property-child-slider":"IME","property-thumb-image":"IME","property-detail-video-image":"IME","agent-image":"IME","partners-logo":"IME","post-featured-image":"IME"},"ID":"70028","name":"8-3.webp","path":"\/home\/maipulvw\/public_html\/wp-content\/uploads\/2024\/11\/8-3.webp","url":"https:\/\/maipropertiesmallorca.com\/wp-content\/uploads\/2024\/11\/8-3-150x150.webp","full_url":"https:\/\/maipropertiesmallorca.com\/wp-content\/uploads\/2024\/11\/8-3.webp","title":"8","caption":"","description":"","alt":"","srcset":"https:\/\/maipropertiesmallorca.com\/wp-content\/uploads\/2024\/11\/8-3-150x150.webp 150w, https:\/\/maipropertiesmallorca.com\/wp-content\/uploads\/2024\/11\/8-3-210x210.webp 210w"},{"width":150,"height":150,"file":"2024\/11\/9-3.webp","filesize":90086,"sizes":{"post-thumbnail":{"file":"9-3-150x113.webp","width":150,"height":113,"url":"https:\/\/maipropertiesmallorca.com\/wp-content\/uploads\/2024\/11\/9-3-150x113.webp"},"modern-property-child-slider":{"file":"9-3-680x510.webp","width":680,"height":510,"url":"https:\/\/maipropertiesmallorca.com\/wp-content\/uploads\/2024\/11\/9-3-680x510.webp"},"property-thumb-image":{"file":"9-3-488x326.webp","width":488,"height":326,"url":"https:\/\/maipropertiesmallorca.com\/wp-content\/uploads\/2024\/11\/9-3-488x326.webp"},"property-detail-video-image":{"file":"9-3-818x417.webp","width":818,"height":417,"url":"https:\/\/maipropertiesmallorca.com\/wp-content\/uploads\/2024\/11\/9-3-818x417.webp"},"agent-image":{"file":"9-3-210x210.webp","width":210,"height":210,"url":"https:\/\/maipropertiesmallorca.com\/wp-content\/uploads\/2024\/11\/9-3-210x210.webp"},"partners-logo":{"file":"9-3-600x960.webp","width":600,"height":960,"url":"https:\/\/maipropertiesmallorca.com\/wp-content\/uploads\/2024\/11\/9-3-600x960.webp"},"post-featured-image":{"file":"9-3-1240x720.webp","width":1240,"height":720,"url":"https:\/\/maipropertiesmallorca.com\/wp-content\/uploads\/2024\/11\/9-3-1240x720.webp"},"thumbnail":{"file":"9-3-150x150.webp","width":150,"height":150,"url":"https:\/\/maipropertiesmallorca.com\/wp-content\/uploads\/2024\/11\/9-3-150x150.webp"},"medium":{"file":"9-3-300x225.webp","width":300,"height":225,"url":"https:\/\/maipropertiesmallorca.com\/wp-content\/uploads\/2024\/11\/9-3-300x225.webp"},"medium_large":{"file":"9-3-768x576.webp","width":768,"height":576,"url":"https:\/\/maipropertiesmallorca.com\/wp-content\/uploads\/2024\/11\/9-3-768x576.webp"},"large":{"file":"9-3-1024x768.webp","width":1024,"height":768,"url":"https:\/\/maipropertiesmallorca.com\/wp-content\/uploads\/2024\/11\/9-3-1024x768.webp"}},"image_meta":{"aperture":"0","credit":"","camera":"","caption":"","created_timestamp":"0","copyright":"","focal_length":"0","iso":"0","shutter_speed":"0","title":"","orientation":"0","keywords":[]},"dominant_color":"858072","has_transparency":false,"sources":{"image\/webp":{"file":"9-3.webp","filesize":90086}},"image-converter":{"thumbnail":"IME","medium":"IME","medium_large":"IME","large":"IME","post-thumbnail":"IME","modern-property-child-slider":"IME","property-thumb-image":"IME","property-detail-video-image":"IME","agent-image":"IME","partners-logo":"IME","post-featured-image":"IME"},"ID":"70031","name":"9-3.webp","path":"\/home\/maipulvw\/public_html\/wp-content\/uploads\/2024\/11\/9-3.webp","url":"https:\/\/maipropertiesmallorca.com\/wp-content\/uploads\/2024\/11\/9-3-150x150.webp","full_url":"https:\/\/maipropertiesmallorca.com\/wp-content\/uploads\/2024\/11\/9-3.webp","title":"9","caption":"","description":"","alt":"","srcset":"https:\/\/maipropertiesmallorca.com\/wp-content\/uploads\/2024\/11\/9-3-150x150.webp 150w, https:\/\/maipropertiesmallorca.com\/wp-content\/uploads\/2024\/11\/9-3-210x210.webp 210w"},{"width":150,"height":150,"file":"2024\/11\/10-3.webp","filesize":120610,"sizes":{"post-thumbnail":{"file":"10-3-150x113.webp","width":150,"height":113,"url":"https:\/\/maipropertiesmallorca.com\/wp-content\/uploads\/2024\/11\/10-3-150x113.webp"},"modern-property-child-slider":{"file":"10-3-680x510.webp","width":680,"height":510,"url":"https:\/\/maipropertiesmallorca.com\/wp-content\/uploads\/2024\/11\/10-3-680x510.webp"},"property-thumb-image":{"file":"10-3-488x326.webp","width":488,"height":326,"url":"https:\/\/maipropertiesmallorca.com\/wp-content\/uploads\/2024\/11\/10-3-488x326.webp"},"property-detail-video-image":{"file":"10-3-818x417.webp","width":818,"height":417,"url":"https:\/\/maipropertiesmallorca.com\/wp-content\/uploads\/2024\/11\/10-3-818x417.webp"},"agent-image":{"file":"10-3-210x210.webp","width":210,"height":210,"url":"https:\/\/maipropertiesmallorca.com\/wp-content\/uploads\/2024\/11\/10-3-210x210.webp"},"partners-logo":{"file":"10-3-600x960.webp","width":600,"height":960,"url":"https:\/\/maipropertiesmallorca.com\/wp-content\/uploads\/2024\/11\/10-3-600x960.webp"},"post-featured-image":{"file":"10-3-1240x720.webp","width":1240,"height":720,"url":"https:\/\/maipropertiesmallorca.com\/wp-content\/uploads\/2024\/11\/10-3-1240x720.webp"},"thumbnail":{"file":"10-3-150x150.webp","width":150,"height":150,"url":"https:\/\/maipropertiesmallorca.com\/wp-content\/uploads\/2024\/11\/10-3-150x150.webp"},"medium":{"file":"10-3-300x225.webp","width":300,"height":225,"url":"https:\/\/maipropertiesmallorca.com\/wp-content\/uploads\/2024\/11\/10-3-300x225.webp"},"medium_large":{"file":"10-3-768x576.webp","width":768,"height":576,"url":"https:\/\/maipropertiesmallorca.com\/wp-content\/uploads\/2024\/11\/10-3-768x576.webp"},"large":{"file":"10-3-1024x768.webp","width":1024,"height":768,"url":"https:\/\/maipropertiesmallorca.com\/wp-content\/uploads\/2024\/11\/10-3-1024x768.webp"}},"image_meta":{"aperture":"0","credit":"","camera":"","caption":"","created_timestamp":"0","copyright":"","focal_length":"0","iso":"0","shutter_speed":"0","title":"","orientation":"0","keywords":[]},"dominant_color":"837f75","has_transparency":false,"sources":{"image\/webp":{"file":"10-3.webp","filesize":120610}},"image-converter":{"thumbnail":"IME","medium":"IME","medium_large":"IME","large":"IME","post-thumbnail":"IME","modern-property-child-slider":"IME","property-thumb-image":"IME","property-detail-video-image":"IME","agent-image":"IME","partners-logo":"IME","post-featured-image":"IME"},"ID":"70034","name":"10-3.webp","path":"\/home\/maipulvw\/public_html\/wp-content\/uploads\/2024\/11\/10-3.webp","url":"https:\/\/maipropertiesmallorca.com\/wp-content\/uploads\/2024\/11\/10-3-150x150.webp","full_url":"https:\/\/maipropertiesmallorca.com\/wp-content\/uploads\/2024\/11\/10-3.webp","title":"10","caption":"","description":"","alt":"","srcset":"https:\/\/maipropertiesmallorca.com\/wp-content\/uploads\/2024\/11\/10-3-150x150.webp 150w, https:\/\/maipropertiesmallorca.com\/wp-content\/uploads\/2024\/11\/10-3-210x210.webp 210w"},{"width":150,"height":150,"file":"2024\/11\/11-3.webp","filesize":149796,"sizes":{"post-thumbnail":{"file":"11-3-150x113.webp","width":150,"height":113,"url":"https:\/\/maipropertiesmallorca.com\/wp-content\/uploads\/2024\/11\/11-3-150x113.webp"},"modern-property-child-slider":{"file":"11-3-680x510.webp","width":680,"height":510,"url":"https:\/\/maipropertiesmallorca.com\/wp-content\/uploads\/2024\/11\/11-3-680x510.webp"},"property-thumb-image":{"file":"11-3-488x326.webp","width":488,"height":326,"url":"https:\/\/maipropertiesmallorca.com\/wp-content\/uploads\/2024\/11\/11-3-488x326.webp"},"property-detail-video-image":{"file":"11-3-818x417.webp","width":818,"height":417,"url":"https:\/\/maipropertiesmallorca.com\/wp-content\/uploads\/2024\/11\/11-3-818x417.webp"},"agent-image":{"file":"11-3-210x210.webp","width":210,"height":210,"url":"https:\/\/maipropertiesmallorca.com\/wp-content\/uploads\/2024\/11\/11-3-210x210.webp"},"partners-logo":{"file":"11-3-600x960.webp","width":600,"height":960,"url":"https:\/\/maipropertiesmallorca.com\/wp-content\/uploads\/2024\/11\/11-3-600x960.webp"},"post-featured-image":{"file":"11-3-1240x720.webp","width":1240,"height":720,"url":"https:\/\/maipropertiesmallorca.com\/wp-content\/uploads\/2024\/11\/11-3-1240x720.webp"},"thumbnail":{"file":"11-3-150x150.webp","width":150,"height":150,"url":"https:\/\/maipropertiesmallorca.com\/wp-content\/uploads\/2024\/11\/11-3-150x150.webp"},"medium":{"file":"11-3-300x225.webp","width":300,"height":225,"url":"https:\/\/maipropertiesmallorca.com\/wp-content\/uploads\/2024\/11\/11-3-300x225.webp"},"medium_large":{"file":"11-3-768x576.webp","width":768,"height":576,"url":"https:\/\/maipropertiesmallorca.com\/wp-content\/uploads\/2024\/11\/11-3-768x576.webp"},"large":{"file":"11-3-1024x768.webp","width":1024,"height":768,"url":"https:\/\/maipropertiesmallorca.com\/wp-content\/uploads\/2024\/11\/11-3-1024x768.webp"}},"image_meta":{"aperture":"0","credit":"","camera":"","caption":"","created_timestamp":"0","copyright":"","focal_length":"0","iso":"0","shutter_speed":"0","title":"","orientation":"0","keywords":[]},"dominant_color":"847a6c","has_transparency":false,"sources":{"image\/webp":{"file":"11-3.webp","filesize":149796}},"image-converter":{"thumbnail":"IME","medium":"IME","medium_large":"IME","large":"IME","post-thumbnail":"IME","modern-property-child-slider":"IME","property-thumb-image":"IME","property-detail-video-image":"IME","agent-image":"IME","partners-logo":"IME","post-featured-image":"IME"},"ID":"70037","name":"11-3.webp","path":"\/home\/maipulvw\/public_html\/wp-content\/uploads\/2024\/11\/11-3.webp","url":"https:\/\/maipropertiesmallorca.com\/wp-content\/uploads\/2024\/11\/11-3-150x150.webp","full_url":"https:\/\/maipropertiesmallorca.com\/wp-content\/uploads\/2024\/11\/11-3.webp","title":"11","caption":"","description":"","alt":"","srcset":"https:\/\/maipropertiesmallorca.com\/wp-content\/uploads\/2024\/11\/11-3-150x150.webp 150w, https:\/\/maipropertiesmallorca.com\/wp-content\/uploads\/2024\/11\/11-3-210x210.webp 210w"},{"width":150,"height":150,"file":"2024\/11\/12-3.webp","filesize":156902,"sizes":{"post-thumbnail":{"file":"12-3-150x113.webp","width":150,"height":113,"url":"https:\/\/maipropertiesmallorca.com\/wp-content\/uploads\/2024\/11\/12-3-150x113.webp"},"modern-property-child-slider":{"file":"12-3-680x510.webp","width":680,"height":510,"url":"https:\/\/maipropertiesmallorca.com\/wp-content\/uploads\/2024\/11\/12-3-680x510.webp"},"property-thumb-image":{"file":"12-3-488x326.webp","width":488,"height":326,"url":"https:\/\/maipropertiesmallorca.com\/wp-content\/uploads\/2024\/11\/12-3-488x326.webp"},"property-detail-video-image":{"file":"12-3-818x417.webp","width":818,"height":417,"url":"https:\/\/maipropertiesmallorca.com\/wp-content\/uploads\/2024\/11\/12-3-818x417.webp"},"agent-image":{"file":"12-3-210x210.webp","width":210,"height":210,"url":"https:\/\/maipropertiesmallorca.com\/wp-content\/uploads\/2024\/11\/12-3-210x210.webp"},"partners-logo":{"file":"12-3-600x960.webp","width":600,"height":960,"url":"https:\/\/maipropertiesmallorca.com\/wp-content\/uploads\/2024\/11\/12-3-600x960.webp"},"post-featured-image":{"file":"12-3-1240x720.webp","width":1240,"height":720,"url":"https:\/\/maipropertiesmallorca.com\/wp-content\/uploads\/2024\/11\/12-3-1240x720.webp"},"thumbnail":{"file":"12-3-150x150.webp","width":150,"height":150,"url":"https:\/\/maipropertiesmallorca.com\/wp-content\/uploads\/2024\/11\/12-3-150x150.webp"},"medium":{"file":"12-3-300x225.webp","width":300,"height":225,"url":"https:\/\/maipropertiesmallorca.com\/wp-content\/uploads\/2024\/11\/12-3-300x225.webp"},"medium_large":{"file":"12-3-768x576.webp","width":768,"height":576,"url":"https:\/\/maipropertiesmallorca.com\/wp-content\/uploads\/2024\/11\/12-3-768x576.webp"},"large":{"file":"12-3-1024x768.webp","width":1024,"height":768,"url":"https:\/\/maipropertiesmallorca.com\/wp-content\/uploads\/2024\/11\/12-3-1024x768.webp"}},"image_meta":{"aperture":"0","credit":"","camera":"","caption":"","created_timestamp":"0","copyright":"","focal_length":"0","iso":"0","shutter_speed":"0","title":"","orientation":"0","keywords":[]},"dominant_color":"847a6c","has_transparency":false,"sources":{"image\/webp":{"file":"12-3.webp","filesize":156902}},"image-converter":{"thumbnail":"IME","medium":"IME","medium_large":"IME","large":"IME","post-thumbnail":"IME","modern-property-child-slider":"IME","property-thumb-image":"IME","property-detail-video-image":"IME","agent-image":"IME","partners-logo":"IME","post-featured-image":"IME"},"ID":"70040","name":"12-3.webp","path":"\/home\/maipulvw\/public_html\/wp-content\/uploads\/2024\/11\/12-3.webp","url":"https:\/\/maipropertiesmallorca.com\/wp-content\/uploads\/2024\/11\/12-3-150x150.webp","full_url":"https:\/\/maipropertiesmallorca.com\/wp-content\/uploads\/2024\/11\/12-3.webp","title":"12","caption":"","description":"","alt":"","srcset":"https:\/\/maipropertiesmallorca.com\/wp-content\/uploads\/2024\/11\/12-3-150x150.webp 150w, https:\/\/maipropertiesmallorca.com\/wp-content\/uploads\/2024\/11\/12-3-210x210.webp 210w"},{"width":150,"height":150,"file":"2024\/11\/13-3.webp","filesize":64184,"sizes":{"post-thumbnail":{"file":"13-3-150x113.webp","width":150,"height":113,"url":"https:\/\/maipropertiesmallorca.com\/wp-content\/uploads\/2024\/11\/13-3-150x113.webp"},"modern-property-child-slider":{"file":"13-3-680x510.webp","width":680,"height":510,"url":"https:\/\/maipropertiesmallorca.com\/wp-content\/uploads\/2024\/11\/13-3-680x510.webp"},"property-thumb-image":{"file":"13-3-488x326.webp","width":488,"height":326,"url":"https:\/\/maipropertiesmallorca.com\/wp-content\/uploads\/2024\/11\/13-3-488x326.webp"},"property-detail-video-image":{"file":"13-3-818x417.webp","width":818,"height":417,"url":"https:\/\/maipropertiesmallorca.com\/wp-content\/uploads\/2024\/11\/13-3-818x417.webp"},"agent-image":{"file":"13-3-210x210.webp","width":210,"height":210,"url":"https:\/\/maipropertiesmallorca.com\/wp-content\/uploads\/2024\/11\/13-3-210x210.webp"},"partners-logo":{"file":"13-3-600x960.webp","width":600,"height":960,"url":"https:\/\/maipropertiesmallorca.com\/wp-content\/uploads\/2024\/11\/13-3-600x960.webp"},"post-featured-image":{"file":"13-3-1240x720.webp","width":1240,"height":720,"url":"https:\/\/maipropertiesmallorca.com\/wp-content\/uploads\/2024\/11\/13-3-1240x720.webp"},"thumbnail":{"file":"13-3-150x150.webp","width":150,"height":150,"url":"https:\/\/maipropertiesmallorca.com\/wp-content\/uploads\/2024\/11\/13-3-150x150.webp"},"medium":{"file":"13-3-300x225.webp","width":300,"height":225,"url":"https:\/\/maipropertiesmallorca.com\/wp-content\/uploads\/2024\/11\/13-3-300x225.webp"},"medium_large":{"file":"13-3-768x576.webp","width":768,"height":576,"url":"https:\/\/maipropertiesmallorca.com\/wp-content\/uploads\/2024\/11\/13-3-768x576.webp"},"large":{"file":"13-3-1024x768.webp","width":1024,"height":768,"url":"https:\/\/maipropertiesmallorca.com\/wp-content\/uploads\/2024\/11\/13-3-1024x768.webp"}},"image_meta":{"aperture":"0","credit":"","camera":"","caption":"","created_timestamp":"0","copyright":"","focal_length":"0","iso":"0","shutter_speed":"0","title":"","orientation":"0","keywords":[]},"dominant_color":"888984","has_transparency":false,"sources":{"image\/webp":{"file":"13-3.webp","filesize":64184}},"image-converter":{"thumbnail":"IME","medium":"IME","medium_large":"IME","large":"IME","post-thumbnail":"IME","modern-property-child-slider":"IME","property-thumb-image":"IME","property-detail-video-image":"IME","agent-image":"IME","partners-logo":"IME","post-featured-image":"IME"},"ID":"70043","name":"13-3.webp","path":"\/home\/maipulvw\/public_html\/wp-content\/uploads\/2024\/11\/13-3.webp","url":"https:\/\/maipropertiesmallorca.com\/wp-content\/uploads\/2024\/11\/13-3-150x150.webp","full_url":"https:\/\/maipropertiesmallorca.com\/wp-content\/uploads\/2024\/11\/13-3.webp","title":"13","caption":"","description":"","alt":"","srcset":"https:\/\/maipropertiesmallorca.com\/wp-content\/uploads\/2024\/11\/13-3-150x150.webp 150w, https:\/\/maipropertiesmallorca.com\/wp-content\/uploads\/2024\/11\/13-3-210x210.webp 210w"},{"width":150,"height":150,"file":"2024\/11\/14-3.webp","filesize":64082,"sizes":{"post-thumbnail":{"file":"14-3-150x113.webp","width":150,"height":113,"url":"https:\/\/maipropertiesmallorca.com\/wp-content\/uploads\/2024\/11\/14-3-150x113.webp"},"modern-property-child-slider":{"file":"14-3-680x510.webp","width":680,"height":510,"url":"https:\/\/maipropertiesmallorca.com\/wp-content\/uploads\/2024\/11\/14-3-680x510.webp"},"property-thumb-image":{"file":"14-3-488x326.webp","width":488,"height":326,"url":"https:\/\/maipropertiesmallorca.com\/wp-content\/uploads\/2024\/11\/14-3-488x326.webp"},"property-detail-video-image":{"file":"14-3-818x417.webp","width":818,"height":417,"url":"https:\/\/maipropertiesmallorca.com\/wp-content\/uploads\/2024\/11\/14-3-818x417.webp"},"agent-image":{"file":"14-3-210x210.webp","width":210,"height":210,"url":"https:\/\/maipropertiesmallorca.com\/wp-content\/uploads\/2024\/11\/14-3-210x210.webp"},"partners-logo":{"file":"14-3-600x960.webp","width":600,"height":960,"url":"https:\/\/maipropertiesmallorca.com\/wp-content\/uploads\/2024\/11\/14-3-600x960.webp"},"post-featured-image":{"file":"14-3-1240x720.webp","width":1240,"height":720,"url":"https:\/\/maipropertiesmallorca.com\/wp-content\/uploads\/2024\/11\/14-3-1240x720.webp"},"thumbnail":{"file":"14-3-150x150.webp","width":150,"height":150,"url":"https:\/\/maipropertiesmallorca.com\/wp-content\/uploads\/2024\/11\/14-3-150x150.webp"},"medium":{"file":"14-3-300x225.webp","width":300,"height":225,"url":"https:\/\/maipropertiesmallorca.com\/wp-content\/uploads\/2024\/11\/14-3-300x225.webp"},"medium_large":{"file":"14-3-768x576.webp","width":768,"height":576,"url":"https:\/\/maipropertiesmallorca.com\/wp-content\/uploads\/2024\/11\/14-3-768x576.webp"},"large":{"file":"14-3-1024x768.webp","width":1024,"height":768,"url":"https:\/\/maipropertiesmallorca.com\/wp-content\/uploads\/2024\/11\/14-3-1024x768.webp"}},"image_meta":{"aperture":"0","credit":"","camera":"","caption":"","created_timestamp":"0","copyright":"","focal_length":"0","iso":"0","shutter_speed":"0","title":"","orientation":"0","keywords":[]},"dominant_color":"988b74","has_transparency":false,"sources":{"image\/webp":{"file":"14-3.webp","filesize":64082}},"image-converter":{"thumbnail":"IME","medium":"IME","medium_large":"IME","large":"IME","post-thumbnail":"IME","modern-property-child-slider":"IME","property-thumb-image":"IME","property-detail-video-image":"IME","agent-image":"IME","partners-logo":"IME","post-featured-image":"IME"},"ID":"70046","name":"14-3.webp","path":"\/home\/maipulvw\/public_html\/wp-content\/uploads\/2024\/11\/14-3.webp","url":"https:\/\/maipropertiesmallorca.com\/wp-content\/uploads\/2024\/11\/14-3-150x150.webp","full_url":"https:\/\/maipropertiesmallorca.com\/wp-content\/uploads\/2024\/11\/14-3.webp","title":"14","caption":"","description":"","alt":"","srcset":"https:\/\/maipropertiesmallorca.com\/wp-content\/uploads\/2024\/11\/14-3-150x150.webp 150w, https:\/\/maipropertiesmallorca.com\/wp-content\/uploads\/2024\/11\/14-3-210x210.webp 210w"},{"width":150,"height":150,"file":"2024\/11\/15-3.webp","filesize":62870,"sizes":{"post-thumbnail":{"file":"15-3-150x113.webp","width":150,"height":113,"url":"https:\/\/maipropertiesmallorca.com\/wp-content\/uploads\/2024\/11\/15-3-150x113.webp"},"modern-property-child-slider":{"file":"15-3-680x510.webp","width":680,"height":510,"url":"https:\/\/maipropertiesmallorca.com\/wp-content\/uploads\/2024\/11\/15-3-680x510.webp"},"property-thumb-image":{"file":"15-3-488x326.webp","width":488,"height":326,"url":"https:\/\/maipropertiesmallorca.com\/wp-content\/uploads\/2024\/11\/15-3-488x326.webp"},"property-detail-video-image":{"file":"15-3-818x417.webp","width":818,"height":417,"url":"https:\/\/maipropertiesmallorca.com\/wp-content\/uploads\/2024\/11\/15-3-818x417.webp"},"agent-image":{"file":"15-3-210x210.webp","width":210,"height":210,"url":"https:\/\/maipropertiesmallorca.com\/wp-content\/uploads\/2024\/11\/15-3-210x210.webp"},"partners-logo":{"file":"15-3-600x960.webp","width":600,"height":960,"url":"https:\/\/maipropertiesmallorca.com\/wp-content\/uploads\/2024\/11\/15-3-600x960.webp"},"post-featured-image":{"file":"15-3-1240x720.webp","width":1240,"height":720,"url":"https:\/\/maipropertiesmallorca.com\/wp-content\/uploads\/2024\/11\/15-3-1240x720.webp"},"thumbnail":{"file":"15-3-150x150.webp","width":150,"height":150,"url":"https:\/\/maipropertiesmallorca.com\/wp-content\/uploads\/2024\/11\/15-3-150x150.webp"},"medium":{"file":"15-3-300x225.webp","width":300,"height":225,"url":"https:\/\/maipropertiesmallorca.com\/wp-content\/uploads\/2024\/11\/15-3-300x225.webp"},"medium_large":{"file":"15-3-768x576.webp","width":768,"height":576,"url":"https:\/\/maipropertiesmallorca.com\/wp-content\/uploads\/2024\/11\/15-3-768x576.webp"},"large":{"file":"15-3-1024x768.webp","width":1024,"height":768,"url":"https:\/\/maipropertiesmallorca.com\/wp-content\/uploads\/2024\/11\/15-3-1024x768.webp"}},"image_meta":{"aperture":"0","credit":"","camera":"","caption":"","created_timestamp":"0","copyright":"","focal_length":"0","iso":"0","shutter_speed":"0","title":"","orientation":"0","keywords":[]},"dominant_color":"928c80","has_transparency":false,"sources":{"image\/webp":{"file":"15-3.webp","filesize":62870}},"image-converter":{"thumbnail":"IME","medium":"IME","medium_large":"IME","large":"IME","post-thumbnail":"IME","modern-property-child-slider":"IME","property-thumb-image":"IME","property-detail-video-image":"IME","agent-image":"IME","partners-logo":"IME","post-featured-image":"IME"},"ID":"70049","name":"15-3.webp","path":"\/home\/maipulvw\/public_html\/wp-content\/uploads\/2024\/11\/15-3.webp","url":"https:\/\/maipropertiesmallorca.com\/wp-content\/uploads\/2024\/11\/15-3-150x150.webp","full_url":"https:\/\/maipropertiesmallorca.com\/wp-content\/uploads\/2024\/11\/15-3.webp","title":"15","caption":"","description":"","alt":"","srcset":"https:\/\/maipropertiesmallorca.com\/wp-content\/uploads\/2024\/11\/15-3-150x150.webp 150w, https:\/\/maipropertiesmallorca.com\/wp-content\/uploads\/2024\/11\/15-3-210x210.webp 210w"},{"width":150,"height":150,"file":"2024\/11\/16-3.webp","filesize":61230,"sizes":{"post-thumbnail":{"file":"16-3-150x113.webp","width":150,"height":113,"url":"https:\/\/maipropertiesmallorca.com\/wp-content\/uploads\/2024\/11\/16-3-150x113.webp"},"modern-property-child-slider":{"file":"16-3-680x510.webp","width":680,"height":510,"url":"https:\/\/maipropertiesmallorca.com\/wp-content\/uploads\/2024\/11\/16-3-680x510.webp"},"property-thumb-image":{"file":"16-3-488x326.webp","width":488,"height":326,"url":"https:\/\/maipropertiesmallorca.com\/wp-content\/uploads\/2024\/11\/16-3-488x326.webp"},"property-detail-video-image":{"file":"16-3-818x417.webp","width":818,"height":417,"url":"https:\/\/maipropertiesmallorca.com\/wp-content\/uploads\/2024\/11\/16-3-818x417.webp"},"agent-image":{"file":"16-3-210x210.webp","width":210,"height":210,"url":"https:\/\/maipropertiesmallorca.com\/wp-content\/uploads\/2024\/11\/16-3-210x210.webp"},"partners-logo":{"file":"16-3-600x960.webp","width":600,"height":960,"url":"https:\/\/maipropertiesmallorca.com\/wp-content\/uploads\/2024\/11\/16-3-600x960.webp"},"post-featured-image":{"file":"16-3-1240x720.webp","width":1240,"height":720,"url":"https:\/\/maipropertiesmallorca.com\/wp-content\/uploads\/2024\/11\/16-3-1240x720.webp"},"thumbnail":{"file":"16-3-150x150.webp","width":150,"height":150,"url":"https:\/\/maipropertiesmallorca.com\/wp-content\/uploads\/2024\/11\/16-3-150x150.webp"},"medium":{"file":"16-3-300x225.webp","width":300,"height":225,"url":"https:\/\/maipropertiesmallorca.com\/wp-content\/uploads\/2024\/11\/16-3-300x225.webp"},"medium_large":{"file":"16-3-768x576.webp","width":768,"height":576,"url":"https:\/\/maipropertiesmallorca.com\/wp-content\/uploads\/2024\/11\/16-3-768x576.webp"},"large":{"file":"16-3-1024x768.webp","width":1024,"height":768,"url":"https:\/\/maipropertiesmallorca.com\/wp-content\/uploads\/2024\/11\/16-3-1024x768.webp"}},"image_meta":{"aperture":"0","credit":"","camera":"","caption":"","created_timestamp":"0","copyright":"","focal_length":"0","iso":"0","shutter_speed":"0","title":"","orientation":"0","keywords":[]},"dominant_color":"8a7e69","has_transparency":false,"sources":{"image\/webp":{"file":"16-3.webp","filesize":61230}},"image-converter":{"thumbnail":"IME","medium":"IME","medium_large":"IME","large":"IME","post-thumbnail":"IME","modern-property-child-slider":"IME","property-thumb-image":"IME","property-detail-video-image":"IME","agent-image":"IME","partners-logo":"IME","post-featured-image":"IME"},"ID":"70052","name":"16-3.webp","path":"\/home\/maipulvw\/public_html\/wp-content\/uploads\/2024\/11\/16-3.webp","url":"https:\/\/maipropertiesmallorca.com\/wp-content\/uploads\/2024\/11\/16-3-150x150.webp","full_url":"https:\/\/maipropertiesmallorca.com\/wp-content\/uploads\/2024\/11\/16-3.webp","title":"16","caption":"","description":"","alt":"","srcset":"https:\/\/maipropertiesmallorca.com\/wp-content\/uploads\/2024\/11\/16-3-150x150.webp 150w, https:\/\/maipropertiesmallorca.com\/wp-content\/uploads\/2024\/11\/16-3-210x210.webp 210w"},{"width":150,"height":150,"file":"2024\/11\/17-2.webp","filesize":70790,"sizes":{"post-thumbnail":{"file":"17-2-150x113.webp","width":150,"height":113,"url":"https:\/\/maipropertiesmallorca.com\/wp-content\/uploads\/2024\/11\/17-2-150x113.webp"},"modern-property-child-slider":{"file":"17-2-680x510.webp","width":680,"height":510,"url":"https:\/\/maipropertiesmallorca.com\/wp-content\/uploads\/2024\/11\/17-2-680x510.webp"},"property-thumb-image":{"file":"17-2-488x326.webp","width":488,"height":326,"url":"https:\/\/maipropertiesmallorca.com\/wp-content\/uploads\/2024\/11\/17-2-488x326.webp"},"property-detail-video-image":{"file":"17-2-818x417.webp","width":818,"height":417,"url":"https:\/\/maipropertiesmallorca.com\/wp-content\/uploads\/2024\/11\/17-2-818x417.webp"},"agent-image":{"file":"17-2-210x210.webp","width":210,"height":210,"url":"https:\/\/maipropertiesmallorca.com\/wp-content\/uploads\/2024\/11\/17-2-210x210.webp"},"partners-logo":{"file":"17-2-600x960.webp","width":600,"height":960,"url":"https:\/\/maipropertiesmallorca.com\/wp-content\/uploads\/2024\/11\/17-2-600x960.webp"},"post-featured-image":{"file":"17-2-1240x720.webp","width":1240,"height":720,"url":"https:\/\/maipropertiesmallorca.com\/wp-content\/uploads\/2024\/11\/17-2-1240x720.webp"},"thumbnail":{"file":"17-2-150x150.webp","width":150,"height":150,"url":"https:\/\/maipropertiesmallorca.com\/wp-content\/uploads\/2024\/11\/17-2-150x150.webp"},"medium":{"file":"17-2-300x225.webp","width":300,"height":225,"url":"https:\/\/maipropertiesmallorca.com\/wp-content\/uploads\/2024\/11\/17-2-300x225.webp"},"medium_large":{"file":"17-2-768x576.webp","width":768,"height":576,"url":"https:\/\/maipropertiesmallorca.com\/wp-content\/uploads\/2024\/11\/17-2-768x576.webp"},"large":{"file":"17-2-1024x768.webp","width":1024,"height":768,"url":"https:\/\/maipropertiesmallorca.com\/wp-content\/uploads\/2024\/11\/17-2-1024x768.webp"}},"image_meta":{"aperture":"0","credit":"","camera":"","caption":"","created_timestamp":"0","copyright":"","focal_length":"0","iso":"0","shutter_speed":"0","title":"","orientation":"0","keywords":[]},"dominant_color":"79786e","has_transparency":false,"sources":{"image\/webp":{"file":"17-2.webp","filesize":70790}},"image-converter":{"thumbnail":"IME","medium":"IME","medium_large":"IME","large":"IME","post-thumbnail":"IME","modern-property-child-slider":"IME","property-thumb-image":"IME","property-detail-video-image":"IME","agent-image":"IME","partners-logo":"IME","post-featured-image":"IME"},"ID":"70055","name":"17-2.webp","path":"\/home\/maipulvw\/public_html\/wp-content\/uploads\/2024\/11\/17-2.webp","url":"https:\/\/maipropertiesmallorca.com\/wp-content\/uploads\/2024\/11\/17-2-150x150.webp","full_url":"https:\/\/maipropertiesmallorca.com\/wp-content\/uploads\/2024\/11\/17-2.webp","title":"17","caption":"","description":"","alt":"","srcset":"https:\/\/maipropertiesmallorca.com\/wp-content\/uploads\/2024\/11\/17-2-150x150.webp 150w, https:\/\/maipropertiesmallorca.com\/wp-content\/uploads\/2024\/11\/17-2-210x210.webp 210w"},{"width":150,"height":150,"file":"2024\/11\/18-2.webp","filesize":298454,"sizes":{"post-thumbnail":{"file":"18-2-150x113.webp","width":150,"height":113,"url":"https:\/\/maipropertiesmallorca.com\/wp-content\/uploads\/2024\/11\/18-2-150x113.webp"},"modern-property-child-slider":{"file":"18-2-680x510.webp","width":680,"height":510,"url":"https:\/\/maipropertiesmallorca.com\/wp-content\/uploads\/2024\/11\/18-2-680x510.webp"},"property-thumb-image":{"file":"18-2-488x326.webp","width":488,"height":326,"url":"https:\/\/maipropertiesmallorca.com\/wp-content\/uploads\/2024\/11\/18-2-488x326.webp"},"property-detail-video-image":{"file":"18-2-818x417.webp","width":818,"height":417,"url":"https:\/\/maipropertiesmallorca.com\/wp-content\/uploads\/2024\/11\/18-2-818x417.webp"},"agent-image":{"file":"18-2-210x210.webp","width":210,"height":210,"url":"https:\/\/maipropertiesmallorca.com\/wp-content\/uploads\/2024\/11\/18-2-210x210.webp"},"partners-logo":{"file":"18-2-600x960.webp","width":600,"height":960,"url":"https:\/\/maipropertiesmallorca.com\/wp-content\/uploads\/2024\/11\/18-2-600x960.webp"},"post-featured-image":{"file":"18-2-1240x720.webp","width":1240,"height":720,"url":"https:\/\/maipropertiesmallorca.com\/wp-content\/uploads\/2024\/11\/18-2-1240x720.webp"},"thumbnail":{"file":"18-2-150x150.webp","width":150,"height":150,"url":"https:\/\/maipropertiesmallorca.com\/wp-content\/uploads\/2024\/11\/18-2-150x150.webp"},"medium":{"file":"18-2-300x225.webp","width":300,"height":225,"url":"https:\/\/maipropertiesmallorca.com\/wp-content\/uploads\/2024\/11\/18-2-300x225.webp"},"medium_large":{"file":"18-2-768x576.webp","width":768,"height":576,"url":"https:\/\/maipropertiesmallorca.com\/wp-content\/uploads\/2024\/11\/18-2-768x576.webp"},"large":{"file":"18-2-1024x768.webp","width":1024,"height":768,"url":"https:\/\/maipropertiesmallorca.com\/wp-content\/uploads\/2024\/11\/18-2-1024x768.webp"}},"image_meta":{"aperture":"0","credit":"","camera":"","caption":"","created_timestamp":"0","copyright":"","focal_length":"0","iso":"0","shutter_speed":"0","title":"","orientation":"0","keywords":[]},"dominant_color":"8c816d","has_transparency":false,"sources":{"image\/webp":{"file":"18-2.webp","filesize":298454}},"image-converter":{"thumbnail":"IME","medium":"IME","medium_large":"IME","large":"IME","post-thumbnail":"IME","modern-property-child-slider":"IME","property-thumb-image":"IME","property-detail-video-image":"IME","agent-image":"IME","partners-logo":"IME","post-featured-image":"IME"},"ID":"70058","name":"18-2.webp","path":"\/home\/maipulvw\/public_html\/wp-content\/uploads\/2024\/11\/18-2.webp","url":"https:\/\/maipropertiesmallorca.com\/wp-content\/uploads\/2024\/11\/18-2-150x150.webp","full_url":"https:\/\/maipropertiesmallorca.com\/wp-content\/uploads\/2024\/11\/18-2.webp","title":"18","caption":"","description":"","alt":"","srcset":"https:\/\/maipropertiesmallorca.com\/wp-content\/uploads\/2024\/11\/18-2-150x150.webp 150w, https:\/\/maipropertiesmallorca.com\/wp-content\/uploads\/2024\/11\/18-2-210x210.webp 210w"},{"width":150,"height":150,"file":"2024\/11\/19-3.webp","filesize":140778,"sizes":{"post-thumbnail":{"file":"19-3-150x113.webp","width":150,"height":113,"url":"https:\/\/maipropertiesmallorca.com\/wp-content\/uploads\/2024\/11\/19-3-150x113.webp"},"modern-property-child-slider":{"file":"19-3-680x510.webp","width":680,"height":510,"url":"https:\/\/maipropertiesmallorca.com\/wp-content\/uploads\/2024\/11\/19-3-680x510.webp"},"property-thumb-image":{"file":"19-3-488x326.webp","width":488,"height":326,"url":"https:\/\/maipropertiesmallorca.com\/wp-content\/uploads\/2024\/11\/19-3-488x326.webp"},"property-detail-video-image":{"file":"19-3-818x417.webp","width":818,"height":417,"url":"https:\/\/maipropertiesmallorca.com\/wp-content\/uploads\/2024\/11\/19-3-818x417.webp"},"agent-image":{"file":"19-3-210x210.webp","width":210,"height":210,"url":"https:\/\/maipropertiesmallorca.com\/wp-content\/uploads\/2024\/11\/19-3-210x210.webp"},"partners-logo":{"file":"19-3-600x960.webp","width":600,"height":960,"url":"https:\/\/maipropertiesmallorca.com\/wp-content\/uploads\/2024\/11\/19-3-600x960.webp"},"post-featured-image":{"file":"19-3-1240x720.webp","width":1240,"height":720,"url":"https:\/\/maipropertiesmallorca.com\/wp-content\/uploads\/2024\/11\/19-3-1240x720.webp"},"thumbnail":{"file":"19-3-150x150.webp","width":150,"height":150,"url":"https:\/\/maipropertiesmallorca.com\/wp-content\/uploads\/2024\/11\/19-3-150x150.webp"},"medium":{"file":"19-3-300x225.webp","width":300,"height":225,"url":"https:\/\/maipropertiesmallorca.com\/wp-content\/uploads\/2024\/11\/19-3-300x225.webp"},"medium_large":{"file":"19-3-768x576.webp","width":768,"height":576,"url":"https:\/\/maipropertiesmallorca.com\/wp-content\/uploads\/2024\/11\/19-3-768x576.webp"},"large":{"file":"19-3-1024x768.webp","width":1024,"height":768,"url":"https:\/\/maipropertiesmallorca.com\/wp-content\/uploads\/2024\/11\/19-3-1024x768.webp"}},"image_meta":{"aperture":"0","credit":"","camera":"","caption":"","created_timestamp":"0","copyright":"","focal_length":"0","iso":"0","shutter_speed":"0","title":"","orientation":"0","keywords":[]},"dominant_color":"848582","has_transparency":false,"sources":{"image\/webp":{"file":"19-3.webp","filesize":140778}},"image-converter":{"thumbnail":"IME","medium":"IME","medium_large":"IME","large":"IME","post-thumbnail":"IME","modern-property-child-slider":"IME","property-thumb-image":"IME","property-detail-video-image":"IME","agent-image":"IME","partners-logo":"IME","post-featured-image":"IME"},"ID":"70061","name":"19-3.webp","path":"\/home\/maipulvw\/public_html\/wp-content\/uploads\/2024\/11\/19-3.webp","url":"https:\/\/maipropertiesmallorca.com\/wp-content\/uploads\/2024\/11\/19-3-150x150.webp","full_url":"https:\/\/maipropertiesmallorca.com\/wp-content\/uploads\/2024\/11\/19-3.webp","title":"19","caption":"","description":"","alt":"","srcset":"https:\/\/maipropertiesmallorca.com\/wp-content\/uploads\/2024\/11\/19-3-150x150.webp 150w, https:\/\/maipropertiesmallorca.com\/wp-content\/uploads\/2024\/11\/19-3-210x210.webp 210w"},{"width":150,"height":150,"file":"2024\/11\/20-2.webp","filesize":150796,"sizes":{"post-thumbnail":{"file":"20-2-150x113.webp","width":150,"height":113,"url":"https:\/\/maipropertiesmallorca.com\/wp-content\/uploads\/2024\/11\/20-2-150x113.webp"},"modern-property-child-slider":{"file":"20-2-680x510.webp","width":680,"height":510,"url":"https:\/\/maipropertiesmallorca.com\/wp-content\/uploads\/2024\/11\/20-2-680x510.webp"},"property-thumb-image":{"file":"20-2-488x326.webp","width":488,"height":326,"url":"https:\/\/maipropertiesmallorca.com\/wp-content\/uploads\/2024\/11\/20-2-488x326.webp"},"property-detail-video-image":{"file":"20-2-818x417.webp","width":818,"height":417,"url":"https:\/\/maipropertiesmallorca.com\/wp-content\/uploads\/2024\/11\/20-2-818x417.webp"},"agent-image":{"file":"20-2-210x210.webp","width":210,"height":210,"url":"https:\/\/maipropertiesmallorca.com\/wp-content\/uploads\/2024\/11\/20-2-210x210.webp"},"partners-logo":{"file":"20-2-600x960.webp","width":600,"height":960,"url":"https:\/\/maipropertiesmallorca.com\/wp-content\/uploads\/2024\/11\/20-2-600x960.webp"},"post-featured-image":{"file":"20-2-1240x720.webp","width":1240,"height":720,"url":"https:\/\/maipropertiesmallorca.com\/wp-content\/uploads\/2024\/11\/20-2-1240x720.webp"},"thumbnail":{"file":"20-2-150x150.webp","width":150,"height":150,"url":"https:\/\/maipropertiesmallorca.com\/wp-content\/uploads\/2024\/11\/20-2-150x150.webp"},"medium":{"file":"20-2-300x225.webp","width":300,"height":225,"url":"https:\/\/maipropertiesmallorca.com\/wp-content\/uploads\/2024\/11\/20-2-300x225.webp"},"medium_large":{"file":"20-2-768x576.webp","width":768,"height":576,"url":"https:\/\/maipropertiesmallorca.com\/wp-content\/uploads\/2024\/11\/20-2-768x576.webp"},"large":{"file":"20-2-1024x768.webp","width":1024,"height":768,"url":"https:\/\/maipropertiesmallorca.com\/wp-content\/uploads\/2024\/11\/20-2-1024x768.webp"}},"image_meta":{"aperture":"0","credit":"","camera":"","caption":"","created_timestamp":"0","copyright":"","focal_length":"0","iso":"0","shutter_speed":"0","title":"","orientation":"0","keywords":[]},"dominant_color":"89857b","has_transparency":false,"sources":{"image\/webp":{"file":"20-2.webp","filesize":150796}},"image-converter":{"thumbnail":"IME","medium":"IME","medium_large":"IME","large":"IME","post-thumbnail":"IME","modern-property-child-slider":"IME","property-thumb-image":"IME","property-detail-video-image":"IME","agent-image":"IME","partners-logo":"IME","post-featured-image":"IME"},"ID":"70064","name":"20-2.webp","path":"\/home\/maipulvw\/public_html\/wp-content\/uploads\/2024\/11\/20-2.webp","url":"https:\/\/maipropertiesmallorca.com\/wp-content\/uploads\/2024\/11\/20-2-150x150.webp","full_url":"https:\/\/maipropertiesmallorca.com\/wp-content\/uploads\/2024\/11\/20-2.webp","title":"20","caption":"","description":"","alt":"","srcset":"https:\/\/maipropertiesmallorca.com\/wp-content\/uploads\/2024\/11\/20-2-150x150.webp 150w, https:\/\/maipropertiesmallorca.com\/wp-content\/uploads\/2024\/11\/20-2-210x210.webp 210w"}],"REAL_HOMES_change_gallery_slider_type":"","REAL_HOMES_gallery_slider_type":"carousel-style","inspiry_floor_plans":[],"inspiry_video_group":[],"REAL_HOMES_360_virtual_tour":"","REAL_HOMES_agent_display_option":"none","REAL_HOMES_agents":[],"REAL_HOMES_energy_class":"","REAL_HOMES_energy_performance":"","REAL_HOMES_epc_current_rating":"","REAL_HOMES_epc_potential_rating":"","ere_property_schedule_tour":"","ere_property_schedule_time_slots":"","ere_property_schedule_description":"","REAL_HOMES_sticky":"","inspiry_property_label":"","inspiry_property_label_color":"","inspiry_property_tax":"","inspiry_additional_fee":"","REAL_HOMES_attachments":[],"inspiry_property_owner_name":"","inspiry_property_owner_contact":"","inspiry_property_owner_address":"","REAL_HOMES_property_private_note":"","inspiry_message_to_reviewer":"","REAL_HOMES_add_in_slider":"no","REAL_HOMES_slider_image":[],"REAL_HOMES_page_banner_image":[],"REAL_HOMES_custom_header_display":"","REAL_HOMES_custom_header_position":"","REAL_HOMES_custom_footer_display":"","REAL_HOMES_hide_advance_search":"","REAL_HOMES_custom_search_form":"","REAL_HOMES_search_form_margin_top":"","REAL_HOMES_search_form_margin_bottom":""},"_links":{"self":[{"href":"https:\/\/maipropertiesmallorca.com\/es\/wp-json\/wp\/v2\/properties\/70069","targetHints":{"allow":["GET"]}}],"collection":[{"href":"https:\/\/maipropertiesmallorca.com\/es\/wp-json\/wp\/v2\/properties"}],"about":[{"href":"https:\/\/maipropertiesmallorca.com\/es\/wp-json\/wp\/v2\/types\/property"}],"author":[{"embeddable":true,"href":"https:\/\/maipropertiesmallorca.com\/es\/wp-json\/wp\/v2\/users\/4"}],"replies":[{"embeddable":true,"href":"https:\/\/maipropertiesmallorca.com\/es\/wp-json\/wp\/v2\/comments?post=70069"}],"version-history":[{"count":0,"href":"https:\/\/maipropertiesmallorca.com\/es\/wp-json\/wp\/v2\/properties\/70069\/revisions"}],"wp:featuredmedia":[{"embeddable":true,"href":"https:\/\/maipropertiesmallorca.com\/es\/wp-json\/wp\/v2\/media\/70007"}],"wp:attachment":[{"href":"https:\/\/maipropertiesmallorca.com\/es\/wp-json\/wp\/v2\/media?parent=70069"}],"wp:term":[{"taxonomy":"property-feature","embeddable":true,"href":"https:\/\/maipropertiesmallorca.com\/es\/wp-json\/wp\/v2\/caracter\u00edsticas-propiedad?post=70069"},{"taxonomy":"property-type","embeddable":true,"href":"https:\/\/maipropertiesmallorca.com\/es\/wp-json\/wp\/v2\/tipos-propiedad?post=70069"},{"taxonomy":"property-city","embeddable":true,"href":"https:\/\/maipropertiesmallorca.com\/es\/wp-json\/wp\/v2\/ciudades-propiedad?post=70069"},{"taxonomy":"property-status","embeddable":true,"href":"https:\/\/maipropertiesmallorca.com\/es\/wp-json\/wp\/v2\/estatus-propiedad?post=70069"}],"curies":[{"name":"wp","href":"https:\/\/api.w.org\/{rel}","templated":true}]}}