{"id":63449,"date":"2024-06-25T20:41:43","date_gmt":"2024-06-25T18:41:43","guid":{"rendered":"https:\/\/maipropertiesmallorca.com\/property\/penthouse-en-primera-linea-en-can-picafort\/"},"modified":"2024-10-10T19:13:46","modified_gmt":"2024-10-10T17:13:46","slug":"penthouse-en-primera-linea-en-can-picafort","status":"publish","type":"property","link":"https:\/\/maipropertiesmallorca.com\/es\/propiedad\/penthouse-en-primera-linea-en-can-picafort\/","title":{"rendered":"\u00c1tico en primera l\u00ednea en Ca&#8217;n Picafort"},"content":{"rendered":"\n<p>Descubra este maravilloso \u00e1tico de 65 m\u00b2 en la exclusiva zona de Can Picafort. Esta vivienda te ofrece todo el confort y estilo que buscas, con unas prestaciones excepcionales y unas vistas espectaculares al mar desde su ubicaci\u00f3n en primera l\u00ednea. <\/p>\n\n<p>Dormitorios: 2<br\/>Ba\u00f1os: 2<br\/>Sal\u00f3n con Cocina Americana: Perfecto para disfrutar de un espacio abierto y moderno<br\/>Terrazas: Peque\u00f1as pero con mucho encanto, con vistas \u00fanicas al mar y a los tejados de la ciudad Planta: 6\u00aa, garantizando tranquilidad y unas vistas panor\u00e1micas incomparables.Bedrooms: 2 <br\/><br\/>Est\u00e1 situado en una zona peatonal en primera l\u00ednea de playa, este \u00e1tico invita a relajarse y disfrutar de las espectaculares vistas.<br\/><br\/>Este \u00e1tico est\u00e1 equipado con todas las comodidades modernas para su comodidad, como aire acondicionado fr\u00edo\/calor, 2 ascensores, ventanas de doble acristalamiento y azotea recientemente renovada. Se ha optimizado el aprovechamiento del espacio, ofreciendo armarios empotrados. <\/p>\n\n<p>Adicionalmente existe la posibilidad de obtener una licencia vacacional en el futuro, ya que la comunidad lo autoriza. <br\/><br\/>Vive la experiencia de tener todo lo que necesitas en un lugar \u00fanico y especial. \u00a1Este \u00e1tico es una propiedad que te enamorar\u00e1 a primera vista! <br\/><br\/>Cont\u00e1ctenos para m\u00e1s informaci\u00f3n y programar una visita.<\/p>\n","protected":false},"excerpt":{"rendered":"<p>Descubra este maravilloso \u00e1tico de 65 m\u00b2 en la exclusiva zona de Can Picafort. Esta vivienda te ofrece todo el confort y estilo que buscas, con unas prestaciones excepcionales y unas vistas espectaculares al mar desde su ubicaci\u00f3n en primera l\u00ednea. Dormitorios: 2Ba\u00f1os: 2Sal\u00f3n con Cocina Americana: Perfecto para disfrutar de un espacio abierto y&#8230;<\/p>\n","protected":false},"author":4,"featured_media":63394,"parent":0,"menu_order":0,"comment_status":"closed","ping_status":"closed","template":"","caracter\u00edsticas-propiedad":[148,160,162,154,145,305],"tipos-propiedad":[51],"ciudades-propiedad":[142],"estatus-propiedad":[34],"class_list":["post-63449","property","type-property","status-publish","has-post-thumbnail","hentry","property-feature-1-planta","property-feature-aire-acondicionado","property-feature-ascensor","property-feature-moderno","property-feature-primera-linea","property-feature-vistamar","property-type-apartamento","property-city-can-picafort-es","property-status-venta"],"property_meta":{"REAL_HOMES_property_price":"520000","REAL_HOMES_property_old_price":"","REAL_HOMES_property_price_prefix":"","REAL_HOMES_property_price_postfix":"","REAL_HOMES_property_size":"65","REAL_HOMES_property_size_postfix":"m2","REAL_HOMES_property_lot_size":"","REAL_HOMES_property_lot_size_postfix":"","REAL_HOMES_property_bedrooms":"2","REAL_HOMES_property_bathrooms":"2","REAL_HOMES_property_garage":"","REAL_HOMES_property_id":"1063","REAL_HOMES_property_year_built":"","rvr_property_owner":"","REAL_HOMES_featured":"0","REAL_HOMES_additional_details_list":[],"REAL_HOMES_property_location":{"latitude":"39.76802","longitude":"3.1493162","zoom":"14"},"REAL_HOMES_property_address":"Can Picafort, Santa Margarita, Pla de Mallorca, Islas Baleares, 07450, Espa\u00f1a","REAL_HOMES_property_map":"","REAL_HOMES_property_images":[{"width":150,"height":150,"file":"2024\/06\/1-3.jpg","filesize":133473,"sizes":{"medium":{"file":"1-3-300x225.jpg","width":300,"height":225,"url":"https:\/\/maipropertiesmallorca.com\/wp-content\/uploads\/2024\/06\/1-3-300x225.jpg"},"thumbnail":{"file":"1-3-150x150.jpg","width":150,"height":150,"url":"https:\/\/maipropertiesmallorca.com\/wp-content\/uploads\/2024\/06\/1-3-150x150.jpg"},"medium_large":{"file":"1-3-768x576.jpg","width":768,"height":576,"url":"https:\/\/maipropertiesmallorca.com\/wp-content\/uploads\/2024\/06\/1-3-768x576.jpg"},"post-thumbnail":{"file":"1-3-150x113.jpg","width":150,"height":113,"mime-type":"image\/jpeg","filesize":4239,"url":"https:\/\/maipropertiesmallorca.com\/wp-content\/uploads\/2024\/06\/1-3-150x113.jpg"},"modern-property-child-slider":{"file":"1-3-680x510.jpg","width":680,"height":510,"mime-type":"image\/jpeg","filesize":56084,"url":"https:\/\/maipropertiesmallorca.com\/wp-content\/uploads\/2024\/06\/1-3-680x510.jpg"},"property-thumb-image":{"file":"1-3-488x326.jpg","width":488,"height":326,"mime-type":"image\/jpeg","filesize":28097,"url":"https:\/\/maipropertiesmallorca.com\/wp-content\/uploads\/2024\/06\/1-3-488x326.jpg"},"property-detail-video-image":{"file":"1-3-818x417.jpg","width":818,"height":417,"mime-type":"image\/jpeg","filesize":55169,"url":"https:\/\/maipropertiesmallorca.com\/wp-content\/uploads\/2024\/06\/1-3-818x417.jpg"},"agent-image":{"file":"1-3-210x210.jpg","width":210,"height":210,"mime-type":"image\/jpeg","filesize":8695,"url":"https:\/\/maipropertiesmallorca.com\/wp-content\/uploads\/2024\/06\/1-3-210x210.jpg"},"partners-logo":{"file":"1-3-600x756.jpg","width":600,"height":756,"mime-type":"image\/jpeg","filesize":78694,"url":"https:\/\/maipropertiesmallorca.com\/wp-content\/uploads\/2024\/06\/1-3-600x756.jpg"},"post-featured-image":{"file":"1-3-1008x720.jpg","width":1008,"height":720,"mime-type":"image\/jpeg","filesize":132201,"url":"https:\/\/maipropertiesmallorca.com\/wp-content\/uploads\/2024\/06\/1-3-1008x720.jpg"}},"image_meta":{"aperture":"0","credit":"","camera":"","caption":"","created_timestamp":"0","copyright":"","focal_length":"0","iso":"0","shutter_speed":"0","title":"","orientation":"0","keywords":[]},"image-converter":{"thumbnail":"IME","medium":"IME","medium_large":"IME"},"ID":"63394","name":"1-3.jpg","path":"\/home\/maipulvw\/public_html\/wp-content\/uploads\/2024\/06\/1-3.jpg","url":"https:\/\/maipropertiesmallorca.com\/wp-content\/uploads\/2024\/06\/1-3-150x150.jpg","full_url":"https:\/\/maipropertiesmallorca.com\/wp-content\/uploads\/2024\/06\/1-3.jpg","title":"1","caption":"","description":"","alt":"","srcset":"https:\/\/maipropertiesmallorca.com\/wp-content\/uploads\/2024\/06\/1-3-150x150.jpg 150w, https:\/\/maipropertiesmallorca.com\/wp-content\/uploads\/2024\/06\/1-3-210x210.jpg 210w"},{"width":150,"height":150,"file":"2024\/06\/2-2.jpg","filesize":97660,"sizes":{"medium":{"file":"2-2-300x225.jpg","width":300,"height":225,"url":"https:\/\/maipropertiesmallorca.com\/wp-content\/uploads\/2024\/06\/2-2-300x225.jpg"},"thumbnail":{"file":"2-2-150x150.jpg","width":150,"height":150,"url":"https:\/\/maipropertiesmallorca.com\/wp-content\/uploads\/2024\/06\/2-2-150x150.jpg"},"medium_large":{"file":"2-2-768x576.jpg","width":768,"height":576,"url":"https:\/\/maipropertiesmallorca.com\/wp-content\/uploads\/2024\/06\/2-2-768x576.jpg"},"post-thumbnail":{"file":"2-2-150x113.jpg","width":150,"height":113,"mime-type":"image\/jpeg","filesize":3522,"url":"https:\/\/maipropertiesmallorca.com\/wp-content\/uploads\/2024\/06\/2-2-150x113.jpg"},"modern-property-child-slider":{"file":"2-2-680x510.jpg","width":680,"height":510,"mime-type":"image\/jpeg","filesize":41797,"url":"https:\/\/maipropertiesmallorca.com\/wp-content\/uploads\/2024\/06\/2-2-680x510.jpg"},"property-thumb-image":{"file":"2-2-488x326.jpg","width":488,"height":326,"mime-type":"image\/jpeg","filesize":21472,"url":"https:\/\/maipropertiesmallorca.com\/wp-content\/uploads\/2024\/06\/2-2-488x326.jpg"},"property-detail-video-image":{"file":"2-2-818x417.jpg","width":818,"height":417,"mime-type":"image\/jpeg","filesize":45262,"url":"https:\/\/maipropertiesmallorca.com\/wp-content\/uploads\/2024\/06\/2-2-818x417.jpg"},"agent-image":{"file":"2-2-210x210.jpg","width":210,"height":210,"mime-type":"image\/jpeg","filesize":6932,"url":"https:\/\/maipropertiesmallorca.com\/wp-content\/uploads\/2024\/06\/2-2-210x210.jpg"},"partners-logo":{"file":"2-2-600x756.jpg","width":600,"height":756,"mime-type":"image\/jpeg","filesize":57838,"url":"https:\/\/maipropertiesmallorca.com\/wp-content\/uploads\/2024\/06\/2-2-600x756.jpg"},"post-featured-image":{"file":"2-2-1008x720.jpg","width":1008,"height":720,"mime-type":"image\/jpeg","filesize":98280,"url":"https:\/\/maipropertiesmallorca.com\/wp-content\/uploads\/2024\/06\/2-2-1008x720.jpg"}},"image_meta":{"aperture":"0","credit":"","camera":"","caption":"","created_timestamp":"0","copyright":"","focal_length":"0","iso":"0","shutter_speed":"0","title":"","orientation":"0","keywords":[]},"image-converter":{"thumbnail":"IME","medium":"IME","medium_large":"IME"},"ID":"63397","name":"2-2.jpg","path":"\/home\/maipulvw\/public_html\/wp-content\/uploads\/2024\/06\/2-2.jpg","url":"https:\/\/maipropertiesmallorca.com\/wp-content\/uploads\/2024\/06\/2-2-150x150.jpg","full_url":"https:\/\/maipropertiesmallorca.com\/wp-content\/uploads\/2024\/06\/2-2.jpg","title":"2","caption":"","description":"","alt":"","srcset":"https:\/\/maipropertiesmallorca.com\/wp-content\/uploads\/2024\/06\/2-2-150x150.jpg 150w, https:\/\/maipropertiesmallorca.com\/wp-content\/uploads\/2024\/06\/2-2-210x210.jpg 210w"},{"width":150,"height":150,"file":"2024\/06\/3-2.jpg","filesize":124474,"sizes":{"medium":{"file":"3-2-225x300.jpg","width":225,"height":300,"url":"https:\/\/maipropertiesmallorca.com\/wp-content\/uploads\/2024\/06\/3-2-225x300.jpg"},"thumbnail":{"file":"3-2-150x150.jpg","width":150,"height":150,"url":"https:\/\/maipropertiesmallorca.com\/wp-content\/uploads\/2024\/06\/3-2-150x150.jpg"},"post-thumbnail":{"file":"3-2-113x150.jpg","width":113,"height":150,"mime-type":"image\/jpeg","filesize":4298,"url":"https:\/\/maipropertiesmallorca.com\/wp-content\/uploads\/2024\/06\/3-2-113x150.jpg"},"modern-property-child-slider":{"file":"3-2-680x510.jpg","width":680,"height":510,"mime-type":"image\/jpeg","filesize":53649,"url":"https:\/\/maipropertiesmallorca.com\/wp-content\/uploads\/2024\/06\/3-2-680x510.jpg"},"property-thumb-image":{"file":"3-2-488x326.jpg","width":488,"height":326,"mime-type":"image\/jpeg","filesize":27482,"url":"https:\/\/maipropertiesmallorca.com\/wp-content\/uploads\/2024\/06\/3-2-488x326.jpg"},"property-detail-video-image":{"file":"3-2-756x417.jpg","width":756,"height":417,"mime-type":"image\/jpeg","filesize":58352,"url":"https:\/\/maipropertiesmallorca.com\/wp-content\/uploads\/2024\/06\/3-2-756x417.jpg"},"agent-image":{"file":"3-2-210x210.jpg","width":210,"height":210,"mime-type":"image\/jpeg","filesize":9630,"url":"https:\/\/maipropertiesmallorca.com\/wp-content\/uploads\/2024\/06\/3-2-210x210.jpg"},"partners-logo":{"file":"3-2-600x1008.jpg","width":600,"height":1008,"mime-type":"image\/jpeg","filesize":107124,"url":"https:\/\/maipropertiesmallorca.com\/wp-content\/uploads\/2024\/06\/3-2-600x1008.jpg"},"post-featured-image":{"file":"3-2-756x720.jpg","width":756,"height":720,"mime-type":"image\/jpeg","filesize":90012,"url":"https:\/\/maipropertiesmallorca.com\/wp-content\/uploads\/2024\/06\/3-2-756x720.jpg"}},"image_meta":{"aperture":"0","credit":"","camera":"","caption":"","created_timestamp":"0","copyright":"","focal_length":"0","iso":"0","shutter_speed":"0","title":"","orientation":"0","keywords":[]},"image-converter":{"thumbnail":"IME","medium":"IME"},"ID":"63400","name":"3-2.jpg","path":"\/home\/maipulvw\/public_html\/wp-content\/uploads\/2024\/06\/3-2.jpg","url":"https:\/\/maipropertiesmallorca.com\/wp-content\/uploads\/2024\/06\/3-2-150x150.jpg","full_url":"https:\/\/maipropertiesmallorca.com\/wp-content\/uploads\/2024\/06\/3-2.jpg","title":"3","caption":"","description":"","alt":"","srcset":"https:\/\/maipropertiesmallorca.com\/wp-content\/uploads\/2024\/06\/3-2-150x150.jpg 150w, https:\/\/maipropertiesmallorca.com\/wp-content\/uploads\/2024\/06\/3-2-210x210.jpg 210w"},{"width":150,"height":150,"file":"2024\/06\/4-2.jpg","filesize":239818,"sizes":{"medium":{"file":"4-2-300x225.jpg","width":300,"height":225,"url":"https:\/\/maipropertiesmallorca.com\/wp-content\/uploads\/2024\/06\/4-2-300x225.jpg"},"large":{"file":"4-2-1024x768.jpg","width":1024,"height":768,"url":"https:\/\/maipropertiesmallorca.com\/wp-content\/uploads\/2024\/06\/4-2-1024x768.jpg"},"thumbnail":{"file":"4-2-150x150.jpg","width":150,"height":150,"url":"https:\/\/maipropertiesmallorca.com\/wp-content\/uploads\/2024\/06\/4-2-150x150.jpg"},"medium_large":{"file":"4-2-768x576.jpg","width":768,"height":576,"url":"https:\/\/maipropertiesmallorca.com\/wp-content\/uploads\/2024\/06\/4-2-768x576.jpg"},"post-thumbnail":{"file":"4-2-150x113.jpg","width":150,"height":113,"mime-type":"image\/jpeg","filesize":3962,"url":"https:\/\/maipropertiesmallorca.com\/wp-content\/uploads\/2024\/06\/4-2-150x113.jpg"},"modern-property-child-slider":{"file":"4-2-680x510.jpg","width":680,"height":510,"mime-type":"image\/jpeg","filesize":51499,"url":"https:\/\/maipropertiesmallorca.com\/wp-content\/uploads\/2024\/06\/4-2-680x510.jpg"},"property-thumb-image":{"file":"4-2-488x326.jpg","width":488,"height":326,"mime-type":"image\/jpeg","filesize":25349,"url":"https:\/\/maipropertiesmallorca.com\/wp-content\/uploads\/2024\/06\/4-2-488x326.jpg"},"property-detail-video-image":{"file":"4-2-818x417.jpg","width":818,"height":417,"mime-type":"image\/jpeg","filesize":52132,"url":"https:\/\/maipropertiesmallorca.com\/wp-content\/uploads\/2024\/06\/4-2-818x417.jpg"},"agent-image":{"file":"4-2-210x210.jpg","width":210,"height":210,"mime-type":"image\/jpeg","filesize":8294,"url":"https:\/\/maipropertiesmallorca.com\/wp-content\/uploads\/2024\/06\/4-2-210x210.jpg"},"partners-logo":{"file":"4-2-600x1071.jpg","width":600,"height":1071,"mime-type":"image\/jpeg","filesize":112807,"url":"https:\/\/maipropertiesmallorca.com\/wp-content\/uploads\/2024\/06\/4-2-600x1071.jpg"},"post-featured-image":{"file":"4-2-1240x720.jpg","width":1240,"height":720,"mime-type":"image\/jpeg","filesize":129529,"url":"https:\/\/maipropertiesmallorca.com\/wp-content\/uploads\/2024\/06\/4-2-1240x720.jpg"}},"image_meta":{"aperture":"0","credit":"","camera":"","caption":"","created_timestamp":"0","copyright":"","focal_length":"0","iso":"0","shutter_speed":"0","title":"","orientation":"0","keywords":[]},"image-converter":{"thumbnail":"IME","medium":"IME","medium_large":"IME","large":"IME"},"ID":"63403","name":"4-2.jpg","path":"\/home\/maipulvw\/public_html\/wp-content\/uploads\/2024\/06\/4-2.jpg","url":"https:\/\/maipropertiesmallorca.com\/wp-content\/uploads\/2024\/06\/4-2-150x150.jpg","full_url":"https:\/\/maipropertiesmallorca.com\/wp-content\/uploads\/2024\/06\/4-2.jpg","title":"4","caption":"","description":"","alt":"","srcset":"https:\/\/maipropertiesmallorca.com\/wp-content\/uploads\/2024\/06\/4-2-150x150.jpg 150w, https:\/\/maipropertiesmallorca.com\/wp-content\/uploads\/2024\/06\/4-2-210x210.jpg 210w"},{"width":150,"height":150,"file":"2024\/06\/5-2.jpg","filesize":177964,"sizes":{"medium":{"file":"5-2-300x225.jpg","width":300,"height":225,"url":"https:\/\/maipropertiesmallorca.com\/wp-content\/uploads\/2024\/06\/5-2-300x225.jpg"},"large":{"file":"5-2-1024x768.jpg","width":1024,"height":768,"url":"https:\/\/maipropertiesmallorca.com\/wp-content\/uploads\/2024\/06\/5-2-1024x768.jpg"},"thumbnail":{"file":"5-2-150x150.jpg","width":150,"height":150,"url":"https:\/\/maipropertiesmallorca.com\/wp-content\/uploads\/2024\/06\/5-2-150x150.jpg"},"medium_large":{"file":"5-2-768x576.jpg","width":768,"height":576,"url":"https:\/\/maipropertiesmallorca.com\/wp-content\/uploads\/2024\/06\/5-2-768x576.jpg"},"post-thumbnail":{"file":"5-2-150x113.jpg","width":150,"height":113,"mime-type":"image\/jpeg","filesize":3954,"url":"https:\/\/maipropertiesmallorca.com\/wp-content\/uploads\/2024\/06\/5-2-150x113.jpg"},"modern-property-child-slider":{"file":"5-2-680x510.jpg","width":680,"height":510,"mime-type":"image\/jpeg","filesize":43096,"url":"https:\/\/maipropertiesmallorca.com\/wp-content\/uploads\/2024\/06\/5-2-680x510.jpg"},"property-thumb-image":{"file":"5-2-488x326.jpg","width":488,"height":326,"mime-type":"image\/jpeg","filesize":23911,"url":"https:\/\/maipropertiesmallorca.com\/wp-content\/uploads\/2024\/06\/5-2-488x326.jpg"},"property-detail-video-image":{"file":"5-2-818x417.jpg","width":818,"height":417,"mime-type":"image\/jpeg","filesize":44683,"url":"https:\/\/maipropertiesmallorca.com\/wp-content\/uploads\/2024\/06\/5-2-818x417.jpg"},"agent-image":{"file":"5-2-210x210.jpg","width":210,"height":210,"mime-type":"image\/jpeg","filesize":8534,"url":"https:\/\/maipropertiesmallorca.com\/wp-content\/uploads\/2024\/06\/5-2-210x210.jpg"},"partners-logo":{"file":"5-2-600x1071.jpg","width":600,"height":1071,"mime-type":"image\/jpeg","filesize":76218,"url":"https:\/\/maipropertiesmallorca.com\/wp-content\/uploads\/2024\/06\/5-2-600x1071.jpg"},"post-featured-image":{"file":"5-2-1240x720.jpg","width":1240,"height":720,"mime-type":"image\/jpeg","filesize":100380,"url":"https:\/\/maipropertiesmallorca.com\/wp-content\/uploads\/2024\/06\/5-2-1240x720.jpg"}},"image_meta":{"aperture":"0","credit":"","camera":"","caption":"","created_timestamp":"0","copyright":"","focal_length":"0","iso":"0","shutter_speed":"0","title":"","orientation":"0","keywords":[]},"image-converter":{"thumbnail":"IME","medium":"IME","medium_large":"IME","large":"IME"},"ID":"63406","name":"5-2.jpg","path":"\/home\/maipulvw\/public_html\/wp-content\/uploads\/2024\/06\/5-2.jpg","url":"https:\/\/maipropertiesmallorca.com\/wp-content\/uploads\/2024\/06\/5-2-150x150.jpg","full_url":"https:\/\/maipropertiesmallorca.com\/wp-content\/uploads\/2024\/06\/5-2.jpg","title":"5","caption":"","description":"","alt":"","srcset":"https:\/\/maipropertiesmallorca.com\/wp-content\/uploads\/2024\/06\/5-2-150x150.jpg 150w, https:\/\/maipropertiesmallorca.com\/wp-content\/uploads\/2024\/06\/5-2-210x210.jpg 210w"},{"width":150,"height":150,"file":"2024\/06\/6-2.jpg","filesize":190518,"sizes":{"medium":{"file":"6-2-225x300.jpg","width":225,"height":300,"url":"https:\/\/maipropertiesmallorca.com\/wp-content\/uploads\/2024\/06\/6-2-225x300.jpg"},"large":{"file":"6-2-768x1024.jpg","width":768,"height":1024,"url":"https:\/\/maipropertiesmallorca.com\/wp-content\/uploads\/2024\/06\/6-2-768x1024.jpg"},"thumbnail":{"file":"6-2-150x150.jpg","width":150,"height":150,"url":"https:\/\/maipropertiesmallorca.com\/wp-content\/uploads\/2024\/06\/6-2-150x150.jpg"},"medium_large":{"file":"6-2-768x1024.jpg","width":768,"height":1024,"url":"https:\/\/maipropertiesmallorca.com\/wp-content\/uploads\/2024\/06\/6-2-768x1024.jpg"},"post-thumbnail":{"file":"6-2-113x150.jpg","width":113,"height":150,"mime-type":"image\/jpeg","filesize":4408,"url":"https:\/\/maipropertiesmallorca.com\/wp-content\/uploads\/2024\/06\/6-2-113x150.jpg"},"modern-property-child-slider":{"file":"6-2-680x510.jpg","width":680,"height":510,"mime-type":"image\/jpeg","filesize":42307,"url":"https:\/\/maipropertiesmallorca.com\/wp-content\/uploads\/2024\/06\/6-2-680x510.jpg"},"property-thumb-image":{"file":"6-2-488x326.jpg","width":488,"height":326,"mime-type":"image\/jpeg","filesize":22239,"url":"https:\/\/maipropertiesmallorca.com\/wp-content\/uploads\/2024\/06\/6-2-488x326.jpg"},"property-detail-video-image":{"file":"6-2-818x417.jpg","width":818,"height":417,"mime-type":"image\/jpeg","filesize":42387,"url":"https:\/\/maipropertiesmallorca.com\/wp-content\/uploads\/2024\/06\/6-2-818x417.jpg"},"agent-image":{"file":"6-2-210x210.jpg","width":210,"height":210,"mime-type":"image\/jpeg","filesize":9126,"url":"https:\/\/maipropertiesmallorca.com\/wp-content\/uploads\/2024\/06\/6-2-210x210.jpg"},"partners-logo":{"file":"6-2-600x1428.jpg","width":600,"height":1428,"mime-type":"image\/jpeg","filesize":116384,"url":"https:\/\/maipropertiesmallorca.com\/wp-content\/uploads\/2024\/06\/6-2-600x1428.jpg"},"post-featured-image":{"file":"6-2-1071x720.jpg","width":1071,"height":720,"mime-type":"image\/jpeg","filesize":91515,"url":"https:\/\/maipropertiesmallorca.com\/wp-content\/uploads\/2024\/06\/6-2-1071x720.jpg"}},"image_meta":{"aperture":"0","credit":"","camera":"","caption":"","created_timestamp":"0","copyright":"","focal_length":"0","iso":"0","shutter_speed":"0","title":"","orientation":"0","keywords":[]},"image-converter":{"thumbnail":"IME","medium":"IME","medium_large":"IME","large":"IME"},"ID":"63409","name":"6-2.jpg","path":"\/home\/maipulvw\/public_html\/wp-content\/uploads\/2024\/06\/6-2.jpg","url":"https:\/\/maipropertiesmallorca.com\/wp-content\/uploads\/2024\/06\/6-2-150x150.jpg","full_url":"https:\/\/maipropertiesmallorca.com\/wp-content\/uploads\/2024\/06\/6-2.jpg","title":"6","caption":"","description":"","alt":"","srcset":"https:\/\/maipropertiesmallorca.com\/wp-content\/uploads\/2024\/06\/6-2-150x150.jpg 150w, https:\/\/maipropertiesmallorca.com\/wp-content\/uploads\/2024\/06\/6-2-210x210.jpg 210w"},{"width":150,"height":150,"file":"2024\/06\/7-2.jpg","filesize":94374,"sizes":{"medium":{"file":"7-2-300x225.jpg","width":300,"height":225,"url":"https:\/\/maipropertiesmallorca.com\/wp-content\/uploads\/2024\/06\/7-2-300x225.jpg"},"thumbnail":{"file":"7-2-150x150.jpg","width":150,"height":150,"url":"https:\/\/maipropertiesmallorca.com\/wp-content\/uploads\/2024\/06\/7-2-150x150.jpg"},"medium_large":{"file":"7-2-768x576.jpg","width":768,"height":576,"url":"https:\/\/maipropertiesmallorca.com\/wp-content\/uploads\/2024\/06\/7-2-768x576.jpg"},"post-thumbnail":{"file":"7-2-150x113.jpg","width":150,"height":113,"mime-type":"image\/jpeg","filesize":3845,"url":"https:\/\/maipropertiesmallorca.com\/wp-content\/uploads\/2024\/06\/7-2-150x113.jpg"},"modern-property-child-slider":{"file":"7-2-680x510.jpg","width":680,"height":510,"mime-type":"image\/jpeg","filesize":40152,"url":"https:\/\/maipropertiesmallorca.com\/wp-content\/uploads\/2024\/06\/7-2-680x510.jpg"},"property-thumb-image":{"file":"7-2-488x326.jpg","width":488,"height":326,"mime-type":"image\/jpeg","filesize":22103,"url":"https:\/\/maipropertiesmallorca.com\/wp-content\/uploads\/2024\/06\/7-2-488x326.jpg"},"property-detail-video-image":{"file":"7-2-818x417.jpg","width":818,"height":417,"mime-type":"image\/jpeg","filesize":44236,"url":"https:\/\/maipropertiesmallorca.com\/wp-content\/uploads\/2024\/06\/7-2-818x417.jpg"},"agent-image":{"file":"7-2-210x210.jpg","width":210,"height":210,"mime-type":"image\/jpeg","filesize":7279,"url":"https:\/\/maipropertiesmallorca.com\/wp-content\/uploads\/2024\/06\/7-2-210x210.jpg"},"partners-logo":{"file":"7-2-600x756.jpg","width":600,"height":756,"mime-type":"image\/jpeg","filesize":53505,"url":"https:\/\/maipropertiesmallorca.com\/wp-content\/uploads\/2024\/06\/7-2-600x756.jpg"},"post-featured-image":{"file":"7-2-1008x720.jpg","width":1008,"height":720,"mime-type":"image\/jpeg","filesize":93827,"url":"https:\/\/maipropertiesmallorca.com\/wp-content\/uploads\/2024\/06\/7-2-1008x720.jpg"}},"image_meta":{"aperture":"0","credit":"","camera":"","caption":"","created_timestamp":"0","copyright":"","focal_length":"0","iso":"0","shutter_speed":"0","title":"","orientation":"0","keywords":[]},"image-converter":{"thumbnail":"IME","medium":"IME","medium_large":"IME"},"ID":"63412","name":"7-2.jpg","path":"\/home\/maipulvw\/public_html\/wp-content\/uploads\/2024\/06\/7-2.jpg","url":"https:\/\/maipropertiesmallorca.com\/wp-content\/uploads\/2024\/06\/7-2-150x150.jpg","full_url":"https:\/\/maipropertiesmallorca.com\/wp-content\/uploads\/2024\/06\/7-2.jpg","title":"7","caption":"","description":"","alt":"","srcset":"https:\/\/maipropertiesmallorca.com\/wp-content\/uploads\/2024\/06\/7-2-150x150.jpg 150w, https:\/\/maipropertiesmallorca.com\/wp-content\/uploads\/2024\/06\/7-2-210x210.jpg 210w"},{"width":150,"height":150,"file":"2024\/06\/8-2.jpg","filesize":94750,"sizes":{"medium":{"file":"8-2-300x225.jpg","width":300,"height":225,"url":"https:\/\/maipropertiesmallorca.com\/wp-content\/uploads\/2024\/06\/8-2-300x225.jpg"},"thumbnail":{"file":"8-2-150x150.jpg","width":150,"height":150,"url":"https:\/\/maipropertiesmallorca.com\/wp-content\/uploads\/2024\/06\/8-2-150x150.jpg"},"medium_large":{"file":"8-2-768x576.jpg","width":768,"height":576,"url":"https:\/\/maipropertiesmallorca.com\/wp-content\/uploads\/2024\/06\/8-2-768x576.jpg"},"post-thumbnail":{"file":"8-2-150x113.jpg","width":150,"height":113,"mime-type":"image\/jpeg","filesize":3479,"url":"https:\/\/maipropertiesmallorca.com\/wp-content\/uploads\/2024\/06\/8-2-150x113.jpg"},"modern-property-child-slider":{"file":"8-2-680x510.jpg","width":680,"height":510,"mime-type":"image\/jpeg","filesize":38482,"url":"https:\/\/maipropertiesmallorca.com\/wp-content\/uploads\/2024\/06\/8-2-680x510.jpg"},"property-thumb-image":{"file":"8-2-488x326.jpg","width":488,"height":326,"mime-type":"image\/jpeg","filesize":19704,"url":"https:\/\/maipropertiesmallorca.com\/wp-content\/uploads\/2024\/06\/8-2-488x326.jpg"},"property-detail-video-image":{"file":"8-2-818x417.jpg","width":818,"height":417,"mime-type":"image\/jpeg","filesize":38200,"url":"https:\/\/maipropertiesmallorca.com\/wp-content\/uploads\/2024\/06\/8-2-818x417.jpg"},"agent-image":{"file":"8-2-210x210.jpg","width":210,"height":210,"mime-type":"image\/jpeg","filesize":7366,"url":"https:\/\/maipropertiesmallorca.com\/wp-content\/uploads\/2024\/06\/8-2-210x210.jpg"},"partners-logo":{"file":"8-2-600x756.jpg","width":600,"height":756,"mime-type":"image\/jpeg","filesize":60516,"url":"https:\/\/maipropertiesmallorca.com\/wp-content\/uploads\/2024\/06\/8-2-600x756.jpg"},"post-featured-image":{"file":"8-2-1008x720.jpg","width":1008,"height":720,"mime-type":"image\/jpeg","filesize":93364,"url":"https:\/\/maipropertiesmallorca.com\/wp-content\/uploads\/2024\/06\/8-2-1008x720.jpg"}},"image_meta":{"aperture":"0","credit":"","camera":"","caption":"","created_timestamp":"0","copyright":"","focal_length":"0","iso":"0","shutter_speed":"0","title":"","orientation":"0","keywords":[]},"image-converter":{"thumbnail":"IME","medium":"IME","medium_large":"IME"},"ID":"63415","name":"8-2.jpg","path":"\/home\/maipulvw\/public_html\/wp-content\/uploads\/2024\/06\/8-2.jpg","url":"https:\/\/maipropertiesmallorca.com\/wp-content\/uploads\/2024\/06\/8-2-150x150.jpg","full_url":"https:\/\/maipropertiesmallorca.com\/wp-content\/uploads\/2024\/06\/8-2.jpg","title":"8","caption":"","description":"","alt":"","srcset":"https:\/\/maipropertiesmallorca.com\/wp-content\/uploads\/2024\/06\/8-2-150x150.jpg 150w, https:\/\/maipropertiesmallorca.com\/wp-content\/uploads\/2024\/06\/8-2-210x210.jpg 210w"},{"width":150,"height":150,"file":"2024\/06\/9-2.jpg","filesize":85948,"sizes":{"medium":{"file":"9-2-300x225.jpg","width":300,"height":225,"url":"https:\/\/maipropertiesmallorca.com\/wp-content\/uploads\/2024\/06\/9-2-300x225.jpg"},"thumbnail":{"file":"9-2-150x150.jpg","width":150,"height":150,"url":"https:\/\/maipropertiesmallorca.com\/wp-content\/uploads\/2024\/06\/9-2-150x150.jpg"},"medium_large":{"file":"9-2-768x576.jpg","width":768,"height":576,"url":"https:\/\/maipropertiesmallorca.com\/wp-content\/uploads\/2024\/06\/9-2-768x576.jpg"},"post-thumbnail":{"file":"9-2-150x113.jpg","width":150,"height":113,"mime-type":"image\/jpeg","filesize":2943,"url":"https:\/\/maipropertiesmallorca.com\/wp-content\/uploads\/2024\/06\/9-2-150x113.jpg"},"modern-property-child-slider":{"file":"9-2-680x510.jpg","width":680,"height":510,"mime-type":"image\/jpeg","filesize":32236,"url":"https:\/\/maipropertiesmallorca.com\/wp-content\/uploads\/2024\/06\/9-2-680x510.jpg"},"property-thumb-image":{"file":"9-2-488x326.jpg","width":488,"height":326,"mime-type":"image\/jpeg","filesize":16395,"url":"https:\/\/maipropertiesmallorca.com\/wp-content\/uploads\/2024\/06\/9-2-488x326.jpg"},"property-detail-video-image":{"file":"9-2-818x417.jpg","width":818,"height":417,"mime-type":"image\/jpeg","filesize":34888,"url":"https:\/\/maipropertiesmallorca.com\/wp-content\/uploads\/2024\/06\/9-2-818x417.jpg"},"agent-image":{"file":"9-2-210x210.jpg","width":210,"height":210,"mime-type":"image\/jpeg","filesize":5945,"url":"https:\/\/maipropertiesmallorca.com\/wp-content\/uploads\/2024\/06\/9-2-210x210.jpg"},"partners-logo":{"file":"9-2-600x756.jpg","width":600,"height":756,"mime-type":"image\/jpeg","filesize":57386,"url":"https:\/\/maipropertiesmallorca.com\/wp-content\/uploads\/2024\/06\/9-2-600x756.jpg"},"post-featured-image":{"file":"9-2-1008x720.jpg","width":1008,"height":720,"mime-type":"image\/jpeg","filesize":87210,"url":"https:\/\/maipropertiesmallorca.com\/wp-content\/uploads\/2024\/06\/9-2-1008x720.jpg"}},"image_meta":{"aperture":"0","credit":"","camera":"","caption":"","created_timestamp":"0","copyright":"","focal_length":"0","iso":"0","shutter_speed":"0","title":"","orientation":"0","keywords":[]},"image-converter":{"thumbnail":"IME","medium":"IME","medium_large":"IME"},"ID":"63418","name":"9-2.jpg","path":"\/home\/maipulvw\/public_html\/wp-content\/uploads\/2024\/06\/9-2.jpg","url":"https:\/\/maipropertiesmallorca.com\/wp-content\/uploads\/2024\/06\/9-2-150x150.jpg","full_url":"https:\/\/maipropertiesmallorca.com\/wp-content\/uploads\/2024\/06\/9-2.jpg","title":"9","caption":"","description":"","alt":"","srcset":"https:\/\/maipropertiesmallorca.com\/wp-content\/uploads\/2024\/06\/9-2-150x150.jpg 150w, https:\/\/maipropertiesmallorca.com\/wp-content\/uploads\/2024\/06\/9-2-210x210.jpg 210w"},{"width":150,"height":150,"file":"2024\/06\/10-2.jpg","filesize":93637,"sizes":{"medium":{"file":"10-2-300x225.jpg","width":300,"height":225,"url":"https:\/\/maipropertiesmallorca.com\/wp-content\/uploads\/2024\/06\/10-2-300x225.jpg"},"thumbnail":{"file":"10-2-150x150.jpg","width":150,"height":150,"url":"https:\/\/maipropertiesmallorca.com\/wp-content\/uploads\/2024\/06\/10-2-150x150.jpg"},"medium_large":{"file":"10-2-768x576.jpg","width":768,"height":576,"url":"https:\/\/maipropertiesmallorca.com\/wp-content\/uploads\/2024\/06\/10-2-768x576.jpg"},"post-thumbnail":{"file":"10-2-150x113.jpg","width":150,"height":113,"mime-type":"image\/jpeg","filesize":3057,"url":"https:\/\/maipropertiesmallorca.com\/wp-content\/uploads\/2024\/06\/10-2-150x113.jpg"},"modern-property-child-slider":{"file":"10-2-680x510.jpg","width":680,"height":510,"mime-type":"image\/jpeg","filesize":36466,"url":"https:\/\/maipropertiesmallorca.com\/wp-content\/uploads\/2024\/06\/10-2-680x510.jpg"},"property-thumb-image":{"file":"10-2-488x326.jpg","width":488,"height":326,"mime-type":"image\/jpeg","filesize":17640,"url":"https:\/\/maipropertiesmallorca.com\/wp-content\/uploads\/2024\/06\/10-2-488x326.jpg"},"property-detail-video-image":{"file":"10-2-818x417.jpg","width":818,"height":417,"mime-type":"image\/jpeg","filesize":35724,"url":"https:\/\/maipropertiesmallorca.com\/wp-content\/uploads\/2024\/06\/10-2-818x417.jpg"},"agent-image":{"file":"10-2-210x210.jpg","width":210,"height":210,"mime-type":"image\/jpeg","filesize":6588,"url":"https:\/\/maipropertiesmallorca.com\/wp-content\/uploads\/2024\/06\/10-2-210x210.jpg"},"partners-logo":{"file":"10-2-600x756.jpg","width":600,"height":756,"mime-type":"image\/jpeg","filesize":63280,"url":"https:\/\/maipropertiesmallorca.com\/wp-content\/uploads\/2024\/06\/10-2-600x756.jpg"},"post-featured-image":{"file":"10-2-1008x720.jpg","width":1008,"height":720,"mime-type":"image\/jpeg","filesize":91673,"url":"https:\/\/maipropertiesmallorca.com\/wp-content\/uploads\/2024\/06\/10-2-1008x720.jpg"}},"image_meta":{"aperture":"0","credit":"","camera":"","caption":"","created_timestamp":"0","copyright":"","focal_length":"0","iso":"0","shutter_speed":"0","title":"","orientation":"0","keywords":[]},"image-converter":{"thumbnail":"IME","medium":"IME","medium_large":"IME"},"ID":"63421","name":"10-2.jpg","path":"\/home\/maipulvw\/public_html\/wp-content\/uploads\/2024\/06\/10-2.jpg","url":"https:\/\/maipropertiesmallorca.com\/wp-content\/uploads\/2024\/06\/10-2-150x150.jpg","full_url":"https:\/\/maipropertiesmallorca.com\/wp-content\/uploads\/2024\/06\/10-2.jpg","title":"10","caption":"","description":"","alt":"","srcset":"https:\/\/maipropertiesmallorca.com\/wp-content\/uploads\/2024\/06\/10-2-150x150.jpg 150w, https:\/\/maipropertiesmallorca.com\/wp-content\/uploads\/2024\/06\/10-2-210x210.jpg 210w"},{"width":150,"height":150,"file":"2024\/06\/11-2.jpg","filesize":128631,"sizes":{"medium":{"file":"11-2-300x225.jpg","width":300,"height":225,"url":"https:\/\/maipropertiesmallorca.com\/wp-content\/uploads\/2024\/06\/11-2-300x225.jpg"},"large":{"file":"11-2-1024x768.jpg","width":1024,"height":768,"url":"https:\/\/maipropertiesmallorca.com\/wp-content\/uploads\/2024\/06\/11-2-1024x768.jpg"},"thumbnail":{"file":"11-2-150x150.jpg","width":150,"height":150,"url":"https:\/\/maipropertiesmallorca.com\/wp-content\/uploads\/2024\/06\/11-2-150x150.jpg"},"medium_large":{"file":"11-2-768x576.jpg","width":768,"height":576,"url":"https:\/\/maipropertiesmallorca.com\/wp-content\/uploads\/2024\/06\/11-2-768x576.jpg"},"post-thumbnail":{"file":"11-2-150x113.jpg","width":150,"height":113,"mime-type":"image\/jpeg","filesize":3262,"url":"https:\/\/maipropertiesmallorca.com\/wp-content\/uploads\/2024\/06\/11-2-150x113.jpg"},"modern-property-child-slider":{"file":"11-2-680x510.jpg","width":680,"height":510,"mime-type":"image\/jpeg","filesize":33423,"url":"https:\/\/maipropertiesmallorca.com\/wp-content\/uploads\/2024\/06\/11-2-680x510.jpg"},"property-thumb-image":{"file":"11-2-488x326.jpg","width":488,"height":326,"mime-type":"image\/jpeg","filesize":18255,"url":"https:\/\/maipropertiesmallorca.com\/wp-content\/uploads\/2024\/06\/11-2-488x326.jpg"},"property-detail-video-image":{"file":"11-2-818x417.jpg","width":818,"height":417,"mime-type":"image\/jpeg","filesize":34259,"url":"https:\/\/maipropertiesmallorca.com\/wp-content\/uploads\/2024\/06\/11-2-818x417.jpg"},"agent-image":{"file":"11-2-210x210.jpg","width":210,"height":210,"mime-type":"image\/jpeg","filesize":6590,"url":"https:\/\/maipropertiesmallorca.com\/wp-content\/uploads\/2024\/06\/11-2-210x210.jpg"},"partners-logo":{"file":"11-2-600x1071.jpg","width":600,"height":1071,"mime-type":"image\/jpeg","filesize":55237,"url":"https:\/\/maipropertiesmallorca.com\/wp-content\/uploads\/2024\/06\/11-2-600x1071.jpg"},"post-featured-image":{"file":"11-2-1240x720.jpg","width":1240,"height":720,"mime-type":"image\/jpeg","filesize":72657,"url":"https:\/\/maipropertiesmallorca.com\/wp-content\/uploads\/2024\/06\/11-2-1240x720.jpg"}},"image_meta":{"aperture":"0","credit":"","camera":"","caption":"","created_timestamp":"0","copyright":"","focal_length":"0","iso":"0","shutter_speed":"0","title":"","orientation":"0","keywords":[]},"image-converter":{"thumbnail":"IME","medium":"IME","medium_large":"IME","large":"IME"},"ID":"63424","name":"11-2.jpg","path":"\/home\/maipulvw\/public_html\/wp-content\/uploads\/2024\/06\/11-2.jpg","url":"https:\/\/maipropertiesmallorca.com\/wp-content\/uploads\/2024\/06\/11-2-150x150.jpg","full_url":"https:\/\/maipropertiesmallorca.com\/wp-content\/uploads\/2024\/06\/11-2.jpg","title":"11","caption":"","description":"","alt":"","srcset":"https:\/\/maipropertiesmallorca.com\/wp-content\/uploads\/2024\/06\/11-2-150x150.jpg 150w, https:\/\/maipropertiesmallorca.com\/wp-content\/uploads\/2024\/06\/11-2-210x210.jpg 210w"},{"width":150,"height":150,"file":"2024\/06\/12-2.jpg","filesize":102278,"sizes":{"medium":{"file":"12-2-225x300.jpg","width":225,"height":300,"url":"https:\/\/maipropertiesmallorca.com\/wp-content\/uploads\/2024\/06\/12-2-225x300.jpg"},"thumbnail":{"file":"12-2-150x150.jpg","width":150,"height":150,"url":"https:\/\/maipropertiesmallorca.com\/wp-content\/uploads\/2024\/06\/12-2-150x150.jpg"},"post-thumbnail":{"file":"12-2-113x150.jpg","width":113,"height":150,"mime-type":"image\/jpeg","filesize":3820,"url":"https:\/\/maipropertiesmallorca.com\/wp-content\/uploads\/2024\/06\/12-2-113x150.jpg"},"modern-property-child-slider":{"file":"12-2-680x510.jpg","width":680,"height":510,"mime-type":"image\/jpeg","filesize":44616,"url":"https:\/\/maipropertiesmallorca.com\/wp-content\/uploads\/2024\/06\/12-2-680x510.jpg"},"property-thumb-image":{"file":"12-2-488x326.jpg","width":488,"height":326,"mime-type":"image\/jpeg","filesize":22380,"url":"https:\/\/maipropertiesmallorca.com\/wp-content\/uploads\/2024\/06\/12-2-488x326.jpg"},"property-detail-video-image":{"file":"12-2-756x417.jpg","width":756,"height":417,"mime-type":"image\/jpeg","filesize":48616,"url":"https:\/\/maipropertiesmallorca.com\/wp-content\/uploads\/2024\/06\/12-2-756x417.jpg"},"agent-image":{"file":"12-2-210x210.jpg","width":210,"height":210,"mime-type":"image\/jpeg","filesize":8104,"url":"https:\/\/maipropertiesmallorca.com\/wp-content\/uploads\/2024\/06\/12-2-210x210.jpg"},"partners-logo":{"file":"12-2-600x1008.jpg","width":600,"height":1008,"mime-type":"image\/jpeg","filesize":84172,"url":"https:\/\/maipropertiesmallorca.com\/wp-content\/uploads\/2024\/06\/12-2-600x1008.jpg"},"post-featured-image":{"file":"12-2-756x720.jpg","width":756,"height":720,"mime-type":"image\/jpeg","filesize":75597,"url":"https:\/\/maipropertiesmallorca.com\/wp-content\/uploads\/2024\/06\/12-2-756x720.jpg"}},"image_meta":{"aperture":"0","credit":"","camera":"","caption":"","created_timestamp":"0","copyright":"","focal_length":"0","iso":"0","shutter_speed":"0","title":"","orientation":"0","keywords":[]},"image-converter":{"thumbnail":"IME","medium":"IME"},"ID":"63427","name":"12-2.jpg","path":"\/home\/maipulvw\/public_html\/wp-content\/uploads\/2024\/06\/12-2.jpg","url":"https:\/\/maipropertiesmallorca.com\/wp-content\/uploads\/2024\/06\/12-2-150x150.jpg","full_url":"https:\/\/maipropertiesmallorca.com\/wp-content\/uploads\/2024\/06\/12-2.jpg","title":"12","caption":"","description":"","alt":"","srcset":"https:\/\/maipropertiesmallorca.com\/wp-content\/uploads\/2024\/06\/12-2-150x150.jpg 150w, https:\/\/maipropertiesmallorca.com\/wp-content\/uploads\/2024\/06\/12-2-210x210.jpg 210w"},{"width":150,"height":150,"file":"2024\/06\/13-2.jpg","filesize":172581,"sizes":{"medium":{"file":"13-2-300x225.jpg","width":300,"height":225,"url":"https:\/\/maipropertiesmallorca.com\/wp-content\/uploads\/2024\/06\/13-2-300x225.jpg"},"large":{"file":"13-2-1024x768.jpg","width":1024,"height":768,"url":"https:\/\/maipropertiesmallorca.com\/wp-content\/uploads\/2024\/06\/13-2-1024x768.jpg"},"thumbnail":{"file":"13-2-150x150.jpg","width":150,"height":150,"url":"https:\/\/maipropertiesmallorca.com\/wp-content\/uploads\/2024\/06\/13-2-150x150.jpg"},"medium_large":{"file":"13-2-768x576.jpg","width":768,"height":576,"url":"https:\/\/maipropertiesmallorca.com\/wp-content\/uploads\/2024\/06\/13-2-768x576.jpg"},"post-thumbnail":{"file":"13-2-150x113.jpg","width":150,"height":113,"mime-type":"image\/jpeg","filesize":4094,"url":"https:\/\/maipropertiesmallorca.com\/wp-content\/uploads\/2024\/06\/13-2-150x113.jpg"},"modern-property-child-slider":{"file":"13-2-680x510.jpg","width":680,"height":510,"mime-type":"image\/jpeg","filesize":43010,"url":"https:\/\/maipropertiesmallorca.com\/wp-content\/uploads\/2024\/06\/13-2-680x510.jpg"},"property-thumb-image":{"file":"13-2-488x326.jpg","width":488,"height":326,"mime-type":"image\/jpeg","filesize":23339,"url":"https:\/\/maipropertiesmallorca.com\/wp-content\/uploads\/2024\/06\/13-2-488x326.jpg"},"property-detail-video-image":{"file":"13-2-818x417.jpg","width":818,"height":417,"mime-type":"image\/jpeg","filesize":44980,"url":"https:\/\/maipropertiesmallorca.com\/wp-content\/uploads\/2024\/06\/13-2-818x417.jpg"},"agent-image":{"file":"13-2-210x210.jpg","width":210,"height":210,"mime-type":"image\/jpeg","filesize":8982,"url":"https:\/\/maipropertiesmallorca.com\/wp-content\/uploads\/2024\/06\/13-2-210x210.jpg"},"partners-logo":{"file":"13-2-600x1071.jpg","width":600,"height":1071,"mime-type":"image\/jpeg","filesize":93909,"url":"https:\/\/maipropertiesmallorca.com\/wp-content\/uploads\/2024\/06\/13-2-600x1071.jpg"},"post-featured-image":{"file":"13-2-1240x720.jpg","width":1240,"height":720,"mime-type":"image\/jpeg","filesize":98946,"url":"https:\/\/maipropertiesmallorca.com\/wp-content\/uploads\/2024\/06\/13-2-1240x720.jpg"}},"image_meta":{"aperture":"0","credit":"","camera":"","caption":"","created_timestamp":"0","copyright":"","focal_length":"0","iso":"0","shutter_speed":"0","title":"","orientation":"0","keywords":[]},"image-converter":{"thumbnail":"IME","medium":"IME","medium_large":"IME","large":"IME"},"ID":"63430","name":"13-2.jpg","path":"\/home\/maipulvw\/public_html\/wp-content\/uploads\/2024\/06\/13-2.jpg","url":"https:\/\/maipropertiesmallorca.com\/wp-content\/uploads\/2024\/06\/13-2-150x150.jpg","full_url":"https:\/\/maipropertiesmallorca.com\/wp-content\/uploads\/2024\/06\/13-2.jpg","title":"13","caption":"","description":"","alt":"","srcset":"https:\/\/maipropertiesmallorca.com\/wp-content\/uploads\/2024\/06\/13-2-150x150.jpg 150w, https:\/\/maipropertiesmallorca.com\/wp-content\/uploads\/2024\/06\/13-2-210x210.jpg 210w"},{"width":150,"height":150,"file":"2024\/06\/14-2.jpg","filesize":133495,"sizes":{"medium":{"file":"14-2-300x225.jpg","width":300,"height":225,"url":"https:\/\/maipropertiesmallorca.com\/wp-content\/uploads\/2024\/06\/14-2-300x225.jpg"},"thumbnail":{"file":"14-2-150x150.jpg","width":150,"height":150,"url":"https:\/\/maipropertiesmallorca.com\/wp-content\/uploads\/2024\/06\/14-2-150x150.jpg"},"medium_large":{"file":"14-2-768x576.jpg","width":768,"height":576,"url":"https:\/\/maipropertiesmallorca.com\/wp-content\/uploads\/2024\/06\/14-2-768x576.jpg"},"post-thumbnail":{"file":"14-2-150x113.jpg","width":150,"height":113,"mime-type":"image\/jpeg","filesize":4735,"url":"https:\/\/maipropertiesmallorca.com\/wp-content\/uploads\/2024\/06\/14-2-150x113.jpg"},"modern-property-child-slider":{"file":"14-2-680x510.jpg","width":680,"height":510,"mime-type":"image\/jpeg","filesize":58364,"url":"https:\/\/maipropertiesmallorca.com\/wp-content\/uploads\/2024\/06\/14-2-680x510.jpg"},"property-thumb-image":{"file":"14-2-488x326.jpg","width":488,"height":326,"mime-type":"image\/jpeg","filesize":31133,"url":"https:\/\/maipropertiesmallorca.com\/wp-content\/uploads\/2024\/06\/14-2-488x326.jpg"},"property-detail-video-image":{"file":"14-2-818x417.jpg","width":818,"height":417,"mime-type":"image\/jpeg","filesize":64900,"url":"https:\/\/maipropertiesmallorca.com\/wp-content\/uploads\/2024\/06\/14-2-818x417.jpg"},"agent-image":{"file":"14-2-210x210.jpg","width":210,"height":210,"mime-type":"image\/jpeg","filesize":9888,"url":"https:\/\/maipropertiesmallorca.com\/wp-content\/uploads\/2024\/06\/14-2-210x210.jpg"},"partners-logo":{"file":"14-2-600x756.jpg","width":600,"height":756,"mime-type":"image\/jpeg","filesize":76360,"url":"https:\/\/maipropertiesmallorca.com\/wp-content\/uploads\/2024\/06\/14-2-600x756.jpg"},"post-featured-image":{"file":"14-2-1008x720.jpg","width":1008,"height":720,"mime-type":"image\/jpeg","filesize":136430,"url":"https:\/\/maipropertiesmallorca.com\/wp-content\/uploads\/2024\/06\/14-2-1008x720.jpg"}},"image_meta":{"aperture":"0","credit":"","camera":"","caption":"","created_timestamp":"0","copyright":"","focal_length":"0","iso":"0","shutter_speed":"0","title":"","orientation":"0","keywords":[]},"image-converter":{"thumbnail":"IME","medium":"IME","medium_large":"IME"},"ID":"63433","name":"14-2.jpg","path":"\/home\/maipulvw\/public_html\/wp-content\/uploads\/2024\/06\/14-2.jpg","url":"https:\/\/maipropertiesmallorca.com\/wp-content\/uploads\/2024\/06\/14-2-150x150.jpg","full_url":"https:\/\/maipropertiesmallorca.com\/wp-content\/uploads\/2024\/06\/14-2.jpg","title":"14","caption":"","description":"","alt":"","srcset":"https:\/\/maipropertiesmallorca.com\/wp-content\/uploads\/2024\/06\/14-2-150x150.jpg 150w, https:\/\/maipropertiesmallorca.com\/wp-content\/uploads\/2024\/06\/14-2-210x210.jpg 210w"},{"width":150,"height":150,"file":"2024\/06\/15-2.jpg","filesize":133226,"sizes":{"medium":{"file":"15-2-300x225.jpg","width":300,"height":225,"url":"https:\/\/maipropertiesmallorca.com\/wp-content\/uploads\/2024\/06\/15-2-300x225.jpg"},"thumbnail":{"file":"15-2-150x150.jpg","width":150,"height":150,"url":"https:\/\/maipropertiesmallorca.com\/wp-content\/uploads\/2024\/06\/15-2-150x150.jpg"},"medium_large":{"file":"15-2-768x576.jpg","width":768,"height":576,"url":"https:\/\/maipropertiesmallorca.com\/wp-content\/uploads\/2024\/06\/15-2-768x576.jpg"},"post-thumbnail":{"file":"15-2-150x113.jpg","width":150,"height":113,"mime-type":"image\/jpeg","filesize":3664,"url":"https:\/\/maipropertiesmallorca.com\/wp-content\/uploads\/2024\/06\/15-2-150x113.jpg"},"modern-property-child-slider":{"file":"15-2-680x510.jpg","width":680,"height":510,"mime-type":"image\/jpeg","filesize":54123,"url":"https:\/\/maipropertiesmallorca.com\/wp-content\/uploads\/2024\/06\/15-2-680x510.jpg"},"property-thumb-image":{"file":"15-2-488x326.jpg","width":488,"height":326,"mime-type":"image\/jpeg","filesize":25244,"url":"https:\/\/maipropertiesmallorca.com\/wp-content\/uploads\/2024\/06\/15-2-488x326.jpg"},"property-detail-video-image":{"file":"15-2-818x417.jpg","width":818,"height":417,"mime-type":"image\/jpeg","filesize":49507,"url":"https:\/\/maipropertiesmallorca.com\/wp-content\/uploads\/2024\/06\/15-2-818x417.jpg"},"agent-image":{"file":"15-2-210x210.jpg","width":210,"height":210,"mime-type":"image\/jpeg","filesize":8150,"url":"https:\/\/maipropertiesmallorca.com\/wp-content\/uploads\/2024\/06\/15-2-210x210.jpg"},"partners-logo":{"file":"15-2-600x756.jpg","width":600,"height":756,"mime-type":"image\/jpeg","filesize":84579,"url":"https:\/\/maipropertiesmallorca.com\/wp-content\/uploads\/2024\/06\/15-2-600x756.jpg"},"post-featured-image":{"file":"15-2-1008x720.jpg","width":1008,"height":720,"mime-type":"image\/jpeg","filesize":133628,"url":"https:\/\/maipropertiesmallorca.com\/wp-content\/uploads\/2024\/06\/15-2-1008x720.jpg"}},"image_meta":{"aperture":"0","credit":"","camera":"","caption":"","created_timestamp":"0","copyright":"","focal_length":"0","iso":"0","shutter_speed":"0","title":"","orientation":"0","keywords":[]},"image-converter":{"thumbnail":"IME","medium":"IME","medium_large":"IME"},"ID":"63436","name":"15-2.jpg","path":"\/home\/maipulvw\/public_html\/wp-content\/uploads\/2024\/06\/15-2.jpg","url":"https:\/\/maipropertiesmallorca.com\/wp-content\/uploads\/2024\/06\/15-2-150x150.jpg","full_url":"https:\/\/maipropertiesmallorca.com\/wp-content\/uploads\/2024\/06\/15-2.jpg","title":"15","caption":"","description":"","alt":"","srcset":"https:\/\/maipropertiesmallorca.com\/wp-content\/uploads\/2024\/06\/15-2-150x150.jpg 150w, https:\/\/maipropertiesmallorca.com\/wp-content\/uploads\/2024\/06\/15-2-210x210.jpg 210w"},{"width":150,"height":150,"file":"2024\/06\/16-1.jpg","filesize":225343,"sizes":{"medium":{"file":"16-1-300x225.jpg","width":300,"height":225,"url":"https:\/\/maipropertiesmallorca.com\/wp-content\/uploads\/2024\/06\/16-1-300x225.jpg"},"thumbnail":{"file":"16-1-150x150.jpg","width":150,"height":150,"url":"https:\/\/maipropertiesmallorca.com\/wp-content\/uploads\/2024\/06\/16-1-150x150.jpg"},"medium_large":{"file":"16-1-768x576.jpg","width":768,"height":576,"url":"https:\/\/maipropertiesmallorca.com\/wp-content\/uploads\/2024\/06\/16-1-768x576.jpg"},"post-thumbnail":{"file":"16-1-150x113.jpg","width":150,"height":113,"mime-type":"image\/jpeg","filesize":4913,"url":"https:\/\/maipropertiesmallorca.com\/wp-content\/uploads\/2024\/06\/16-1-150x113.jpg"},"modern-property-child-slider":{"file":"16-1-680x510.jpg","width":680,"height":510,"mime-type":"image\/jpeg","filesize":87528,"url":"https:\/\/maipropertiesmallorca.com\/wp-content\/uploads\/2024\/06\/16-1-680x510.jpg"},"property-thumb-image":{"file":"16-1-488x326.jpg","width":488,"height":326,"mime-type":"image\/jpeg","filesize":41704,"url":"https:\/\/maipropertiesmallorca.com\/wp-content\/uploads\/2024\/06\/16-1-488x326.jpg"},"property-detail-video-image":{"file":"16-1-818x417.jpg","width":818,"height":417,"mime-type":"image\/jpeg","filesize":96534,"url":"https:\/\/maipropertiesmallorca.com\/wp-content\/uploads\/2024\/06\/16-1-818x417.jpg"},"agent-image":{"file":"16-1-210x210.jpg","width":210,"height":210,"mime-type":"image\/jpeg","filesize":11647,"url":"https:\/\/maipropertiesmallorca.com\/wp-content\/uploads\/2024\/06\/16-1-210x210.jpg"},"partners-logo":{"file":"16-1-600x756.jpg","width":600,"height":756,"mime-type":"image\/jpeg","filesize":137960,"url":"https:\/\/maipropertiesmallorca.com\/wp-content\/uploads\/2024\/06\/16-1-600x756.jpg"},"post-featured-image":{"file":"16-1-1008x720.jpg","width":1008,"height":720,"mime-type":"image\/jpeg","filesize":226947,"url":"https:\/\/maipropertiesmallorca.com\/wp-content\/uploads\/2024\/06\/16-1-1008x720.jpg"}},"image_meta":{"aperture":"0","credit":"","camera":"","caption":"","created_timestamp":"0","copyright":"","focal_length":"0","iso":"0","shutter_speed":"0","title":"","orientation":"0","keywords":[]},"image-converter":{"thumbnail":"IME","medium":"IME","medium_large":"IME"},"ID":"63439","name":"16-1.jpg","path":"\/home\/maipulvw\/public_html\/wp-content\/uploads\/2024\/06\/16-1.jpg","url":"https:\/\/maipropertiesmallorca.com\/wp-content\/uploads\/2024\/06\/16-1-150x150.jpg","full_url":"https:\/\/maipropertiesmallorca.com\/wp-content\/uploads\/2024\/06\/16-1.jpg","title":"16","caption":"","description":"","alt":"","srcset":"https:\/\/maipropertiesmallorca.com\/wp-content\/uploads\/2024\/06\/16-1-150x150.jpg 150w, https:\/\/maipropertiesmallorca.com\/wp-content\/uploads\/2024\/06\/16-1-210x210.jpg 210w"}],"REAL_HOMES_change_gallery_slider_type":"0","REAL_HOMES_gallery_slider_type":"carousel-style","inspiry_floor_plans":[],"inspiry_video_group":[],"REAL_HOMES_360_virtual_tour":"","REAL_HOMES_agent_display_option":"none","REAL_HOMES_agents":[],"REAL_HOMES_energy_class":"none","REAL_HOMES_energy_performance":"","REAL_HOMES_epc_current_rating":"","REAL_HOMES_epc_potential_rating":"","ere_property_schedule_tour":"global","ere_property_schedule_time_slots":"","ere_property_schedule_description":"","REAL_HOMES_sticky":"0","inspiry_property_label":"VENDIDO","inspiry_property_label_color":"#dd3333","inspiry_property_tax":"","inspiry_additional_fee":"","REAL_HOMES_attachments":[],"inspiry_property_owner_name":"","inspiry_property_owner_contact":"","inspiry_property_owner_address":"","REAL_HOMES_property_private_note":"","inspiry_message_to_reviewer":"","REAL_HOMES_add_in_slider":"no","REAL_HOMES_slider_image":[],"REAL_HOMES_page_banner_image":[],"REAL_HOMES_custom_header_display":"default","REAL_HOMES_custom_header_position":"relative","REAL_HOMES_custom_footer_display":"default","REAL_HOMES_hide_advance_search":"0","REAL_HOMES_custom_search_form":"default","REAL_HOMES_search_form_margin_top":"","REAL_HOMES_search_form_margin_bottom":""},"_links":{"self":[{"href":"https:\/\/maipropertiesmallorca.com\/es\/wp-json\/wp\/v2\/properties\/63449","targetHints":{"allow":["GET"]}}],"collection":[{"href":"https:\/\/maipropertiesmallorca.com\/es\/wp-json\/wp\/v2\/properties"}],"about":[{"href":"https:\/\/maipropertiesmallorca.com\/es\/wp-json\/wp\/v2\/types\/property"}],"author":[{"embeddable":true,"href":"https:\/\/maipropertiesmallorca.com\/es\/wp-json\/wp\/v2\/users\/4"}],"replies":[{"embeddable":true,"href":"https:\/\/maipropertiesmallorca.com\/es\/wp-json\/wp\/v2\/comments?post=63449"}],"version-history":[{"count":0,"href":"https:\/\/maipropertiesmallorca.com\/es\/wp-json\/wp\/v2\/properties\/63449\/revisions"}],"wp:featuredmedia":[{"embeddable":true,"href":"https:\/\/maipropertiesmallorca.com\/es\/wp-json\/wp\/v2\/media\/63394"}],"wp:attachment":[{"href":"https:\/\/maipropertiesmallorca.com\/es\/wp-json\/wp\/v2\/media?parent=63449"}],"wp:term":[{"taxonomy":"property-feature","embeddable":true,"href":"https:\/\/maipropertiesmallorca.com\/es\/wp-json\/wp\/v2\/caracter\u00edsticas-propiedad?post=63449"},{"taxonomy":"property-type","embeddable":true,"href":"https:\/\/maipropertiesmallorca.com\/es\/wp-json\/wp\/v2\/tipos-propiedad?post=63449"},{"taxonomy":"property-city","embeddable":true,"href":"https:\/\/maipropertiesmallorca.com\/es\/wp-json\/wp\/v2\/ciudades-propiedad?post=63449"},{"taxonomy":"property-status","embeddable":true,"href":"https:\/\/maipropertiesmallorca.com\/es\/wp-json\/wp\/v2\/estatus-propiedad?post=63449"}],"curies":[{"name":"wp","href":"https:\/\/api.w.org\/{rel}","templated":true}]}}