{"id":69316,"date":"2024-11-12T11:08:55","date_gmt":"2024-11-12T10:08:55","guid":{"rendered":"https:\/\/maipropertiesmallorca.com\/property\/villa-in-zweites-meereslinie-in-playa-de-palma\/"},"modified":"2025-03-16T11:11:57","modified_gmt":"2025-03-16T10:11:57","slug":"villa-in-zweites-meereslinie-in-playa-de-palma","status":"publish","type":"property","link":"https:\/\/maipropertiesmallorca.com\/de\/immobilie\/villa-in-zweites-meereslinie-in-playa-de-palma\/","title":{"rendered":"Villa in zweites Meereslinie in Playa de Palma"},"content":{"rendered":"\n<p>Wir pr\u00e4sentieren diese fantastische Villa direkt in zweiter Strandlinie in Playa de Palma, im S\u00fcden Mallorcas.<\/p>\n\n<p>Auf einem Grundst\u00fcck von 540 Quadratmetern und mit einer Wohnfl\u00e4che von 134 Quadratmetern finden Sie diese wunderbare Villa nur wenige Schritte vom wei\u00dfen Sandstrand entfernt.<\/p>\n\n<p>Das Anwesen erstreckt sich \u00fcber 2 Etagen und bietet ein Wohnzimmer, eine voll ausgestattete K\u00fcche sowie 4 Doppelschlafzimmer und 2 Badezimmer. Es gibt auch ein Waschraum.<\/p>\n\n<p>Alle Zimmer verf\u00fcgen \u00fcber eine Klimaanlage mit W\u00e4rmepumpe und alle Fenster sind doppelt verglast. Im Erdgeschoss befindet sich auch eine Garage.<\/p>\n\n<p>Es verf\u00fcgt \u00fcber mehrere Terrassen mit herrlichem Blick auf das Mittelmeer und einen gro\u00dfen Garten, in dem die ganze Familie ihren Spa\u00df haben kann.<\/p>\n\n<p>Die Villa wurde renoviert und ist komplett bezugsfertig. Verpassen Sie nicht diese gro\u00dfartige Gelegenheit, Ihren Traum zu leben.<\/p>\n","protected":false},"excerpt":{"rendered":"<p>Wir pr\u00e4sentieren diese fantastische Villa direkt in zweiter Strandlinie in Playa de Palma, im S\u00fcden Mallorcas. Auf einem Grundst\u00fcck von 540 Quadratmetern und mit einer Wohnfl\u00e4che von 134 Quadratmetern finden Sie diese wunderbare Villa nur wenige Schritte vom wei\u00dfen Sandstrand entfernt. Das Anwesen erstreckt sich \u00fcber 2 Etagen und bietet ein Wohnzimmer, eine voll ausgestattete&#8230;<\/p>\n","protected":false},"author":4,"featured_media":69244,"parent":0,"menu_order":0,"comment_status":"closed","ping_status":"closed","template":"","feature-des-immobiliens":[204,167,168,164,304,192],"immobilientypen":[193],"immobilien-orte":[218,368],"immobilienstatus":[171],"class_list":["post-69316","property","type-property","status-publish","has-post-thumbnail","hentry","property-feature-2-etagen-de","property-feature-garage-de","property-feature-garten-de","property-feature-klimaanlage-de","property-feature-meerblick","property-feature-modern-de","property-type-villa-de","property-city-palma-de-mallorca-de","property-city-playa-de-palma-de","property-status-kaufen-de"],"property_meta":{"REAL_HOMES_property_price":"739000","REAL_HOMES_property_old_price":"799000","REAL_HOMES_property_price_prefix":"","REAL_HOMES_property_price_postfix":"","REAL_HOMES_property_size":"134","REAL_HOMES_property_size_postfix":"qm","REAL_HOMES_property_lot_size":"","REAL_HOMES_property_lot_size_postfix":"","REAL_HOMES_property_bedrooms":"4","REAL_HOMES_property_bathrooms":"2","REAL_HOMES_property_garage":"1","REAL_HOMES_property_id":"1078","REAL_HOMES_property_year_built":"","rvr_property_owner":"","REAL_HOMES_featured":"","REAL_HOMES_additional_details_list":[],"REAL_HOMES_property_location":{"latitude":"39.5231119","longitude":"2.7393943","zoom":"13"},"REAL_HOMES_property_address":"8, Carrer d'Acapulco, Les Meravelles, Es Pil\u00b7lar\u00ed, Palma, Islas Baleares, 07610, Espa\u00f1a","REAL_HOMES_property_map":"","REAL_HOMES_property_images":[{"width":113,"height":150,"file":"2024\/11\/1.webp","filesize":471832,"sizes":{"1536x1536":{"file":"1-1152x1536.webp","width":1152,"height":1536,"mime-type":"image\/webp","filesize":371330,"url":"https:\/\/maipropertiesmallorca.com\/wp-content\/uploads\/2024\/11\/1-1152x1536.webp"},"post-thumbnail":{"file":"1-113x150.webp","width":113,"height":150,"mime-type":"image\/webp","filesize":4852,"url":"https:\/\/maipropertiesmallorca.com\/wp-content\/uploads\/2024\/11\/1-113x150.webp"},"modern-property-child-slider":{"file":"1-680x510.webp","width":680,"height":510,"mime-type":"image\/webp","filesize":111748,"url":"https:\/\/maipropertiesmallorca.com\/wp-content\/uploads\/2024\/11\/1-680x510.webp"},"property-thumb-image":{"file":"1-488x326.webp","width":488,"height":326,"mime-type":"image\/webp","filesize":55408,"url":"https:\/\/maipropertiesmallorca.com\/wp-content\/uploads\/2024\/11\/1-488x326.webp"},"property-detail-video-image":{"file":"1-818x417.webp","width":818,"height":417,"mime-type":"image\/webp","filesize":104746,"url":"https:\/\/maipropertiesmallorca.com\/wp-content\/uploads\/2024\/11\/1-818x417.webp"},"agent-image":{"file":"1-210x210.webp","width":210,"height":210,"mime-type":"image\/webp","filesize":13870,"url":"https:\/\/maipropertiesmallorca.com\/wp-content\/uploads\/2024\/11\/1-210x210.webp"},"partners-logo":{"file":"1-600x1600.webp","width":600,"height":1600,"mime-type":"image\/webp","filesize":229252,"url":"https:\/\/maipropertiesmallorca.com\/wp-content\/uploads\/2024\/11\/1-600x1600.webp"},"post-featured-image":{"file":"1-1200x720.webp","width":1200,"height":720,"mime-type":"image\/webp","filesize":264482,"url":"https:\/\/maipropertiesmallorca.com\/wp-content\/uploads\/2024\/11\/1-1200x720.webp"}},"image_meta":{"aperture":"0","credit":"","camera":"","caption":"","created_timestamp":"0","copyright":"","focal_length":"0","iso":"0","shutter_speed":"0","title":"","orientation":"0","keywords":[]},"dominant_color":"93a1a1","has_transparency":false,"sources":{"image\/webp":{"file":"1.webp","filesize":471832}},"ID":"69244","name":"1.webp","path":"\/home\/maipulvw\/public_html\/wp-content\/uploads\/2024\/11\/1.webp","url":"https:\/\/maipropertiesmallorca.com\/wp-content\/uploads\/2024\/11\/1.webp","full_url":"https:\/\/maipropertiesmallorca.com\/wp-content\/uploads\/2024\/11\/1.webp","title":"1","caption":"","description":"","alt":"","srcset":"https:\/\/maipropertiesmallorca.com\/wp-content\/uploads\/2024\/11\/1.webp 1200w, https:\/\/maipropertiesmallorca.com\/wp-content\/uploads\/2024\/11\/1-1152x1536.webp 1152w, https:\/\/maipropertiesmallorca.com\/wp-content\/uploads\/2024\/11\/1-113x150.webp 113w"},{"width":113,"height":150,"file":"2024\/11\/2.webp","filesize":519276,"sizes":{"1536x1536":{"file":"2-1152x1536.webp","width":1152,"height":1536,"mime-type":"image\/webp","filesize":417332,"url":"https:\/\/maipropertiesmallorca.com\/wp-content\/uploads\/2024\/11\/2-1152x1536.webp"},"post-thumbnail":{"file":"2-113x150.webp","width":113,"height":150,"mime-type":"image\/webp","filesize":6384,"url":"https:\/\/maipropertiesmallorca.com\/wp-content\/uploads\/2024\/11\/2-113x150.webp"},"modern-property-child-slider":{"file":"2-680x510.webp","width":680,"height":510,"mime-type":"image\/webp","filesize":94244,"url":"https:\/\/maipropertiesmallorca.com\/wp-content\/uploads\/2024\/11\/2-680x510.webp"},"property-thumb-image":{"file":"2-488x326.webp","width":488,"height":326,"mime-type":"image\/webp","filesize":47560,"url":"https:\/\/maipropertiesmallorca.com\/wp-content\/uploads\/2024\/11\/2-488x326.webp"},"property-detail-video-image":{"file":"2-818x417.webp","width":818,"height":417,"mime-type":"image\/webp","filesize":90400,"url":"https:\/\/maipropertiesmallorca.com\/wp-content\/uploads\/2024\/11\/2-818x417.webp"},"agent-image":{"file":"2-210x210.webp","width":210,"height":210,"mime-type":"image\/webp","filesize":15118,"url":"https:\/\/maipropertiesmallorca.com\/wp-content\/uploads\/2024\/11\/2-210x210.webp"},"partners-logo":{"file":"2-600x1600.webp","width":600,"height":1600,"mime-type":"image\/webp","filesize":259554,"url":"https:\/\/maipropertiesmallorca.com\/wp-content\/uploads\/2024\/11\/2-600x1600.webp"},"post-featured-image":{"file":"2-1200x720.webp","width":1200,"height":720,"mime-type":"image\/webp","filesize":231638,"url":"https:\/\/maipropertiesmallorca.com\/wp-content\/uploads\/2024\/11\/2-1200x720.webp"}},"image_meta":{"aperture":"0","credit":"","camera":"","caption":"","created_timestamp":"0","copyright":"","focal_length":"0","iso":"0","shutter_speed":"0","title":"","orientation":"0","keywords":[]},"dominant_color":"5b6664","has_transparency":false,"sources":{"image\/webp":{"file":"2.webp","filesize":519276}},"ID":"69247","name":"2.webp","path":"\/home\/maipulvw\/public_html\/wp-content\/uploads\/2024\/11\/2.webp","url":"https:\/\/maipropertiesmallorca.com\/wp-content\/uploads\/2024\/11\/2.webp","full_url":"https:\/\/maipropertiesmallorca.com\/wp-content\/uploads\/2024\/11\/2.webp","title":"2","caption":"","description":"","alt":"","srcset":"https:\/\/maipropertiesmallorca.com\/wp-content\/uploads\/2024\/11\/2.webp 1200w, https:\/\/maipropertiesmallorca.com\/wp-content\/uploads\/2024\/11\/2-1152x1536.webp 1152w, https:\/\/maipropertiesmallorca.com\/wp-content\/uploads\/2024\/11\/2-113x150.webp 113w"},{"width":113,"height":150,"file":"2024\/11\/3-jpeg.webp","filesize":267144,"sizes":{"1536x1536":{"file":"3-jpeg-1152x1536.webp","width":1152,"height":1536,"mime-type":"image\/webp","filesize":203110,"url":"https:\/\/maipropertiesmallorca.com\/wp-content\/uploads\/2024\/11\/3-jpeg-1152x1536.webp"},"post-thumbnail":{"file":"3-jpeg-113x150.webp","width":113,"height":150,"mime-type":"image\/webp","filesize":4374,"url":"https:\/\/maipropertiesmallorca.com\/wp-content\/uploads\/2024\/11\/3-jpeg-113x150.webp"},"modern-property-child-slider":{"file":"3-jpeg-680x510.webp","width":680,"height":510,"mime-type":"image\/webp","filesize":58346,"url":"https:\/\/maipropertiesmallorca.com\/wp-content\/uploads\/2024\/11\/3-jpeg-680x510.webp"},"property-thumb-image":{"file":"3-jpeg-488x326.webp","width":488,"height":326,"mime-type":"image\/webp","filesize":31330,"url":"https:\/\/maipropertiesmallorca.com\/wp-content\/uploads\/2024\/11\/3-jpeg-488x326.webp"},"property-detail-video-image":{"file":"3-jpeg-818x417.webp","width":818,"height":417,"mime-type":"image\/webp","filesize":58162,"url":"https:\/\/maipropertiesmallorca.com\/wp-content\/uploads\/2024\/11\/3-jpeg-818x417.webp"},"agent-image":{"file":"3-jpeg-210x210.webp","width":210,"height":210,"mime-type":"image\/webp","filesize":9766,"url":"https:\/\/maipropertiesmallorca.com\/wp-content\/uploads\/2024\/11\/3-jpeg-210x210.webp"},"partners-logo":{"file":"3-jpeg-600x1600.webp","width":600,"height":1600,"mime-type":"image\/webp","filesize":139840,"url":"https:\/\/maipropertiesmallorca.com\/wp-content\/uploads\/2024\/11\/3-jpeg-600x1600.webp"},"post-featured-image":{"file":"3-jpeg-1200x720.webp","width":1200,"height":720,"mime-type":"image\/webp","filesize":137516,"url":"https:\/\/maipropertiesmallorca.com\/wp-content\/uploads\/2024\/11\/3-jpeg-1200x720.webp"}},"image_meta":{"aperture":"0","credit":"","camera":"","caption":"","created_timestamp":"0","copyright":"","focal_length":"0","iso":"0","shutter_speed":"0","title":"","orientation":"0","keywords":[]},"dominant_color":"a79887","has_transparency":false,"sources":{"image\/webp":{"file":"3-jpeg.webp","filesize":267144}},"ID":"69250","name":"3-jpeg.webp","path":"\/home\/maipulvw\/public_html\/wp-content\/uploads\/2024\/11\/3-jpeg.webp","url":"https:\/\/maipropertiesmallorca.com\/wp-content\/uploads\/2024\/11\/3-jpeg.webp","full_url":"https:\/\/maipropertiesmallorca.com\/wp-content\/uploads\/2024\/11\/3-jpeg.webp","title":"3","caption":"","description":"","alt":"","srcset":"https:\/\/maipropertiesmallorca.com\/wp-content\/uploads\/2024\/11\/3-jpeg.webp 1200w, https:\/\/maipropertiesmallorca.com\/wp-content\/uploads\/2024\/11\/3-jpeg-1152x1536.webp 1152w, https:\/\/maipropertiesmallorca.com\/wp-content\/uploads\/2024\/11\/3-jpeg-113x150.webp 113w"},{"width":113,"height":150,"file":"2024\/11\/4-jpeg.webp","filesize":187692,"sizes":{"1536x1536":{"file":"4-jpeg-1152x1536.webp","width":1152,"height":1536,"mime-type":"image\/webp","filesize":143168,"url":"https:\/\/maipropertiesmallorca.com\/wp-content\/uploads\/2024\/11\/4-jpeg-1152x1536.webp"},"post-thumbnail":{"file":"4-jpeg-113x150.webp","width":113,"height":150,"mime-type":"image\/webp","filesize":4104,"url":"https:\/\/maipropertiesmallorca.com\/wp-content\/uploads\/2024\/11\/4-jpeg-113x150.webp"},"modern-property-child-slider":{"file":"4-jpeg-680x510.webp","width":680,"height":510,"mime-type":"image\/webp","filesize":38058,"url":"https:\/\/maipropertiesmallorca.com\/wp-content\/uploads\/2024\/11\/4-jpeg-680x510.webp"},"property-thumb-image":{"file":"4-jpeg-488x326.webp","width":488,"height":326,"mime-type":"image\/webp","filesize":20854,"url":"https:\/\/maipropertiesmallorca.com\/wp-content\/uploads\/2024\/11\/4-jpeg-488x326.webp"},"property-detail-video-image":{"file":"4-jpeg-818x417.webp","width":818,"height":417,"mime-type":"image\/webp","filesize":35932,"url":"https:\/\/maipropertiesmallorca.com\/wp-content\/uploads\/2024\/11\/4-jpeg-818x417.webp"},"agent-image":{"file":"4-jpeg-210x210.webp","width":210,"height":210,"mime-type":"image\/webp","filesize":8658,"url":"https:\/\/maipropertiesmallorca.com\/wp-content\/uploads\/2024\/11\/4-jpeg-210x210.webp"},"partners-logo":{"file":"4-jpeg-600x1600.webp","width":600,"height":1600,"mime-type":"image\/webp","filesize":89832,"url":"https:\/\/maipropertiesmallorca.com\/wp-content\/uploads\/2024\/11\/4-jpeg-600x1600.webp"},"post-featured-image":{"file":"4-jpeg-1200x720.webp","width":1200,"height":720,"mime-type":"image\/webp","filesize":78646,"url":"https:\/\/maipropertiesmallorca.com\/wp-content\/uploads\/2024\/11\/4-jpeg-1200x720.webp"}},"image_meta":{"aperture":"0","credit":"","camera":"","caption":"","created_timestamp":"0","copyright":"","focal_length":"0","iso":"0","shutter_speed":"0","title":"","orientation":"0","keywords":[]},"dominant_color":"b0a38a","has_transparency":false,"sources":{"image\/webp":{"file":"4-jpeg.webp","filesize":187692}},"ID":"69253","name":"4-jpeg.webp","path":"\/home\/maipulvw\/public_html\/wp-content\/uploads\/2024\/11\/4-jpeg.webp","url":"https:\/\/maipropertiesmallorca.com\/wp-content\/uploads\/2024\/11\/4-jpeg.webp","full_url":"https:\/\/maipropertiesmallorca.com\/wp-content\/uploads\/2024\/11\/4-jpeg.webp","title":"4","caption":"","description":"","alt":"","srcset":"https:\/\/maipropertiesmallorca.com\/wp-content\/uploads\/2024\/11\/4-jpeg.webp 1200w, https:\/\/maipropertiesmallorca.com\/wp-content\/uploads\/2024\/11\/4-jpeg-1152x1536.webp 1152w, https:\/\/maipropertiesmallorca.com\/wp-content\/uploads\/2024\/11\/4-jpeg-113x150.webp 113w"},{"width":113,"height":150,"file":"2024\/11\/5-jpeg.webp","filesize":121146,"sizes":{"1536x1536":{"file":"5-jpeg-1152x1536.webp","width":1152,"height":1536,"mime-type":"image\/webp","filesize":87422,"url":"https:\/\/maipropertiesmallorca.com\/wp-content\/uploads\/2024\/11\/5-jpeg-1152x1536.webp"},"post-thumbnail":{"file":"5-jpeg-113x150.webp","width":113,"height":150,"mime-type":"image\/webp","filesize":2776,"url":"https:\/\/maipropertiesmallorca.com\/wp-content\/uploads\/2024\/11\/5-jpeg-113x150.webp"},"modern-property-child-slider":{"file":"5-jpeg-680x510.webp","width":680,"height":510,"mime-type":"image\/webp","filesize":22980,"url":"https:\/\/maipropertiesmallorca.com\/wp-content\/uploads\/2024\/11\/5-jpeg-680x510.webp"},"property-thumb-image":{"file":"5-jpeg-488x326.webp","width":488,"height":326,"mime-type":"image\/webp","filesize":12736,"url":"https:\/\/maipropertiesmallorca.com\/wp-content\/uploads\/2024\/11\/5-jpeg-488x326.webp"},"property-detail-video-image":{"file":"5-jpeg-818x417.webp","width":818,"height":417,"mime-type":"image\/webp","filesize":21500,"url":"https:\/\/maipropertiesmallorca.com\/wp-content\/uploads\/2024\/11\/5-jpeg-818x417.webp"},"agent-image":{"file":"5-jpeg-210x210.webp","width":210,"height":210,"mime-type":"image\/webp","filesize":5602,"url":"https:\/\/maipropertiesmallorca.com\/wp-content\/uploads\/2024\/11\/5-jpeg-210x210.webp"},"partners-logo":{"file":"5-jpeg-600x1600.webp","width":600,"height":1600,"mime-type":"image\/webp","filesize":69072,"url":"https:\/\/maipropertiesmallorca.com\/wp-content\/uploads\/2024\/11\/5-jpeg-600x1600.webp"},"post-featured-image":{"file":"5-jpeg-1200x720.webp","width":1200,"height":720,"mime-type":"image\/webp","filesize":48306,"url":"https:\/\/maipropertiesmallorca.com\/wp-content\/uploads\/2024\/11\/5-jpeg-1200x720.webp"}},"image_meta":{"aperture":"0","credit":"","camera":"","caption":"","created_timestamp":"0","copyright":"","focal_length":"0","iso":"0","shutter_speed":"0","title":"","orientation":"0","keywords":[]},"dominant_color":"aba291","has_transparency":false,"sources":{"image\/webp":{"file":"5-jpeg.webp","filesize":121146}},"ID":"69256","name":"5-jpeg.webp","path":"\/home\/maipulvw\/public_html\/wp-content\/uploads\/2024\/11\/5-jpeg.webp","url":"https:\/\/maipropertiesmallorca.com\/wp-content\/uploads\/2024\/11\/5-jpeg.webp","full_url":"https:\/\/maipropertiesmallorca.com\/wp-content\/uploads\/2024\/11\/5-jpeg.webp","title":"5","caption":"","description":"","alt":"","srcset":"https:\/\/maipropertiesmallorca.com\/wp-content\/uploads\/2024\/11\/5-jpeg.webp 1200w, https:\/\/maipropertiesmallorca.com\/wp-content\/uploads\/2024\/11\/5-jpeg-1152x1536.webp 1152w, https:\/\/maipropertiesmallorca.com\/wp-content\/uploads\/2024\/11\/5-jpeg-113x150.webp 113w"},{"width":113,"height":150,"file":"2024\/11\/6-jpeg.webp","filesize":133100,"sizes":{"1536x1536":{"file":"6-jpeg-1152x1536.webp","width":1152,"height":1536,"mime-type":"image\/webp","filesize":97868,"url":"https:\/\/maipropertiesmallorca.com\/wp-content\/uploads\/2024\/11\/6-jpeg-1152x1536.webp"},"post-thumbnail":{"file":"6-jpeg-113x150.webp","width":113,"height":150,"mime-type":"image\/webp","filesize":2672,"url":"https:\/\/maipropertiesmallorca.com\/wp-content\/uploads\/2024\/11\/6-jpeg-113x150.webp"},"modern-property-child-slider":{"file":"6-jpeg-680x510.webp","width":680,"height":510,"mime-type":"image\/webp","filesize":22760,"url":"https:\/\/maipropertiesmallorca.com\/wp-content\/uploads\/2024\/11\/6-jpeg-680x510.webp"},"property-thumb-image":{"file":"6-jpeg-488x326.webp","width":488,"height":326,"mime-type":"image\/webp","filesize":12206,"url":"https:\/\/maipropertiesmallorca.com\/wp-content\/uploads\/2024\/11\/6-jpeg-488x326.webp"},"property-detail-video-image":{"file":"6-jpeg-818x417.webp","width":818,"height":417,"mime-type":"image\/webp","filesize":22046,"url":"https:\/\/maipropertiesmallorca.com\/wp-content\/uploads\/2024\/11\/6-jpeg-818x417.webp"},"agent-image":{"file":"6-jpeg-210x210.webp","width":210,"height":210,"mime-type":"image\/webp","filesize":5226,"url":"https:\/\/maipropertiesmallorca.com\/wp-content\/uploads\/2024\/11\/6-jpeg-210x210.webp"},"partners-logo":{"file":"6-jpeg-600x1600.webp","width":600,"height":1600,"mime-type":"image\/webp","filesize":58776,"url":"https:\/\/maipropertiesmallorca.com\/wp-content\/uploads\/2024\/11\/6-jpeg-600x1600.webp"},"post-featured-image":{"file":"6-jpeg-1200x720.webp","width":1200,"height":720,"mime-type":"image\/webp","filesize":50856,"url":"https:\/\/maipropertiesmallorca.com\/wp-content\/uploads\/2024\/11\/6-jpeg-1200x720.webp"}},"image_meta":{"aperture":"0","credit":"","camera":"","caption":"","created_timestamp":"0","copyright":"","focal_length":"0","iso":"0","shutter_speed":"0","title":"","orientation":"0","keywords":[]},"dominant_color":"b3aea4","has_transparency":false,"sources":{"image\/webp":{"file":"6-jpeg.webp","filesize":133100}},"ID":"69259","name":"6-jpeg.webp","path":"\/home\/maipulvw\/public_html\/wp-content\/uploads\/2024\/11\/6-jpeg.webp","url":"https:\/\/maipropertiesmallorca.com\/wp-content\/uploads\/2024\/11\/6-jpeg.webp","full_url":"https:\/\/maipropertiesmallorca.com\/wp-content\/uploads\/2024\/11\/6-jpeg.webp","title":"6","caption":"","description":"","alt":"","srcset":"https:\/\/maipropertiesmallorca.com\/wp-content\/uploads\/2024\/11\/6-jpeg.webp 1200w, https:\/\/maipropertiesmallorca.com\/wp-content\/uploads\/2024\/11\/6-jpeg-1152x1536.webp 1152w, https:\/\/maipropertiesmallorca.com\/wp-content\/uploads\/2024\/11\/6-jpeg-113x150.webp 113w"},{"width":113,"height":150,"file":"2024\/11\/7-jpeg.webp","filesize":130982,"sizes":{"1536x1536":{"file":"7-jpeg-1152x1536.webp","width":1152,"height":1536,"mime-type":"image\/webp","filesize":95368,"url":"https:\/\/maipropertiesmallorca.com\/wp-content\/uploads\/2024\/11\/7-jpeg-1152x1536.webp"},"post-thumbnail":{"file":"7-jpeg-113x150.webp","width":113,"height":150,"mime-type":"image\/webp","filesize":2446,"url":"https:\/\/maipropertiesmallorca.com\/wp-content\/uploads\/2024\/11\/7-jpeg-113x150.webp"},"modern-property-child-slider":{"file":"7-jpeg-680x510.webp","width":680,"height":510,"mime-type":"image\/webp","filesize":19150,"url":"https:\/\/maipropertiesmallorca.com\/wp-content\/uploads\/2024\/11\/7-jpeg-680x510.webp"},"property-thumb-image":{"file":"7-jpeg-488x326.webp","width":488,"height":326,"mime-type":"image\/webp","filesize":9712,"url":"https:\/\/maipropertiesmallorca.com\/wp-content\/uploads\/2024\/11\/7-jpeg-488x326.webp"},"property-detail-video-image":{"file":"7-jpeg-818x417.webp","width":818,"height":417,"mime-type":"image\/webp","filesize":14560,"url":"https:\/\/maipropertiesmallorca.com\/wp-content\/uploads\/2024\/11\/7-jpeg-818x417.webp"},"agent-image":{"file":"7-jpeg-210x210.webp","width":210,"height":210,"mime-type":"image\/webp","filesize":4620,"url":"https:\/\/maipropertiesmallorca.com\/wp-content\/uploads\/2024\/11\/7-jpeg-210x210.webp"},"partners-logo":{"file":"7-jpeg-600x1600.webp","width":600,"height":1600,"mime-type":"image\/webp","filesize":46248,"url":"https:\/\/maipropertiesmallorca.com\/wp-content\/uploads\/2024\/11\/7-jpeg-600x1600.webp"},"post-featured-image":{"file":"7-jpeg-1200x720.webp","width":1200,"height":720,"mime-type":"image\/webp","filesize":39344,"url":"https:\/\/maipropertiesmallorca.com\/wp-content\/uploads\/2024\/11\/7-jpeg-1200x720.webp"}},"image_meta":{"aperture":"0","credit":"","camera":"","caption":"","created_timestamp":"0","copyright":"","focal_length":"0","iso":"0","shutter_speed":"0","title":"","orientation":"0","keywords":[]},"dominant_color":"b2b3ae","has_transparency":false,"sources":{"image\/webp":{"file":"7-jpeg.webp","filesize":130982}},"ID":"69262","name":"7-jpeg.webp","path":"\/home\/maipulvw\/public_html\/wp-content\/uploads\/2024\/11\/7-jpeg.webp","url":"https:\/\/maipropertiesmallorca.com\/wp-content\/uploads\/2024\/11\/7-jpeg.webp","full_url":"https:\/\/maipropertiesmallorca.com\/wp-content\/uploads\/2024\/11\/7-jpeg.webp","title":"7","caption":"","description":"","alt":"","srcset":"https:\/\/maipropertiesmallorca.com\/wp-content\/uploads\/2024\/11\/7-jpeg.webp 1200w, https:\/\/maipropertiesmallorca.com\/wp-content\/uploads\/2024\/11\/7-jpeg-1152x1536.webp 1152w, https:\/\/maipropertiesmallorca.com\/wp-content\/uploads\/2024\/11\/7-jpeg-113x150.webp 113w"},{"width":113,"height":150,"file":"2024\/11\/8-jpeg.webp","filesize":175728,"sizes":{"1536x1536":{"file":"8-jpeg-1152x1536.webp","width":1152,"height":1536,"mime-type":"image\/webp","filesize":128570,"url":"https:\/\/maipropertiesmallorca.com\/wp-content\/uploads\/2024\/11\/8-jpeg-1152x1536.webp"},"post-thumbnail":{"file":"8-jpeg-113x150.webp","width":113,"height":150,"mime-type":"image\/webp","filesize":3400,"url":"https:\/\/maipropertiesmallorca.com\/wp-content\/uploads\/2024\/11\/8-jpeg-113x150.webp"},"modern-property-child-slider":{"file":"8-jpeg-680x510.webp","width":680,"height":510,"mime-type":"image\/webp","filesize":37572,"url":"https:\/\/maipropertiesmallorca.com\/wp-content\/uploads\/2024\/11\/8-jpeg-680x510.webp"},"property-thumb-image":{"file":"8-jpeg-488x326.webp","width":488,"height":326,"mime-type":"image\/webp","filesize":19420,"url":"https:\/\/maipropertiesmallorca.com\/wp-content\/uploads\/2024\/11\/8-jpeg-488x326.webp"},"property-detail-video-image":{"file":"8-jpeg-818x417.webp","width":818,"height":417,"mime-type":"image\/webp","filesize":28740,"url":"https:\/\/maipropertiesmallorca.com\/wp-content\/uploads\/2024\/11\/8-jpeg-818x417.webp"},"agent-image":{"file":"8-jpeg-210x210.webp","width":210,"height":210,"mime-type":"image\/webp","filesize":7202,"url":"https:\/\/maipropertiesmallorca.com\/wp-content\/uploads\/2024\/11\/8-jpeg-210x210.webp"},"partners-logo":{"file":"8-jpeg-600x1600.webp","width":600,"height":1600,"mime-type":"image\/webp","filesize":71678,"url":"https:\/\/maipropertiesmallorca.com\/wp-content\/uploads\/2024\/11\/8-jpeg-600x1600.webp"},"post-featured-image":{"file":"8-jpeg-1200x720.webp","width":1200,"height":720,"mime-type":"image\/webp","filesize":71120,"url":"https:\/\/maipropertiesmallorca.com\/wp-content\/uploads\/2024\/11\/8-jpeg-1200x720.webp"}},"image_meta":{"aperture":"0","credit":"","camera":"","caption":"","created_timestamp":"0","copyright":"","focal_length":"0","iso":"0","shutter_speed":"0","title":"","orientation":"0","keywords":[]},"dominant_color":"c29e78","has_transparency":false,"sources":{"image\/webp":{"file":"8-jpeg.webp","filesize":175728}},"ID":"69265","name":"8-jpeg.webp","path":"\/home\/maipulvw\/public_html\/wp-content\/uploads\/2024\/11\/8-jpeg.webp","url":"https:\/\/maipropertiesmallorca.com\/wp-content\/uploads\/2024\/11\/8-jpeg.webp","full_url":"https:\/\/maipropertiesmallorca.com\/wp-content\/uploads\/2024\/11\/8-jpeg.webp","title":"8","caption":"","description":"","alt":"","srcset":"https:\/\/maipropertiesmallorca.com\/wp-content\/uploads\/2024\/11\/8-jpeg.webp 1200w, https:\/\/maipropertiesmallorca.com\/wp-content\/uploads\/2024\/11\/8-jpeg-1152x1536.webp 1152w, https:\/\/maipropertiesmallorca.com\/wp-content\/uploads\/2024\/11\/8-jpeg-113x150.webp 113w"},{"width":113,"height":150,"file":"2024\/11\/9-jpeg.webp","filesize":215374,"sizes":{"1536x1536":{"file":"9-jpeg-1152x1536.webp","width":1152,"height":1536,"mime-type":"image\/webp","filesize":161014,"url":"https:\/\/maipropertiesmallorca.com\/wp-content\/uploads\/2024\/11\/9-jpeg-1152x1536.webp"},"post-thumbnail":{"file":"9-jpeg-113x150.webp","width":113,"height":150,"mime-type":"image\/webp","filesize":3910,"url":"https:\/\/maipropertiesmallorca.com\/wp-content\/uploads\/2024\/11\/9-jpeg-113x150.webp"},"modern-property-child-slider":{"file":"9-jpeg-680x510.webp","width":680,"height":510,"mime-type":"image\/webp","filesize":46102,"url":"https:\/\/maipropertiesmallorca.com\/wp-content\/uploads\/2024\/11\/9-jpeg-680x510.webp"},"property-thumb-image":{"file":"9-jpeg-488x326.webp","width":488,"height":326,"mime-type":"image\/webp","filesize":25414,"url":"https:\/\/maipropertiesmallorca.com\/wp-content\/uploads\/2024\/11\/9-jpeg-488x326.webp"},"property-detail-video-image":{"file":"9-jpeg-818x417.webp","width":818,"height":417,"mime-type":"image\/webp","filesize":43630,"url":"https:\/\/maipropertiesmallorca.com\/wp-content\/uploads\/2024\/11\/9-jpeg-818x417.webp"},"agent-image":{"file":"9-jpeg-210x210.webp","width":210,"height":210,"mime-type":"image\/webp","filesize":9236,"url":"https:\/\/maipropertiesmallorca.com\/wp-content\/uploads\/2024\/11\/9-jpeg-210x210.webp"},"partners-logo":{"file":"9-jpeg-600x1600.webp","width":600,"height":1600,"mime-type":"image\/webp","filesize":112682,"url":"https:\/\/maipropertiesmallorca.com\/wp-content\/uploads\/2024\/11\/9-jpeg-600x1600.webp"},"post-featured-image":{"file":"9-jpeg-1200x720.webp","width":1200,"height":720,"mime-type":"image\/webp","filesize":96766,"url":"https:\/\/maipropertiesmallorca.com\/wp-content\/uploads\/2024\/11\/9-jpeg-1200x720.webp"}},"image_meta":{"aperture":"0","credit":"","camera":"","caption":"","created_timestamp":"0","copyright":"","focal_length":"0","iso":"0","shutter_speed":"0","title":"","orientation":"0","keywords":[]},"dominant_color":"c2b59d","has_transparency":false,"sources":{"image\/webp":{"file":"9-jpeg.webp","filesize":215374}},"ID":"69268","name":"9-jpeg.webp","path":"\/home\/maipulvw\/public_html\/wp-content\/uploads\/2024\/11\/9-jpeg.webp","url":"https:\/\/maipropertiesmallorca.com\/wp-content\/uploads\/2024\/11\/9-jpeg.webp","full_url":"https:\/\/maipropertiesmallorca.com\/wp-content\/uploads\/2024\/11\/9-jpeg.webp","title":"9","caption":"","description":"","alt":"","srcset":"https:\/\/maipropertiesmallorca.com\/wp-content\/uploads\/2024\/11\/9-jpeg.webp 1200w, https:\/\/maipropertiesmallorca.com\/wp-content\/uploads\/2024\/11\/9-jpeg-1152x1536.webp 1152w, https:\/\/maipropertiesmallorca.com\/wp-content\/uploads\/2024\/11\/9-jpeg-113x150.webp 113w"},{"width":113,"height":150,"file":"2024\/11\/15.webp","filesize":359118,"sizes":{"1536x1536":{"file":"15-1152x1536.webp","width":1152,"height":1536,"mime-type":"image\/webp","filesize":276664,"url":"https:\/\/maipropertiesmallorca.com\/wp-content\/uploads\/2024\/11\/15-1152x1536.webp"},"post-thumbnail":{"file":"15-113x150.webp","width":113,"height":150,"mime-type":"image\/webp","filesize":5252,"url":"https:\/\/maipropertiesmallorca.com\/wp-content\/uploads\/2024\/11\/15-113x150.webp"},"modern-property-child-slider":{"file":"15-680x510.webp","width":680,"height":510,"mime-type":"image\/webp","filesize":70396,"url":"https:\/\/maipropertiesmallorca.com\/wp-content\/uploads\/2024\/11\/15-680x510.webp"},"property-thumb-image":{"file":"15-488x326.webp","width":488,"height":326,"mime-type":"image\/webp","filesize":36458,"url":"https:\/\/maipropertiesmallorca.com\/wp-content\/uploads\/2024\/11\/15-488x326.webp"},"property-detail-video-image":{"file":"15-818x417.webp","width":818,"height":417,"mime-type":"image\/webp","filesize":60992,"url":"https:\/\/maipropertiesmallorca.com\/wp-content\/uploads\/2024\/11\/15-818x417.webp"},"agent-image":{"file":"15-210x210.webp","width":210,"height":210,"mime-type":"image\/webp","filesize":12858,"url":"https:\/\/maipropertiesmallorca.com\/wp-content\/uploads\/2024\/11\/15-210x210.webp"},"partners-logo":{"file":"15-600x1600.webp","width":600,"height":1600,"mime-type":"image\/webp","filesize":175082,"url":"https:\/\/maipropertiesmallorca.com\/wp-content\/uploads\/2024\/11\/15-600x1600.webp"},"post-featured-image":{"file":"15-1200x720.webp","width":1200,"height":720,"mime-type":"image\/webp","filesize":153346,"url":"https:\/\/maipropertiesmallorca.com\/wp-content\/uploads\/2024\/11\/15-1200x720.webp"}},"image_meta":{"aperture":"0","credit":"","camera":"","caption":"","created_timestamp":"0","copyright":"","focal_length":"0","iso":"0","shutter_speed":"0","title":"","orientation":"0","keywords":[]},"dominant_color":"969d9c","has_transparency":false,"sources":{"image\/webp":{"file":"15.webp","filesize":359118}},"ID":"69286","name":"15.webp","path":"\/home\/maipulvw\/public_html\/wp-content\/uploads\/2024\/11\/15.webp","url":"https:\/\/maipropertiesmallorca.com\/wp-content\/uploads\/2024\/11\/15.webp","full_url":"https:\/\/maipropertiesmallorca.com\/wp-content\/uploads\/2024\/11\/15.webp","title":"15","caption":"","description":"","alt":"","srcset":"https:\/\/maipropertiesmallorca.com\/wp-content\/uploads\/2024\/11\/15.webp 1200w, https:\/\/maipropertiesmallorca.com\/wp-content\/uploads\/2024\/11\/15-1152x1536.webp 1152w, https:\/\/maipropertiesmallorca.com\/wp-content\/uploads\/2024\/11\/15-113x150.webp 113w"},{"width":113,"height":150,"file":"2024\/11\/14-jpeg.webp","filesize":328020,"sizes":{"1536x1536":{"file":"14-jpeg-1152x1536.webp","width":1152,"height":1536,"mime-type":"image\/webp","filesize":251180,"url":"https:\/\/maipropertiesmallorca.com\/wp-content\/uploads\/2024\/11\/14-jpeg-1152x1536.webp"},"post-thumbnail":{"file":"14-jpeg-113x150.webp","width":113,"height":150,"mime-type":"image\/webp","filesize":5378,"url":"https:\/\/maipropertiesmallorca.com\/wp-content\/uploads\/2024\/11\/14-jpeg-113x150.webp"},"modern-property-child-slider":{"file":"14-jpeg-680x510.webp","width":680,"height":510,"mime-type":"image\/webp","filesize":49650,"url":"https:\/\/maipropertiesmallorca.com\/wp-content\/uploads\/2024\/11\/14-jpeg-680x510.webp"},"property-thumb-image":{"file":"14-jpeg-488x326.webp","width":488,"height":326,"mime-type":"image\/webp","filesize":24944,"url":"https:\/\/maipropertiesmallorca.com\/wp-content\/uploads\/2024\/11\/14-jpeg-488x326.webp"},"property-detail-video-image":{"file":"14-jpeg-818x417.webp","width":818,"height":417,"mime-type":"image\/webp","filesize":40752,"url":"https:\/\/maipropertiesmallorca.com\/wp-content\/uploads\/2024\/11\/14-jpeg-818x417.webp"},"agent-image":{"file":"14-jpeg-210x210.webp","width":210,"height":210,"mime-type":"image\/webp","filesize":10244,"url":"https:\/\/maipropertiesmallorca.com\/wp-content\/uploads\/2024\/11\/14-jpeg-210x210.webp"},"partners-logo":{"file":"14-jpeg-600x1600.webp","width":600,"height":1600,"mime-type":"image\/webp","filesize":143226,"url":"https:\/\/maipropertiesmallorca.com\/wp-content\/uploads\/2024\/11\/14-jpeg-600x1600.webp"},"post-featured-image":{"file":"14-jpeg-1200x720.webp","width":1200,"height":720,"mime-type":"image\/webp","filesize":107996,"url":"https:\/\/maipropertiesmallorca.com\/wp-content\/uploads\/2024\/11\/14-jpeg-1200x720.webp"}},"image_meta":{"aperture":"0","credit":"","camera":"","caption":"","created_timestamp":"0","copyright":"","focal_length":"0","iso":"0","shutter_speed":"0","title":"","orientation":"0","keywords":[]},"dominant_color":"9ba195","has_transparency":false,"sources":{"image\/webp":{"file":"14-jpeg.webp","filesize":328020}},"ID":"69283","name":"14-jpeg.webp","path":"\/home\/maipulvw\/public_html\/wp-content\/uploads\/2024\/11\/14-jpeg.webp","url":"https:\/\/maipropertiesmallorca.com\/wp-content\/uploads\/2024\/11\/14-jpeg.webp","full_url":"https:\/\/maipropertiesmallorca.com\/wp-content\/uploads\/2024\/11\/14-jpeg.webp","title":"14","caption":"","description":"","alt":"","srcset":"https:\/\/maipropertiesmallorca.com\/wp-content\/uploads\/2024\/11\/14-jpeg.webp 1200w, https:\/\/maipropertiesmallorca.com\/wp-content\/uploads\/2024\/11\/14-jpeg-1152x1536.webp 1152w, https:\/\/maipropertiesmallorca.com\/wp-content\/uploads\/2024\/11\/14-jpeg-113x150.webp 113w"},{"width":113,"height":150,"file":"2024\/11\/16.webp","filesize":337494,"sizes":{"1536x1536":{"file":"16-1152x1536.webp","width":1152,"height":1536,"mime-type":"image\/webp","filesize":259140,"url":"https:\/\/maipropertiesmallorca.com\/wp-content\/uploads\/2024\/11\/16-1152x1536.webp"},"post-thumbnail":{"file":"16-113x150.webp","width":113,"height":150,"mime-type":"image\/webp","filesize":4738,"url":"https:\/\/maipropertiesmallorca.com\/wp-content\/uploads\/2024\/11\/16-113x150.webp"},"modern-property-child-slider":{"file":"16-680x510.webp","width":680,"height":510,"mime-type":"image\/webp","filesize":60520,"url":"https:\/\/maipropertiesmallorca.com\/wp-content\/uploads\/2024\/11\/16-680x510.webp"},"property-thumb-image":{"file":"16-488x326.webp","width":488,"height":326,"mime-type":"image\/webp","filesize":31780,"url":"https:\/\/maipropertiesmallorca.com\/wp-content\/uploads\/2024\/11\/16-488x326.webp"},"property-detail-video-image":{"file":"16-818x417.webp","width":818,"height":417,"mime-type":"image\/webp","filesize":62358,"url":"https:\/\/maipropertiesmallorca.com\/wp-content\/uploads\/2024\/11\/16-818x417.webp"},"agent-image":{"file":"16-210x210.webp","width":210,"height":210,"mime-type":"image\/webp","filesize":9706,"url":"https:\/\/maipropertiesmallorca.com\/wp-content\/uploads\/2024\/11\/16-210x210.webp"},"partners-logo":{"file":"16-600x1600.webp","width":600,"height":1600,"mime-type":"image\/webp","filesize":135624,"url":"https:\/\/maipropertiesmallorca.com\/wp-content\/uploads\/2024\/11\/16-600x1600.webp"},"post-featured-image":{"file":"16-1200x720.webp","width":1200,"height":720,"mime-type":"image\/webp","filesize":144454,"url":"https:\/\/maipropertiesmallorca.com\/wp-content\/uploads\/2024\/11\/16-1200x720.webp"}},"image_meta":{"aperture":"0","credit":"","camera":"","caption":"","created_timestamp":"0","copyright":"","focal_length":"0","iso":"0","shutter_speed":"0","title":"","orientation":"0","keywords":[]},"dominant_color":"969691","has_transparency":false,"sources":{"image\/webp":{"file":"16.webp","filesize":337494}},"ID":"69289","name":"16.webp","path":"\/home\/maipulvw\/public_html\/wp-content\/uploads\/2024\/11\/16.webp","url":"https:\/\/maipropertiesmallorca.com\/wp-content\/uploads\/2024\/11\/16.webp","full_url":"https:\/\/maipropertiesmallorca.com\/wp-content\/uploads\/2024\/11\/16.webp","title":"16","caption":"","description":"","alt":"","srcset":"https:\/\/maipropertiesmallorca.com\/wp-content\/uploads\/2024\/11\/16.webp 1200w, https:\/\/maipropertiesmallorca.com\/wp-content\/uploads\/2024\/11\/16-1152x1536.webp 1152w, https:\/\/maipropertiesmallorca.com\/wp-content\/uploads\/2024\/11\/16-113x150.webp 113w"},{"width":113,"height":150,"file":"2024\/11\/13.webp","filesize":397688,"sizes":{"1536x1536":{"file":"13-1152x1536.webp","width":1152,"height":1536,"mime-type":"image\/webp","filesize":320028,"url":"https:\/\/maipropertiesmallorca.com\/wp-content\/uploads\/2024\/11\/13-1152x1536.webp"},"post-thumbnail":{"file":"13-113x150.webp","width":113,"height":150,"mime-type":"image\/webp","filesize":5970,"url":"https:\/\/maipropertiesmallorca.com\/wp-content\/uploads\/2024\/11\/13-113x150.webp"},"modern-property-child-slider":{"file":"13-680x510.webp","width":680,"height":510,"mime-type":"image\/webp","filesize":82404,"url":"https:\/\/maipropertiesmallorca.com\/wp-content\/uploads\/2024\/11\/13-680x510.webp"},"property-thumb-image":{"file":"13-488x326.webp","width":488,"height":326,"mime-type":"image\/webp","filesize":41402,"url":"https:\/\/maipropertiesmallorca.com\/wp-content\/uploads\/2024\/11\/13-488x326.webp"},"property-detail-video-image":{"file":"13-818x417.webp","width":818,"height":417,"mime-type":"image\/webp","filesize":73506,"url":"https:\/\/maipropertiesmallorca.com\/wp-content\/uploads\/2024\/11\/13-818x417.webp"},"agent-image":{"file":"13-210x210.webp","width":210,"height":210,"mime-type":"image\/webp","filesize":14372,"url":"https:\/\/maipropertiesmallorca.com\/wp-content\/uploads\/2024\/11\/13-210x210.webp"},"partners-logo":{"file":"13-600x1600.webp","width":600,"height":1600,"mime-type":"image\/webp","filesize":241796,"url":"https:\/\/maipropertiesmallorca.com\/wp-content\/uploads\/2024\/11\/13-600x1600.webp"},"post-featured-image":{"file":"13-1200x720.webp","width":1200,"height":720,"mime-type":"image\/webp","filesize":168946,"url":"https:\/\/maipropertiesmallorca.com\/wp-content\/uploads\/2024\/11\/13-1200x720.webp"}},"image_meta":{"aperture":"0","credit":"","camera":"","caption":"","created_timestamp":"0","copyright":"","focal_length":"0","iso":"0","shutter_speed":"0","title":"","orientation":"0","keywords":[]},"dominant_color":"918b7c","has_transparency":false,"sources":{"image\/webp":{"file":"13.webp","filesize":397688}},"ID":"69280","name":"13.webp","path":"\/home\/maipulvw\/public_html\/wp-content\/uploads\/2024\/11\/13.webp","url":"https:\/\/maipropertiesmallorca.com\/wp-content\/uploads\/2024\/11\/13.webp","full_url":"https:\/\/maipropertiesmallorca.com\/wp-content\/uploads\/2024\/11\/13.webp","title":"13","caption":"","description":"","alt":"","srcset":"https:\/\/maipropertiesmallorca.com\/wp-content\/uploads\/2024\/11\/13.webp 1200w, https:\/\/maipropertiesmallorca.com\/wp-content\/uploads\/2024\/11\/13-1152x1536.webp 1152w, https:\/\/maipropertiesmallorca.com\/wp-content\/uploads\/2024\/11\/13-113x150.webp 113w"},{"width":113,"height":150,"file":"2024\/11\/12-jpeg.webp","filesize":265634,"sizes":{"1536x1536":{"file":"12-jpeg-1152x1536.webp","width":1152,"height":1536,"mime-type":"image\/webp","filesize":199110,"url":"https:\/\/maipropertiesmallorca.com\/wp-content\/uploads\/2024\/11\/12-jpeg-1152x1536.webp"},"post-thumbnail":{"file":"12-jpeg-113x150.webp","width":113,"height":150,"mime-type":"image\/webp","filesize":4266,"url":"https:\/\/maipropertiesmallorca.com\/wp-content\/uploads\/2024\/11\/12-jpeg-113x150.webp"},"modern-property-child-slider":{"file":"12-jpeg-680x510.webp","width":680,"height":510,"mime-type":"image\/webp","filesize":76368,"url":"https:\/\/maipropertiesmallorca.com\/wp-content\/uploads\/2024\/11\/12-jpeg-680x510.webp"},"property-thumb-image":{"file":"12-jpeg-488x326.webp","width":488,"height":326,"mime-type":"image\/webp","filesize":41752,"url":"https:\/\/maipropertiesmallorca.com\/wp-content\/uploads\/2024\/11\/12-jpeg-488x326.webp"},"property-detail-video-image":{"file":"12-jpeg-818x417.webp","width":818,"height":417,"mime-type":"image\/webp","filesize":86026,"url":"https:\/\/maipropertiesmallorca.com\/wp-content\/uploads\/2024\/11\/12-jpeg-818x417.webp"},"agent-image":{"file":"12-jpeg-210x210.webp","width":210,"height":210,"mime-type":"image\/webp","filesize":10766,"url":"https:\/\/maipropertiesmallorca.com\/wp-content\/uploads\/2024\/11\/12-jpeg-210x210.webp"},"partners-logo":{"file":"12-jpeg-600x1600.webp","width":600,"height":1600,"mime-type":"image\/webp","filesize":111254,"url":"https:\/\/maipropertiesmallorca.com\/wp-content\/uploads\/2024\/11\/12-jpeg-600x1600.webp"},"post-featured-image":{"file":"12-jpeg-1200x720.webp","width":1200,"height":720,"mime-type":"image\/webp","filesize":188830,"url":"https:\/\/maipropertiesmallorca.com\/wp-content\/uploads\/2024\/11\/12-jpeg-1200x720.webp"}},"image_meta":{"aperture":"0","credit":"","camera":"","caption":"","created_timestamp":"0","copyright":"","focal_length":"0","iso":"0","shutter_speed":"0","title":"","orientation":"0","keywords":[]},"dominant_color":"868792","has_transparency":false,"sources":{"image\/webp":{"file":"12-jpeg.webp","filesize":265634}},"ID":"69277","name":"12-jpeg.webp","path":"\/home\/maipulvw\/public_html\/wp-content\/uploads\/2024\/11\/12-jpeg.webp","url":"https:\/\/maipropertiesmallorca.com\/wp-content\/uploads\/2024\/11\/12-jpeg.webp","full_url":"https:\/\/maipropertiesmallorca.com\/wp-content\/uploads\/2024\/11\/12-jpeg.webp","title":"12","caption":"","description":"","alt":"","srcset":"https:\/\/maipropertiesmallorca.com\/wp-content\/uploads\/2024\/11\/12-jpeg.webp 1200w, https:\/\/maipropertiesmallorca.com\/wp-content\/uploads\/2024\/11\/12-jpeg-1152x1536.webp 1152w, https:\/\/maipropertiesmallorca.com\/wp-content\/uploads\/2024\/11\/12-jpeg-113x150.webp 113w"},{"width":113,"height":150,"file":"2024\/11\/11-jpeg.webp","filesize":229152,"sizes":{"1536x1536":{"file":"11-jpeg-1152x1536.webp","width":1152,"height":1536,"mime-type":"image\/webp","filesize":138648,"url":"https:\/\/maipropertiesmallorca.com\/wp-content\/uploads\/2024\/11\/11-jpeg-1152x1536.webp"},"post-thumbnail":{"file":"11-jpeg-113x150.webp","width":113,"height":150,"mime-type":"image\/webp","filesize":2116,"url":"https:\/\/maipropertiesmallorca.com\/wp-content\/uploads\/2024\/11\/11-jpeg-113x150.webp"},"modern-property-child-slider":{"file":"11-jpeg-680x510.webp","width":680,"height":510,"mime-type":"image\/webp","filesize":16572,"url":"https:\/\/maipropertiesmallorca.com\/wp-content\/uploads\/2024\/11\/11-jpeg-680x510.webp"},"property-thumb-image":{"file":"11-jpeg-488x326.webp","width":488,"height":326,"mime-type":"image\/webp","filesize":7526,"url":"https:\/\/maipropertiesmallorca.com\/wp-content\/uploads\/2024\/11\/11-jpeg-488x326.webp"},"property-detail-video-image":{"file":"11-jpeg-818x417.webp","width":818,"height":417,"mime-type":"image\/webp","filesize":18218,"url":"https:\/\/maipropertiesmallorca.com\/wp-content\/uploads\/2024\/11\/11-jpeg-818x417.webp"},"agent-image":{"file":"11-jpeg-210x210.webp","width":210,"height":210,"mime-type":"image\/webp","filesize":3158,"url":"https:\/\/maipropertiesmallorca.com\/wp-content\/uploads\/2024\/11\/11-jpeg-210x210.webp"},"partners-logo":{"file":"11-jpeg-600x1600.webp","width":600,"height":1600,"mime-type":"image\/webp","filesize":104066,"url":"https:\/\/maipropertiesmallorca.com\/wp-content\/uploads\/2024\/11\/11-jpeg-600x1600.webp"},"post-featured-image":{"file":"11-jpeg-1200x720.webp","width":1200,"height":720,"mime-type":"image\/webp","filesize":58932,"url":"https:\/\/maipropertiesmallorca.com\/wp-content\/uploads\/2024\/11\/11-jpeg-1200x720.webp"}},"image_meta":{"aperture":"0","credit":"","camera":"","caption":"","created_timestamp":"0","copyright":"","focal_length":"0","iso":"0","shutter_speed":"0","title":"","orientation":"0","keywords":[]},"dominant_color":"b7b4b2","has_transparency":false,"sources":{"image\/webp":{"file":"11-jpeg.webp","filesize":229152}},"ID":"69274","name":"11-jpeg.webp","path":"\/home\/maipulvw\/public_html\/wp-content\/uploads\/2024\/11\/11-jpeg.webp","url":"https:\/\/maipropertiesmallorca.com\/wp-content\/uploads\/2024\/11\/11-jpeg.webp","full_url":"https:\/\/maipropertiesmallorca.com\/wp-content\/uploads\/2024\/11\/11-jpeg.webp","title":"11","caption":"","description":"","alt":"","srcset":"https:\/\/maipropertiesmallorca.com\/wp-content\/uploads\/2024\/11\/11-jpeg.webp 1200w, https:\/\/maipropertiesmallorca.com\/wp-content\/uploads\/2024\/11\/11-jpeg-1152x1536.webp 1152w, https:\/\/maipropertiesmallorca.com\/wp-content\/uploads\/2024\/11\/11-jpeg-113x150.webp 113w"},{"width":113,"height":150,"file":"2024\/11\/10-jpeg.webp","filesize":139752,"sizes":{"1536x1536":{"file":"10-jpeg-1152x1536.webp","width":1152,"height":1536,"mime-type":"image\/webp","filesize":95712,"url":"https:\/\/maipropertiesmallorca.com\/wp-content\/uploads\/2024\/11\/10-jpeg-1152x1536.webp"},"post-thumbnail":{"file":"10-jpeg-113x150.webp","width":113,"height":150,"mime-type":"image\/webp","filesize":2692,"url":"https:\/\/maipropertiesmallorca.com\/wp-content\/uploads\/2024\/11\/10-jpeg-113x150.webp"},"modern-property-child-slider":{"file":"10-jpeg-680x510.webp","width":680,"height":510,"mime-type":"image\/webp","filesize":22284,"url":"https:\/\/maipropertiesmallorca.com\/wp-content\/uploads\/2024\/11\/10-jpeg-680x510.webp"},"property-thumb-image":{"file":"10-jpeg-488x326.webp","width":488,"height":326,"mime-type":"image\/webp","filesize":11990,"url":"https:\/\/maipropertiesmallorca.com\/wp-content\/uploads\/2024\/11\/10-jpeg-488x326.webp"},"property-detail-video-image":{"file":"10-jpeg-818x417.webp","width":818,"height":417,"mime-type":"image\/webp","filesize":19356,"url":"https:\/\/maipropertiesmallorca.com\/wp-content\/uploads\/2024\/11\/10-jpeg-818x417.webp"},"agent-image":{"file":"10-jpeg-210x210.webp","width":210,"height":210,"mime-type":"image\/webp","filesize":5236,"url":"https:\/\/maipropertiesmallorca.com\/wp-content\/uploads\/2024\/11\/10-jpeg-210x210.webp"},"partners-logo":{"file":"10-jpeg-600x1600.webp","width":600,"height":1600,"mime-type":"image\/webp","filesize":97870,"url":"https:\/\/maipropertiesmallorca.com\/wp-content\/uploads\/2024\/11\/10-jpeg-600x1600.webp"},"post-featured-image":{"file":"10-jpeg-1200x720.webp","width":1200,"height":720,"mime-type":"image\/webp","filesize":49620,"url":"https:\/\/maipropertiesmallorca.com\/wp-content\/uploads\/2024\/11\/10-jpeg-1200x720.webp"}},"image_meta":{"aperture":"0","credit":"","camera":"","caption":"","created_timestamp":"0","copyright":"","focal_length":"0","iso":"0","shutter_speed":"0","title":"","orientation":"0","keywords":[]},"dominant_color":"cbbca3","has_transparency":false,"sources":{"image\/webp":{"file":"10-jpeg.webp","filesize":139752}},"ID":"69271","name":"10-jpeg.webp","path":"\/home\/maipulvw\/public_html\/wp-content\/uploads\/2024\/11\/10-jpeg.webp","url":"https:\/\/maipropertiesmallorca.com\/wp-content\/uploads\/2024\/11\/10-jpeg.webp","full_url":"https:\/\/maipropertiesmallorca.com\/wp-content\/uploads\/2024\/11\/10-jpeg.webp","title":"10","caption":"","description":"","alt":"","srcset":"https:\/\/maipropertiesmallorca.com\/wp-content\/uploads\/2024\/11\/10-jpeg.webp 1200w, https:\/\/maipropertiesmallorca.com\/wp-content\/uploads\/2024\/11\/10-jpeg-1152x1536.webp 1152w, https:\/\/maipropertiesmallorca.com\/wp-content\/uploads\/2024\/11\/10-jpeg-113x150.webp 113w"},{"width":113,"height":150,"file":"2024\/11\/17.webp","filesize":466530,"sizes":{"1536x1536":{"file":"17-1152x1536.webp","width":1152,"height":1536,"mime-type":"image\/webp","filesize":370704,"url":"https:\/\/maipropertiesmallorca.com\/wp-content\/uploads\/2024\/11\/17-1152x1536.webp"},"post-thumbnail":{"file":"17-113x150.webp","width":113,"height":150,"mime-type":"image\/webp","filesize":6614,"url":"https:\/\/maipropertiesmallorca.com\/wp-content\/uploads\/2024\/11\/17-113x150.webp"},"modern-property-child-slider":{"file":"17-680x510.webp","width":680,"height":510,"mime-type":"image\/webp","filesize":69826,"url":"https:\/\/maipropertiesmallorca.com\/wp-content\/uploads\/2024\/11\/17-680x510.webp"},"property-thumb-image":{"file":"17-488x326.webp","width":488,"height":326,"mime-type":"image\/webp","filesize":34780,"url":"https:\/\/maipropertiesmallorca.com\/wp-content\/uploads\/2024\/11\/17-488x326.webp"},"property-detail-video-image":{"file":"17-818x417.webp","width":818,"height":417,"mime-type":"image\/webp","filesize":53700,"url":"https:\/\/maipropertiesmallorca.com\/wp-content\/uploads\/2024\/11\/17-818x417.webp"},"agent-image":{"file":"17-210x210.webp","width":210,"height":210,"mime-type":"image\/webp","filesize":14752,"url":"https:\/\/maipropertiesmallorca.com\/wp-content\/uploads\/2024\/11\/17-210x210.webp"},"partners-logo":{"file":"17-600x1600.webp","width":600,"height":1600,"mime-type":"image\/webp","filesize":261220,"url":"https:\/\/maipropertiesmallorca.com\/wp-content\/uploads\/2024\/11\/17-600x1600.webp"},"post-featured-image":{"file":"17-1200x720.webp","width":1200,"height":720,"mime-type":"image\/webp","filesize":138672,"url":"https:\/\/maipropertiesmallorca.com\/wp-content\/uploads\/2024\/11\/17-1200x720.webp"}},"image_meta":{"aperture":"0","credit":"","camera":"","caption":"","created_timestamp":"0","copyright":"","focal_length":"0","iso":"0","shutter_speed":"0","title":"","orientation":"0","keywords":[]},"dominant_color":"879695","has_transparency":false,"sources":{"image\/webp":{"file":"17.webp","filesize":466530}},"ID":"69292","name":"17.webp","path":"\/home\/maipulvw\/public_html\/wp-content\/uploads\/2024\/11\/17.webp","url":"https:\/\/maipropertiesmallorca.com\/wp-content\/uploads\/2024\/11\/17.webp","full_url":"https:\/\/maipropertiesmallorca.com\/wp-content\/uploads\/2024\/11\/17.webp","title":"17","caption":"","description":"","alt":"","srcset":"https:\/\/maipropertiesmallorca.com\/wp-content\/uploads\/2024\/11\/17.webp 1200w, https:\/\/maipropertiesmallorca.com\/wp-content\/uploads\/2024\/11\/17-1152x1536.webp 1152w, https:\/\/maipropertiesmallorca.com\/wp-content\/uploads\/2024\/11\/17-113x150.webp 113w"},{"width":113,"height":150,"file":"2024\/11\/19-jpeg.webp","filesize":345116,"sizes":{"1536x1536":{"file":"19-jpeg-1152x1536.webp","width":1152,"height":1536,"mime-type":"image\/webp","filesize":266310,"url":"https:\/\/maipropertiesmallorca.com\/wp-content\/uploads\/2024\/11\/19-jpeg-1152x1536.webp"},"post-thumbnail":{"file":"19-jpeg-113x150.webp","width":113,"height":150,"mime-type":"image\/webp","filesize":5756,"url":"https:\/\/maipropertiesmallorca.com\/wp-content\/uploads\/2024\/11\/19-jpeg-113x150.webp"},"modern-property-child-slider":{"file":"19-jpeg-680x510.webp","width":680,"height":510,"mime-type":"image\/webp","filesize":79130,"url":"https:\/\/maipropertiesmallorca.com\/wp-content\/uploads\/2024\/11\/19-jpeg-680x510.webp"},"property-thumb-image":{"file":"19-jpeg-488x326.webp","width":488,"height":326,"mime-type":"image\/webp","filesize":40022,"url":"https:\/\/maipropertiesmallorca.com\/wp-content\/uploads\/2024\/11\/19-jpeg-488x326.webp"},"property-detail-video-image":{"file":"19-jpeg-818x417.webp","width":818,"height":417,"mime-type":"image\/webp","filesize":73304,"url":"https:\/\/maipropertiesmallorca.com\/wp-content\/uploads\/2024\/11\/19-jpeg-818x417.webp"},"agent-image":{"file":"19-jpeg-210x210.webp","width":210,"height":210,"mime-type":"image\/webp","filesize":12842,"url":"https:\/\/maipropertiesmallorca.com\/wp-content\/uploads\/2024\/11\/19-jpeg-210x210.webp"},"partners-logo":{"file":"19-jpeg-600x1600.webp","width":600,"height":1600,"mime-type":"image\/webp","filesize":178966,"url":"https:\/\/maipropertiesmallorca.com\/wp-content\/uploads\/2024\/11\/19-jpeg-600x1600.webp"},"post-featured-image":{"file":"19-jpeg-1200x720.webp","width":1200,"height":720,"mime-type":"image\/webp","filesize":181398,"url":"https:\/\/maipropertiesmallorca.com\/wp-content\/uploads\/2024\/11\/19-jpeg-1200x720.webp"}},"image_meta":{"aperture":"0","credit":"","camera":"","caption":"","created_timestamp":"0","copyright":"","focal_length":"0","iso":"0","shutter_speed":"0","title":"","orientation":"0","keywords":[]},"dominant_color":"948971","has_transparency":false,"sources":{"image\/webp":{"file":"19-jpeg.webp","filesize":345116}},"ID":"69298","name":"19-jpeg.webp","path":"\/home\/maipulvw\/public_html\/wp-content\/uploads\/2024\/11\/19-jpeg.webp","url":"https:\/\/maipropertiesmallorca.com\/wp-content\/uploads\/2024\/11\/19-jpeg.webp","full_url":"https:\/\/maipropertiesmallorca.com\/wp-content\/uploads\/2024\/11\/19-jpeg.webp","title":"19","caption":"","description":"","alt":"","srcset":"https:\/\/maipropertiesmallorca.com\/wp-content\/uploads\/2024\/11\/19-jpeg.webp 1200w, https:\/\/maipropertiesmallorca.com\/wp-content\/uploads\/2024\/11\/19-jpeg-1152x1536.webp 1152w, https:\/\/maipropertiesmallorca.com\/wp-content\/uploads\/2024\/11\/19-jpeg-113x150.webp 113w"},{"width":113,"height":150,"file":"2024\/11\/18.webp","filesize":501952,"sizes":{"1536x1536":{"file":"18-1152x1536.webp","width":1152,"height":1536,"mime-type":"image\/webp","filesize":403510,"url":"https:\/\/maipropertiesmallorca.com\/wp-content\/uploads\/2024\/11\/18-1152x1536.webp"},"post-thumbnail":{"file":"18-113x150.webp","width":113,"height":150,"mime-type":"image\/webp","filesize":5974,"url":"https:\/\/maipropertiesmallorca.com\/wp-content\/uploads\/2024\/11\/18-113x150.webp"},"modern-property-child-slider":{"file":"18-680x510.webp","width":680,"height":510,"mime-type":"image\/webp","filesize":88568,"url":"https:\/\/maipropertiesmallorca.com\/wp-content\/uploads\/2024\/11\/18-680x510.webp"},"property-thumb-image":{"file":"18-488x326.webp","width":488,"height":326,"mime-type":"image\/webp","filesize":44242,"url":"https:\/\/maipropertiesmallorca.com\/wp-content\/uploads\/2024\/11\/18-488x326.webp"},"property-detail-video-image":{"file":"18-818x417.webp","width":818,"height":417,"mime-type":"image\/webp","filesize":84052,"url":"https:\/\/maipropertiesmallorca.com\/wp-content\/uploads\/2024\/11\/18-818x417.webp"},"agent-image":{"file":"18-210x210.webp","width":210,"height":210,"mime-type":"image\/webp","filesize":14018,"url":"https:\/\/maipropertiesmallorca.com\/wp-content\/uploads\/2024\/11\/18-210x210.webp"},"partners-logo":{"file":"18-600x1600.webp","width":600,"height":1600,"mime-type":"image\/webp","filesize":317292,"url":"https:\/\/maipropertiesmallorca.com\/wp-content\/uploads\/2024\/11\/18-600x1600.webp"},"post-featured-image":{"file":"18-1200x720.webp","width":1200,"height":720,"mime-type":"image\/webp","filesize":206312,"url":"https:\/\/maipropertiesmallorca.com\/wp-content\/uploads\/2024\/11\/18-1200x720.webp"}},"image_meta":{"aperture":"0","credit":"","camera":"","caption":"","created_timestamp":"0","copyright":"","focal_length":"0","iso":"0","shutter_speed":"0","title":"","orientation":"0","keywords":[]},"dominant_color":"6c7f87","has_transparency":false,"sources":{"image\/webp":{"file":"18.webp","filesize":501952}},"ID":"69295","name":"18.webp","path":"\/home\/maipulvw\/public_html\/wp-content\/uploads\/2024\/11\/18.webp","url":"https:\/\/maipropertiesmallorca.com\/wp-content\/uploads\/2024\/11\/18.webp","full_url":"https:\/\/maipropertiesmallorca.com\/wp-content\/uploads\/2024\/11\/18.webp","title":"18","caption":"","description":"","alt":"","srcset":"https:\/\/maipropertiesmallorca.com\/wp-content\/uploads\/2024\/11\/18.webp 1200w, https:\/\/maipropertiesmallorca.com\/wp-content\/uploads\/2024\/11\/18-1152x1536.webp 1152w, https:\/\/maipropertiesmallorca.com\/wp-content\/uploads\/2024\/11\/18-113x150.webp 113w"},{"width":113,"height":150,"file":"2024\/11\/20.webp","filesize":348510,"sizes":{"1536x1536":{"file":"20-1152x1536.webp","width":1152,"height":1536,"mime-type":"image\/webp","filesize":276186,"url":"https:\/\/maipropertiesmallorca.com\/wp-content\/uploads\/2024\/11\/20-1152x1536.webp"},"post-thumbnail":{"file":"20-113x150.webp","width":113,"height":150,"mime-type":"image\/webp","filesize":5640,"url":"https:\/\/maipropertiesmallorca.com\/wp-content\/uploads\/2024\/11\/20-113x150.webp"},"modern-property-child-slider":{"file":"20-680x510.webp","width":680,"height":510,"mime-type":"image\/webp","filesize":57272,"url":"https:\/\/maipropertiesmallorca.com\/wp-content\/uploads\/2024\/11\/20-680x510.webp"},"property-thumb-image":{"file":"20-488x326.webp","width":488,"height":326,"mime-type":"image\/webp","filesize":29520,"url":"https:\/\/maipropertiesmallorca.com\/wp-content\/uploads\/2024\/11\/20-488x326.webp"},"property-detail-video-image":{"file":"20-818x417.webp","width":818,"height":417,"mime-type":"image\/webp","filesize":47554,"url":"https:\/\/maipropertiesmallorca.com\/wp-content\/uploads\/2024\/11\/20-818x417.webp"},"agent-image":{"file":"20-210x210.webp","width":210,"height":210,"mime-type":"image\/webp","filesize":12472,"url":"https:\/\/maipropertiesmallorca.com\/wp-content\/uploads\/2024\/11\/20-210x210.webp"},"partners-logo":{"file":"20-600x1600.webp","width":600,"height":1600,"mime-type":"image\/webp","filesize":147856,"url":"https:\/\/maipropertiesmallorca.com\/wp-content\/uploads\/2024\/11\/20-600x1600.webp"},"post-featured-image":{"file":"20-1200x720.webp","width":1200,"height":720,"mime-type":"image\/webp","filesize":116380,"url":"https:\/\/maipropertiesmallorca.com\/wp-content\/uploads\/2024\/11\/20-1200x720.webp"}},"image_meta":{"aperture":"0","credit":"","camera":"","caption":"","created_timestamp":"0","copyright":"","focal_length":"0","iso":"0","shutter_speed":"0","title":"","orientation":"0","keywords":[]},"dominant_color":"a8a998","has_transparency":false,"sources":{"image\/webp":{"file":"20.webp","filesize":348510}},"ID":"69301","name":"20.webp","path":"\/home\/maipulvw\/public_html\/wp-content\/uploads\/2024\/11\/20.webp","url":"https:\/\/maipropertiesmallorca.com\/wp-content\/uploads\/2024\/11\/20.webp","full_url":"https:\/\/maipropertiesmallorca.com\/wp-content\/uploads\/2024\/11\/20.webp","title":"20","caption":"","description":"","alt":"","srcset":"https:\/\/maipropertiesmallorca.com\/wp-content\/uploads\/2024\/11\/20.webp 1200w, https:\/\/maipropertiesmallorca.com\/wp-content\/uploads\/2024\/11\/20-1152x1536.webp 1152w, https:\/\/maipropertiesmallorca.com\/wp-content\/uploads\/2024\/11\/20-113x150.webp 113w"},{"width":113,"height":150,"file":"2024\/11\/21.webp","filesize":344058,"sizes":{"1536x1536":{"file":"21-1152x1536.webp","width":1152,"height":1536,"mime-type":"image\/webp","filesize":269600,"url":"https:\/\/maipropertiesmallorca.com\/wp-content\/uploads\/2024\/11\/21-1152x1536.webp"},"post-thumbnail":{"file":"21-113x150.webp","width":113,"height":150,"mime-type":"image\/webp","filesize":4656,"url":"https:\/\/maipropertiesmallorca.com\/wp-content\/uploads\/2024\/11\/21-113x150.webp"},"modern-property-child-slider":{"file":"21-680x510.webp","width":680,"height":510,"mime-type":"image\/webp","filesize":87330,"url":"https:\/\/maipropertiesmallorca.com\/wp-content\/uploads\/2024\/11\/21-680x510.webp"},"property-thumb-image":{"file":"21-488x326.webp","width":488,"height":326,"mime-type":"image\/webp","filesize":44812,"url":"https:\/\/maipropertiesmallorca.com\/wp-content\/uploads\/2024\/11\/21-488x326.webp"},"property-detail-video-image":{"file":"21-818x417.webp","width":818,"height":417,"mime-type":"image\/webp","filesize":83228,"url":"https:\/\/maipropertiesmallorca.com\/wp-content\/uploads\/2024\/11\/21-818x417.webp"},"agent-image":{"file":"21-210x210.webp","width":210,"height":210,"mime-type":"image\/webp","filesize":12468,"url":"https:\/\/maipropertiesmallorca.com\/wp-content\/uploads\/2024\/11\/21-210x210.webp"},"partners-logo":{"file":"21-600x1600.webp","width":600,"height":1600,"mime-type":"image\/webp","filesize":134602,"url":"https:\/\/maipropertiesmallorca.com\/wp-content\/uploads\/2024\/11\/21-600x1600.webp"},"post-featured-image":{"file":"21-1200x720.webp","width":1200,"height":720,"mime-type":"image\/webp","filesize":198828,"url":"https:\/\/maipropertiesmallorca.com\/wp-content\/uploads\/2024\/11\/21-1200x720.webp"}},"image_meta":{"aperture":"0","credit":"","camera":"","caption":"","created_timestamp":"0","copyright":"","focal_length":"0","iso":"0","shutter_speed":"0","title":"","orientation":"0","keywords":[]},"dominant_color":"978c87","has_transparency":false,"sources":{"image\/webp":{"file":"21.webp","filesize":344058}},"ID":"69304","name":"21.webp","path":"\/home\/maipulvw\/public_html\/wp-content\/uploads\/2024\/11\/21.webp","url":"https:\/\/maipropertiesmallorca.com\/wp-content\/uploads\/2024\/11\/21.webp","full_url":"https:\/\/maipropertiesmallorca.com\/wp-content\/uploads\/2024\/11\/21.webp","title":"21","caption":"","description":"","alt":"","srcset":"https:\/\/maipropertiesmallorca.com\/wp-content\/uploads\/2024\/11\/21.webp 1200w, https:\/\/maipropertiesmallorca.com\/wp-content\/uploads\/2024\/11\/21-1152x1536.webp 1152w, https:\/\/maipropertiesmallorca.com\/wp-content\/uploads\/2024\/11\/21-113x150.webp 113w"},{"width":113,"height":150,"file":"2024\/11\/22.webp","filesize":484700,"sizes":{"1536x1536":{"file":"22-1152x1536.webp","width":1152,"height":1536,"mime-type":"image\/webp","filesize":401478,"url":"https:\/\/maipropertiesmallorca.com\/wp-content\/uploads\/2024\/11\/22-1152x1536.webp"},"post-thumbnail":{"file":"22-113x150.webp","width":113,"height":150,"mime-type":"image\/webp","filesize":6864,"url":"https:\/\/maipropertiesmallorca.com\/wp-content\/uploads\/2024\/11\/22-113x150.webp"},"modern-property-child-slider":{"file":"22-680x510.webp","width":680,"height":510,"mime-type":"image\/webp","filesize":115334,"url":"https:\/\/maipropertiesmallorca.com\/wp-content\/uploads\/2024\/11\/22-680x510.webp"},"property-thumb-image":{"file":"22-488x326.webp","width":488,"height":326,"mime-type":"image\/webp","filesize":59052,"url":"https:\/\/maipropertiesmallorca.com\/wp-content\/uploads\/2024\/11\/22-488x326.webp"},"property-detail-video-image":{"file":"22-818x417.webp","width":818,"height":417,"mime-type":"image\/webp","filesize":109640,"url":"https:\/\/maipropertiesmallorca.com\/wp-content\/uploads\/2024\/11\/22-818x417.webp"},"agent-image":{"file":"22-210x210.webp","width":210,"height":210,"mime-type":"image\/webp","filesize":17354,"url":"https:\/\/maipropertiesmallorca.com\/wp-content\/uploads\/2024\/11\/22-210x210.webp"},"partners-logo":{"file":"22-600x1600.webp","width":600,"height":1600,"mime-type":"image\/webp","filesize":235072,"url":"https:\/\/maipropertiesmallorca.com\/wp-content\/uploads\/2024\/11\/22-600x1600.webp"},"post-featured-image":{"file":"22-1200x720.webp","width":1200,"height":720,"mime-type":"image\/webp","filesize":238292,"url":"https:\/\/maipropertiesmallorca.com\/wp-content\/uploads\/2024\/11\/22-1200x720.webp"}},"image_meta":{"aperture":"0","credit":"","camera":"","caption":"","created_timestamp":"0","copyright":"","focal_length":"0","iso":"0","shutter_speed":"0","title":"","orientation":"0","keywords":[]},"dominant_color":"638b82","has_transparency":false,"sources":{"image\/webp":{"file":"22.webp","filesize":484700}},"ID":"69307","name":"22.webp","path":"\/home\/maipulvw\/public_html\/wp-content\/uploads\/2024\/11\/22.webp","url":"https:\/\/maipropertiesmallorca.com\/wp-content\/uploads\/2024\/11\/22.webp","full_url":"https:\/\/maipropertiesmallorca.com\/wp-content\/uploads\/2024\/11\/22.webp","title":"22","caption":"","description":"","alt":"","srcset":"https:\/\/maipropertiesmallorca.com\/wp-content\/uploads\/2024\/11\/22.webp 1200w, https:\/\/maipropertiesmallorca.com\/wp-content\/uploads\/2024\/11\/22-1152x1536.webp 1152w, https:\/\/maipropertiesmallorca.com\/wp-content\/uploads\/2024\/11\/22-113x150.webp 113w"},{"width":113,"height":150,"file":"2024\/11\/23.webp","filesize":601656,"sizes":{"1536x1536":{"file":"23-1152x1536.webp","width":1152,"height":1536,"mime-type":"image\/webp","filesize":485778,"url":"https:\/\/maipropertiesmallorca.com\/wp-content\/uploads\/2024\/11\/23-1152x1536.webp"},"post-thumbnail":{"file":"23-113x150.webp","width":113,"height":150,"mime-type":"image\/webp","filesize":7514,"url":"https:\/\/maipropertiesmallorca.com\/wp-content\/uploads\/2024\/11\/23-113x150.webp"},"modern-property-child-slider":{"file":"23-680x510.webp","width":680,"height":510,"mime-type":"image\/webp","filesize":109320,"url":"https:\/\/maipropertiesmallorca.com\/wp-content\/uploads\/2024\/11\/23-680x510.webp"},"property-thumb-image":{"file":"23-488x326.webp","width":488,"height":326,"mime-type":"image\/webp","filesize":54162,"url":"https:\/\/maipropertiesmallorca.com\/wp-content\/uploads\/2024\/11\/23-488x326.webp"},"property-detail-video-image":{"file":"23-818x417.webp","width":818,"height":417,"mime-type":"image\/webp","filesize":98164,"url":"https:\/\/maipropertiesmallorca.com\/wp-content\/uploads\/2024\/11\/23-818x417.webp"},"agent-image":{"file":"23-210x210.webp","width":210,"height":210,"mime-type":"image\/webp","filesize":17744,"url":"https:\/\/maipropertiesmallorca.com\/wp-content\/uploads\/2024\/11\/23-210x210.webp"},"partners-logo":{"file":"23-600x1600.webp","width":600,"height":1600,"mime-type":"image\/webp","filesize":320838,"url":"https:\/\/maipropertiesmallorca.com\/wp-content\/uploads\/2024\/11\/23-600x1600.webp"},"post-featured-image":{"file":"23-1200x720.webp","width":1200,"height":720,"mime-type":"image\/webp","filesize":245184,"url":"https:\/\/maipropertiesmallorca.com\/wp-content\/uploads\/2024\/11\/23-1200x720.webp"}},"image_meta":{"aperture":"0","credit":"","camera":"","caption":"","created_timestamp":"0","copyright":"","focal_length":"0","iso":"0","shutter_speed":"0","title":"","orientation":"0","keywords":[]},"dominant_color":"717d75","has_transparency":false,"sources":{"image\/webp":{"file":"23.webp","filesize":601656}},"ID":"69310","name":"23.webp","path":"\/home\/maipulvw\/public_html\/wp-content\/uploads\/2024\/11\/23.webp","url":"https:\/\/maipropertiesmallorca.com\/wp-content\/uploads\/2024\/11\/23.webp","full_url":"https:\/\/maipropertiesmallorca.com\/wp-content\/uploads\/2024\/11\/23.webp","title":"23","caption":"","description":"","alt":"","srcset":"https:\/\/maipropertiesmallorca.com\/wp-content\/uploads\/2024\/11\/23.webp 1200w, https:\/\/maipropertiesmallorca.com\/wp-content\/uploads\/2024\/11\/23-1152x1536.webp 1152w, https:\/\/maipropertiesmallorca.com\/wp-content\/uploads\/2024\/11\/23-113x150.webp 113w"}],"REAL_HOMES_change_gallery_slider_type":"0","REAL_HOMES_gallery_slider_type":"carousel-style","inspiry_floor_plans":[],"inspiry_video_group":[],"REAL_HOMES_360_virtual_tour":"","REAL_HOMES_agent_display_option":"none","REAL_HOMES_agents":[],"REAL_HOMES_energy_class":"none","REAL_HOMES_energy_performance":"","REAL_HOMES_epc_current_rating":"","REAL_HOMES_epc_potential_rating":"","ere_property_schedule_tour":"global","ere_property_schedule_time_slots":"","ere_property_schedule_description":"","REAL_HOMES_sticky":"0","inspiry_property_label":"VERKAUFT","inspiry_property_label_color":"#dd3333","inspiry_property_tax":"","inspiry_additional_fee":"","REAL_HOMES_attachments":[],"inspiry_property_owner_name":"","inspiry_property_owner_contact":"","inspiry_property_owner_address":"","REAL_HOMES_property_private_note":"","inspiry_message_to_reviewer":"","REAL_HOMES_add_in_slider":"no","REAL_HOMES_slider_image":[],"REAL_HOMES_page_banner_image":[],"REAL_HOMES_custom_header_display":"default","REAL_HOMES_custom_header_position":"relative","REAL_HOMES_custom_footer_display":"default","REAL_HOMES_hide_advance_search":"0","REAL_HOMES_custom_search_form":"default","REAL_HOMES_search_form_margin_top":"","REAL_HOMES_search_form_margin_bottom":""},"_links":{"self":[{"href":"https:\/\/maipropertiesmallorca.com\/de\/wp-json\/wp\/v2\/properties\/69316","targetHints":{"allow":["GET"]}}],"collection":[{"href":"https:\/\/maipropertiesmallorca.com\/de\/wp-json\/wp\/v2\/properties"}],"about":[{"href":"https:\/\/maipropertiesmallorca.com\/de\/wp-json\/wp\/v2\/types\/property"}],"author":[{"embeddable":true,"href":"https:\/\/maipropertiesmallorca.com\/de\/wp-json\/wp\/v2\/users\/4"}],"replies":[{"embeddable":true,"href":"https:\/\/maipropertiesmallorca.com\/de\/wp-json\/wp\/v2\/comments?post=69316"}],"version-history":[{"count":1,"href":"https:\/\/maipropertiesmallorca.com\/de\/wp-json\/wp\/v2\/properties\/69316\/revisions"}],"predecessor-version":[{"id":73577,"href":"https:\/\/maipropertiesmallorca.com\/de\/wp-json\/wp\/v2\/properties\/69316\/revisions\/73577"}],"wp:featuredmedia":[{"embeddable":true,"href":"https:\/\/maipropertiesmallorca.com\/de\/wp-json\/wp\/v2\/media\/69244"}],"wp:attachment":[{"href":"https:\/\/maipropertiesmallorca.com\/de\/wp-json\/wp\/v2\/media?parent=69316"}],"wp:term":[{"taxonomy":"property-feature","embeddable":true,"href":"https:\/\/maipropertiesmallorca.com\/de\/wp-json\/wp\/v2\/feature-des-immobiliens?post=69316"},{"taxonomy":"property-type","embeddable":true,"href":"https:\/\/maipropertiesmallorca.com\/de\/wp-json\/wp\/v2\/immobilientypen?post=69316"},{"taxonomy":"property-city","embeddable":true,"href":"https:\/\/maipropertiesmallorca.com\/de\/wp-json\/wp\/v2\/immobilien-orte?post=69316"},{"taxonomy":"property-status","embeddable":true,"href":"https:\/\/maipropertiesmallorca.com\/de\/wp-json\/wp\/v2\/immobilienstatus?post=69316"}],"curies":[{"name":"wp","href":"https:\/\/api.w.org\/{rel}","templated":true}]}}