{"id":21082,"date":"2023-09-06T21:22:05","date_gmt":"2023-09-06T19:22:05","guid":{"rendered":"https:\/\/maipropertiesmallorca.com\/property\/einfamilienhaus-in-meeresnaehe-und-ferienvermietungslizenz-in-sa-marina-alcudia\/"},"modified":"2024-12-23T12:38:27","modified_gmt":"2024-12-23T11:38:27","slug":"einfamilienhaus-in-meeresnaehe-und-ferienvermietungslizenz-in-sa-marina-alcudia","status":"publish","type":"property","link":"https:\/\/maipropertiesmallorca.com\/de\/immobilie\/einfamilienhaus-in-meeresnaehe-und-ferienvermietungslizenz-in-sa-marina-alcudia\/","title":{"rendered":"Einfamilienhaus in Meeresn\u00e4he und Ferienvermietungslizenz in Sa Marina, Alcudia"},"content":{"rendered":"\n<p>Diese herrliche Villa in der wundersch\u00f6nen n\u00f6rdlichen Region der Insel, in Alcudia, ist eine Traumimmobilie f\u00fcr diejenigen, die die Ruhe und den Komfort eines ger\u00e4umigen und gut ausgestatteten Hauses genie\u00dfen m\u00f6chten. Erbaut im Jahr 1988 und im Laufe der Jahre sorgf\u00e4ltig gepflegt, bietet diese 277 m2 gro\u00dfe Villa eine einzigartige Gelegenheit f\u00fcr diejenigen, die in eine Immobilie mit Ferienlizenz in der N\u00e4he des Meeres investieren m\u00f6chten.<\/p>\n\n<p>Die Villa erstreckt sich \u00fcber zwei Etagen und verf\u00fcgt insgesamt \u00fcber f\u00fcnf Schlafzimmer und drei Badezimmer, was sie zur perfekten Wahl f\u00fcr gro\u00dfe Familien oder Gruppen von Freunden macht, die einen Urlaub auf der Insel genie\u00dfen m\u00f6chten. Beim Betreten des Hauses gelangt man in ein ger\u00e4umiges Wohnzimmer mit einem gem\u00fctlichen Kamin und gro\u00dfen Fenstern, die Zugang zu einer vorderen Terrasse mit Grillm\u00f6glichkeiten bieten, ideal zum Genie\u00dfen der warmen Sommertage.<\/p>\n\n<p>Die Villa ist mit einer voll ausgestatteten K\u00fcche und einer eigenen Waschraum ausgestattet. Im Erdgeschoss befinden sich drei ger\u00e4umige Schlafzimmer, eines davon en-suite, und zwei weitere Badezimmer. Im Obergeschoss gibt es zwei weitere Doppelzimmer, die ein voll ausgestattetes Badezimmer teilen. Alle Zimmer sind hell und luftig und verf\u00fcgen \u00fcber Einbauschr\u00e4nke.<\/p>\n\n<p>Auch das \u00c4u\u00dfere des Anwesens ist beeindruckend, mit einem gro\u00dfen gr\u00fcnen Gartenbereich auf der R\u00fcckseite des Hauses, wo sich der Pool und ein Kinderspielplatz befinden, ideal f\u00fcr die ganze Familie. Die Villa steht auf einem 405 m2 gro\u00dfen Grundst\u00fcck und verf\u00fcgt \u00fcber doppelt verglaste Fenster und eine Klimaanlage mit W\u00e4rmepumpe, was sie zu einer einfach zu pflegenden und zu bewohnenden Immobilie macht.<\/p>\n\n<p>Zusammenfassend ist diese Villa ein echtes Juwel in einer ruhigen Wohngegend, die leicht zu erreichen ist und \u00fcber alle notwendigen Annehmlichkeiten verf\u00fcgt, um einen unvergesslichen Urlaub auf der Insel zu genie\u00dfen. Verpassen Sie nicht die Gelegenheit, sie zu besuchen und aus erster Hand alle M\u00f6glichkeiten dieser spektakul\u00e4ren Immobilie kennenzulernen.<\/p>\n","protected":false},"excerpt":{"rendered":"<p>Diese herrliche Villa in der wundersch\u00f6nen n\u00f6rdlichen Region der Insel, in Alcudia, ist eine Traumimmobilie f\u00fcr diejenigen, die die Ruhe und den Komfort eines ger\u00e4umigen und gut ausgestatteten Hauses genie\u00dfen m\u00f6chten. Erbaut im Jahr 1988 und im Laufe der Jahre sorgf\u00e4ltig gepflegt, bietet diese 277 m2 gro\u00dfe Villa eine einzigartige Gelegenheit f\u00fcr diejenigen, die in&#8230;<\/p>\n","protected":false},"author":4,"featured_media":21017,"parent":0,"menu_order":0,"comment_status":"closed","ping_status":"closed","template":"","feature-des-immobiliens":[204,315,167,168,164,206],"immobilientypen":[193],"immobilien-orte":[174,211],"immobilienstatus":[171],"class_list":["post-21082","property","type-property","status-publish","has-post-thumbnail","hentry","property-feature-2-etagen-de","property-feature-barbaque-de","property-feature-garage-de","property-feature-garten-de","property-feature-klimaanlage-de","property-feature-schwimmbad-de","property-type-villa-de","property-city-alcudia-de","property-city-sa-marina-de","property-status-kaufen-de"],"property_meta":{"REAL_HOMES_property_price":"987000","REAL_HOMES_property_old_price":"","REAL_HOMES_property_price_prefix":"","REAL_HOMES_property_price_postfix":"","REAL_HOMES_property_size":"276","REAL_HOMES_property_size_postfix":"qm","REAL_HOMES_property_lot_size":"","REAL_HOMES_property_lot_size_postfix":"","REAL_HOMES_property_bedrooms":"5","REAL_HOMES_property_bathrooms":"3","REAL_HOMES_property_garage":"1","REAL_HOMES_property_id":"1048","REAL_HOMES_property_year_built":"","rvr_property_owner":"","REAL_HOMES_featured":"0","REAL_HOMES_additional_details_list":[],"REAL_HOMES_property_location":{"latitude":"39.8558712","longitude":"3.1050104","zoom":"14"},"REAL_HOMES_property_address":"carrer de Tintoretto, Sa Marina, Alcudia, Raiguer, Islas Baleares, 07400, Espa\u00f1a","REAL_HOMES_property_map":"","REAL_HOMES_property_images":[{"width":150,"height":150,"file":"2023\/09\/2-1.jpg","filesize":338426,"sizes":{"medium":{"file":"2-1-300x225.jpg","width":300,"height":225,"url":"https:\/\/maipropertiesmallorca.com\/wp-content\/uploads\/2023\/09\/2-1-300x225.jpg"},"large":{"file":"2-1-1024x768.jpg","width":1024,"height":768,"url":"https:\/\/maipropertiesmallorca.com\/wp-content\/uploads\/2023\/09\/2-1-1024x768.jpg"},"thumbnail":{"file":"2-1-150x150.jpg","width":150,"height":150,"url":"https:\/\/maipropertiesmallorca.com\/wp-content\/uploads\/2023\/09\/2-1-150x150.jpg"},"medium_large":{"file":"2-1-768x576.jpg","width":768,"height":576,"url":"https:\/\/maipropertiesmallorca.com\/wp-content\/uploads\/2023\/09\/2-1-768x576.jpg"},"1536x1536":{"file":"2-1-1536x1152.jpg","width":1536,"height":1152,"mime-type":"image\/jpeg","filesize":418297,"url":"https:\/\/maipropertiesmallorca.com\/wp-content\/uploads\/2023\/09\/2-1-1536x1152.jpg"},"post-thumbnail":{"file":"2-1-150x113.jpg","width":150,"height":113,"mime-type":"image\/jpeg","filesize":5954,"url":"https:\/\/maipropertiesmallorca.com\/wp-content\/uploads\/2023\/09\/2-1-150x113.jpg"},"modern-property-child-slider":{"file":"2-1-680x510.jpg","width":680,"height":510,"mime-type":"image\/jpeg","filesize":93145,"url":"https:\/\/maipropertiesmallorca.com\/wp-content\/uploads\/2023\/09\/2-1-680x510.jpg"},"property-thumb-image":{"file":"2-1-488x326.jpg","width":488,"height":326,"mime-type":"image\/jpeg","filesize":45570,"url":"https:\/\/maipropertiesmallorca.com\/wp-content\/uploads\/2023\/09\/2-1-488x326.jpg"},"property-detail-video-image":{"file":"2-1-818x417.jpg","width":818,"height":417,"mime-type":"image\/jpeg","filesize":96682,"url":"https:\/\/maipropertiesmallorca.com\/wp-content\/uploads\/2023\/09\/2-1-818x417.jpg"},"agent-image":{"file":"2-1-210x210.jpg","width":210,"height":210,"mime-type":"image\/jpeg","filesize":14077,"url":"https:\/\/maipropertiesmallorca.com\/wp-content\/uploads\/2023\/09\/2-1-210x210.jpg"},"partners-logo":{"file":"2-1-600x1200.jpg","width":600,"height":1200,"mime-type":"image\/jpeg","filesize":212698,"url":"https:\/\/maipropertiesmallorca.com\/wp-content\/uploads\/2023\/09\/2-1-600x1200.jpg"},"post-featured-image":{"file":"2-1-1240x720.jpg","width":1240,"height":720,"mime-type":"image\/jpeg","filesize":236390,"url":"https:\/\/maipropertiesmallorca.com\/wp-content\/uploads\/2023\/09\/2-1-1240x720.jpg"}},"image_meta":{"aperture":"0","credit":"","camera":"","caption":"","created_timestamp":"0","copyright":"","focal_length":"0","iso":"0","shutter_speed":"0","title":"","orientation":"0","keywords":[]},"image-converter":{"thumbnail":"IME","medium":"IME","medium_large":"IME","large":"IME"},"ID":"21020","name":"2-1.jpg","path":"\/home\/maipulvw\/public_html\/wp-content\/uploads\/2023\/09\/2-1.jpg","url":"https:\/\/maipropertiesmallorca.com\/wp-content\/uploads\/2023\/09\/2-1-150x150.jpg","full_url":"https:\/\/maipropertiesmallorca.com\/wp-content\/uploads\/2023\/09\/2-1.jpg","title":"2","caption":"","description":"","alt":"","srcset":"https:\/\/maipropertiesmallorca.com\/wp-content\/uploads\/2023\/09\/2-1-150x150.jpg 150w, https:\/\/maipropertiesmallorca.com\/wp-content\/uploads\/2023\/09\/2-1-210x210.jpg 210w"},{"width":150,"height":150,"file":"2023\/09\/1-2.jpg","filesize":447954,"sizes":{"medium":{"file":"1-2-300x225.jpg","width":300,"height":225,"url":"https:\/\/maipropertiesmallorca.com\/wp-content\/uploads\/2023\/09\/1-2-300x225.jpg"},"large":{"file":"1-2-1024x768.jpg","width":1024,"height":768,"url":"https:\/\/maipropertiesmallorca.com\/wp-content\/uploads\/2023\/09\/1-2-1024x768.jpg"},"thumbnail":{"file":"1-2-150x150.jpg","width":150,"height":150,"url":"https:\/\/maipropertiesmallorca.com\/wp-content\/uploads\/2023\/09\/1-2-150x150.jpg"},"medium_large":{"file":"1-2-768x576.jpg","width":768,"height":576,"url":"https:\/\/maipropertiesmallorca.com\/wp-content\/uploads\/2023\/09\/1-2-768x576.jpg"},"1536x1536":{"file":"1-2-1536x1152.jpg","width":1536,"height":1152,"mime-type":"image\/jpeg","filesize":528364,"url":"https:\/\/maipropertiesmallorca.com\/wp-content\/uploads\/2023\/09\/1-2-1536x1152.jpg"},"post-thumbnail":{"file":"1-2-150x113.jpg","width":150,"height":113,"mime-type":"image\/jpeg","filesize":6439,"url":"https:\/\/maipropertiesmallorca.com\/wp-content\/uploads\/2023\/09\/1-2-150x113.jpg"},"modern-property-child-slider":{"file":"1-2-680x510.jpg","width":680,"height":510,"mime-type":"image\/jpeg","filesize":114075,"url":"https:\/\/maipropertiesmallorca.com\/wp-content\/uploads\/2023\/09\/1-2-680x510.jpg"},"property-thumb-image":{"file":"1-2-488x326.jpg","width":488,"height":326,"mime-type":"image\/jpeg","filesize":53384,"url":"https:\/\/maipropertiesmallorca.com\/wp-content\/uploads\/2023\/09\/1-2-488x326.jpg"},"property-detail-video-image":{"file":"1-2-818x417.jpg","width":818,"height":417,"mime-type":"image\/jpeg","filesize":117498,"url":"https:\/\/maipropertiesmallorca.com\/wp-content\/uploads\/2023\/09\/1-2-818x417.jpg"},"agent-image":{"file":"1-2-210x210.jpg","width":210,"height":210,"mime-type":"image\/jpeg","filesize":14763,"url":"https:\/\/maipropertiesmallorca.com\/wp-content\/uploads\/2023\/09\/1-2-210x210.jpg"},"partners-logo":{"file":"1-2-600x1200.jpg","width":600,"height":1200,"mime-type":"image\/jpeg","filesize":241607,"url":"https:\/\/maipropertiesmallorca.com\/wp-content\/uploads\/2023\/09\/1-2-600x1200.jpg"},"post-featured-image":{"file":"1-2-1240x720.jpg","width":1240,"height":720,"mime-type":"image\/jpeg","filesize":286884,"url":"https:\/\/maipropertiesmallorca.com\/wp-content\/uploads\/2023\/09\/1-2-1240x720.jpg"}},"image_meta":{"aperture":"0","credit":"","camera":"","caption":"","created_timestamp":"0","copyright":"","focal_length":"0","iso":"0","shutter_speed":"0","title":"","orientation":"0","keywords":[]},"image-converter":{"thumbnail":"IME","medium":"IME","medium_large":"IME","large":"IME"},"ID":"21017","name":"1-2.jpg","path":"\/home\/maipulvw\/public_html\/wp-content\/uploads\/2023\/09\/1-2.jpg","url":"https:\/\/maipropertiesmallorca.com\/wp-content\/uploads\/2023\/09\/1-2-150x150.jpg","full_url":"https:\/\/maipropertiesmallorca.com\/wp-content\/uploads\/2023\/09\/1-2.jpg","title":"1","caption":"","description":"","alt":"","srcset":"https:\/\/maipropertiesmallorca.com\/wp-content\/uploads\/2023\/09\/1-2-150x150.jpg 150w, https:\/\/maipropertiesmallorca.com\/wp-content\/uploads\/2023\/09\/1-2-210x210.jpg 210w"},{"width":150,"height":150,"file":"2023\/09\/3-2.jpg","filesize":254276,"sizes":{"medium":{"file":"3-2-300x225.jpg","width":300,"height":225,"url":"https:\/\/maipropertiesmallorca.com\/wp-content\/uploads\/2023\/09\/3-2-300x225.jpg"},"large":{"file":"3-2-1024x768.jpg","width":1024,"height":768,"url":"https:\/\/maipropertiesmallorca.com\/wp-content\/uploads\/2023\/09\/3-2-1024x768.jpg"},"thumbnail":{"file":"3-2-150x150.jpg","width":150,"height":150,"url":"https:\/\/maipropertiesmallorca.com\/wp-content\/uploads\/2023\/09\/3-2-150x150.jpg"},"medium_large":{"file":"3-2-768x576.jpg","width":768,"height":576,"url":"https:\/\/maipropertiesmallorca.com\/wp-content\/uploads\/2023\/09\/3-2-768x576.jpg"},"1536x1536":{"file":"3-2-1536x1152.jpg","width":1536,"height":1152,"mime-type":"image\/jpeg","filesize":325363,"url":"https:\/\/maipropertiesmallorca.com\/wp-content\/uploads\/2023\/09\/3-2-1536x1152.jpg"},"post-thumbnail":{"file":"3-2-150x113.jpg","width":150,"height":113,"mime-type":"image\/jpeg","filesize":5515,"url":"https:\/\/maipropertiesmallorca.com\/wp-content\/uploads\/2023\/09\/3-2-150x113.jpg"},"modern-property-child-slider":{"file":"3-2-680x510.jpg","width":680,"height":510,"mime-type":"image\/jpeg","filesize":75335,"url":"https:\/\/maipropertiesmallorca.com\/wp-content\/uploads\/2023\/09\/3-2-680x510.jpg"},"property-thumb-image":{"file":"3-2-488x326.jpg","width":488,"height":326,"mime-type":"image\/jpeg","filesize":36811,"url":"https:\/\/maipropertiesmallorca.com\/wp-content\/uploads\/2023\/09\/3-2-488x326.jpg"},"property-detail-video-image":{"file":"3-2-818x417.jpg","width":818,"height":417,"mime-type":"image\/jpeg","filesize":72119,"url":"https:\/\/maipropertiesmallorca.com\/wp-content\/uploads\/2023\/09\/3-2-818x417.jpg"},"agent-image":{"file":"3-2-210x210.jpg","width":210,"height":210,"mime-type":"image\/jpeg","filesize":11659,"url":"https:\/\/maipropertiesmallorca.com\/wp-content\/uploads\/2023\/09\/3-2-210x210.jpg"},"partners-logo":{"file":"3-2-600x1200.jpg","width":600,"height":1200,"mime-type":"image\/jpeg","filesize":148492,"url":"https:\/\/maipropertiesmallorca.com\/wp-content\/uploads\/2023\/09\/3-2-600x1200.jpg"},"post-featured-image":{"file":"3-2-1240x720.jpg","width":1240,"height":720,"mime-type":"image\/jpeg","filesize":175040,"url":"https:\/\/maipropertiesmallorca.com\/wp-content\/uploads\/2023\/09\/3-2-1240x720.jpg"}},"image_meta":{"aperture":"0","credit":"","camera":"","caption":"","created_timestamp":"0","copyright":"","focal_length":"0","iso":"0","shutter_speed":"0","title":"","orientation":"0","keywords":[]},"image-converter":{"thumbnail":"IME","medium":"IME","medium_large":"IME","large":"IME"},"ID":"21023","name":"3-2.jpg","path":"\/home\/maipulvw\/public_html\/wp-content\/uploads\/2023\/09\/3-2.jpg","url":"https:\/\/maipropertiesmallorca.com\/wp-content\/uploads\/2023\/09\/3-2-150x150.jpg","full_url":"https:\/\/maipropertiesmallorca.com\/wp-content\/uploads\/2023\/09\/3-2.jpg","title":"3","caption":"","description":"","alt":"","srcset":"https:\/\/maipropertiesmallorca.com\/wp-content\/uploads\/2023\/09\/3-2-150x150.jpg 150w, https:\/\/maipropertiesmallorca.com\/wp-content\/uploads\/2023\/09\/3-2-210x210.jpg 210w"},{"width":150,"height":150,"file":"2023\/09\/6-1.jpg","filesize":235499,"sizes":{"medium":{"file":"6-1-300x225.jpg","width":300,"height":225,"url":"https:\/\/maipropertiesmallorca.com\/wp-content\/uploads\/2023\/09\/6-1-300x225.jpg"},"large":{"file":"6-1-1024x768.jpg","width":1024,"height":768,"url":"https:\/\/maipropertiesmallorca.com\/wp-content\/uploads\/2023\/09\/6-1-1024x768.jpg"},"thumbnail":{"file":"6-1-150x150.jpg","width":150,"height":150,"url":"https:\/\/maipropertiesmallorca.com\/wp-content\/uploads\/2023\/09\/6-1-150x150.jpg"},"medium_large":{"file":"6-1-768x576.jpg","width":768,"height":576,"url":"https:\/\/maipropertiesmallorca.com\/wp-content\/uploads\/2023\/09\/6-1-768x576.jpg"},"1536x1536":{"file":"6-1-1536x1152.jpg","width":1536,"height":1152,"mime-type":"image\/jpeg","filesize":304390,"url":"https:\/\/maipropertiesmallorca.com\/wp-content\/uploads\/2023\/09\/6-1-1536x1152.jpg"},"post-thumbnail":{"file":"6-1-150x113.jpg","width":150,"height":113,"mime-type":"image\/jpeg","filesize":4481,"url":"https:\/\/maipropertiesmallorca.com\/wp-content\/uploads\/2023\/09\/6-1-150x113.jpg"},"modern-property-child-slider":{"file":"6-1-680x510.jpg","width":680,"height":510,"mime-type":"image\/jpeg","filesize":67799,"url":"https:\/\/maipropertiesmallorca.com\/wp-content\/uploads\/2023\/09\/6-1-680x510.jpg"},"property-thumb-image":{"file":"6-1-488x326.jpg","width":488,"height":326,"mime-type":"image\/jpeg","filesize":33684,"url":"https:\/\/maipropertiesmallorca.com\/wp-content\/uploads\/2023\/09\/6-1-488x326.jpg"},"property-detail-video-image":{"file":"6-1-818x417.jpg","width":818,"height":417,"mime-type":"image\/jpeg","filesize":74375,"url":"https:\/\/maipropertiesmallorca.com\/wp-content\/uploads\/2023\/09\/6-1-818x417.jpg"},"agent-image":{"file":"6-1-210x210.jpg","width":210,"height":210,"mime-type":"image\/jpeg","filesize":9767,"url":"https:\/\/maipropertiesmallorca.com\/wp-content\/uploads\/2023\/09\/6-1-210x210.jpg"},"partners-logo":{"file":"6-1-600x1200.jpg","width":600,"height":1200,"mime-type":"image\/jpeg","filesize":131998,"url":"https:\/\/maipropertiesmallorca.com\/wp-content\/uploads\/2023\/09\/6-1-600x1200.jpg"},"post-featured-image":{"file":"6-1-1240x720.jpg","width":1240,"height":720,"mime-type":"image\/jpeg","filesize":173348,"url":"https:\/\/maipropertiesmallorca.com\/wp-content\/uploads\/2023\/09\/6-1-1240x720.jpg"}},"image_meta":{"aperture":"0","credit":"","camera":"","caption":"","created_timestamp":"0","copyright":"","focal_length":"0","iso":"0","shutter_speed":"0","title":"","orientation":"0","keywords":[]},"image-converter":{"thumbnail":"IME","medium":"IME","medium_large":"IME","large":"IME"},"ID":"21032","name":"6-1.jpg","path":"\/home\/maipulvw\/public_html\/wp-content\/uploads\/2023\/09\/6-1.jpg","url":"https:\/\/maipropertiesmallorca.com\/wp-content\/uploads\/2023\/09\/6-1-150x150.jpg","full_url":"https:\/\/maipropertiesmallorca.com\/wp-content\/uploads\/2023\/09\/6-1.jpg","title":"6","caption":"","description":"","alt":"","srcset":"https:\/\/maipropertiesmallorca.com\/wp-content\/uploads\/2023\/09\/6-1-150x150.jpg 150w, https:\/\/maipropertiesmallorca.com\/wp-content\/uploads\/2023\/09\/6-1-210x210.jpg 210w"},{"width":150,"height":150,"file":"2023\/09\/7-1.jpg","filesize":207187,"sizes":{"medium":{"file":"7-1-300x225.jpg","width":300,"height":225,"url":"https:\/\/maipropertiesmallorca.com\/wp-content\/uploads\/2023\/09\/7-1-300x225.jpg"},"large":{"file":"7-1-1024x768.jpg","width":1024,"height":768,"url":"https:\/\/maipropertiesmallorca.com\/wp-content\/uploads\/2023\/09\/7-1-1024x768.jpg"},"thumbnail":{"file":"7-1-150x150.jpg","width":150,"height":150,"url":"https:\/\/maipropertiesmallorca.com\/wp-content\/uploads\/2023\/09\/7-1-150x150.jpg"},"medium_large":{"file":"7-1-768x576.jpg","width":768,"height":576,"url":"https:\/\/maipropertiesmallorca.com\/wp-content\/uploads\/2023\/09\/7-1-768x576.jpg"},"1536x1536":{"file":"7-1-1536x1152.jpg","width":1536,"height":1152,"mime-type":"image\/jpeg","filesize":275932,"url":"https:\/\/maipropertiesmallorca.com\/wp-content\/uploads\/2023\/09\/7-1-1536x1152.jpg"},"post-thumbnail":{"file":"7-1-150x113.jpg","width":150,"height":113,"mime-type":"image\/jpeg","filesize":5335,"url":"https:\/\/maipropertiesmallorca.com\/wp-content\/uploads\/2023\/09\/7-1-150x113.jpg"},"modern-property-child-slider":{"file":"7-1-680x510.jpg","width":680,"height":510,"mime-type":"image\/jpeg","filesize":68189,"url":"https:\/\/maipropertiesmallorca.com\/wp-content\/uploads\/2023\/09\/7-1-680x510.jpg"},"property-thumb-image":{"file":"7-1-488x326.jpg","width":488,"height":326,"mime-type":"image\/jpeg","filesize":34988,"url":"https:\/\/maipropertiesmallorca.com\/wp-content\/uploads\/2023\/09\/7-1-488x326.jpg"},"property-detail-video-image":{"file":"7-1-818x417.jpg","width":818,"height":417,"mime-type":"image\/jpeg","filesize":69444,"url":"https:\/\/maipropertiesmallorca.com\/wp-content\/uploads\/2023\/09\/7-1-818x417.jpg"},"agent-image":{"file":"7-1-210x210.jpg","width":210,"height":210,"mime-type":"image\/jpeg","filesize":11468,"url":"https:\/\/maipropertiesmallorca.com\/wp-content\/uploads\/2023\/09\/7-1-210x210.jpg"},"partners-logo":{"file":"7-1-600x1200.jpg","width":600,"height":1200,"mime-type":"image\/jpeg","filesize":124764,"url":"https:\/\/maipropertiesmallorca.com\/wp-content\/uploads\/2023\/09\/7-1-600x1200.jpg"},"post-featured-image":{"file":"7-1-1240x720.jpg","width":1240,"height":720,"mime-type":"image\/jpeg","filesize":156652,"url":"https:\/\/maipropertiesmallorca.com\/wp-content\/uploads\/2023\/09\/7-1-1240x720.jpg"}},"image_meta":{"aperture":"0","credit":"","camera":"","caption":"","created_timestamp":"0","copyright":"","focal_length":"0","iso":"0","shutter_speed":"0","title":"","orientation":"0","keywords":[]},"image-converter":{"thumbnail":"IME","medium":"IME","medium_large":"IME","large":"IME"},"ID":"21035","name":"7-1.jpg","path":"\/home\/maipulvw\/public_html\/wp-content\/uploads\/2023\/09\/7-1.jpg","url":"https:\/\/maipropertiesmallorca.com\/wp-content\/uploads\/2023\/09\/7-1-150x150.jpg","full_url":"https:\/\/maipropertiesmallorca.com\/wp-content\/uploads\/2023\/09\/7-1.jpg","title":"7","caption":"","description":"","alt":"","srcset":"https:\/\/maipropertiesmallorca.com\/wp-content\/uploads\/2023\/09\/7-1-150x150.jpg 150w, https:\/\/maipropertiesmallorca.com\/wp-content\/uploads\/2023\/09\/7-1-210x210.jpg 210w"},{"width":150,"height":150,"file":"2023\/09\/18-1.jpg","filesize":191399,"sizes":{"medium":{"file":"18-1-300x225.jpg","width":300,"height":225,"url":"https:\/\/maipropertiesmallorca.com\/wp-content\/uploads\/2023\/09\/18-1-300x225.jpg"},"large":{"file":"18-1-1024x768.jpg","width":1024,"height":768,"url":"https:\/\/maipropertiesmallorca.com\/wp-content\/uploads\/2023\/09\/18-1-1024x768.jpg"},"thumbnail":{"file":"18-1-150x150.jpg","width":150,"height":150,"url":"https:\/\/maipropertiesmallorca.com\/wp-content\/uploads\/2023\/09\/18-1-150x150.jpg"},"medium_large":{"file":"18-1-768x576.jpg","width":768,"height":576,"url":"https:\/\/maipropertiesmallorca.com\/wp-content\/uploads\/2023\/09\/18-1-768x576.jpg"},"1536x1536":{"file":"18-1-1536x1152.jpg","width":1536,"height":1152,"mime-type":"image\/jpeg","filesize":259019,"url":"https:\/\/maipropertiesmallorca.com\/wp-content\/uploads\/2023\/09\/18-1-1536x1152.jpg"},"post-thumbnail":{"file":"18-1-150x113.jpg","width":150,"height":113,"mime-type":"image\/jpeg","filesize":4506,"url":"https:\/\/maipropertiesmallorca.com\/wp-content\/uploads\/2023\/09\/18-1-150x113.jpg"},"modern-property-child-slider":{"file":"18-1-680x510.jpg","width":680,"height":510,"mime-type":"image\/jpeg","filesize":60032,"url":"https:\/\/maipropertiesmallorca.com\/wp-content\/uploads\/2023\/09\/18-1-680x510.jpg"},"property-thumb-image":{"file":"18-1-488x326.jpg","width":488,"height":326,"mime-type":"image\/jpeg","filesize":29686,"url":"https:\/\/maipropertiesmallorca.com\/wp-content\/uploads\/2023\/09\/18-1-488x326.jpg"},"property-detail-video-image":{"file":"18-1-818x417.jpg","width":818,"height":417,"mime-type":"image\/jpeg","filesize":59395,"url":"https:\/\/maipropertiesmallorca.com\/wp-content\/uploads\/2023\/09\/18-1-818x417.jpg"},"agent-image":{"file":"18-1-210x210.jpg","width":210,"height":210,"mime-type":"image\/jpeg","filesize":9664,"url":"https:\/\/maipropertiesmallorca.com\/wp-content\/uploads\/2023\/09\/18-1-210x210.jpg"},"partners-logo":{"file":"18-1-600x1200.jpg","width":600,"height":1200,"mime-type":"image\/jpeg","filesize":110461,"url":"https:\/\/maipropertiesmallorca.com\/wp-content\/uploads\/2023\/09\/18-1-600x1200.jpg"},"post-featured-image":{"file":"18-1-1240x720.jpg","width":1240,"height":720,"mime-type":"image\/jpeg","filesize":138499,"url":"https:\/\/maipropertiesmallorca.com\/wp-content\/uploads\/2023\/09\/18-1-1240x720.jpg"}},"image_meta":{"aperture":"0","credit":"","camera":"","caption":"","created_timestamp":"0","copyright":"","focal_length":"0","iso":"0","shutter_speed":"0","title":"","orientation":"0","keywords":[]},"image-converter":{"thumbnail":"IME","medium":"IME","medium_large":"IME","large":"IME"},"ID":"21068","name":"18-1.jpg","path":"\/home\/maipulvw\/public_html\/wp-content\/uploads\/2023\/09\/18-1.jpg","url":"https:\/\/maipropertiesmallorca.com\/wp-content\/uploads\/2023\/09\/18-1-150x150.jpg","full_url":"https:\/\/maipropertiesmallorca.com\/wp-content\/uploads\/2023\/09\/18-1.jpg","title":"18","caption":"","description":"","alt":"","srcset":"https:\/\/maipropertiesmallorca.com\/wp-content\/uploads\/2023\/09\/18-1-150x150.jpg 150w, https:\/\/maipropertiesmallorca.com\/wp-content\/uploads\/2023\/09\/18-1-210x210.jpg 210w"},{"width":150,"height":150,"file":"2023\/09\/8-1.jpg","filesize":188324,"sizes":{"medium":{"file":"8-1-300x225.jpg","width":300,"height":225,"url":"https:\/\/maipropertiesmallorca.com\/wp-content\/uploads\/2023\/09\/8-1-300x225.jpg"},"large":{"file":"8-1-1024x768.jpg","width":1024,"height":768,"url":"https:\/\/maipropertiesmallorca.com\/wp-content\/uploads\/2023\/09\/8-1-1024x768.jpg"},"thumbnail":{"file":"8-1-150x150.jpg","width":150,"height":150,"url":"https:\/\/maipropertiesmallorca.com\/wp-content\/uploads\/2023\/09\/8-1-150x150.jpg"},"medium_large":{"file":"8-1-768x576.jpg","width":768,"height":576,"url":"https:\/\/maipropertiesmallorca.com\/wp-content\/uploads\/2023\/09\/8-1-768x576.jpg"},"1536x1536":{"file":"8-1-1536x1152.jpg","width":1536,"height":1152,"mime-type":"image\/jpeg","filesize":256311,"url":"https:\/\/maipropertiesmallorca.com\/wp-content\/uploads\/2023\/09\/8-1-1536x1152.jpg"},"post-thumbnail":{"file":"8-1-150x113.jpg","width":150,"height":113,"mime-type":"image\/jpeg","filesize":4799,"url":"https:\/\/maipropertiesmallorca.com\/wp-content\/uploads\/2023\/09\/8-1-150x113.jpg"},"modern-property-child-slider":{"file":"8-1-680x510.jpg","width":680,"height":510,"mime-type":"image\/jpeg","filesize":58711,"url":"https:\/\/maipropertiesmallorca.com\/wp-content\/uploads\/2023\/09\/8-1-680x510.jpg"},"property-thumb-image":{"file":"8-1-488x326.jpg","width":488,"height":326,"mime-type":"image\/jpeg","filesize":29987,"url":"https:\/\/maipropertiesmallorca.com\/wp-content\/uploads\/2023\/09\/8-1-488x326.jpg"},"property-detail-video-image":{"file":"8-1-818x417.jpg","width":818,"height":417,"mime-type":"image\/jpeg","filesize":59965,"url":"https:\/\/maipropertiesmallorca.com\/wp-content\/uploads\/2023\/09\/8-1-818x417.jpg"},"agent-image":{"file":"8-1-210x210.jpg","width":210,"height":210,"mime-type":"image\/jpeg","filesize":9861,"url":"https:\/\/maipropertiesmallorca.com\/wp-content\/uploads\/2023\/09\/8-1-210x210.jpg"},"partners-logo":{"file":"8-1-600x1200.jpg","width":600,"height":1200,"mime-type":"image\/jpeg","filesize":114384,"url":"https:\/\/maipropertiesmallorca.com\/wp-content\/uploads\/2023\/09\/8-1-600x1200.jpg"},"post-featured-image":{"file":"8-1-1240x720.jpg","width":1240,"height":720,"mime-type":"image\/jpeg","filesize":140348,"url":"https:\/\/maipropertiesmallorca.com\/wp-content\/uploads\/2023\/09\/8-1-1240x720.jpg"}},"image_meta":{"aperture":"0","credit":"","camera":"","caption":"","created_timestamp":"0","copyright":"","focal_length":"0","iso":"0","shutter_speed":"0","title":"","orientation":"0","keywords":[]},"image-converter":{"thumbnail":"IME","medium":"IME","medium_large":"IME","large":"IME"},"ID":"21038","name":"8-1.jpg","path":"\/home\/maipulvw\/public_html\/wp-content\/uploads\/2023\/09\/8-1.jpg","url":"https:\/\/maipropertiesmallorca.com\/wp-content\/uploads\/2023\/09\/8-1-150x150.jpg","full_url":"https:\/\/maipropertiesmallorca.com\/wp-content\/uploads\/2023\/09\/8-1.jpg","title":"8","caption":"","description":"","alt":"","srcset":"https:\/\/maipropertiesmallorca.com\/wp-content\/uploads\/2023\/09\/8-1-150x150.jpg 150w, https:\/\/maipropertiesmallorca.com\/wp-content\/uploads\/2023\/09\/8-1-210x210.jpg 210w"},{"width":150,"height":150,"file":"2023\/09\/9-1.jpg","filesize":191460,"sizes":{"medium":{"file":"9-1-300x225.jpg","width":300,"height":225,"url":"https:\/\/maipropertiesmallorca.com\/wp-content\/uploads\/2023\/09\/9-1-300x225.jpg"},"large":{"file":"9-1-1024x768.jpg","width":1024,"height":768,"url":"https:\/\/maipropertiesmallorca.com\/wp-content\/uploads\/2023\/09\/9-1-1024x768.jpg"},"thumbnail":{"file":"9-1-150x150.jpg","width":150,"height":150,"url":"https:\/\/maipropertiesmallorca.com\/wp-content\/uploads\/2023\/09\/9-1-150x150.jpg"},"medium_large":{"file":"9-1-768x576.jpg","width":768,"height":576,"url":"https:\/\/maipropertiesmallorca.com\/wp-content\/uploads\/2023\/09\/9-1-768x576.jpg"},"1536x1536":{"file":"9-1-1536x1152.jpg","width":1536,"height":1152,"mime-type":"image\/jpeg","filesize":252858,"url":"https:\/\/maipropertiesmallorca.com\/wp-content\/uploads\/2023\/09\/9-1-1536x1152.jpg"},"post-thumbnail":{"file":"9-1-150x113.jpg","width":150,"height":113,"mime-type":"image\/jpeg","filesize":4859,"url":"https:\/\/maipropertiesmallorca.com\/wp-content\/uploads\/2023\/09\/9-1-150x113.jpg"},"modern-property-child-slider":{"file":"9-1-680x510.jpg","width":680,"height":510,"mime-type":"image\/jpeg","filesize":58034,"url":"https:\/\/maipropertiesmallorca.com\/wp-content\/uploads\/2023\/09\/9-1-680x510.jpg"},"property-thumb-image":{"file":"9-1-488x326.jpg","width":488,"height":326,"mime-type":"image\/jpeg","filesize":29166,"url":"https:\/\/maipropertiesmallorca.com\/wp-content\/uploads\/2023\/09\/9-1-488x326.jpg"},"property-detail-video-image":{"file":"9-1-818x417.jpg","width":818,"height":417,"mime-type":"image\/jpeg","filesize":58668,"url":"https:\/\/maipropertiesmallorca.com\/wp-content\/uploads\/2023\/09\/9-1-818x417.jpg"},"agent-image":{"file":"9-1-210x210.jpg","width":210,"height":210,"mime-type":"image\/jpeg","filesize":9907,"url":"https:\/\/maipropertiesmallorca.com\/wp-content\/uploads\/2023\/09\/9-1-210x210.jpg"},"partners-logo":{"file":"9-1-600x1200.jpg","width":600,"height":1200,"mime-type":"image\/jpeg","filesize":112784,"url":"https:\/\/maipropertiesmallorca.com\/wp-content\/uploads\/2023\/09\/9-1-600x1200.jpg"},"post-featured-image":{"file":"9-1-1240x720.jpg","width":1240,"height":720,"mime-type":"image\/jpeg","filesize":134201,"url":"https:\/\/maipropertiesmallorca.com\/wp-content\/uploads\/2023\/09\/9-1-1240x720.jpg"}},"image_meta":{"aperture":"0","credit":"","camera":"","caption":"","created_timestamp":"0","copyright":"","focal_length":"0","iso":"0","shutter_speed":"0","title":"","orientation":"0","keywords":[]},"image-converter":{"thumbnail":"IME","medium":"IME","medium_large":"IME","large":"IME"},"ID":"21041","name":"9-1.jpg","path":"\/home\/maipulvw\/public_html\/wp-content\/uploads\/2023\/09\/9-1.jpg","url":"https:\/\/maipropertiesmallorca.com\/wp-content\/uploads\/2023\/09\/9-1-150x150.jpg","full_url":"https:\/\/maipropertiesmallorca.com\/wp-content\/uploads\/2023\/09\/9-1.jpg","title":"9","caption":"","description":"","alt":"","srcset":"https:\/\/maipropertiesmallorca.com\/wp-content\/uploads\/2023\/09\/9-1-150x150.jpg 150w, https:\/\/maipropertiesmallorca.com\/wp-content\/uploads\/2023\/09\/9-1-210x210.jpg 210w"},{"width":150,"height":150,"file":"2023\/09\/5-1.jpg","filesize":404458,"sizes":{"medium":{"file":"5-1-300x225.jpg","width":300,"height":225,"url":"https:\/\/maipropertiesmallorca.com\/wp-content\/uploads\/2023\/09\/5-1-300x225.jpg"},"large":{"file":"5-1-1024x768.jpg","width":1024,"height":768,"url":"https:\/\/maipropertiesmallorca.com\/wp-content\/uploads\/2023\/09\/5-1-1024x768.jpg"},"thumbnail":{"file":"5-1-150x150.jpg","width":150,"height":150,"url":"https:\/\/maipropertiesmallorca.com\/wp-content\/uploads\/2023\/09\/5-1-150x150.jpg"},"medium_large":{"file":"5-1-768x576.jpg","width":768,"height":576,"url":"https:\/\/maipropertiesmallorca.com\/wp-content\/uploads\/2023\/09\/5-1-768x576.jpg"},"1536x1536":{"file":"5-1-1536x1152.jpg","width":1536,"height":1152,"mime-type":"image\/jpeg","filesize":492462,"url":"https:\/\/maipropertiesmallorca.com\/wp-content\/uploads\/2023\/09\/5-1-1536x1152.jpg"},"post-thumbnail":{"file":"5-1-150x113.jpg","width":150,"height":113,"mime-type":"image\/jpeg","filesize":5615,"url":"https:\/\/maipropertiesmallorca.com\/wp-content\/uploads\/2023\/09\/5-1-150x113.jpg"},"modern-property-child-slider":{"file":"5-1-680x510.jpg","width":680,"height":510,"mime-type":"image\/jpeg","filesize":103591,"url":"https:\/\/maipropertiesmallorca.com\/wp-content\/uploads\/2023\/09\/5-1-680x510.jpg"},"property-thumb-image":{"file":"5-1-488x326.jpg","width":488,"height":326,"mime-type":"image\/jpeg","filesize":46981,"url":"https:\/\/maipropertiesmallorca.com\/wp-content\/uploads\/2023\/09\/5-1-488x326.jpg"},"property-detail-video-image":{"file":"5-1-818x417.jpg","width":818,"height":417,"mime-type":"image\/jpeg","filesize":103324,"url":"https:\/\/maipropertiesmallorca.com\/wp-content\/uploads\/2023\/09\/5-1-818x417.jpg"},"agent-image":{"file":"5-1-210x210.jpg","width":210,"height":210,"mime-type":"image\/jpeg","filesize":13392,"url":"https:\/\/maipropertiesmallorca.com\/wp-content\/uploads\/2023\/09\/5-1-210x210.jpg"},"partners-logo":{"file":"5-1-600x1200.jpg","width":600,"height":1200,"mime-type":"image\/jpeg","filesize":220458,"url":"https:\/\/maipropertiesmallorca.com\/wp-content\/uploads\/2023\/09\/5-1-600x1200.jpg"},"post-featured-image":{"file":"5-1-1240x720.jpg","width":1240,"height":720,"mime-type":"image\/jpeg","filesize":263800,"url":"https:\/\/maipropertiesmallorca.com\/wp-content\/uploads\/2023\/09\/5-1-1240x720.jpg"}},"image_meta":{"aperture":"0","credit":"","camera":"","caption":"","created_timestamp":"0","copyright":"","focal_length":"0","iso":"0","shutter_speed":"0","title":"","orientation":"0","keywords":[]},"image-converter":{"thumbnail":"IME","medium":"IME","medium_large":"IME","large":"IME"},"ID":"21029","name":"5-1.jpg","path":"\/home\/maipulvw\/public_html\/wp-content\/uploads\/2023\/09\/5-1.jpg","url":"https:\/\/maipropertiesmallorca.com\/wp-content\/uploads\/2023\/09\/5-1-150x150.jpg","full_url":"https:\/\/maipropertiesmallorca.com\/wp-content\/uploads\/2023\/09\/5-1.jpg","title":"5","caption":"","description":"","alt":"","srcset":"https:\/\/maipropertiesmallorca.com\/wp-content\/uploads\/2023\/09\/5-1-150x150.jpg 150w, https:\/\/maipropertiesmallorca.com\/wp-content\/uploads\/2023\/09\/5-1-210x210.jpg 210w"},{"width":150,"height":150,"file":"2023\/09\/13-1.jpg","filesize":144096,"sizes":{"medium":{"file":"13-1-300x225.jpg","width":300,"height":225,"url":"https:\/\/maipropertiesmallorca.com\/wp-content\/uploads\/2023\/09\/13-1-300x225.jpg"},"large":{"file":"13-1-1024x768.jpg","width":1024,"height":768,"url":"https:\/\/maipropertiesmallorca.com\/wp-content\/uploads\/2023\/09\/13-1-1024x768.jpg"},"thumbnail":{"file":"13-1-150x150.jpg","width":150,"height":150,"url":"https:\/\/maipropertiesmallorca.com\/wp-content\/uploads\/2023\/09\/13-1-150x150.jpg"},"medium_large":{"file":"13-1-768x576.jpg","width":768,"height":576,"url":"https:\/\/maipropertiesmallorca.com\/wp-content\/uploads\/2023\/09\/13-1-768x576.jpg"},"1536x1536":{"file":"13-1-1536x1152.jpg","width":1536,"height":1152,"mime-type":"image\/jpeg","filesize":200906,"url":"https:\/\/maipropertiesmallorca.com\/wp-content\/uploads\/2023\/09\/13-1-1536x1152.jpg"},"post-thumbnail":{"file":"13-1-150x113.jpg","width":150,"height":113,"mime-type":"image\/jpeg","filesize":4570,"url":"https:\/\/maipropertiesmallorca.com\/wp-content\/uploads\/2023\/09\/13-1-150x113.jpg"},"modern-property-child-slider":{"file":"13-1-680x510.jpg","width":680,"height":510,"mime-type":"image\/jpeg","filesize":52769,"url":"https:\/\/maipropertiesmallorca.com\/wp-content\/uploads\/2023\/09\/13-1-680x510.jpg"},"property-thumb-image":{"file":"13-1-488x326.jpg","width":488,"height":326,"mime-type":"image\/jpeg","filesize":28013,"url":"https:\/\/maipropertiesmallorca.com\/wp-content\/uploads\/2023\/09\/13-1-488x326.jpg"},"property-detail-video-image":{"file":"13-1-818x417.jpg","width":818,"height":417,"mime-type":"image\/jpeg","filesize":54045,"url":"https:\/\/maipropertiesmallorca.com\/wp-content\/uploads\/2023\/09\/13-1-818x417.jpg"},"agent-image":{"file":"13-1-210x210.jpg","width":210,"height":210,"mime-type":"image\/jpeg","filesize":10266,"url":"https:\/\/maipropertiesmallorca.com\/wp-content\/uploads\/2023\/09\/13-1-210x210.jpg"},"partners-logo":{"file":"13-1-600x1200.jpg","width":600,"height":1200,"mime-type":"image\/jpeg","filesize":100739,"url":"https:\/\/maipropertiesmallorca.com\/wp-content\/uploads\/2023\/09\/13-1-600x1200.jpg"},"post-featured-image":{"file":"13-1-1240x720.jpg","width":1240,"height":720,"mime-type":"image\/jpeg","filesize":116641,"url":"https:\/\/maipropertiesmallorca.com\/wp-content\/uploads\/2023\/09\/13-1-1240x720.jpg"}},"image_meta":{"aperture":"0","credit":"","camera":"","caption":"","created_timestamp":"0","copyright":"","focal_length":"0","iso":"0","shutter_speed":"0","title":"","orientation":"0","keywords":[]},"image-converter":{"thumbnail":"IME","medium":"IME","medium_large":"IME","large":"IME"},"ID":"21053","name":"13-1.jpg","path":"\/home\/maipulvw\/public_html\/wp-content\/uploads\/2023\/09\/13-1.jpg","url":"https:\/\/maipropertiesmallorca.com\/wp-content\/uploads\/2023\/09\/13-1-150x150.jpg","full_url":"https:\/\/maipropertiesmallorca.com\/wp-content\/uploads\/2023\/09\/13-1.jpg","title":"13","caption":"","description":"","alt":"","srcset":"https:\/\/maipropertiesmallorca.com\/wp-content\/uploads\/2023\/09\/13-1-150x150.jpg 150w, https:\/\/maipropertiesmallorca.com\/wp-content\/uploads\/2023\/09\/13-1-210x210.jpg 210w"},{"width":150,"height":150,"file":"2023\/09\/12-1.jpg","filesize":155357,"sizes":{"medium":{"file":"12-1-300x225.jpg","width":300,"height":225,"url":"https:\/\/maipropertiesmallorca.com\/wp-content\/uploads\/2023\/09\/12-1-300x225.jpg"},"large":{"file":"12-1-1024x768.jpg","width":1024,"height":768,"url":"https:\/\/maipropertiesmallorca.com\/wp-content\/uploads\/2023\/09\/12-1-1024x768.jpg"},"thumbnail":{"file":"12-1-150x150.jpg","width":150,"height":150,"url":"https:\/\/maipropertiesmallorca.com\/wp-content\/uploads\/2023\/09\/12-1-150x150.jpg"},"medium_large":{"file":"12-1-768x576.jpg","width":768,"height":576,"url":"https:\/\/maipropertiesmallorca.com\/wp-content\/uploads\/2023\/09\/12-1-768x576.jpg"},"1536x1536":{"file":"12-1-1536x1152.jpg","width":1536,"height":1152,"mime-type":"image\/jpeg","filesize":206661,"url":"https:\/\/maipropertiesmallorca.com\/wp-content\/uploads\/2023\/09\/12-1-1536x1152.jpg"},"post-thumbnail":{"file":"12-1-150x113.jpg","width":150,"height":113,"mime-type":"image\/jpeg","filesize":4061,"url":"https:\/\/maipropertiesmallorca.com\/wp-content\/uploads\/2023\/09\/12-1-150x113.jpg"},"modern-property-child-slider":{"file":"12-1-680x510.jpg","width":680,"height":510,"mime-type":"image\/jpeg","filesize":50923,"url":"https:\/\/maipropertiesmallorca.com\/wp-content\/uploads\/2023\/09\/12-1-680x510.jpg"},"property-thumb-image":{"file":"12-1-488x326.jpg","width":488,"height":326,"mime-type":"image\/jpeg","filesize":25257,"url":"https:\/\/maipropertiesmallorca.com\/wp-content\/uploads\/2023\/09\/12-1-488x326.jpg"},"property-detail-video-image":{"file":"12-1-818x417.jpg","width":818,"height":417,"mime-type":"image\/jpeg","filesize":44676,"url":"https:\/\/maipropertiesmallorca.com\/wp-content\/uploads\/2023\/09\/12-1-818x417.jpg"},"agent-image":{"file":"12-1-210x210.jpg","width":210,"height":210,"mime-type":"image\/jpeg","filesize":8313,"url":"https:\/\/maipropertiesmallorca.com\/wp-content\/uploads\/2023\/09\/12-1-210x210.jpg"},"partners-logo":{"file":"12-1-600x1200.jpg","width":600,"height":1200,"mime-type":"image\/jpeg","filesize":106671,"url":"https:\/\/maipropertiesmallorca.com\/wp-content\/uploads\/2023\/09\/12-1-600x1200.jpg"},"post-featured-image":{"file":"12-1-1240x720.jpg","width":1240,"height":720,"mime-type":"image\/jpeg","filesize":103517,"url":"https:\/\/maipropertiesmallorca.com\/wp-content\/uploads\/2023\/09\/12-1-1240x720.jpg"}},"image_meta":{"aperture":"0","credit":"","camera":"","caption":"","created_timestamp":"0","copyright":"","focal_length":"0","iso":"0","shutter_speed":"0","title":"","orientation":"0","keywords":[]},"image-converter":{"thumbnail":"IME","medium":"IME","medium_large":"IME","large":"IME"},"ID":"21050","name":"12-1.jpg","path":"\/home\/maipulvw\/public_html\/wp-content\/uploads\/2023\/09\/12-1.jpg","url":"https:\/\/maipropertiesmallorca.com\/wp-content\/uploads\/2023\/09\/12-1-150x150.jpg","full_url":"https:\/\/maipropertiesmallorca.com\/wp-content\/uploads\/2023\/09\/12-1.jpg","title":"12","caption":"","description":"","alt":"","srcset":"https:\/\/maipropertiesmallorca.com\/wp-content\/uploads\/2023\/09\/12-1-150x150.jpg 150w, https:\/\/maipropertiesmallorca.com\/wp-content\/uploads\/2023\/09\/12-1-210x210.jpg 210w"},{"width":150,"height":150,"file":"2023\/09\/11-1.jpg","filesize":178496,"sizes":{"medium":{"file":"11-1-300x225.jpg","width":300,"height":225,"url":"https:\/\/maipropertiesmallorca.com\/wp-content\/uploads\/2023\/09\/11-1-300x225.jpg"},"large":{"file":"11-1-1024x768.jpg","width":1024,"height":768,"url":"https:\/\/maipropertiesmallorca.com\/wp-content\/uploads\/2023\/09\/11-1-1024x768.jpg"},"thumbnail":{"file":"11-1-150x150.jpg","width":150,"height":150,"url":"https:\/\/maipropertiesmallorca.com\/wp-content\/uploads\/2023\/09\/11-1-150x150.jpg"},"medium_large":{"file":"11-1-768x576.jpg","width":768,"height":576,"url":"https:\/\/maipropertiesmallorca.com\/wp-content\/uploads\/2023\/09\/11-1-768x576.jpg"},"1536x1536":{"file":"11-1-1536x1152.jpg","width":1536,"height":1152,"mime-type":"image\/jpeg","filesize":242224,"url":"https:\/\/maipropertiesmallorca.com\/wp-content\/uploads\/2023\/09\/11-1-1536x1152.jpg"},"post-thumbnail":{"file":"11-1-150x113.jpg","width":150,"height":113,"mime-type":"image\/jpeg","filesize":4103,"url":"https:\/\/maipropertiesmallorca.com\/wp-content\/uploads\/2023\/09\/11-1-150x113.jpg"},"modern-property-child-slider":{"file":"11-1-680x510.jpg","width":680,"height":510,"mime-type":"image\/jpeg","filesize":54369,"url":"https:\/\/maipropertiesmallorca.com\/wp-content\/uploads\/2023\/09\/11-1-680x510.jpg"},"property-thumb-image":{"file":"11-1-488x326.jpg","width":488,"height":326,"mime-type":"image\/jpeg","filesize":27065,"url":"https:\/\/maipropertiesmallorca.com\/wp-content\/uploads\/2023\/09\/11-1-488x326.jpg"},"property-detail-video-image":{"file":"11-1-818x417.jpg","width":818,"height":417,"mime-type":"image\/jpeg","filesize":53606,"url":"https:\/\/maipropertiesmallorca.com\/wp-content\/uploads\/2023\/09\/11-1-818x417.jpg"},"agent-image":{"file":"11-1-210x210.jpg","width":210,"height":210,"mime-type":"image\/jpeg","filesize":9930,"url":"https:\/\/maipropertiesmallorca.com\/wp-content\/uploads\/2023\/09\/11-1-210x210.jpg"},"partners-logo":{"file":"11-1-600x1200.jpg","width":600,"height":1200,"mime-type":"image\/jpeg","filesize":133720,"url":"https:\/\/maipropertiesmallorca.com\/wp-content\/uploads\/2023\/09\/11-1-600x1200.jpg"},"post-featured-image":{"file":"11-1-1240x720.jpg","width":1240,"height":720,"mime-type":"image\/jpeg","filesize":127631,"url":"https:\/\/maipropertiesmallorca.com\/wp-content\/uploads\/2023\/09\/11-1-1240x720.jpg"}},"image_meta":{"aperture":"0","credit":"","camera":"","caption":"","created_timestamp":"0","copyright":"","focal_length":"0","iso":"0","shutter_speed":"0","title":"","orientation":"0","keywords":[]},"image-converter":{"thumbnail":"IME","medium":"IME","medium_large":"IME","large":"IME"},"ID":"21047","name":"11-1.jpg","path":"\/home\/maipulvw\/public_html\/wp-content\/uploads\/2023\/09\/11-1.jpg","url":"https:\/\/maipropertiesmallorca.com\/wp-content\/uploads\/2023\/09\/11-1-150x150.jpg","full_url":"https:\/\/maipropertiesmallorca.com\/wp-content\/uploads\/2023\/09\/11-1.jpg","title":"11","caption":"","description":"","alt":"","srcset":"https:\/\/maipropertiesmallorca.com\/wp-content\/uploads\/2023\/09\/11-1-150x150.jpg 150w, https:\/\/maipropertiesmallorca.com\/wp-content\/uploads\/2023\/09\/11-1-210x210.jpg 210w"},{"width":150,"height":150,"file":"2023\/09\/10-1.jpg","filesize":149202,"sizes":{"medium":{"file":"10-1-300x225.jpg","width":300,"height":225,"url":"https:\/\/maipropertiesmallorca.com\/wp-content\/uploads\/2023\/09\/10-1-300x225.jpg"},"large":{"file":"10-1-1024x768.jpg","width":1024,"height":768,"url":"https:\/\/maipropertiesmallorca.com\/wp-content\/uploads\/2023\/09\/10-1-1024x768.jpg"},"thumbnail":{"file":"10-1-150x150.jpg","width":150,"height":150,"url":"https:\/\/maipropertiesmallorca.com\/wp-content\/uploads\/2023\/09\/10-1-150x150.jpg"},"medium_large":{"file":"10-1-768x576.jpg","width":768,"height":576,"url":"https:\/\/maipropertiesmallorca.com\/wp-content\/uploads\/2023\/09\/10-1-768x576.jpg"},"1536x1536":{"file":"10-1-1536x1152.jpg","width":1536,"height":1152,"mime-type":"image\/jpeg","filesize":206092,"url":"https:\/\/maipropertiesmallorca.com\/wp-content\/uploads\/2023\/09\/10-1-1536x1152.jpg"},"post-thumbnail":{"file":"10-1-150x113.jpg","width":150,"height":113,"mime-type":"image\/jpeg","filesize":4326,"url":"https:\/\/maipropertiesmallorca.com\/wp-content\/uploads\/2023\/09\/10-1-150x113.jpg"},"modern-property-child-slider":{"file":"10-1-680x510.jpg","width":680,"height":510,"mime-type":"image\/jpeg","filesize":51447,"url":"https:\/\/maipropertiesmallorca.com\/wp-content\/uploads\/2023\/09\/10-1-680x510.jpg"},"property-thumb-image":{"file":"10-1-488x326.jpg","width":488,"height":326,"mime-type":"image\/jpeg","filesize":26678,"url":"https:\/\/maipropertiesmallorca.com\/wp-content\/uploads\/2023\/09\/10-1-488x326.jpg"},"property-detail-video-image":{"file":"10-1-818x417.jpg","width":818,"height":417,"mime-type":"image\/jpeg","filesize":51622,"url":"https:\/\/maipropertiesmallorca.com\/wp-content\/uploads\/2023\/09\/10-1-818x417.jpg"},"agent-image":{"file":"10-1-210x210.jpg","width":210,"height":210,"mime-type":"image\/jpeg","filesize":8244,"url":"https:\/\/maipropertiesmallorca.com\/wp-content\/uploads\/2023\/09\/10-1-210x210.jpg"},"partners-logo":{"file":"10-1-600x1200.jpg","width":600,"height":1200,"mime-type":"image\/jpeg","filesize":87272,"url":"https:\/\/maipropertiesmallorca.com\/wp-content\/uploads\/2023\/09\/10-1-600x1200.jpg"},"post-featured-image":{"file":"10-1-1240x720.jpg","width":1240,"height":720,"mime-type":"image\/jpeg","filesize":115071,"url":"https:\/\/maipropertiesmallorca.com\/wp-content\/uploads\/2023\/09\/10-1-1240x720.jpg"}},"image_meta":{"aperture":"0","credit":"","camera":"","caption":"","created_timestamp":"0","copyright":"","focal_length":"0","iso":"0","shutter_speed":"0","title":"","orientation":"0","keywords":[]},"image-converter":{"thumbnail":"IME","medium":"IME","medium_large":"IME","large":"IME"},"ID":"21044","name":"10-1.jpg","path":"\/home\/maipulvw\/public_html\/wp-content\/uploads\/2023\/09\/10-1.jpg","url":"https:\/\/maipropertiesmallorca.com\/wp-content\/uploads\/2023\/09\/10-1-150x150.jpg","full_url":"https:\/\/maipropertiesmallorca.com\/wp-content\/uploads\/2023\/09\/10-1.jpg","title":"10","caption":"","description":"","alt":"","srcset":"https:\/\/maipropertiesmallorca.com\/wp-content\/uploads\/2023\/09\/10-1-150x150.jpg 150w, https:\/\/maipropertiesmallorca.com\/wp-content\/uploads\/2023\/09\/10-1-210x210.jpg 210w"},{"width":150,"height":150,"file":"2023\/09\/14-1.jpg","filesize":182710,"sizes":{"medium":{"file":"14-1-300x225.jpg","width":300,"height":225,"url":"https:\/\/maipropertiesmallorca.com\/wp-content\/uploads\/2023\/09\/14-1-300x225.jpg"},"large":{"file":"14-1-1024x768.jpg","width":1024,"height":768,"url":"https:\/\/maipropertiesmallorca.com\/wp-content\/uploads\/2023\/09\/14-1-1024x768.jpg"},"thumbnail":{"file":"14-1-150x150.jpg","width":150,"height":150,"url":"https:\/\/maipropertiesmallorca.com\/wp-content\/uploads\/2023\/09\/14-1-150x150.jpg"},"medium_large":{"file":"14-1-768x576.jpg","width":768,"height":576,"url":"https:\/\/maipropertiesmallorca.com\/wp-content\/uploads\/2023\/09\/14-1-768x576.jpg"},"1536x1536":{"file":"14-1-1536x1152.jpg","width":1536,"height":1152,"mime-type":"image\/jpeg","filesize":243456,"url":"https:\/\/maipropertiesmallorca.com\/wp-content\/uploads\/2023\/09\/14-1-1536x1152.jpg"},"post-thumbnail":{"file":"14-1-150x113.jpg","width":150,"height":113,"mime-type":"image\/jpeg","filesize":4541,"url":"https:\/\/maipropertiesmallorca.com\/wp-content\/uploads\/2023\/09\/14-1-150x113.jpg"},"modern-property-child-slider":{"file":"14-1-680x510.jpg","width":680,"height":510,"mime-type":"image\/jpeg","filesize":59239,"url":"https:\/\/maipropertiesmallorca.com\/wp-content\/uploads\/2023\/09\/14-1-680x510.jpg"},"property-thumb-image":{"file":"14-1-488x326.jpg","width":488,"height":326,"mime-type":"image\/jpeg","filesize":29490,"url":"https:\/\/maipropertiesmallorca.com\/wp-content\/uploads\/2023\/09\/14-1-488x326.jpg"},"property-detail-video-image":{"file":"14-1-818x417.jpg","width":818,"height":417,"mime-type":"image\/jpeg","filesize":56472,"url":"https:\/\/maipropertiesmallorca.com\/wp-content\/uploads\/2023\/09\/14-1-818x417.jpg"},"agent-image":{"file":"14-1-210x210.jpg","width":210,"height":210,"mime-type":"image\/jpeg","filesize":10562,"url":"https:\/\/maipropertiesmallorca.com\/wp-content\/uploads\/2023\/09\/14-1-210x210.jpg"},"partners-logo":{"file":"14-1-600x1200.jpg","width":600,"height":1200,"mime-type":"image\/jpeg","filesize":118149,"url":"https:\/\/maipropertiesmallorca.com\/wp-content\/uploads\/2023\/09\/14-1-600x1200.jpg"},"post-featured-image":{"file":"14-1-1240x720.jpg","width":1240,"height":720,"mime-type":"image\/jpeg","filesize":130107,"url":"https:\/\/maipropertiesmallorca.com\/wp-content\/uploads\/2023\/09\/14-1-1240x720.jpg"}},"image_meta":{"aperture":"0","credit":"","camera":"","caption":"","created_timestamp":"0","copyright":"","focal_length":"0","iso":"0","shutter_speed":"0","title":"","orientation":"0","keywords":[]},"image-converter":{"thumbnail":"IME","medium":"IME","medium_large":"IME","large":"IME"},"ID":"21056","name":"14-1.jpg","path":"\/home\/maipulvw\/public_html\/wp-content\/uploads\/2023\/09\/14-1.jpg","url":"https:\/\/maipropertiesmallorca.com\/wp-content\/uploads\/2023\/09\/14-1-150x150.jpg","full_url":"https:\/\/maipropertiesmallorca.com\/wp-content\/uploads\/2023\/09\/14-1.jpg","title":"14","caption":"","description":"","alt":"","srcset":"https:\/\/maipropertiesmallorca.com\/wp-content\/uploads\/2023\/09\/14-1-150x150.jpg 150w, https:\/\/maipropertiesmallorca.com\/wp-content\/uploads\/2023\/09\/14-1-210x210.jpg 210w"},{"width":150,"height":150,"file":"2023\/09\/17-1.jpg","filesize":114886,"sizes":{"medium":{"file":"17-1-300x225.jpg","width":300,"height":225,"url":"https:\/\/maipropertiesmallorca.com\/wp-content\/uploads\/2023\/09\/17-1-300x225.jpg"},"large":{"file":"17-1-1024x768.jpg","width":1024,"height":768,"url":"https:\/\/maipropertiesmallorca.com\/wp-content\/uploads\/2023\/09\/17-1-1024x768.jpg"},"thumbnail":{"file":"17-1-150x150.jpg","width":150,"height":150,"url":"https:\/\/maipropertiesmallorca.com\/wp-content\/uploads\/2023\/09\/17-1-150x150.jpg"},"medium_large":{"file":"17-1-768x576.jpg","width":768,"height":576,"url":"https:\/\/maipropertiesmallorca.com\/wp-content\/uploads\/2023\/09\/17-1-768x576.jpg"},"1536x1536":{"file":"17-1-1536x1152.jpg","width":1536,"height":1152,"mime-type":"image\/jpeg","filesize":174042,"url":"https:\/\/maipropertiesmallorca.com\/wp-content\/uploads\/2023\/09\/17-1-1536x1152.jpg"},"post-thumbnail":{"file":"17-1-150x113.jpg","width":150,"height":113,"mime-type":"image\/jpeg","filesize":3700,"url":"https:\/\/maipropertiesmallorca.com\/wp-content\/uploads\/2023\/09\/17-1-150x113.jpg"},"modern-property-child-slider":{"file":"17-1-680x510.jpg","width":680,"height":510,"mime-type":"image\/jpeg","filesize":38988,"url":"https:\/\/maipropertiesmallorca.com\/wp-content\/uploads\/2023\/09\/17-1-680x510.jpg"},"property-thumb-image":{"file":"17-1-488x326.jpg","width":488,"height":326,"mime-type":"image\/jpeg","filesize":20045,"url":"https:\/\/maipropertiesmallorca.com\/wp-content\/uploads\/2023\/09\/17-1-488x326.jpg"},"property-detail-video-image":{"file":"17-1-818x417.jpg","width":818,"height":417,"mime-type":"image\/jpeg","filesize":37202,"url":"https:\/\/maipropertiesmallorca.com\/wp-content\/uploads\/2023\/09\/17-1-818x417.jpg"},"agent-image":{"file":"17-1-210x210.jpg","width":210,"height":210,"mime-type":"image\/jpeg","filesize":7868,"url":"https:\/\/maipropertiesmallorca.com\/wp-content\/uploads\/2023\/09\/17-1-210x210.jpg"},"partners-logo":{"file":"17-1-600x1200.jpg","width":600,"height":1200,"mime-type":"image\/jpeg","filesize":80567,"url":"https:\/\/maipropertiesmallorca.com\/wp-content\/uploads\/2023\/09\/17-1-600x1200.jpg"},"post-featured-image":{"file":"17-1-1240x720.jpg","width":1240,"height":720,"mime-type":"image\/jpeg","filesize":89951,"url":"https:\/\/maipropertiesmallorca.com\/wp-content\/uploads\/2023\/09\/17-1-1240x720.jpg"}},"image_meta":{"aperture":"0","credit":"","camera":"","caption":"","created_timestamp":"0","copyright":"","focal_length":"0","iso":"0","shutter_speed":"0","title":"","orientation":"0","keywords":[]},"image-converter":{"thumbnail":"IME","medium":"IME","medium_large":"IME","large":"IME"},"ID":"21065","name":"17-1.jpg","path":"\/home\/maipulvw\/public_html\/wp-content\/uploads\/2023\/09\/17-1.jpg","url":"https:\/\/maipropertiesmallorca.com\/wp-content\/uploads\/2023\/09\/17-1-150x150.jpg","full_url":"https:\/\/maipropertiesmallorca.com\/wp-content\/uploads\/2023\/09\/17-1.jpg","title":"17","caption":"","description":"","alt":"","srcset":"https:\/\/maipropertiesmallorca.com\/wp-content\/uploads\/2023\/09\/17-1-150x150.jpg 150w, https:\/\/maipropertiesmallorca.com\/wp-content\/uploads\/2023\/09\/17-1-210x210.jpg 210w"},{"width":150,"height":150,"file":"2023\/09\/15-1.jpg","filesize":131495,"sizes":{"medium":{"file":"15-1-300x225.jpg","width":300,"height":225,"url":"https:\/\/maipropertiesmallorca.com\/wp-content\/uploads\/2023\/09\/15-1-300x225.jpg"},"large":{"file":"15-1-1024x768.jpg","width":1024,"height":768,"url":"https:\/\/maipropertiesmallorca.com\/wp-content\/uploads\/2023\/09\/15-1-1024x768.jpg"},"thumbnail":{"file":"15-1-150x150.jpg","width":150,"height":150,"url":"https:\/\/maipropertiesmallorca.com\/wp-content\/uploads\/2023\/09\/15-1-150x150.jpg"},"medium_large":{"file":"15-1-768x576.jpg","width":768,"height":576,"url":"https:\/\/maipropertiesmallorca.com\/wp-content\/uploads\/2023\/09\/15-1-768x576.jpg"},"1536x1536":{"file":"15-1-1536x1152.jpg","width":1536,"height":1152,"mime-type":"image\/jpeg","filesize":180935,"url":"https:\/\/maipropertiesmallorca.com\/wp-content\/uploads\/2023\/09\/15-1-1536x1152.jpg"},"post-thumbnail":{"file":"15-1-150x113.jpg","width":150,"height":113,"mime-type":"image\/jpeg","filesize":4357,"url":"https:\/\/maipropertiesmallorca.com\/wp-content\/uploads\/2023\/09\/15-1-150x113.jpg"},"modern-property-child-slider":{"file":"15-1-680x510.jpg","width":680,"height":510,"mime-type":"image\/jpeg","filesize":46493,"url":"https:\/\/maipropertiesmallorca.com\/wp-content\/uploads\/2023\/09\/15-1-680x510.jpg"},"property-thumb-image":{"file":"15-1-488x326.jpg","width":488,"height":326,"mime-type":"image\/jpeg","filesize":23951,"url":"https:\/\/maipropertiesmallorca.com\/wp-content\/uploads\/2023\/09\/15-1-488x326.jpg"},"property-detail-video-image":{"file":"15-1-818x417.jpg","width":818,"height":417,"mime-type":"image\/jpeg","filesize":40746,"url":"https:\/\/maipropertiesmallorca.com\/wp-content\/uploads\/2023\/09\/15-1-818x417.jpg"},"agent-image":{"file":"15-1-210x210.jpg","width":210,"height":210,"mime-type":"image\/jpeg","filesize":8250,"url":"https:\/\/maipropertiesmallorca.com\/wp-content\/uploads\/2023\/09\/15-1-210x210.jpg"},"partners-logo":{"file":"15-1-600x1200.jpg","width":600,"height":1200,"mime-type":"image\/jpeg","filesize":82229,"url":"https:\/\/maipropertiesmallorca.com\/wp-content\/uploads\/2023\/09\/15-1-600x1200.jpg"},"post-featured-image":{"file":"15-1-1240x720.jpg","width":1240,"height":720,"mime-type":"image\/jpeg","filesize":93925,"url":"https:\/\/maipropertiesmallorca.com\/wp-content\/uploads\/2023\/09\/15-1-1240x720.jpg"}},"image_meta":{"aperture":"0","credit":"","camera":"","caption":"","created_timestamp":"0","copyright":"","focal_length":"0","iso":"0","shutter_speed":"0","title":"","orientation":"0","keywords":[]},"image-converter":{"thumbnail":"IME","medium":"IME","medium_large":"IME","large":"IME"},"ID":"21059","name":"15-1.jpg","path":"\/home\/maipulvw\/public_html\/wp-content\/uploads\/2023\/09\/15-1.jpg","url":"https:\/\/maipropertiesmallorca.com\/wp-content\/uploads\/2023\/09\/15-1-150x150.jpg","full_url":"https:\/\/maipropertiesmallorca.com\/wp-content\/uploads\/2023\/09\/15-1.jpg","title":"15","caption":"","description":"","alt":"","srcset":"https:\/\/maipropertiesmallorca.com\/wp-content\/uploads\/2023\/09\/15-1-150x150.jpg 150w, https:\/\/maipropertiesmallorca.com\/wp-content\/uploads\/2023\/09\/15-1-210x210.jpg 210w"},{"width":150,"height":150,"file":"2023\/09\/16-1.jpg","filesize":85261,"sizes":{"medium":{"file":"16-1-300x225.jpg","width":300,"height":225,"url":"https:\/\/maipropertiesmallorca.com\/wp-content\/uploads\/2023\/09\/16-1-300x225.jpg"},"large":{"file":"16-1-1024x768.jpg","width":1024,"height":768,"url":"https:\/\/maipropertiesmallorca.com\/wp-content\/uploads\/2023\/09\/16-1-1024x768.jpg"},"thumbnail":{"file":"16-1-150x150.jpg","width":150,"height":150,"url":"https:\/\/maipropertiesmallorca.com\/wp-content\/uploads\/2023\/09\/16-1-150x150.jpg"},"medium_large":{"file":"16-1-768x576.jpg","width":768,"height":576,"url":"https:\/\/maipropertiesmallorca.com\/wp-content\/uploads\/2023\/09\/16-1-768x576.jpg"},"1536x1536":{"file":"16-1-1536x1152.jpg","width":1536,"height":1152,"mime-type":"image\/jpeg","filesize":130740,"url":"https:\/\/maipropertiesmallorca.com\/wp-content\/uploads\/2023\/09\/16-1-1536x1152.jpg"},"post-thumbnail":{"file":"16-1-150x113.jpg","width":150,"height":113,"mime-type":"image\/jpeg","filesize":3645,"url":"https:\/\/maipropertiesmallorca.com\/wp-content\/uploads\/2023\/09\/16-1-150x113.jpg"},"modern-property-child-slider":{"file":"16-1-680x510.jpg","width":680,"height":510,"mime-type":"image\/jpeg","filesize":34174,"url":"https:\/\/maipropertiesmallorca.com\/wp-content\/uploads\/2023\/09\/16-1-680x510.jpg"},"property-thumb-image":{"file":"16-1-488x326.jpg","width":488,"height":326,"mime-type":"image\/jpeg","filesize":18658,"url":"https:\/\/maipropertiesmallorca.com\/wp-content\/uploads\/2023\/09\/16-1-488x326.jpg"},"property-detail-video-image":{"file":"16-1-818x417.jpg","width":818,"height":417,"mime-type":"image\/jpeg","filesize":33042,"url":"https:\/\/maipropertiesmallorca.com\/wp-content\/uploads\/2023\/09\/16-1-818x417.jpg"},"agent-image":{"file":"16-1-210x210.jpg","width":210,"height":210,"mime-type":"image\/jpeg","filesize":7214,"url":"https:\/\/maipropertiesmallorca.com\/wp-content\/uploads\/2023\/09\/16-1-210x210.jpg"},"partners-logo":{"file":"16-1-600x1200.jpg","width":600,"height":1200,"mime-type":"image\/jpeg","filesize":50447,"url":"https:\/\/maipropertiesmallorca.com\/wp-content\/uploads\/2023\/09\/16-1-600x1200.jpg"},"post-featured-image":{"file":"16-1-1240x720.jpg","width":1240,"height":720,"mime-type":"image\/jpeg","filesize":71736,"url":"https:\/\/maipropertiesmallorca.com\/wp-content\/uploads\/2023\/09\/16-1-1240x720.jpg"}},"image_meta":{"aperture":"0","credit":"","camera":"","caption":"","created_timestamp":"0","copyright":"","focal_length":"0","iso":"0","shutter_speed":"0","title":"","orientation":"0","keywords":[]},"image-converter":{"thumbnail":"IME","medium":"IME","medium_large":"IME","large":"IME"},"ID":"21062","name":"16-1.jpg","path":"\/home\/maipulvw\/public_html\/wp-content\/uploads\/2023\/09\/16-1.jpg","url":"https:\/\/maipropertiesmallorca.com\/wp-content\/uploads\/2023\/09\/16-1-150x150.jpg","full_url":"https:\/\/maipropertiesmallorca.com\/wp-content\/uploads\/2023\/09\/16-1.jpg","title":"16","caption":"","description":"","alt":"","srcset":"https:\/\/maipropertiesmallorca.com\/wp-content\/uploads\/2023\/09\/16-1-150x150.jpg 150w, https:\/\/maipropertiesmallorca.com\/wp-content\/uploads\/2023\/09\/16-1-210x210.jpg 210w"},{"width":150,"height":150,"file":"2023\/09\/20-1.jpg","filesize":382178,"sizes":{"medium":{"file":"20-1-300x225.jpg","width":300,"height":225,"url":"https:\/\/maipropertiesmallorca.com\/wp-content\/uploads\/2023\/09\/20-1-300x225.jpg"},"large":{"file":"20-1-1024x768.jpg","width":1024,"height":768,"url":"https:\/\/maipropertiesmallorca.com\/wp-content\/uploads\/2023\/09\/20-1-1024x768.jpg"},"thumbnail":{"file":"20-1-150x150.jpg","width":150,"height":150,"url":"https:\/\/maipropertiesmallorca.com\/wp-content\/uploads\/2023\/09\/20-1-150x150.jpg"},"medium_large":{"file":"20-1-768x576.jpg","width":768,"height":576,"url":"https:\/\/maipropertiesmallorca.com\/wp-content\/uploads\/2023\/09\/20-1-768x576.jpg"},"1536x1536":{"file":"20-1-1536x1152.jpg","width":1536,"height":1152,"mime-type":"image\/jpeg","filesize":464122,"url":"https:\/\/maipropertiesmallorca.com\/wp-content\/uploads\/2023\/09\/20-1-1536x1152.jpg"},"post-thumbnail":{"file":"20-1-150x113.jpg","width":150,"height":113,"mime-type":"image\/jpeg","filesize":6362,"url":"https:\/\/maipropertiesmallorca.com\/wp-content\/uploads\/2023\/09\/20-1-150x113.jpg"},"modern-property-child-slider":{"file":"20-1-680x510.jpg","width":680,"height":510,"mime-type":"image\/jpeg","filesize":102736,"url":"https:\/\/maipropertiesmallorca.com\/wp-content\/uploads\/2023\/09\/20-1-680x510.jpg"},"property-thumb-image":{"file":"20-1-488x326.jpg","width":488,"height":326,"mime-type":"image\/jpeg","filesize":48948,"url":"https:\/\/maipropertiesmallorca.com\/wp-content\/uploads\/2023\/09\/20-1-488x326.jpg"},"property-detail-video-image":{"file":"20-1-818x417.jpg","width":818,"height":417,"mime-type":"image\/jpeg","filesize":104846,"url":"https:\/\/maipropertiesmallorca.com\/wp-content\/uploads\/2023\/09\/20-1-818x417.jpg"},"agent-image":{"file":"20-1-210x210.jpg","width":210,"height":210,"mime-type":"image\/jpeg","filesize":15221,"url":"https:\/\/maipropertiesmallorca.com\/wp-content\/uploads\/2023\/09\/20-1-210x210.jpg"},"partners-logo":{"file":"20-1-600x1200.jpg","width":600,"height":1200,"mime-type":"image\/jpeg","filesize":255986,"url":"https:\/\/maipropertiesmallorca.com\/wp-content\/uploads\/2023\/09\/20-1-600x1200.jpg"},"post-featured-image":{"file":"20-1-1240x720.jpg","width":1240,"height":720,"mime-type":"image\/jpeg","filesize":256346,"url":"https:\/\/maipropertiesmallorca.com\/wp-content\/uploads\/2023\/09\/20-1-1240x720.jpg"}},"image_meta":{"aperture":"0","credit":"","camera":"","caption":"","created_timestamp":"0","copyright":"","focal_length":"0","iso":"0","shutter_speed":"0","title":"","orientation":"0","keywords":[]},"image-converter":{"thumbnail":"IME","medium":"IME","medium_large":"IME","large":"IME"},"ID":"21074","name":"20-1.jpg","path":"\/home\/maipulvw\/public_html\/wp-content\/uploads\/2023\/09\/20-1.jpg","url":"https:\/\/maipropertiesmallorca.com\/wp-content\/uploads\/2023\/09\/20-1-150x150.jpg","full_url":"https:\/\/maipropertiesmallorca.com\/wp-content\/uploads\/2023\/09\/20-1.jpg","title":"20","caption":"","description":"","alt":"","srcset":"https:\/\/maipropertiesmallorca.com\/wp-content\/uploads\/2023\/09\/20-1-150x150.jpg 150w, https:\/\/maipropertiesmallorca.com\/wp-content\/uploads\/2023\/09\/20-1-210x210.jpg 210w"},{"width":150,"height":150,"file":"2023\/09\/19-1.jpg","filesize":349062,"sizes":{"medium":{"file":"19-1-300x225.jpg","width":300,"height":225,"url":"https:\/\/maipropertiesmallorca.com\/wp-content\/uploads\/2023\/09\/19-1-300x225.jpg"},"large":{"file":"19-1-1024x768.jpg","width":1024,"height":768,"url":"https:\/\/maipropertiesmallorca.com\/wp-content\/uploads\/2023\/09\/19-1-1024x768.jpg"},"thumbnail":{"file":"19-1-150x150.jpg","width":150,"height":150,"url":"https:\/\/maipropertiesmallorca.com\/wp-content\/uploads\/2023\/09\/19-1-150x150.jpg"},"medium_large":{"file":"19-1-768x576.jpg","width":768,"height":576,"url":"https:\/\/maipropertiesmallorca.com\/wp-content\/uploads\/2023\/09\/19-1-768x576.jpg"},"1536x1536":{"file":"19-1-1536x1152.jpg","width":1536,"height":1152,"mime-type":"image\/jpeg","filesize":434751,"url":"https:\/\/maipropertiesmallorca.com\/wp-content\/uploads\/2023\/09\/19-1-1536x1152.jpg"},"post-thumbnail":{"file":"19-1-150x113.jpg","width":150,"height":113,"mime-type":"image\/jpeg","filesize":6686,"url":"https:\/\/maipropertiesmallorca.com\/wp-content\/uploads\/2023\/09\/19-1-150x113.jpg"},"modern-property-child-slider":{"file":"19-1-680x510.jpg","width":680,"height":510,"mime-type":"image\/jpeg","filesize":99743,"url":"https:\/\/maipropertiesmallorca.com\/wp-content\/uploads\/2023\/09\/19-1-680x510.jpg"},"property-thumb-image":{"file":"19-1-488x326.jpg","width":488,"height":326,"mime-type":"image\/jpeg","filesize":49193,"url":"https:\/\/maipropertiesmallorca.com\/wp-content\/uploads\/2023\/09\/19-1-488x326.jpg"},"property-detail-video-image":{"file":"19-1-818x417.jpg","width":818,"height":417,"mime-type":"image\/jpeg","filesize":102999,"url":"https:\/\/maipropertiesmallorca.com\/wp-content\/uploads\/2023\/09\/19-1-818x417.jpg"},"agent-image":{"file":"19-1-210x210.jpg","width":210,"height":210,"mime-type":"image\/jpeg","filesize":14997,"url":"https:\/\/maipropertiesmallorca.com\/wp-content\/uploads\/2023\/09\/19-1-210x210.jpg"},"partners-logo":{"file":"19-1-600x1200.jpg","width":600,"height":1200,"mime-type":"image\/jpeg","filesize":207139,"url":"https:\/\/maipropertiesmallorca.com\/wp-content\/uploads\/2023\/09\/19-1-600x1200.jpg"},"post-featured-image":{"file":"19-1-1240x720.jpg","width":1240,"height":720,"mime-type":"image\/jpeg","filesize":246022,"url":"https:\/\/maipropertiesmallorca.com\/wp-content\/uploads\/2023\/09\/19-1-1240x720.jpg"}},"image_meta":{"aperture":"0","credit":"","camera":"","caption":"","created_timestamp":"0","copyright":"","focal_length":"0","iso":"0","shutter_speed":"0","title":"","orientation":"0","keywords":[]},"image-converter":{"thumbnail":"IME","medium":"IME","medium_large":"IME","large":"IME"},"ID":"21071","name":"19-1.jpg","path":"\/home\/maipulvw\/public_html\/wp-content\/uploads\/2023\/09\/19-1.jpg","url":"https:\/\/maipropertiesmallorca.com\/wp-content\/uploads\/2023\/09\/19-1-150x150.jpg","full_url":"https:\/\/maipropertiesmallorca.com\/wp-content\/uploads\/2023\/09\/19-1.jpg","title":"19","caption":"","description":"","alt":"","srcset":"https:\/\/maipropertiesmallorca.com\/wp-content\/uploads\/2023\/09\/19-1-150x150.jpg 150w, https:\/\/maipropertiesmallorca.com\/wp-content\/uploads\/2023\/09\/19-1-210x210.jpg 210w"},{"width":150,"height":150,"file":"2023\/09\/4-1.jpg","filesize":313077,"sizes":{"medium":{"file":"4-1-300x225.jpg","width":300,"height":225,"url":"https:\/\/maipropertiesmallorca.com\/wp-content\/uploads\/2023\/09\/4-1-300x225.jpg"},"large":{"file":"4-1-1024x768.jpg","width":1024,"height":768,"url":"https:\/\/maipropertiesmallorca.com\/wp-content\/uploads\/2023\/09\/4-1-1024x768.jpg"},"thumbnail":{"file":"4-1-150x150.jpg","width":150,"height":150,"url":"https:\/\/maipropertiesmallorca.com\/wp-content\/uploads\/2023\/09\/4-1-150x150.jpg"},"medium_large":{"file":"4-1-768x576.jpg","width":768,"height":576,"url":"https:\/\/maipropertiesmallorca.com\/wp-content\/uploads\/2023\/09\/4-1-768x576.jpg"},"1536x1536":{"file":"4-1-1536x1152.jpg","width":1536,"height":1152,"mime-type":"image\/jpeg","filesize":393497,"url":"https:\/\/maipropertiesmallorca.com\/wp-content\/uploads\/2023\/09\/4-1-1536x1152.jpg"},"post-thumbnail":{"file":"4-1-150x113.jpg","width":150,"height":113,"mime-type":"image\/jpeg","filesize":6312,"url":"https:\/\/maipropertiesmallorca.com\/wp-content\/uploads\/2023\/09\/4-1-150x113.jpg"},"modern-property-child-slider":{"file":"4-1-680x510.jpg","width":680,"height":510,"mime-type":"image\/jpeg","filesize":88427,"url":"https:\/\/maipropertiesmallorca.com\/wp-content\/uploads\/2023\/09\/4-1-680x510.jpg"},"property-thumb-image":{"file":"4-1-488x326.jpg","width":488,"height":326,"mime-type":"image\/jpeg","filesize":42057,"url":"https:\/\/maipropertiesmallorca.com\/wp-content\/uploads\/2023\/09\/4-1-488x326.jpg"},"property-detail-video-image":{"file":"4-1-818x417.jpg","width":818,"height":417,"mime-type":"image\/jpeg","filesize":83955,"url":"https:\/\/maipropertiesmallorca.com\/wp-content\/uploads\/2023\/09\/4-1-818x417.jpg"},"agent-image":{"file":"4-1-210x210.jpg","width":210,"height":210,"mime-type":"image\/jpeg","filesize":12973,"url":"https:\/\/maipropertiesmallorca.com\/wp-content\/uploads\/2023\/09\/4-1-210x210.jpg"},"partners-logo":{"file":"4-1-600x1200.jpg","width":600,"height":1200,"mime-type":"image\/jpeg","filesize":180553,"url":"https:\/\/maipropertiesmallorca.com\/wp-content\/uploads\/2023\/09\/4-1-600x1200.jpg"},"post-featured-image":{"file":"4-1-1240x720.jpg","width":1240,"height":720,"mime-type":"image\/jpeg","filesize":204795,"url":"https:\/\/maipropertiesmallorca.com\/wp-content\/uploads\/2023\/09\/4-1-1240x720.jpg"}},"image_meta":{"aperture":"0","credit":"","camera":"","caption":"","created_timestamp":"0","copyright":"","focal_length":"0","iso":"0","shutter_speed":"0","title":"","orientation":"0","keywords":[]},"image-converter":{"thumbnail":"IME","medium":"IME","medium_large":"IME","large":"IME"},"ID":"21026","name":"4-1.jpg","path":"\/home\/maipulvw\/public_html\/wp-content\/uploads\/2023\/09\/4-1.jpg","url":"https:\/\/maipropertiesmallorca.com\/wp-content\/uploads\/2023\/09\/4-1-150x150.jpg","full_url":"https:\/\/maipropertiesmallorca.com\/wp-content\/uploads\/2023\/09\/4-1.jpg","title":"4","caption":"","description":"","alt":"","srcset":"https:\/\/maipropertiesmallorca.com\/wp-content\/uploads\/2023\/09\/4-1-150x150.jpg 150w, https:\/\/maipropertiesmallorca.com\/wp-content\/uploads\/2023\/09\/4-1-210x210.jpg 210w"},{"width":150,"height":150,"file":"2023\/09\/21.jpg","filesize":71309,"sizes":{"medium":{"file":"21-300x271.jpg","width":300,"height":271,"url":"https:\/\/maipropertiesmallorca.com\/wp-content\/uploads\/2023\/09\/21-300x271.jpg"},"large":{"file":"21-1024x925.jpg","width":1024,"height":925,"url":"https:\/\/maipropertiesmallorca.com\/wp-content\/uploads\/2023\/09\/21-1024x925.jpg"},"thumbnail":{"file":"21-150x150.jpg","width":150,"height":150,"url":"https:\/\/maipropertiesmallorca.com\/wp-content\/uploads\/2023\/09\/21-150x150.jpg"},"medium_large":{"file":"21-768x694.jpg","width":768,"height":694,"url":"https:\/\/maipropertiesmallorca.com\/wp-content\/uploads\/2023\/09\/21-768x694.jpg"},"1536x1536":{"file":"21-1536x1387.jpg","width":1536,"height":1387,"mime-type":"image\/jpeg","filesize":90316,"url":"https:\/\/maipropertiesmallorca.com\/wp-content\/uploads\/2023\/09\/21-1536x1387.jpg"},"post-thumbnail":{"file":"21-150x135.jpg","width":150,"height":135,"mime-type":"image\/jpeg","filesize":3272,"url":"https:\/\/maipropertiesmallorca.com\/wp-content\/uploads\/2023\/09\/21-150x135.jpg"},"modern-property-child-slider":{"file":"21-680x510.jpg","width":680,"height":510,"mime-type":"image\/jpeg","filesize":26529,"url":"https:\/\/maipropertiesmallorca.com\/wp-content\/uploads\/2023\/09\/21-680x510.jpg"},"property-thumb-image":{"file":"21-488x326.jpg","width":488,"height":326,"mime-type":"image\/jpeg","filesize":14941,"url":"https:\/\/maipropertiesmallorca.com\/wp-content\/uploads\/2023\/09\/21-488x326.jpg"},"property-detail-video-image":{"file":"21-818x417.jpg","width":818,"height":417,"mime-type":"image\/jpeg","filesize":23801,"url":"https:\/\/maipropertiesmallorca.com\/wp-content\/uploads\/2023\/09\/21-818x417.jpg"},"agent-image":{"file":"21-210x210.jpg","width":210,"height":210,"mime-type":"image\/jpeg","filesize":5710,"url":"https:\/\/maipropertiesmallorca.com\/wp-content\/uploads\/2023\/09\/21-210x210.jpg"},"partners-logo":{"file":"21-600x1445.jpg","width":600,"height":1445,"mime-type":"image\/jpeg","filesize":39047,"url":"https:\/\/maipropertiesmallorca.com\/wp-content\/uploads\/2023\/09\/21-600x1445.jpg"},"post-featured-image":{"file":"21-1240x720.jpg","width":1240,"height":720,"mime-type":"image\/jpeg","filesize":44926,"url":"https:\/\/maipropertiesmallorca.com\/wp-content\/uploads\/2023\/09\/21-1240x720.jpg"}},"image_meta":{"aperture":"0","credit":"","camera":"","caption":"","created_timestamp":"0","copyright":"","focal_length":"0","iso":"0","shutter_speed":"0","title":"","orientation":"0","keywords":[]},"image-converter":{"thumbnail":"IME","medium":"IME","medium_large":"IME","large":"IME"},"ID":"21077","name":"21.jpg","path":"\/home\/maipulvw\/public_html\/wp-content\/uploads\/2023\/09\/21.jpg","url":"https:\/\/maipropertiesmallorca.com\/wp-content\/uploads\/2023\/09\/21-150x150.jpg","full_url":"https:\/\/maipropertiesmallorca.com\/wp-content\/uploads\/2023\/09\/21.jpg","title":"21","caption":"","description":"","alt":"","srcset":"https:\/\/maipropertiesmallorca.com\/wp-content\/uploads\/2023\/09\/21-150x150.jpg 150w, https:\/\/maipropertiesmallorca.com\/wp-content\/uploads\/2023\/09\/21-210x210.jpg 210w"},{"width":150,"height":150,"file":"2023\/09\/3-1.jpg","filesize":254276,"sizes":{"medium":{"file":"3-1-300x225.jpg","width":300,"height":225,"url":"https:\/\/maipropertiesmallorca.com\/wp-content\/uploads\/2023\/09\/3-1-300x225.jpg"},"large":{"file":"3-1-1024x768.jpg","width":1024,"height":768,"url":"https:\/\/maipropertiesmallorca.com\/wp-content\/uploads\/2023\/09\/3-1-1024x768.jpg"},"thumbnail":{"file":"3-1-150x150.jpg","width":150,"height":150,"url":"https:\/\/maipropertiesmallorca.com\/wp-content\/uploads\/2023\/09\/3-1-150x150.jpg"},"medium_large":{"file":"3-1-768x576.jpg","width":768,"height":576,"url":"https:\/\/maipropertiesmallorca.com\/wp-content\/uploads\/2023\/09\/3-1-768x576.jpg"},"1536x1536":{"file":"3-1-1536x1152.jpg","width":1536,"height":1152,"mime-type":"image\/jpeg","filesize":325363,"url":"https:\/\/maipropertiesmallorca.com\/wp-content\/uploads\/2023\/09\/3-1-1536x1152.jpg"},"post-thumbnail":{"file":"3-1-150x113.jpg","width":150,"height":113,"mime-type":"image\/jpeg","filesize":5515,"url":"https:\/\/maipropertiesmallorca.com\/wp-content\/uploads\/2023\/09\/3-1-150x113.jpg"},"modern-property-child-slider":{"file":"3-1-680x510.jpg","width":680,"height":510,"mime-type":"image\/jpeg","filesize":75335,"url":"https:\/\/maipropertiesmallorca.com\/wp-content\/uploads\/2023\/09\/3-1-680x510.jpg"},"property-thumb-image":{"file":"3-1-488x326.jpg","width":488,"height":326,"mime-type":"image\/jpeg","filesize":36811,"url":"https:\/\/maipropertiesmallorca.com\/wp-content\/uploads\/2023\/09\/3-1-488x326.jpg"},"property-detail-video-image":{"file":"3-1-818x417.jpg","width":818,"height":417,"mime-type":"image\/jpeg","filesize":72119,"url":"https:\/\/maipropertiesmallorca.com\/wp-content\/uploads\/2023\/09\/3-1-818x417.jpg"},"agent-image":{"file":"3-1-210x210.jpg","width":210,"height":210,"mime-type":"image\/jpeg","filesize":11659,"url":"https:\/\/maipropertiesmallorca.com\/wp-content\/uploads\/2023\/09\/3-1-210x210.jpg"},"partners-logo":{"file":"3-1-600x1200.jpg","width":600,"height":1200,"mime-type":"image\/jpeg","filesize":148492,"url":"https:\/\/maipropertiesmallorca.com\/wp-content\/uploads\/2023\/09\/3-1-600x1200.jpg"},"post-featured-image":{"file":"3-1-1240x720.jpg","width":1240,"height":720,"mime-type":"image\/jpeg","filesize":175040,"url":"https:\/\/maipropertiesmallorca.com\/wp-content\/uploads\/2023\/09\/3-1-1240x720.jpg"}},"image_meta":{"aperture":"0","credit":"","camera":"","caption":"","created_timestamp":"0","copyright":"","focal_length":"0","iso":"0","shutter_speed":"0","title":"","orientation":"0","keywords":[]},"image-converter":{"thumbnail":"IME","medium":"IME","medium_large":"IME","large":"IME"},"ID":"21014","name":"3-1.jpg","path":"\/home\/maipulvw\/public_html\/wp-content\/uploads\/2023\/09\/3-1.jpg","url":"https:\/\/maipropertiesmallorca.com\/wp-content\/uploads\/2023\/09\/3-1-150x150.jpg","full_url":"https:\/\/maipropertiesmallorca.com\/wp-content\/uploads\/2023\/09\/3-1.jpg","title":"3","caption":"","description":"","alt":"","srcset":"https:\/\/maipropertiesmallorca.com\/wp-content\/uploads\/2023\/09\/3-1-150x150.jpg 150w, https:\/\/maipropertiesmallorca.com\/wp-content\/uploads\/2023\/09\/3-1-210x210.jpg 210w"}],"REAL_HOMES_change_gallery_slider_type":"","REAL_HOMES_gallery_slider_type":"masonry-style","inspiry_floor_plans":[],"inspiry_video_group":[],"REAL_HOMES_360_virtual_tour":"","REAL_HOMES_agent_display_option":"none","REAL_HOMES_agents":[],"REAL_HOMES_energy_class":"","REAL_HOMES_energy_performance":"","REAL_HOMES_epc_current_rating":"","REAL_HOMES_epc_potential_rating":"","ere_property_schedule_tour":"","ere_property_schedule_time_slots":"","ere_property_schedule_description":"","REAL_HOMES_sticky":"","inspiry_property_label":"","inspiry_property_label_color":"","inspiry_property_tax":"","inspiry_additional_fee":"","REAL_HOMES_attachments":[],"inspiry_property_owner_name":"","inspiry_property_owner_contact":"","inspiry_property_owner_address":"","REAL_HOMES_property_private_note":"","inspiry_message_to_reviewer":"","REAL_HOMES_add_in_slider":"no","REAL_HOMES_slider_image":[],"REAL_HOMES_page_banner_image":[],"REAL_HOMES_custom_header_display":"","REAL_HOMES_custom_header_position":"","REAL_HOMES_custom_footer_display":"","REAL_HOMES_hide_advance_search":"","REAL_HOMES_custom_search_form":"","REAL_HOMES_search_form_margin_top":"","REAL_HOMES_search_form_margin_bottom":""},"_links":{"self":[{"href":"https:\/\/maipropertiesmallorca.com\/de\/wp-json\/wp\/v2\/properties\/21082","targetHints":{"allow":["GET"]}}],"collection":[{"href":"https:\/\/maipropertiesmallorca.com\/de\/wp-json\/wp\/v2\/properties"}],"about":[{"href":"https:\/\/maipropertiesmallorca.com\/de\/wp-json\/wp\/v2\/types\/property"}],"author":[{"embeddable":true,"href":"https:\/\/maipropertiesmallorca.com\/de\/wp-json\/wp\/v2\/users\/4"}],"replies":[{"embeddable":true,"href":"https:\/\/maipropertiesmallorca.com\/de\/wp-json\/wp\/v2\/comments?post=21082"}],"version-history":[{"count":1,"href":"https:\/\/maipropertiesmallorca.com\/de\/wp-json\/wp\/v2\/properties\/21082\/revisions"}],"predecessor-version":[{"id":71383,"href":"https:\/\/maipropertiesmallorca.com\/de\/wp-json\/wp\/v2\/properties\/21082\/revisions\/71383"}],"wp:featuredmedia":[{"embeddable":true,"href":"https:\/\/maipropertiesmallorca.com\/de\/wp-json\/wp\/v2\/media\/21017"}],"wp:attachment":[{"href":"https:\/\/maipropertiesmallorca.com\/de\/wp-json\/wp\/v2\/media?parent=21082"}],"wp:term":[{"taxonomy":"property-feature","embeddable":true,"href":"https:\/\/maipropertiesmallorca.com\/de\/wp-json\/wp\/v2\/feature-des-immobiliens?post=21082"},{"taxonomy":"property-type","embeddable":true,"href":"https:\/\/maipropertiesmallorca.com\/de\/wp-json\/wp\/v2\/immobilientypen?post=21082"},{"taxonomy":"property-city","embeddable":true,"href":"https:\/\/maipropertiesmallorca.com\/de\/wp-json\/wp\/v2\/immobilien-orte?post=21082"},{"taxonomy":"property-status","embeddable":true,"href":"https:\/\/maipropertiesmallorca.com\/de\/wp-json\/wp\/v2\/immobilienstatus?post=21082"}],"curies":[{"name":"wp","href":"https:\/\/api.w.org\/{rel}","templated":true}]}}