{"id":14398,"date":"2022-10-20T10:52:26","date_gmt":"2022-10-20T08:52:26","guid":{"rendered":"https:\/\/maipropertiesmallorca.com\/property\/2-schalfzimmer-apartment-zu-verkaufen-in-puerto-de-alcudia\/"},"modified":"2023-08-02T21:11:47","modified_gmt":"2023-08-02T19:11:47","slug":"2-schalfzimmer-apartment-zu-verkaufen-in-puerto-de-alcudia","status":"publish","type":"property","link":"https:\/\/maipropertiesmallorca.com\/de\/immobilie\/2-schalfzimmer-apartment-zu-verkaufen-in-puerto-de-alcudia\/","title":{"rendered":"2 Schalfzimmer Apartment zu verkaufen in Puerto de Alcudia"},"content":{"rendered":"\n<p>2 Schalfzimmer Apartment zu verkaufen in Puerto de Alcudia Das Apartment verf\u00fcgt \u00fcber ein Wohn-Esszimmer mit neuen M\u00f6beln und eine voll ausgestattete integrierte K\u00fcche mit Induktionskochfeld, Mikrowelle, Geschirrsp\u00fcler, K\u00fchlschrank usw. Dieses Zimmer verf\u00fcgt \u00fcber ein Schlafsofa mit italienischem \u00d6ffnungssystem und gro\u00dfem Komfort.<\/p>\n\n<p>Es hat auch zwei Schlafzimmer, eines mit einem 150&#215;190 Bett und das andere mit einem Schlafsofa. Das Badezimmer befindet sich auf dem Flur und verf\u00fcgt \u00fcber eine Dusche sowie die Waschmaschine.<\/p>\n\n<p>Das Wohnzimmer ist direkt mit der m\u00f6blierten Balkonterrasse verbunden, auf der sich ein Tisch mit 4 St\u00fchlen befindet, an dem Sie fr\u00fchst\u00fccken oder zu Abend essen k\u00f6nnen, w\u00e4hrend Sie den Blick auf den Garten genie\u00dfen.<\/p>\n\n<p>In dieser Eigent\u00fcmergemeinschaft ist die Ferienvermietung erlaubt, obwohl diese Wohnung nicht gemeldet ist.<\/p>\n\n<p>Es ist ein ideales Apartment f\u00fcr den Sommer, da es sehr nah am Meer liegt, nur 350 Meter vom Strand von Puerto de Alcudia entfernt, der sich durch seine langen wei\u00dfen Sandstr\u00e4nde und das kristallklare Wasser auszeichnet, und auch ganz in der N\u00e4he aller Dienstleistungen und Freizeitbereiche und Restaurierung. Ein Supermarkt ist 200 m entfernt.<\/p>\n","protected":false},"excerpt":{"rendered":"<p>2 Schalfzimmer Apartment zu verkaufen in Puerto de Alcudia Das Apartment verf\u00fcgt \u00fcber ein Wohn-Esszimmer mit neuen M\u00f6beln und eine voll ausgestattete integrierte K\u00fcche mit Induktionskochfeld, Mikrowelle, Geschirrsp\u00fcler, K\u00fchlschrank usw. Dieses Zimmer verf\u00fcgt \u00fcber ein Schlafsofa mit italienischem \u00d6ffnungssystem und gro\u00dfem Komfort. Es hat auch zwei Schlafzimmer, eines mit einem 150&#215;190 Bett und das andere&#8230;<\/p>\n","protected":false},"author":4,"featured_media":14374,"parent":0,"menu_order":0,"comment_status":"closed","ping_status":"closed","template":"","feature-des-immobiliens":[168,314,164,192],"immobilientypen":[169],"immobilien-orte":[174,170],"immobilienstatus":[171],"class_list":["post-14398","property","type-property","status-publish","has-post-thumbnail","hentry","property-feature-garten-de","property-feature-gemeinschaftpool","property-feature-klimaanlage-de","property-feature-modern-de","property-type-apartment-de","property-city-alcudia-de","property-city-puerto-de-alcudia-de","property-status-kaufen-de"],"property_meta":{"REAL_HOMES_property_price":"240000","REAL_HOMES_property_old_price":"","REAL_HOMES_property_price_prefix":"","REAL_HOMES_property_price_postfix":"","REAL_HOMES_property_size":"64","REAL_HOMES_property_size_postfix":"m2","REAL_HOMES_property_lot_size":"","REAL_HOMES_property_lot_size_postfix":"","REAL_HOMES_property_bedrooms":"2","REAL_HOMES_property_bathrooms":"1","REAL_HOMES_property_garage":"","REAL_HOMES_property_id":"1035","REAL_HOMES_property_year_built":"","rvr_property_owner":"","REAL_HOMES_featured":"0","REAL_HOMES_additional_details_list":[],"REAL_HOMES_property_location":{"latitude":"39.836996559013","longitude":"3.1174993515015","zoom":"18"},"REAL_HOMES_property_address":"Puerto de Alc\u00fadia","REAL_HOMES_property_map":"","REAL_HOMES_property_images":[{"width":150,"height":150,"file":"2022\/10\/667d9b01-e27a-4e99-ba83-bb6fa5bd4ce9.jpg","filesize":448237,"sizes":{"medium":{"file":"667d9b01-e27a-4e99-ba83-bb6fa5bd4ce9-300x225.jpg","width":300,"height":225,"url":"https:\/\/maipropertiesmallorca.com\/wp-content\/uploads\/2022\/10\/667d9b01-e27a-4e99-ba83-bb6fa5bd4ce9-300x225.jpg"},"large":{"file":"667d9b01-e27a-4e99-ba83-bb6fa5bd4ce9-1024x768.jpg","width":1024,"height":768,"url":"https:\/\/maipropertiesmallorca.com\/wp-content\/uploads\/2022\/10\/667d9b01-e27a-4e99-ba83-bb6fa5bd4ce9-1024x768.jpg"},"thumbnail":{"file":"667d9b01-e27a-4e99-ba83-bb6fa5bd4ce9-150x150.jpg","width":150,"height":150,"url":"https:\/\/maipropertiesmallorca.com\/wp-content\/uploads\/2022\/10\/667d9b01-e27a-4e99-ba83-bb6fa5bd4ce9-150x150.jpg"},"medium_large":{"file":"667d9b01-e27a-4e99-ba83-bb6fa5bd4ce9-768x576.jpg","width":768,"height":576,"url":"https:\/\/maipropertiesmallorca.com\/wp-content\/uploads\/2022\/10\/667d9b01-e27a-4e99-ba83-bb6fa5bd4ce9-768x576.jpg"},"1536x1536":{"file":"667d9b01-e27a-4e99-ba83-bb6fa5bd4ce9-1536x1152.jpg","width":1536,"height":1152,"mime-type":"image\/jpeg","filesize":280040,"url":"https:\/\/maipropertiesmallorca.com\/wp-content\/uploads\/2022\/10\/667d9b01-e27a-4e99-ba83-bb6fa5bd4ce9-1536x1152.jpg"},"post-thumbnail":{"file":"667d9b01-e27a-4e99-ba83-bb6fa5bd4ce9-150x113.jpg","width":150,"height":113,"mime-type":"image\/jpeg","filesize":5684,"url":"https:\/\/maipropertiesmallorca.com\/wp-content\/uploads\/2022\/10\/667d9b01-e27a-4e99-ba83-bb6fa5bd4ce9-150x113.jpg"},"modern-property-child-slider":{"file":"667d9b01-e27a-4e99-ba83-bb6fa5bd4ce9-680x510.jpg","width":680,"height":510,"mime-type":"image\/jpeg","filesize":69892,"url":"https:\/\/maipropertiesmallorca.com\/wp-content\/uploads\/2022\/10\/667d9b01-e27a-4e99-ba83-bb6fa5bd4ce9-680x510.jpg"},"property-thumb-image":{"file":"667d9b01-e27a-4e99-ba83-bb6fa5bd4ce9-488x326.jpg","width":488,"height":326,"mime-type":"image\/jpeg","filesize":35912,"url":"https:\/\/maipropertiesmallorca.com\/wp-content\/uploads\/2022\/10\/667d9b01-e27a-4e99-ba83-bb6fa5bd4ce9-488x326.jpg"},"property-detail-video-image":{"file":"667d9b01-e27a-4e99-ba83-bb6fa5bd4ce9-818x417.jpg","width":818,"height":417,"mime-type":"image\/jpeg","filesize":69776,"url":"https:\/\/maipropertiesmallorca.com\/wp-content\/uploads\/2022\/10\/667d9b01-e27a-4e99-ba83-bb6fa5bd4ce9-818x417.jpg"},"agent-image":{"file":"667d9b01-e27a-4e99-ba83-bb6fa5bd4ce9-210x210.jpg","width":210,"height":210,"mime-type":"image\/jpeg","filesize":12574,"url":"https:\/\/maipropertiesmallorca.com\/wp-content\/uploads\/2022\/10\/667d9b01-e27a-4e99-ba83-bb6fa5bd4ce9-210x210.jpg"},"partners-logo":{"file":"667d9b01-e27a-4e99-ba83-bb6fa5bd4ce9-600x1536.jpg","width":600,"height":1536,"mime-type":"image\/jpeg","filesize":178814,"url":"https:\/\/maipropertiesmallorca.com\/wp-content\/uploads\/2022\/10\/667d9b01-e27a-4e99-ba83-bb6fa5bd4ce9-600x1536.jpg"},"post-featured-image":{"file":"667d9b01-e27a-4e99-ba83-bb6fa5bd4ce9-1240x720.jpg","width":1240,"height":720,"mime-type":"image\/jpeg","filesize":158577,"url":"https:\/\/maipropertiesmallorca.com\/wp-content\/uploads\/2022\/10\/667d9b01-e27a-4e99-ba83-bb6fa5bd4ce9-1240x720.jpg"}},"image_meta":{"aperture":"0","credit":"","camera":"","caption":"","created_timestamp":"0","copyright":"","focal_length":"0","iso":"0","shutter_speed":"0","title":"","orientation":"0","keywords":[]},"image-converter":{"thumbnail":"IME","medium":"IME","medium_large":"IME","large":"IME"},"ID":"14374","name":"667d9b01-e27a-4e99-ba83-bb6fa5bd4ce9.jpg","path":"\/home\/maipulvw\/public_html\/wp-content\/uploads\/2022\/10\/667d9b01-e27a-4e99-ba83-bb6fa5bd4ce9.jpg","url":"https:\/\/maipropertiesmallorca.com\/wp-content\/uploads\/2022\/10\/667d9b01-e27a-4e99-ba83-bb6fa5bd4ce9-150x150.jpg","full_url":"https:\/\/maipropertiesmallorca.com\/wp-content\/uploads\/2022\/10\/667d9b01-e27a-4e99-ba83-bb6fa5bd4ce9.jpg","title":"667d9b01-e27a-4e99-ba83-bb6fa5bd4ce9","caption":"","description":"","alt":"","srcset":"https:\/\/maipropertiesmallorca.com\/wp-content\/uploads\/2022\/10\/667d9b01-e27a-4e99-ba83-bb6fa5bd4ce9-150x150.jpg 150w, https:\/\/maipropertiesmallorca.com\/wp-content\/uploads\/2022\/10\/667d9b01-e27a-4e99-ba83-bb6fa5bd4ce9-210x210.jpg 210w"},{"width":150,"height":150,"file":"2022\/10\/69f39dfd-7a47-4c7a-b16a-e7ffc4ecb271.jpg","filesize":515643,"sizes":{"medium":{"file":"69f39dfd-7a47-4c7a-b16a-e7ffc4ecb271-225x300.jpg","width":225,"height":300,"url":"https:\/\/maipropertiesmallorca.com\/wp-content\/uploads\/2022\/10\/69f39dfd-7a47-4c7a-b16a-e7ffc4ecb271-225x300.jpg"},"large":{"file":"69f39dfd-7a47-4c7a-b16a-e7ffc4ecb271-768x1024.jpg","width":768,"height":1024,"url":"https:\/\/maipropertiesmallorca.com\/wp-content\/uploads\/2022\/10\/69f39dfd-7a47-4c7a-b16a-e7ffc4ecb271-768x1024.jpg"},"thumbnail":{"file":"69f39dfd-7a47-4c7a-b16a-e7ffc4ecb271-150x150.jpg","width":150,"height":150,"url":"https:\/\/maipropertiesmallorca.com\/wp-content\/uploads\/2022\/10\/69f39dfd-7a47-4c7a-b16a-e7ffc4ecb271-150x150.jpg"},"medium_large":{"file":"69f39dfd-7a47-4c7a-b16a-e7ffc4ecb271-768x1024.jpg","width":768,"height":1024,"url":"https:\/\/maipropertiesmallorca.com\/wp-content\/uploads\/2022\/10\/69f39dfd-7a47-4c7a-b16a-e7ffc4ecb271-768x1024.jpg"},"1536x1536":{"file":"69f39dfd-7a47-4c7a-b16a-e7ffc4ecb271-1152x1536.jpg","width":1152,"height":1536,"mime-type":"image\/jpeg","filesize":317603,"url":"https:\/\/maipropertiesmallorca.com\/wp-content\/uploads\/2022\/10\/69f39dfd-7a47-4c7a-b16a-e7ffc4ecb271-1152x1536.jpg"},"post-thumbnail":{"file":"69f39dfd-7a47-4c7a-b16a-e7ffc4ecb271-113x150.jpg","width":113,"height":150,"mime-type":"image\/jpeg","filesize":6575,"url":"https:\/\/maipropertiesmallorca.com\/wp-content\/uploads\/2022\/10\/69f39dfd-7a47-4c7a-b16a-e7ffc4ecb271-113x150.jpg"},"modern-property-child-slider":{"file":"69f39dfd-7a47-4c7a-b16a-e7ffc4ecb271-680x510.jpg","width":680,"height":510,"mime-type":"image\/jpeg","filesize":77499,"url":"https:\/\/maipropertiesmallorca.com\/wp-content\/uploads\/2022\/10\/69f39dfd-7a47-4c7a-b16a-e7ffc4ecb271-680x510.jpg"},"property-thumb-image":{"file":"69f39dfd-7a47-4c7a-b16a-e7ffc4ecb271-488x326.jpg","width":488,"height":326,"mime-type":"image\/jpeg","filesize":38468,"url":"https:\/\/maipropertiesmallorca.com\/wp-content\/uploads\/2022\/10\/69f39dfd-7a47-4c7a-b16a-e7ffc4ecb271-488x326.jpg"},"property-detail-video-image":{"file":"69f39dfd-7a47-4c7a-b16a-e7ffc4ecb271-818x417.jpg","width":818,"height":417,"mime-type":"image\/jpeg","filesize":67894,"url":"https:\/\/maipropertiesmallorca.com\/wp-content\/uploads\/2022\/10\/69f39dfd-7a47-4c7a-b16a-e7ffc4ecb271-818x417.jpg"},"agent-image":{"file":"69f39dfd-7a47-4c7a-b16a-e7ffc4ecb271-210x210.jpg","width":210,"height":210,"mime-type":"image\/jpeg","filesize":14290,"url":"https:\/\/maipropertiesmallorca.com\/wp-content\/uploads\/2022\/10\/69f39dfd-7a47-4c7a-b16a-e7ffc4ecb271-210x210.jpg"},"partners-logo":{"file":"69f39dfd-7a47-4c7a-b16a-e7ffc4ecb271-600x2048.jpg","width":600,"height":2048,"mime-type":"image\/jpeg","filesize":190735,"url":"https:\/\/maipropertiesmallorca.com\/wp-content\/uploads\/2022\/10\/69f39dfd-7a47-4c7a-b16a-e7ffc4ecb271-600x2048.jpg"},"post-featured-image":{"file":"69f39dfd-7a47-4c7a-b16a-e7ffc4ecb271-1240x720.jpg","width":1240,"height":720,"mime-type":"image\/jpeg","filesize":154822,"url":"https:\/\/maipropertiesmallorca.com\/wp-content\/uploads\/2022\/10\/69f39dfd-7a47-4c7a-b16a-e7ffc4ecb271-1240x720.jpg"}},"image_meta":{"aperture":"0","credit":"","camera":"","caption":"","created_timestamp":"0","copyright":"","focal_length":"0","iso":"0","shutter_speed":"0","title":"","orientation":"0","keywords":[]},"image-converter":{"thumbnail":"IME","medium":"IME","medium_large":"IME","large":"IME"},"ID":"14371","name":"69f39dfd-7a47-4c7a-b16a-e7ffc4ecb271.jpg","path":"\/home\/maipulvw\/public_html\/wp-content\/uploads\/2022\/10\/69f39dfd-7a47-4c7a-b16a-e7ffc4ecb271.jpg","url":"https:\/\/maipropertiesmallorca.com\/wp-content\/uploads\/2022\/10\/69f39dfd-7a47-4c7a-b16a-e7ffc4ecb271-150x150.jpg","full_url":"https:\/\/maipropertiesmallorca.com\/wp-content\/uploads\/2022\/10\/69f39dfd-7a47-4c7a-b16a-e7ffc4ecb271.jpg","title":"69f39dfd-7a47-4c7a-b16a-e7ffc4ecb271","caption":"","description":"","alt":"","srcset":"https:\/\/maipropertiesmallorca.com\/wp-content\/uploads\/2022\/10\/69f39dfd-7a47-4c7a-b16a-e7ffc4ecb271-150x150.jpg 150w, https:\/\/maipropertiesmallorca.com\/wp-content\/uploads\/2022\/10\/69f39dfd-7a47-4c7a-b16a-e7ffc4ecb271-210x210.jpg 210w"},{"width":150,"height":150,"file":"2022\/10\/8fb34e93-3bbc-4cc3-a797-12736a6484f1.jpg","filesize":255069,"sizes":{"medium":{"file":"8fb34e93-3bbc-4cc3-a797-12736a6484f1-300x225.jpg","width":300,"height":225,"url":"https:\/\/maipropertiesmallorca.com\/wp-content\/uploads\/2022\/10\/8fb34e93-3bbc-4cc3-a797-12736a6484f1-300x225.jpg"},"large":{"file":"8fb34e93-3bbc-4cc3-a797-12736a6484f1-1024x768.jpg","width":1024,"height":768,"url":"https:\/\/maipropertiesmallorca.com\/wp-content\/uploads\/2022\/10\/8fb34e93-3bbc-4cc3-a797-12736a6484f1-1024x768.jpg"},"thumbnail":{"file":"8fb34e93-3bbc-4cc3-a797-12736a6484f1-150x150.jpg","width":150,"height":150,"url":"https:\/\/maipropertiesmallorca.com\/wp-content\/uploads\/2022\/10\/8fb34e93-3bbc-4cc3-a797-12736a6484f1-150x150.jpg"},"medium_large":{"file":"8fb34e93-3bbc-4cc3-a797-12736a6484f1-768x576.jpg","width":768,"height":576,"url":"https:\/\/maipropertiesmallorca.com\/wp-content\/uploads\/2022\/10\/8fb34e93-3bbc-4cc3-a797-12736a6484f1-768x576.jpg"},"1536x1536":{"file":"8fb34e93-3bbc-4cc3-a797-12736a6484f1-1536x1152.jpg","width":1536,"height":1152,"mime-type":"image\/jpeg","filesize":154950,"url":"https:\/\/maipropertiesmallorca.com\/wp-content\/uploads\/2022\/10\/8fb34e93-3bbc-4cc3-a797-12736a6484f1-1536x1152.jpg"},"post-thumbnail":{"file":"8fb34e93-3bbc-4cc3-a797-12736a6484f1-150x113.jpg","width":150,"height":113,"mime-type":"image\/jpeg","filesize":3986,"url":"https:\/\/maipropertiesmallorca.com\/wp-content\/uploads\/2022\/10\/8fb34e93-3bbc-4cc3-a797-12736a6484f1-150x113.jpg"},"modern-property-child-slider":{"file":"8fb34e93-3bbc-4cc3-a797-12736a6484f1-680x510.jpg","width":680,"height":510,"mime-type":"image\/jpeg","filesize":37809,"url":"https:\/\/maipropertiesmallorca.com\/wp-content\/uploads\/2022\/10\/8fb34e93-3bbc-4cc3-a797-12736a6484f1-680x510.jpg"},"property-thumb-image":{"file":"8fb34e93-3bbc-4cc3-a797-12736a6484f1-488x326.jpg","width":488,"height":326,"mime-type":"image\/jpeg","filesize":20912,"url":"https:\/\/maipropertiesmallorca.com\/wp-content\/uploads\/2022\/10\/8fb34e93-3bbc-4cc3-a797-12736a6484f1-488x326.jpg"},"property-detail-video-image":{"file":"8fb34e93-3bbc-4cc3-a797-12736a6484f1-818x417.jpg","width":818,"height":417,"mime-type":"image\/jpeg","filesize":39014,"url":"https:\/\/maipropertiesmallorca.com\/wp-content\/uploads\/2022\/10\/8fb34e93-3bbc-4cc3-a797-12736a6484f1-818x417.jpg"},"agent-image":{"file":"8fb34e93-3bbc-4cc3-a797-12736a6484f1-210x210.jpg","width":210,"height":210,"mime-type":"image\/jpeg","filesize":7417,"url":"https:\/\/maipropertiesmallorca.com\/wp-content\/uploads\/2022\/10\/8fb34e93-3bbc-4cc3-a797-12736a6484f1-210x210.jpg"},"partners-logo":{"file":"8fb34e93-3bbc-4cc3-a797-12736a6484f1-600x1536.jpg","width":600,"height":1536,"mime-type":"image\/jpeg","filesize":90639,"url":"https:\/\/maipropertiesmallorca.com\/wp-content\/uploads\/2022\/10\/8fb34e93-3bbc-4cc3-a797-12736a6484f1-600x1536.jpg"},"post-featured-image":{"file":"8fb34e93-3bbc-4cc3-a797-12736a6484f1-1240x720.jpg","width":1240,"height":720,"mime-type":"image\/jpeg","filesize":84290,"url":"https:\/\/maipropertiesmallorca.com\/wp-content\/uploads\/2022\/10\/8fb34e93-3bbc-4cc3-a797-12736a6484f1-1240x720.jpg"}},"image_meta":{"aperture":"0","credit":"","camera":"","caption":"","created_timestamp":"0","copyright":"","focal_length":"0","iso":"0","shutter_speed":"0","title":"","orientation":"0","keywords":[]},"image-converter":{"thumbnail":"IME","medium":"IME","medium_large":"IME","large":"IME"},"ID":"14365","name":"8fb34e93-3bbc-4cc3-a797-12736a6484f1.jpg","path":"\/home\/maipulvw\/public_html\/wp-content\/uploads\/2022\/10\/8fb34e93-3bbc-4cc3-a797-12736a6484f1.jpg","url":"https:\/\/maipropertiesmallorca.com\/wp-content\/uploads\/2022\/10\/8fb34e93-3bbc-4cc3-a797-12736a6484f1-150x150.jpg","full_url":"https:\/\/maipropertiesmallorca.com\/wp-content\/uploads\/2022\/10\/8fb34e93-3bbc-4cc3-a797-12736a6484f1.jpg","title":"8fb34e93-3bbc-4cc3-a797-12736a6484f1","caption":"","description":"","alt":"","srcset":"https:\/\/maipropertiesmallorca.com\/wp-content\/uploads\/2022\/10\/8fb34e93-3bbc-4cc3-a797-12736a6484f1-150x150.jpg 150w, https:\/\/maipropertiesmallorca.com\/wp-content\/uploads\/2022\/10\/8fb34e93-3bbc-4cc3-a797-12736a6484f1-210x210.jpg 210w"},{"width":150,"height":150,"file":"2022\/10\/e6898337-244f-41b7-886c-4d4ffa0d9949.jpg","filesize":314238,"sizes":{"medium":{"file":"e6898337-244f-41b7-886c-4d4ffa0d9949-300x225.jpg","width":300,"height":225,"url":"https:\/\/maipropertiesmallorca.com\/wp-content\/uploads\/2022\/10\/e6898337-244f-41b7-886c-4d4ffa0d9949-300x225.jpg"},"large":{"file":"e6898337-244f-41b7-886c-4d4ffa0d9949-1024x768.jpg","width":1024,"height":768,"url":"https:\/\/maipropertiesmallorca.com\/wp-content\/uploads\/2022\/10\/e6898337-244f-41b7-886c-4d4ffa0d9949-1024x768.jpg"},"thumbnail":{"file":"e6898337-244f-41b7-886c-4d4ffa0d9949-150x150.jpg","width":150,"height":150,"url":"https:\/\/maipropertiesmallorca.com\/wp-content\/uploads\/2022\/10\/e6898337-244f-41b7-886c-4d4ffa0d9949-150x150.jpg"},"medium_large":{"file":"e6898337-244f-41b7-886c-4d4ffa0d9949-768x576.jpg","width":768,"height":576,"url":"https:\/\/maipropertiesmallorca.com\/wp-content\/uploads\/2022\/10\/e6898337-244f-41b7-886c-4d4ffa0d9949-768x576.jpg"},"1536x1536":{"file":"e6898337-244f-41b7-886c-4d4ffa0d9949-1536x1152.jpg","width":1536,"height":1152,"mime-type":"image\/jpeg","filesize":189744,"url":"https:\/\/maipropertiesmallorca.com\/wp-content\/uploads\/2022\/10\/e6898337-244f-41b7-886c-4d4ffa0d9949-1536x1152.jpg"},"post-thumbnail":{"file":"e6898337-244f-41b7-886c-4d4ffa0d9949-150x113.jpg","width":150,"height":113,"mime-type":"image\/jpeg","filesize":4216,"url":"https:\/\/maipropertiesmallorca.com\/wp-content\/uploads\/2022\/10\/e6898337-244f-41b7-886c-4d4ffa0d9949-150x113.jpg"},"modern-property-child-slider":{"file":"e6898337-244f-41b7-886c-4d4ffa0d9949-680x510.jpg","width":680,"height":510,"mime-type":"image\/jpeg","filesize":44825,"url":"https:\/\/maipropertiesmallorca.com\/wp-content\/uploads\/2022\/10\/e6898337-244f-41b7-886c-4d4ffa0d9949-680x510.jpg"},"property-thumb-image":{"file":"e6898337-244f-41b7-886c-4d4ffa0d9949-488x326.jpg","width":488,"height":326,"mime-type":"image\/jpeg","filesize":24736,"url":"https:\/\/maipropertiesmallorca.com\/wp-content\/uploads\/2022\/10\/e6898337-244f-41b7-886c-4d4ffa0d9949-488x326.jpg"},"property-detail-video-image":{"file":"e6898337-244f-41b7-886c-4d4ffa0d9949-818x417.jpg","width":818,"height":417,"mime-type":"image\/jpeg","filesize":50153,"url":"https:\/\/maipropertiesmallorca.com\/wp-content\/uploads\/2022\/10\/e6898337-244f-41b7-886c-4d4ffa0d9949-818x417.jpg"},"agent-image":{"file":"e6898337-244f-41b7-886c-4d4ffa0d9949-210x210.jpg","width":210,"height":210,"mime-type":"image\/jpeg","filesize":8932,"url":"https:\/\/maipropertiesmallorca.com\/wp-content\/uploads\/2022\/10\/e6898337-244f-41b7-886c-4d4ffa0d9949-210x210.jpg"},"partners-logo":{"file":"e6898337-244f-41b7-886c-4d4ffa0d9949-600x1536.jpg","width":600,"height":1536,"mime-type":"image\/jpeg","filesize":123324,"url":"https:\/\/maipropertiesmallorca.com\/wp-content\/uploads\/2022\/10\/e6898337-244f-41b7-886c-4d4ffa0d9949-600x1536.jpg"},"post-featured-image":{"file":"e6898337-244f-41b7-886c-4d4ffa0d9949-1240x720.jpg","width":1240,"height":720,"mime-type":"image\/jpeg","filesize":108614,"url":"https:\/\/maipropertiesmallorca.com\/wp-content\/uploads\/2022\/10\/e6898337-244f-41b7-886c-4d4ffa0d9949-1240x720.jpg"}},"image_meta":{"aperture":"0","credit":"","camera":"","caption":"","created_timestamp":"0","copyright":"","focal_length":"0","iso":"0","shutter_speed":"0","title":"","orientation":"0","keywords":[]},"image-converter":{"thumbnail":"IME","medium":"IME","medium_large":"IME","large":"IME"},"ID":"14383","name":"e6898337-244f-41b7-886c-4d4ffa0d9949.jpg","path":"\/home\/maipulvw\/public_html\/wp-content\/uploads\/2022\/10\/e6898337-244f-41b7-886c-4d4ffa0d9949.jpg","url":"https:\/\/maipropertiesmallorca.com\/wp-content\/uploads\/2022\/10\/e6898337-244f-41b7-886c-4d4ffa0d9949-150x150.jpg","full_url":"https:\/\/maipropertiesmallorca.com\/wp-content\/uploads\/2022\/10\/e6898337-244f-41b7-886c-4d4ffa0d9949.jpg","title":"e6898337-244f-41b7-886c-4d4ffa0d9949","caption":"","description":"","alt":"","srcset":"https:\/\/maipropertiesmallorca.com\/wp-content\/uploads\/2022\/10\/e6898337-244f-41b7-886c-4d4ffa0d9949-150x150.jpg 150w, https:\/\/maipropertiesmallorca.com\/wp-content\/uploads\/2022\/10\/e6898337-244f-41b7-886c-4d4ffa0d9949-210x210.jpg 210w"},{"width":150,"height":150,"file":"2022\/10\/b1a59e1c-919c-49f0-a531-76b6cb414c32.jpg","filesize":243149,"sizes":{"medium":{"file":"b1a59e1c-919c-49f0-a531-76b6cb414c32-300x225.jpg","width":300,"height":225,"url":"https:\/\/maipropertiesmallorca.com\/wp-content\/uploads\/2022\/10\/b1a59e1c-919c-49f0-a531-76b6cb414c32-300x225.jpg"},"large":{"file":"b1a59e1c-919c-49f0-a531-76b6cb414c32-1024x768.jpg","width":1024,"height":768,"url":"https:\/\/maipropertiesmallorca.com\/wp-content\/uploads\/2022\/10\/b1a59e1c-919c-49f0-a531-76b6cb414c32-1024x768.jpg"},"thumbnail":{"file":"b1a59e1c-919c-49f0-a531-76b6cb414c32-150x150.jpg","width":150,"height":150,"url":"https:\/\/maipropertiesmallorca.com\/wp-content\/uploads\/2022\/10\/b1a59e1c-919c-49f0-a531-76b6cb414c32-150x150.jpg"},"medium_large":{"file":"b1a59e1c-919c-49f0-a531-76b6cb414c32-768x576.jpg","width":768,"height":576,"url":"https:\/\/maipropertiesmallorca.com\/wp-content\/uploads\/2022\/10\/b1a59e1c-919c-49f0-a531-76b6cb414c32-768x576.jpg"},"1536x1536":{"file":"b1a59e1c-919c-49f0-a531-76b6cb414c32-1536x1152.jpg","width":1536,"height":1152,"mime-type":"image\/jpeg","filesize":148593,"url":"https:\/\/maipropertiesmallorca.com\/wp-content\/uploads\/2022\/10\/b1a59e1c-919c-49f0-a531-76b6cb414c32-1536x1152.jpg"},"post-thumbnail":{"file":"b1a59e1c-919c-49f0-a531-76b6cb414c32-150x113.jpg","width":150,"height":113,"mime-type":"image\/jpeg","filesize":4006,"url":"https:\/\/maipropertiesmallorca.com\/wp-content\/uploads\/2022\/10\/b1a59e1c-919c-49f0-a531-76b6cb414c32-150x113.jpg"},"modern-property-child-slider":{"file":"b1a59e1c-919c-49f0-a531-76b6cb414c32-680x510.jpg","width":680,"height":510,"mime-type":"image\/jpeg","filesize":37074,"url":"https:\/\/maipropertiesmallorca.com\/wp-content\/uploads\/2022\/10\/b1a59e1c-919c-49f0-a531-76b6cb414c32-680x510.jpg"},"property-thumb-image":{"file":"b1a59e1c-919c-49f0-a531-76b6cb414c32-488x326.jpg","width":488,"height":326,"mime-type":"image\/jpeg","filesize":20556,"url":"https:\/\/maipropertiesmallorca.com\/wp-content\/uploads\/2022\/10\/b1a59e1c-919c-49f0-a531-76b6cb414c32-488x326.jpg"},"property-detail-video-image":{"file":"b1a59e1c-919c-49f0-a531-76b6cb414c32-818x417.jpg","width":818,"height":417,"mime-type":"image\/jpeg","filesize":37974,"url":"https:\/\/maipropertiesmallorca.com\/wp-content\/uploads\/2022\/10\/b1a59e1c-919c-49f0-a531-76b6cb414c32-818x417.jpg"},"agent-image":{"file":"b1a59e1c-919c-49f0-a531-76b6cb414c32-210x210.jpg","width":210,"height":210,"mime-type":"image\/jpeg","filesize":7887,"url":"https:\/\/maipropertiesmallorca.com\/wp-content\/uploads\/2022\/10\/b1a59e1c-919c-49f0-a531-76b6cb414c32-210x210.jpg"},"partners-logo":{"file":"b1a59e1c-919c-49f0-a531-76b6cb414c32-600x1536.jpg","width":600,"height":1536,"mime-type":"image\/jpeg","filesize":95377,"url":"https:\/\/maipropertiesmallorca.com\/wp-content\/uploads\/2022\/10\/b1a59e1c-919c-49f0-a531-76b6cb414c32-600x1536.jpg"},"post-featured-image":{"file":"b1a59e1c-919c-49f0-a531-76b6cb414c32-1240x720.jpg","width":1240,"height":720,"mime-type":"image\/jpeg","filesize":81829,"url":"https:\/\/maipropertiesmallorca.com\/wp-content\/uploads\/2022\/10\/b1a59e1c-919c-49f0-a531-76b6cb414c32-1240x720.jpg"}},"image_meta":{"aperture":"0","credit":"","camera":"","caption":"","created_timestamp":"0","copyright":"","focal_length":"0","iso":"0","shutter_speed":"0","title":"","orientation":"0","keywords":[]},"image-converter":{"thumbnail":"IME","medium":"IME","medium_large":"IME","large":"IME"},"ID":"14380","name":"b1a59e1c-919c-49f0-a531-76b6cb414c32.jpg","path":"\/home\/maipulvw\/public_html\/wp-content\/uploads\/2022\/10\/b1a59e1c-919c-49f0-a531-76b6cb414c32.jpg","url":"https:\/\/maipropertiesmallorca.com\/wp-content\/uploads\/2022\/10\/b1a59e1c-919c-49f0-a531-76b6cb414c32-150x150.jpg","full_url":"https:\/\/maipropertiesmallorca.com\/wp-content\/uploads\/2022\/10\/b1a59e1c-919c-49f0-a531-76b6cb414c32.jpg","title":"b1a59e1c-919c-49f0-a531-76b6cb414c32","caption":"","description":"","alt":"","srcset":"https:\/\/maipropertiesmallorca.com\/wp-content\/uploads\/2022\/10\/b1a59e1c-919c-49f0-a531-76b6cb414c32-150x150.jpg 150w, https:\/\/maipropertiesmallorca.com\/wp-content\/uploads\/2022\/10\/b1a59e1c-919c-49f0-a531-76b6cb414c32-210x210.jpg 210w"},{"width":150,"height":150,"file":"2022\/10\/f8bde414-f719-4320-b3af-e62dcd24d382.jpg","filesize":263856,"sizes":{"medium":{"file":"f8bde414-f719-4320-b3af-e62dcd24d382-300x225.jpg","width":300,"height":225,"url":"https:\/\/maipropertiesmallorca.com\/wp-content\/uploads\/2022\/10\/f8bde414-f719-4320-b3af-e62dcd24d382-300x225.jpg"},"large":{"file":"f8bde414-f719-4320-b3af-e62dcd24d382-1024x768.jpg","width":1024,"height":768,"url":"https:\/\/maipropertiesmallorca.com\/wp-content\/uploads\/2022\/10\/f8bde414-f719-4320-b3af-e62dcd24d382-1024x768.jpg"},"thumbnail":{"file":"f8bde414-f719-4320-b3af-e62dcd24d382-150x150.jpg","width":150,"height":150,"url":"https:\/\/maipropertiesmallorca.com\/wp-content\/uploads\/2022\/10\/f8bde414-f719-4320-b3af-e62dcd24d382-150x150.jpg"},"medium_large":{"file":"f8bde414-f719-4320-b3af-e62dcd24d382-768x576.jpg","width":768,"height":576,"url":"https:\/\/maipropertiesmallorca.com\/wp-content\/uploads\/2022\/10\/f8bde414-f719-4320-b3af-e62dcd24d382-768x576.jpg"},"1536x1536":{"file":"f8bde414-f719-4320-b3af-e62dcd24d382-1536x1152.jpg","width":1536,"height":1152,"mime-type":"image\/jpeg","filesize":161239,"url":"https:\/\/maipropertiesmallorca.com\/wp-content\/uploads\/2022\/10\/f8bde414-f719-4320-b3af-e62dcd24d382-1536x1152.jpg"},"post-thumbnail":{"file":"f8bde414-f719-4320-b3af-e62dcd24d382-150x113.jpg","width":150,"height":113,"mime-type":"image\/jpeg","filesize":3969,"url":"https:\/\/maipropertiesmallorca.com\/wp-content\/uploads\/2022\/10\/f8bde414-f719-4320-b3af-e62dcd24d382-150x113.jpg"},"modern-property-child-slider":{"file":"f8bde414-f719-4320-b3af-e62dcd24d382-680x510.jpg","width":680,"height":510,"mime-type":"image\/jpeg","filesize":39038,"url":"https:\/\/maipropertiesmallorca.com\/wp-content\/uploads\/2022\/10\/f8bde414-f719-4320-b3af-e62dcd24d382-680x510.jpg"},"property-thumb-image":{"file":"f8bde414-f719-4320-b3af-e62dcd24d382-488x326.jpg","width":488,"height":326,"mime-type":"image\/jpeg","filesize":21221,"url":"https:\/\/maipropertiesmallorca.com\/wp-content\/uploads\/2022\/10\/f8bde414-f719-4320-b3af-e62dcd24d382-488x326.jpg"},"property-detail-video-image":{"file":"f8bde414-f719-4320-b3af-e62dcd24d382-818x417.jpg","width":818,"height":417,"mime-type":"image\/jpeg","filesize":39048,"url":"https:\/\/maipropertiesmallorca.com\/wp-content\/uploads\/2022\/10\/f8bde414-f719-4320-b3af-e62dcd24d382-818x417.jpg"},"agent-image":{"file":"f8bde414-f719-4320-b3af-e62dcd24d382-210x210.jpg","width":210,"height":210,"mime-type":"image\/jpeg","filesize":7702,"url":"https:\/\/maipropertiesmallorca.com\/wp-content\/uploads\/2022\/10\/f8bde414-f719-4320-b3af-e62dcd24d382-210x210.jpg"},"partners-logo":{"file":"f8bde414-f719-4320-b3af-e62dcd24d382-600x1536.jpg","width":600,"height":1536,"mime-type":"image\/jpeg","filesize":100621,"url":"https:\/\/maipropertiesmallorca.com\/wp-content\/uploads\/2022\/10\/f8bde414-f719-4320-b3af-e62dcd24d382-600x1536.jpg"},"post-featured-image":{"file":"f8bde414-f719-4320-b3af-e62dcd24d382-1240x720.jpg","width":1240,"height":720,"mime-type":"image\/jpeg","filesize":86982,"url":"https:\/\/maipropertiesmallorca.com\/wp-content\/uploads\/2022\/10\/f8bde414-f719-4320-b3af-e62dcd24d382-1240x720.jpg"}},"image_meta":{"aperture":"0","credit":"","camera":"","caption":"","created_timestamp":"0","copyright":"","focal_length":"0","iso":"0","shutter_speed":"0","title":"","orientation":"0","keywords":[]},"image-converter":{"thumbnail":"IME","medium":"IME","medium_large":"IME","large":"IME"},"ID":"14386","name":"f8bde414-f719-4320-b3af-e62dcd24d382.jpg","path":"\/home\/maipulvw\/public_html\/wp-content\/uploads\/2022\/10\/f8bde414-f719-4320-b3af-e62dcd24d382.jpg","url":"https:\/\/maipropertiesmallorca.com\/wp-content\/uploads\/2022\/10\/f8bde414-f719-4320-b3af-e62dcd24d382-150x150.jpg","full_url":"https:\/\/maipropertiesmallorca.com\/wp-content\/uploads\/2022\/10\/f8bde414-f719-4320-b3af-e62dcd24d382.jpg","title":"f8bde414-f719-4320-b3af-e62dcd24d382","caption":"","description":"","alt":"","srcset":"https:\/\/maipropertiesmallorca.com\/wp-content\/uploads\/2022\/10\/f8bde414-f719-4320-b3af-e62dcd24d382-150x150.jpg 150w, https:\/\/maipropertiesmallorca.com\/wp-content\/uploads\/2022\/10\/f8bde414-f719-4320-b3af-e62dcd24d382-210x210.jpg 210w"},{"width":150,"height":150,"file":"2022\/10\/2b17e0ce-0149-4f01-99c1-e92ac2ea7fa5.jpg","filesize":242779,"sizes":{"medium":{"file":"2b17e0ce-0149-4f01-99c1-e92ac2ea7fa5-300x225.jpg","width":300,"height":225,"url":"https:\/\/maipropertiesmallorca.com\/wp-content\/uploads\/2022\/10\/2b17e0ce-0149-4f01-99c1-e92ac2ea7fa5-300x225.jpg"},"large":{"file":"2b17e0ce-0149-4f01-99c1-e92ac2ea7fa5-1024x768.jpg","width":1024,"height":768,"url":"https:\/\/maipropertiesmallorca.com\/wp-content\/uploads\/2022\/10\/2b17e0ce-0149-4f01-99c1-e92ac2ea7fa5-1024x768.jpg"},"thumbnail":{"file":"2b17e0ce-0149-4f01-99c1-e92ac2ea7fa5-150x150.jpg","width":150,"height":150,"url":"https:\/\/maipropertiesmallorca.com\/wp-content\/uploads\/2022\/10\/2b17e0ce-0149-4f01-99c1-e92ac2ea7fa5-150x150.jpg"},"medium_large":{"file":"2b17e0ce-0149-4f01-99c1-e92ac2ea7fa5-768x576.jpg","width":768,"height":576,"url":"https:\/\/maipropertiesmallorca.com\/wp-content\/uploads\/2022\/10\/2b17e0ce-0149-4f01-99c1-e92ac2ea7fa5-768x576.jpg"},"1536x1536":{"file":"2b17e0ce-0149-4f01-99c1-e92ac2ea7fa5-1536x1152.jpg","width":1536,"height":1152,"mime-type":"image\/jpeg","filesize":149006,"url":"https:\/\/maipropertiesmallorca.com\/wp-content\/uploads\/2022\/10\/2b17e0ce-0149-4f01-99c1-e92ac2ea7fa5-1536x1152.jpg"},"post-thumbnail":{"file":"2b17e0ce-0149-4f01-99c1-e92ac2ea7fa5-150x113.jpg","width":150,"height":113,"mime-type":"image\/jpeg","filesize":3881,"url":"https:\/\/maipropertiesmallorca.com\/wp-content\/uploads\/2022\/10\/2b17e0ce-0149-4f01-99c1-e92ac2ea7fa5-150x113.jpg"},"modern-property-child-slider":{"file":"2b17e0ce-0149-4f01-99c1-e92ac2ea7fa5-680x510.jpg","width":680,"height":510,"mime-type":"image\/jpeg","filesize":38296,"url":"https:\/\/maipropertiesmallorca.com\/wp-content\/uploads\/2022\/10\/2b17e0ce-0149-4f01-99c1-e92ac2ea7fa5-680x510.jpg"},"property-thumb-image":{"file":"2b17e0ce-0149-4f01-99c1-e92ac2ea7fa5-488x326.jpg","width":488,"height":326,"mime-type":"image\/jpeg","filesize":20867,"url":"https:\/\/maipropertiesmallorca.com\/wp-content\/uploads\/2022\/10\/2b17e0ce-0149-4f01-99c1-e92ac2ea7fa5-488x326.jpg"},"property-detail-video-image":{"file":"2b17e0ce-0149-4f01-99c1-e92ac2ea7fa5-818x417.jpg","width":818,"height":417,"mime-type":"image\/jpeg","filesize":35755,"url":"https:\/\/maipropertiesmallorca.com\/wp-content\/uploads\/2022\/10\/2b17e0ce-0149-4f01-99c1-e92ac2ea7fa5-818x417.jpg"},"agent-image":{"file":"2b17e0ce-0149-4f01-99c1-e92ac2ea7fa5-210x210.jpg","width":210,"height":210,"mime-type":"image\/jpeg","filesize":7478,"url":"https:\/\/maipropertiesmallorca.com\/wp-content\/uploads\/2022\/10\/2b17e0ce-0149-4f01-99c1-e92ac2ea7fa5-210x210.jpg"},"partners-logo":{"file":"2b17e0ce-0149-4f01-99c1-e92ac2ea7fa5-600x1536.jpg","width":600,"height":1536,"mime-type":"image\/jpeg","filesize":77023,"url":"https:\/\/maipropertiesmallorca.com\/wp-content\/uploads\/2022\/10\/2b17e0ce-0149-4f01-99c1-e92ac2ea7fa5-600x1536.jpg"},"post-featured-image":{"file":"2b17e0ce-0149-4f01-99c1-e92ac2ea7fa5-1240x720.jpg","width":1240,"height":720,"mime-type":"image\/jpeg","filesize":77374,"url":"https:\/\/maipropertiesmallorca.com\/wp-content\/uploads\/2022\/10\/2b17e0ce-0149-4f01-99c1-e92ac2ea7fa5-1240x720.jpg"}},"image_meta":{"aperture":"0","credit":"","camera":"","caption":"","created_timestamp":"0","copyright":"","focal_length":"0","iso":"0","shutter_speed":"0","title":"","orientation":"0","keywords":[]},"image-converter":{"thumbnail":"IME","medium":"IME","medium_large":"IME","large":"IME"},"ID":"14353","name":"2b17e0ce-0149-4f01-99c1-e92ac2ea7fa5.jpg","path":"\/home\/maipulvw\/public_html\/wp-content\/uploads\/2022\/10\/2b17e0ce-0149-4f01-99c1-e92ac2ea7fa5.jpg","url":"https:\/\/maipropertiesmallorca.com\/wp-content\/uploads\/2022\/10\/2b17e0ce-0149-4f01-99c1-e92ac2ea7fa5-150x150.jpg","full_url":"https:\/\/maipropertiesmallorca.com\/wp-content\/uploads\/2022\/10\/2b17e0ce-0149-4f01-99c1-e92ac2ea7fa5.jpg","title":"2b17e0ce-0149-4f01-99c1-e92ac2ea7fa5","caption":"","description":"","alt":"","srcset":"https:\/\/maipropertiesmallorca.com\/wp-content\/uploads\/2022\/10\/2b17e0ce-0149-4f01-99c1-e92ac2ea7fa5-150x150.jpg 150w, https:\/\/maipropertiesmallorca.com\/wp-content\/uploads\/2022\/10\/2b17e0ce-0149-4f01-99c1-e92ac2ea7fa5-210x210.jpg 210w"},{"width":150,"height":150,"file":"2022\/10\/3ace2109-a01a-4375-b54e-0f35a7598d48.jpg","filesize":117339,"sizes":{"medium":{"file":"3ace2109-a01a-4375-b54e-0f35a7598d48-300x225.jpg","width":300,"height":225,"url":"https:\/\/maipropertiesmallorca.com\/wp-content\/uploads\/2022\/10\/3ace2109-a01a-4375-b54e-0f35a7598d48-300x225.jpg"},"large":{"file":"3ace2109-a01a-4375-b54e-0f35a7598d48-1024x768.jpg","width":1024,"height":768,"url":"https:\/\/maipropertiesmallorca.com\/wp-content\/uploads\/2022\/10\/3ace2109-a01a-4375-b54e-0f35a7598d48-1024x768.jpg"},"thumbnail":{"file":"3ace2109-a01a-4375-b54e-0f35a7598d48-150x150.jpg","width":150,"height":150,"url":"https:\/\/maipropertiesmallorca.com\/wp-content\/uploads\/2022\/10\/3ace2109-a01a-4375-b54e-0f35a7598d48-150x150.jpg"},"medium_large":{"file":"3ace2109-a01a-4375-b54e-0f35a7598d48-768x576.jpg","width":768,"height":576,"url":"https:\/\/maipropertiesmallorca.com\/wp-content\/uploads\/2022\/10\/3ace2109-a01a-4375-b54e-0f35a7598d48-768x576.jpg"},"1536x1536":{"file":"3ace2109-a01a-4375-b54e-0f35a7598d48-1536x1152.jpg","width":1536,"height":1152,"mime-type":"image\/jpeg","filesize":117283,"url":"https:\/\/maipropertiesmallorca.com\/wp-content\/uploads\/2022\/10\/3ace2109-a01a-4375-b54e-0f35a7598d48-1536x1152.jpg"},"post-thumbnail":{"file":"3ace2109-a01a-4375-b54e-0f35a7598d48-150x113.jpg","width":150,"height":113,"mime-type":"image\/jpeg","filesize":3334,"url":"https:\/\/maipropertiesmallorca.com\/wp-content\/uploads\/2022\/10\/3ace2109-a01a-4375-b54e-0f35a7598d48-150x113.jpg"},"modern-property-child-slider":{"file":"3ace2109-a01a-4375-b54e-0f35a7598d48-680x510.jpg","width":680,"height":510,"mime-type":"image\/jpeg","filesize":32073,"url":"https:\/\/maipropertiesmallorca.com\/wp-content\/uploads\/2022\/10\/3ace2109-a01a-4375-b54e-0f35a7598d48-680x510.jpg"},"property-thumb-image":{"file":"3ace2109-a01a-4375-b54e-0f35a7598d48-488x326.jpg","width":488,"height":326,"mime-type":"image\/jpeg","filesize":17372,"url":"https:\/\/maipropertiesmallorca.com\/wp-content\/uploads\/2022\/10\/3ace2109-a01a-4375-b54e-0f35a7598d48-488x326.jpg"},"property-detail-video-image":{"file":"3ace2109-a01a-4375-b54e-0f35a7598d48-818x417.jpg","width":818,"height":417,"mime-type":"image\/jpeg","filesize":29781,"url":"https:\/\/maipropertiesmallorca.com\/wp-content\/uploads\/2022\/10\/3ace2109-a01a-4375-b54e-0f35a7598d48-818x417.jpg"},"agent-image":{"file":"3ace2109-a01a-4375-b54e-0f35a7598d48-210x210.jpg","width":210,"height":210,"mime-type":"image\/jpeg","filesize":6642,"url":"https:\/\/maipropertiesmallorca.com\/wp-content\/uploads\/2022\/10\/3ace2109-a01a-4375-b54e-0f35a7598d48-210x210.jpg"},"partners-logo":{"file":"3ace2109-a01a-4375-b54e-0f35a7598d48-600x1536.jpg","width":600,"height":1536,"mime-type":"image\/jpeg","filesize":60824,"url":"https:\/\/maipropertiesmallorca.com\/wp-content\/uploads\/2022\/10\/3ace2109-a01a-4375-b54e-0f35a7598d48-600x1536.jpg"},"post-featured-image":{"file":"3ace2109-a01a-4375-b54e-0f35a7598d48-1240x720.jpg","width":1240,"height":720,"mime-type":"image\/jpeg","filesize":64737,"url":"https:\/\/maipropertiesmallorca.com\/wp-content\/uploads\/2022\/10\/3ace2109-a01a-4375-b54e-0f35a7598d48-1240x720.jpg"}},"image_meta":{"aperture":"0","credit":"","camera":"","caption":"","created_timestamp":"0","copyright":"","focal_length":"0","iso":"0","shutter_speed":"0","title":"","orientation":"0","keywords":[]},"image-converter":{"thumbnail":"IME","medium":"IME","medium_large":"IME","large":"IME"},"ID":"14356","name":"3ace2109-a01a-4375-b54e-0f35a7598d48.jpg","path":"\/home\/maipulvw\/public_html\/wp-content\/uploads\/2022\/10\/3ace2109-a01a-4375-b54e-0f35a7598d48.jpg","url":"https:\/\/maipropertiesmallorca.com\/wp-content\/uploads\/2022\/10\/3ace2109-a01a-4375-b54e-0f35a7598d48-150x150.jpg","full_url":"https:\/\/maipropertiesmallorca.com\/wp-content\/uploads\/2022\/10\/3ace2109-a01a-4375-b54e-0f35a7598d48.jpg","title":"3ace2109-a01a-4375-b54e-0f35a7598d48","caption":"","description":"","alt":"","srcset":"https:\/\/maipropertiesmallorca.com\/wp-content\/uploads\/2022\/10\/3ace2109-a01a-4375-b54e-0f35a7598d48-150x150.jpg 150w, https:\/\/maipropertiesmallorca.com\/wp-content\/uploads\/2022\/10\/3ace2109-a01a-4375-b54e-0f35a7598d48-210x210.jpg 210w"},{"width":150,"height":150,"file":"2022\/10\/6f6a8dc4-469a-4c7f-a2f6-7d35856c46c5.jpg","filesize":406236,"sizes":{"medium":{"file":"6f6a8dc4-469a-4c7f-a2f6-7d35856c46c5-300x225.jpg","width":300,"height":225,"url":"https:\/\/maipropertiesmallorca.com\/wp-content\/uploads\/2022\/10\/6f6a8dc4-469a-4c7f-a2f6-7d35856c46c5-300x225.jpg"},"large":{"file":"6f6a8dc4-469a-4c7f-a2f6-7d35856c46c5-1024x768.jpg","width":1024,"height":768,"url":"https:\/\/maipropertiesmallorca.com\/wp-content\/uploads\/2022\/10\/6f6a8dc4-469a-4c7f-a2f6-7d35856c46c5-1024x768.jpg"},"thumbnail":{"file":"6f6a8dc4-469a-4c7f-a2f6-7d35856c46c5-150x150.jpg","width":150,"height":150,"url":"https:\/\/maipropertiesmallorca.com\/wp-content\/uploads\/2022\/10\/6f6a8dc4-469a-4c7f-a2f6-7d35856c46c5-150x150.jpg"},"medium_large":{"file":"6f6a8dc4-469a-4c7f-a2f6-7d35856c46c5-768x576.jpg","width":768,"height":576,"url":"https:\/\/maipropertiesmallorca.com\/wp-content\/uploads\/2022\/10\/6f6a8dc4-469a-4c7f-a2f6-7d35856c46c5-768x576.jpg"},"1536x1536":{"file":"6f6a8dc4-469a-4c7f-a2f6-7d35856c46c5-1536x1152.jpg","width":1536,"height":1152,"mime-type":"image\/jpeg","filesize":252257,"url":"https:\/\/maipropertiesmallorca.com\/wp-content\/uploads\/2022\/10\/6f6a8dc4-469a-4c7f-a2f6-7d35856c46c5-1536x1152.jpg"},"post-thumbnail":{"file":"6f6a8dc4-469a-4c7f-a2f6-7d35856c46c5-150x113.jpg","width":150,"height":113,"mime-type":"image\/jpeg","filesize":5693,"url":"https:\/\/maipropertiesmallorca.com\/wp-content\/uploads\/2022\/10\/6f6a8dc4-469a-4c7f-a2f6-7d35856c46c5-150x113.jpg"},"modern-property-child-slider":{"file":"6f6a8dc4-469a-4c7f-a2f6-7d35856c46c5-680x510.jpg","width":680,"height":510,"mime-type":"image\/jpeg","filesize":62052,"url":"https:\/\/maipropertiesmallorca.com\/wp-content\/uploads\/2022\/10\/6f6a8dc4-469a-4c7f-a2f6-7d35856c46c5-680x510.jpg"},"property-thumb-image":{"file":"6f6a8dc4-469a-4c7f-a2f6-7d35856c46c5-488x326.jpg","width":488,"height":326,"mime-type":"image\/jpeg","filesize":33472,"url":"https:\/\/maipropertiesmallorca.com\/wp-content\/uploads\/2022\/10\/6f6a8dc4-469a-4c7f-a2f6-7d35856c46c5-488x326.jpg"},"property-detail-video-image":{"file":"6f6a8dc4-469a-4c7f-a2f6-7d35856c46c5-818x417.jpg","width":818,"height":417,"mime-type":"image\/jpeg","filesize":66900,"url":"https:\/\/maipropertiesmallorca.com\/wp-content\/uploads\/2022\/10\/6f6a8dc4-469a-4c7f-a2f6-7d35856c46c5-818x417.jpg"},"agent-image":{"file":"6f6a8dc4-469a-4c7f-a2f6-7d35856c46c5-210x210.jpg","width":210,"height":210,"mime-type":"image\/jpeg","filesize":12312,"url":"https:\/\/maipropertiesmallorca.com\/wp-content\/uploads\/2022\/10\/6f6a8dc4-469a-4c7f-a2f6-7d35856c46c5-210x210.jpg"},"partners-logo":{"file":"6f6a8dc4-469a-4c7f-a2f6-7d35856c46c5-600x1536.jpg","width":600,"height":1536,"mime-type":"image\/jpeg","filesize":149701,"url":"https:\/\/maipropertiesmallorca.com\/wp-content\/uploads\/2022\/10\/6f6a8dc4-469a-4c7f-a2f6-7d35856c46c5-600x1536.jpg"},"post-featured-image":{"file":"6f6a8dc4-469a-4c7f-a2f6-7d35856c46c5-1240x720.jpg","width":1240,"height":720,"mime-type":"image\/jpeg","filesize":146785,"url":"https:\/\/maipropertiesmallorca.com\/wp-content\/uploads\/2022\/10\/6f6a8dc4-469a-4c7f-a2f6-7d35856c46c5-1240x720.jpg"}},"image_meta":{"aperture":"0","credit":"","camera":"","caption":"","created_timestamp":"0","copyright":"","focal_length":"0","iso":"0","shutter_speed":"0","title":"","orientation":"0","keywords":[]},"image-converter":{"thumbnail":"IME","medium":"IME","medium_large":"IME","large":"IME"},"ID":"14362","name":"6f6a8dc4-469a-4c7f-a2f6-7d35856c46c5.jpg","path":"\/home\/maipulvw\/public_html\/wp-content\/uploads\/2022\/10\/6f6a8dc4-469a-4c7f-a2f6-7d35856c46c5.jpg","url":"https:\/\/maipropertiesmallorca.com\/wp-content\/uploads\/2022\/10\/6f6a8dc4-469a-4c7f-a2f6-7d35856c46c5-150x150.jpg","full_url":"https:\/\/maipropertiesmallorca.com\/wp-content\/uploads\/2022\/10\/6f6a8dc4-469a-4c7f-a2f6-7d35856c46c5.jpg","title":"6f6a8dc4-469a-4c7f-a2f6-7d35856c46c5","caption":"","description":"","alt":"","srcset":"https:\/\/maipropertiesmallorca.com\/wp-content\/uploads\/2022\/10\/6f6a8dc4-469a-4c7f-a2f6-7d35856c46c5-150x150.jpg 150w, https:\/\/maipropertiesmallorca.com\/wp-content\/uploads\/2022\/10\/6f6a8dc4-469a-4c7f-a2f6-7d35856c46c5-210x210.jpg 210w"},{"width":150,"height":150,"file":"2022\/10\/43ace634-b39a-4734-bf0f-0fa94e9c5f1d.jpg","filesize":300302,"sizes":{"medium":{"file":"43ace634-b39a-4734-bf0f-0fa94e9c5f1d-300x225.jpg","width":300,"height":225,"url":"https:\/\/maipropertiesmallorca.com\/wp-content\/uploads\/2022\/10\/43ace634-b39a-4734-bf0f-0fa94e9c5f1d-300x225.jpg"},"large":{"file":"43ace634-b39a-4734-bf0f-0fa94e9c5f1d-1024x768.jpg","width":1024,"height":768,"url":"https:\/\/maipropertiesmallorca.com\/wp-content\/uploads\/2022\/10\/43ace634-b39a-4734-bf0f-0fa94e9c5f1d-1024x768.jpg"},"thumbnail":{"file":"43ace634-b39a-4734-bf0f-0fa94e9c5f1d-150x150.jpg","width":150,"height":150,"url":"https:\/\/maipropertiesmallorca.com\/wp-content\/uploads\/2022\/10\/43ace634-b39a-4734-bf0f-0fa94e9c5f1d-150x150.jpg"},"medium_large":{"file":"43ace634-b39a-4734-bf0f-0fa94e9c5f1d-768x576.jpg","width":768,"height":576,"url":"https:\/\/maipropertiesmallorca.com\/wp-content\/uploads\/2022\/10\/43ace634-b39a-4734-bf0f-0fa94e9c5f1d-768x576.jpg"},"1536x1536":{"file":"43ace634-b39a-4734-bf0f-0fa94e9c5f1d-1536x1152.jpg","width":1536,"height":1152,"mime-type":"image\/jpeg","filesize":178005,"url":"https:\/\/maipropertiesmallorca.com\/wp-content\/uploads\/2022\/10\/43ace634-b39a-4734-bf0f-0fa94e9c5f1d-1536x1152.jpg"},"post-thumbnail":{"file":"43ace634-b39a-4734-bf0f-0fa94e9c5f1d-150x113.jpg","width":150,"height":113,"mime-type":"image\/jpeg","filesize":4005,"url":"https:\/\/maipropertiesmallorca.com\/wp-content\/uploads\/2022\/10\/43ace634-b39a-4734-bf0f-0fa94e9c5f1d-150x113.jpg"},"modern-property-child-slider":{"file":"43ace634-b39a-4734-bf0f-0fa94e9c5f1d-680x510.jpg","width":680,"height":510,"mime-type":"image\/jpeg","filesize":40979,"url":"https:\/\/maipropertiesmallorca.com\/wp-content\/uploads\/2022\/10\/43ace634-b39a-4734-bf0f-0fa94e9c5f1d-680x510.jpg"},"property-thumb-image":{"file":"43ace634-b39a-4734-bf0f-0fa94e9c5f1d-488x326.jpg","width":488,"height":326,"mime-type":"image\/jpeg","filesize":22471,"url":"https:\/\/maipropertiesmallorca.com\/wp-content\/uploads\/2022\/10\/43ace634-b39a-4734-bf0f-0fa94e9c5f1d-488x326.jpg"},"property-detail-video-image":{"file":"43ace634-b39a-4734-bf0f-0fa94e9c5f1d-818x417.jpg","width":818,"height":417,"mime-type":"image\/jpeg","filesize":45662,"url":"https:\/\/maipropertiesmallorca.com\/wp-content\/uploads\/2022\/10\/43ace634-b39a-4734-bf0f-0fa94e9c5f1d-818x417.jpg"},"agent-image":{"file":"43ace634-b39a-4734-bf0f-0fa94e9c5f1d-210x210.jpg","width":210,"height":210,"mime-type":"image\/jpeg","filesize":8018,"url":"https:\/\/maipropertiesmallorca.com\/wp-content\/uploads\/2022\/10\/43ace634-b39a-4734-bf0f-0fa94e9c5f1d-210x210.jpg"},"partners-logo":{"file":"43ace634-b39a-4734-bf0f-0fa94e9c5f1d-600x1536.jpg","width":600,"height":1536,"mime-type":"image\/jpeg","filesize":111759,"url":"https:\/\/maipropertiesmallorca.com\/wp-content\/uploads\/2022\/10\/43ace634-b39a-4734-bf0f-0fa94e9c5f1d-600x1536.jpg"},"post-featured-image":{"file":"43ace634-b39a-4734-bf0f-0fa94e9c5f1d-1240x720.jpg","width":1240,"height":720,"mime-type":"image\/jpeg","filesize":98971,"url":"https:\/\/maipropertiesmallorca.com\/wp-content\/uploads\/2022\/10\/43ace634-b39a-4734-bf0f-0fa94e9c5f1d-1240x720.jpg"}},"image_meta":{"aperture":"0","credit":"","camera":"","caption":"","created_timestamp":"0","copyright":"","focal_length":"0","iso":"0","shutter_speed":"0","title":"","orientation":"0","keywords":[]},"image-converter":{"thumbnail":"IME","medium":"IME","medium_large":"IME","large":"IME"},"ID":"14368","name":"43ace634-b39a-4734-bf0f-0fa94e9c5f1d.jpg","path":"\/home\/maipulvw\/public_html\/wp-content\/uploads\/2022\/10\/43ace634-b39a-4734-bf0f-0fa94e9c5f1d.jpg","url":"https:\/\/maipropertiesmallorca.com\/wp-content\/uploads\/2022\/10\/43ace634-b39a-4734-bf0f-0fa94e9c5f1d-150x150.jpg","full_url":"https:\/\/maipropertiesmallorca.com\/wp-content\/uploads\/2022\/10\/43ace634-b39a-4734-bf0f-0fa94e9c5f1d.jpg","title":"43ace634-b39a-4734-bf0f-0fa94e9c5f1d","caption":"","description":"","alt":"","srcset":"https:\/\/maipropertiesmallorca.com\/wp-content\/uploads\/2022\/10\/43ace634-b39a-4734-bf0f-0fa94e9c5f1d-150x150.jpg 150w, https:\/\/maipropertiesmallorca.com\/wp-content\/uploads\/2022\/10\/43ace634-b39a-4734-bf0f-0fa94e9c5f1d-210x210.jpg 210w"},{"width":150,"height":150,"file":"2022\/10\/5503d382-9705-44de-a357-ffa3835f7fbd.jpg","filesize":167605,"sizes":{"medium":{"file":"5503d382-9705-44de-a357-ffa3835f7fbd-300x225.jpg","width":300,"height":225,"url":"https:\/\/maipropertiesmallorca.com\/wp-content\/uploads\/2022\/10\/5503d382-9705-44de-a357-ffa3835f7fbd-300x225.jpg"},"large":{"file":"5503d382-9705-44de-a357-ffa3835f7fbd-1024x768.jpg","width":1024,"height":768,"url":"https:\/\/maipropertiesmallorca.com\/wp-content\/uploads\/2022\/10\/5503d382-9705-44de-a357-ffa3835f7fbd-1024x768.jpg"},"thumbnail":{"file":"5503d382-9705-44de-a357-ffa3835f7fbd-150x150.jpg","width":150,"height":150,"url":"https:\/\/maipropertiesmallorca.com\/wp-content\/uploads\/2022\/10\/5503d382-9705-44de-a357-ffa3835f7fbd-150x150.jpg"},"medium_large":{"file":"5503d382-9705-44de-a357-ffa3835f7fbd-768x576.jpg","width":768,"height":576,"url":"https:\/\/maipropertiesmallorca.com\/wp-content\/uploads\/2022\/10\/5503d382-9705-44de-a357-ffa3835f7fbd-768x576.jpg"},"1536x1536":{"file":"5503d382-9705-44de-a357-ffa3835f7fbd-1536x1152.jpg","width":1536,"height":1152,"mime-type":"image\/jpeg","filesize":161545,"url":"https:\/\/maipropertiesmallorca.com\/wp-content\/uploads\/2022\/10\/5503d382-9705-44de-a357-ffa3835f7fbd-1536x1152.jpg"},"post-thumbnail":{"file":"5503d382-9705-44de-a357-ffa3835f7fbd-150x113.jpg","width":150,"height":113,"mime-type":"image\/jpeg","filesize":3357,"url":"https:\/\/maipropertiesmallorca.com\/wp-content\/uploads\/2022\/10\/5503d382-9705-44de-a357-ffa3835f7fbd-150x113.jpg"},"modern-property-child-slider":{"file":"5503d382-9705-44de-a357-ffa3835f7fbd-680x510.jpg","width":680,"height":510,"mime-type":"image\/jpeg","filesize":41575,"url":"https:\/\/maipropertiesmallorca.com\/wp-content\/uploads\/2022\/10\/5503d382-9705-44de-a357-ffa3835f7fbd-680x510.jpg"},"property-thumb-image":{"file":"5503d382-9705-44de-a357-ffa3835f7fbd-488x326.jpg","width":488,"height":326,"mime-type":"image\/jpeg","filesize":21869,"url":"https:\/\/maipropertiesmallorca.com\/wp-content\/uploads\/2022\/10\/5503d382-9705-44de-a357-ffa3835f7fbd-488x326.jpg"},"property-detail-video-image":{"file":"5503d382-9705-44de-a357-ffa3835f7fbd-818x417.jpg","width":818,"height":417,"mime-type":"image\/jpeg","filesize":42564,"url":"https:\/\/maipropertiesmallorca.com\/wp-content\/uploads\/2022\/10\/5503d382-9705-44de-a357-ffa3835f7fbd-818x417.jpg"},"agent-image":{"file":"5503d382-9705-44de-a357-ffa3835f7fbd-210x210.jpg","width":210,"height":210,"mime-type":"image\/jpeg","filesize":7101,"url":"https:\/\/maipropertiesmallorca.com\/wp-content\/uploads\/2022\/10\/5503d382-9705-44de-a357-ffa3835f7fbd-210x210.jpg"},"partners-logo":{"file":"5503d382-9705-44de-a357-ffa3835f7fbd-600x1536.jpg","width":600,"height":1536,"mime-type":"image\/jpeg","filesize":77164,"url":"https:\/\/maipropertiesmallorca.com\/wp-content\/uploads\/2022\/10\/5503d382-9705-44de-a357-ffa3835f7fbd-600x1536.jpg"},"post-featured-image":{"file":"5503d382-9705-44de-a357-ffa3835f7fbd-1240x720.jpg","width":1240,"height":720,"mime-type":"image\/jpeg","filesize":93444,"url":"https:\/\/maipropertiesmallorca.com\/wp-content\/uploads\/2022\/10\/5503d382-9705-44de-a357-ffa3835f7fbd-1240x720.jpg"}},"image_meta":{"aperture":"0","credit":"","camera":"","caption":"","created_timestamp":"0","copyright":"","focal_length":"0","iso":"0","shutter_speed":"0","title":"","orientation":"0","keywords":[]},"image-converter":{"thumbnail":"IME","medium":"IME","medium_large":"IME","large":"IME"},"ID":"14377","name":"5503d382-9705-44de-a357-ffa3835f7fbd.jpg","path":"\/home\/maipulvw\/public_html\/wp-content\/uploads\/2022\/10\/5503d382-9705-44de-a357-ffa3835f7fbd.jpg","url":"https:\/\/maipropertiesmallorca.com\/wp-content\/uploads\/2022\/10\/5503d382-9705-44de-a357-ffa3835f7fbd-150x150.jpg","full_url":"https:\/\/maipropertiesmallorca.com\/wp-content\/uploads\/2022\/10\/5503d382-9705-44de-a357-ffa3835f7fbd.jpg","title":"5503d382-9705-44de-a357-ffa3835f7fbd","caption":"","description":"","alt":"","srcset":"https:\/\/maipropertiesmallorca.com\/wp-content\/uploads\/2022\/10\/5503d382-9705-44de-a357-ffa3835f7fbd-150x150.jpg 150w, https:\/\/maipropertiesmallorca.com\/wp-content\/uploads\/2022\/10\/5503d382-9705-44de-a357-ffa3835f7fbd-210x210.jpg 210w"},{"width":150,"height":150,"file":"2022\/10\/4d7a0834-e366-43ab-a6be-b1b92befe8f6.jpg","filesize":204849,"sizes":{"medium":{"file":"4d7a0834-e366-43ab-a6be-b1b92befe8f6-225x300.jpg","width":225,"height":300,"url":"https:\/\/maipropertiesmallorca.com\/wp-content\/uploads\/2022\/10\/4d7a0834-e366-43ab-a6be-b1b92befe8f6-225x300.jpg"},"large":{"file":"4d7a0834-e366-43ab-a6be-b1b92befe8f6-768x1024.jpg","width":768,"height":1024,"url":"https:\/\/maipropertiesmallorca.com\/wp-content\/uploads\/2022\/10\/4d7a0834-e366-43ab-a6be-b1b92befe8f6-768x1024.jpg"},"thumbnail":{"file":"4d7a0834-e366-43ab-a6be-b1b92befe8f6-150x150.jpg","width":150,"height":150,"url":"https:\/\/maipropertiesmallorca.com\/wp-content\/uploads\/2022\/10\/4d7a0834-e366-43ab-a6be-b1b92befe8f6-150x150.jpg"},"medium_large":{"file":"4d7a0834-e366-43ab-a6be-b1b92befe8f6-768x1024.jpg","width":768,"height":1024,"url":"https:\/\/maipropertiesmallorca.com\/wp-content\/uploads\/2022\/10\/4d7a0834-e366-43ab-a6be-b1b92befe8f6-768x1024.jpg"},"1536x1536":{"file":"4d7a0834-e366-43ab-a6be-b1b92befe8f6-1152x1536.jpg","width":1152,"height":1536,"mime-type":"image\/jpeg","filesize":194514,"url":"https:\/\/maipropertiesmallorca.com\/wp-content\/uploads\/2022\/10\/4d7a0834-e366-43ab-a6be-b1b92befe8f6-1152x1536.jpg"},"post-thumbnail":{"file":"4d7a0834-e366-43ab-a6be-b1b92befe8f6-113x150.jpg","width":113,"height":150,"mime-type":"image\/jpeg","filesize":3533,"url":"https:\/\/maipropertiesmallorca.com\/wp-content\/uploads\/2022\/10\/4d7a0834-e366-43ab-a6be-b1b92befe8f6-113x150.jpg"},"modern-property-child-slider":{"file":"4d7a0834-e366-43ab-a6be-b1b92befe8f6-680x510.jpg","width":680,"height":510,"mime-type":"image\/jpeg","filesize":56302,"url":"https:\/\/maipropertiesmallorca.com\/wp-content\/uploads\/2022\/10\/4d7a0834-e366-43ab-a6be-b1b92befe8f6-680x510.jpg"},"property-thumb-image":{"file":"4d7a0834-e366-43ab-a6be-b1b92befe8f6-488x326.jpg","width":488,"height":326,"mime-type":"image\/jpeg","filesize":28368,"url":"https:\/\/maipropertiesmallorca.com\/wp-content\/uploads\/2022\/10\/4d7a0834-e366-43ab-a6be-b1b92befe8f6-488x326.jpg"},"property-detail-video-image":{"file":"4d7a0834-e366-43ab-a6be-b1b92befe8f6-818x417.jpg","width":818,"height":417,"mime-type":"image\/jpeg","filesize":61228,"url":"https:\/\/maipropertiesmallorca.com\/wp-content\/uploads\/2022\/10\/4d7a0834-e366-43ab-a6be-b1b92befe8f6-818x417.jpg"},"agent-image":{"file":"4d7a0834-e366-43ab-a6be-b1b92befe8f6-210x210.jpg","width":210,"height":210,"mime-type":"image\/jpeg","filesize":8335,"url":"https:\/\/maipropertiesmallorca.com\/wp-content\/uploads\/2022\/10\/4d7a0834-e366-43ab-a6be-b1b92befe8f6-210x210.jpg"},"partners-logo":{"file":"4d7a0834-e366-43ab-a6be-b1b92befe8f6-600x2048.jpg","width":600,"height":2048,"mime-type":"image\/jpeg","filesize":121960,"url":"https:\/\/maipropertiesmallorca.com\/wp-content\/uploads\/2022\/10\/4d7a0834-e366-43ab-a6be-b1b92befe8f6-600x2048.jpg"},"post-featured-image":{"file":"4d7a0834-e366-43ab-a6be-b1b92befe8f6-1240x720.jpg","width":1240,"height":720,"mime-type":"image\/jpeg","filesize":137561,"url":"https:\/\/maipropertiesmallorca.com\/wp-content\/uploads\/2022\/10\/4d7a0834-e366-43ab-a6be-b1b92befe8f6-1240x720.jpg"}},"image_meta":{"aperture":"0","credit":"","camera":"","caption":"","created_timestamp":"0","copyright":"","focal_length":"0","iso":"0","shutter_speed":"0","title":"","orientation":"0","keywords":[]},"image-converter":{"thumbnail":"IME","medium":"IME","medium_large":"IME","large":"IME"},"ID":"14359","name":"4d7a0834-e366-43ab-a6be-b1b92befe8f6.jpg","path":"\/home\/maipulvw\/public_html\/wp-content\/uploads\/2022\/10\/4d7a0834-e366-43ab-a6be-b1b92befe8f6.jpg","url":"https:\/\/maipropertiesmallorca.com\/wp-content\/uploads\/2022\/10\/4d7a0834-e366-43ab-a6be-b1b92befe8f6-150x150.jpg","full_url":"https:\/\/maipropertiesmallorca.com\/wp-content\/uploads\/2022\/10\/4d7a0834-e366-43ab-a6be-b1b92befe8f6.jpg","title":"4d7a0834-e366-43ab-a6be-b1b92befe8f6","caption":"","description":"","alt":"","srcset":"https:\/\/maipropertiesmallorca.com\/wp-content\/uploads\/2022\/10\/4d7a0834-e366-43ab-a6be-b1b92befe8f6-150x150.jpg 150w, https:\/\/maipropertiesmallorca.com\/wp-content\/uploads\/2022\/10\/4d7a0834-e366-43ab-a6be-b1b92befe8f6-210x210.jpg 210w"}],"REAL_HOMES_change_gallery_slider_type":"0","REAL_HOMES_gallery_slider_type":"thumb-on-right","inspiry_floor_plans":[],"inspiry_video_group":[],"REAL_HOMES_360_virtual_tour":"","REAL_HOMES_agent_display_option":"none","REAL_HOMES_agents":[],"REAL_HOMES_energy_class":"none","REAL_HOMES_energy_performance":"","REAL_HOMES_epc_current_rating":"","REAL_HOMES_epc_potential_rating":"","ere_property_schedule_tour":"","ere_property_schedule_time_slots":"","ere_property_schedule_description":"","REAL_HOMES_sticky":"0","inspiry_property_label":"VERKAUFT","inspiry_property_label_color":"#dd3333","inspiry_property_tax":"","inspiry_additional_fee":"","REAL_HOMES_attachments":[],"inspiry_property_owner_name":"","inspiry_property_owner_contact":"","inspiry_property_owner_address":"","REAL_HOMES_property_private_note":"","inspiry_message_to_reviewer":"","REAL_HOMES_add_in_slider":"no","REAL_HOMES_slider_image":[],"REAL_HOMES_page_banner_image":[],"REAL_HOMES_custom_header_display":"default","REAL_HOMES_custom_header_position":"relative","REAL_HOMES_custom_footer_display":"default","REAL_HOMES_hide_advance_search":"0","REAL_HOMES_custom_search_form":"default","REAL_HOMES_search_form_margin_top":"","REAL_HOMES_search_form_margin_bottom":""},"_links":{"self":[{"href":"https:\/\/maipropertiesmallorca.com\/de\/wp-json\/wp\/v2\/properties\/14398","targetHints":{"allow":["GET"]}}],"collection":[{"href":"https:\/\/maipropertiesmallorca.com\/de\/wp-json\/wp\/v2\/properties"}],"about":[{"href":"https:\/\/maipropertiesmallorca.com\/de\/wp-json\/wp\/v2\/types\/property"}],"author":[{"embeddable":true,"href":"https:\/\/maipropertiesmallorca.com\/de\/wp-json\/wp\/v2\/users\/4"}],"replies":[{"embeddable":true,"href":"https:\/\/maipropertiesmallorca.com\/de\/wp-json\/wp\/v2\/comments?post=14398"}],"version-history":[{"count":0,"href":"https:\/\/maipropertiesmallorca.com\/de\/wp-json\/wp\/v2\/properties\/14398\/revisions"}],"wp:featuredmedia":[{"embeddable":true,"href":"https:\/\/maipropertiesmallorca.com\/de\/wp-json\/wp\/v2\/media\/14374"}],"wp:attachment":[{"href":"https:\/\/maipropertiesmallorca.com\/de\/wp-json\/wp\/v2\/media?parent=14398"}],"wp:term":[{"taxonomy":"property-feature","embeddable":true,"href":"https:\/\/maipropertiesmallorca.com\/de\/wp-json\/wp\/v2\/feature-des-immobiliens?post=14398"},{"taxonomy":"property-type","embeddable":true,"href":"https:\/\/maipropertiesmallorca.com\/de\/wp-json\/wp\/v2\/immobilientypen?post=14398"},{"taxonomy":"property-city","embeddable":true,"href":"https:\/\/maipropertiesmallorca.com\/de\/wp-json\/wp\/v2\/immobilien-orte?post=14398"},{"taxonomy":"property-status","embeddable":true,"href":"https:\/\/maipropertiesmallorca.com\/de\/wp-json\/wp\/v2\/immobilienstatus?post=14398"}],"curies":[{"name":"wp","href":"https:\/\/api.w.org\/{rel}","templated":true}]}}